{"id":53575,"date":"2026-05-03T15:21:16","date_gmt":"2026-05-03T13:21:16","guid":{"rendered":"https:\/\/frank-lovisolo.fr\/WordPress\/?page_id=53575"},"modified":"2026-05-03T16:19:53","modified_gmt":"2026-05-03T14:19:53","slug":"reminiscences-musique-experimentale","status":"publish","type":"page","link":"https:\/\/frank-lovisolo.fr\/WordPress\/reminiscences-musique-experimentale\/","title":{"rendered":"R\u00e9miniscences"},"content":{"rendered":"<span class=\"span-reading-time rt-reading-time\" style=\"display: block;\"><span class=\"rt-label rt-prefix\">Reading Time: <\/span> <span class=\"rt-time\"> 6<\/span> <span class=\"rt-label rt-postfix\">minutes<\/span><\/span><div><span style=\"color: #ffffff;\">R\u00e9miniscences, musique exp\u00e9rimentale, musique concr\u00e8te, compositions sonores, sound design<\/span><\/div>\n<table style=\"width: 100%; border-collapse: collapse;\" cellpadding=\"10\">\n<tbody>\n<tr>\n<td style=\"width: 17%; background-color: #ffffff; vertical-align: middle;\"><span style=\"color: #ffffff; font-size: 15px;\"><span style=\"color: #ff0000;\"><span style=\"font-family: 'arial black', sans-serif;\">EASILY TRANSLATE <strong>\u21d2<\/strong><\/span><\/span><\/span><\/td>\n<td style=\"width: 50.0724%; background-color: #ffffff; vertical-align: middle;\"><span style=\"color: #ffffff; font-size: 20px;\"><span style=\"background-color: #000000;\"><span style=\"font-size: 16px; font-family: georgia, palatino, serif;\"><div class=\"gtranslate_wrapper\" id=\"gt-wrapper-79190598\"><\/div><\/span><\/span><\/span><\/td>\n<td style=\"width: 22.9276%; background-color: #ffffff; vertical-align: middle;\"><span style=\"color: #ffffff; font-size: 20px;\"><span style=\"font-size: 16px; font-family: georgia, palatino, serif;\"><a href=\"#com\"><span style=\"font-size: 20px;\"><img loading=\"lazy\" decoding=\"async\" class=\"wp-image-15068 alignright\" title=\"Osmophore - darwin - \u00e9volution - lovisolo\" src=\"https:\/\/frank-lovisolo.fr\/WordPress\/wp-content\/uploads\/2015\/06\/ComBlanc.jpg\" alt=\"Frank-C\u00e9sar-Lovisolo\" width=\"250\" height=\"20\" \/><\/span><\/a><\/span><\/span><\/td>\n<\/tr>\n<\/tbody>\n<\/table>\n<div style=\"text-align: center;\"><span style=\"color: #ffffff;\">r\u00e9miniscences<\/span><\/div>\n<h5 style=\"text-align: center;\"><span class=\"ez-toc-section\" id=\"musique-experimentale-si-on-veut\"><\/span><strong>Musique Exp\u00e9rimentale, si on veut !<\/strong><span class=\"ez-toc-section-end\"><\/span><\/h5>\n<h5><span class=\"ez-toc-section\" id=\"%e2%80%93-%e2%80%93\"><\/span><span style=\"color: #ffffff;\"><span style=\"color: #ffffff;\"><strong>&#8211;<\/strong><a href=\"https:\/\/frankcesarlovisolo.bandcamp.com\/album\/r-miniscences\" target=\"_blank\" rel=\"noopener\"><img loading=\"lazy\" decoding=\"async\" class=\"aligncenter wp-image-51222 size-medium\" src=\"https:\/\/frank-lovisolo.fr\/WordPress\/wp-content\/uploads\/2025\/11\/bandcamp-logotype-color-512-FrankV2-460x38.png\" alt=\"- - -\" width=\"460\" height=\"38\" title=\"-\" srcset=\"https:\/\/frank-lovisolo.fr\/WordPress\/wp-content\/uploads\/2025\/11\/bandcamp-logotype-color-512-FrankV2-460x38.png 460w, https:\/\/frank-lovisolo.fr\/WordPress\/wp-content\/uploads\/2025\/11\/bandcamp-logotype-color-512-FrankV2-250x21.png 250w, https:\/\/frank-lovisolo.fr\/WordPress\/wp-content\/uploads\/2025\/11\/bandcamp-logotype-color-512-FrankV2-150x12.png 150w, https:\/\/frank-lovisolo.fr\/WordPress\/wp-content\/uploads\/2025\/11\/bandcamp-logotype-color-512-FrankV2.png 512w\" sizes=\"auto, (max-width: 460px) 100vw, 460px\" \/><\/a><\/span><\/span><br \/>\n<span style=\"color: #ffffff;\">&#8211;<\/span><span class=\"ez-toc-section-end\"><\/span><\/h5>\n<h4 style=\"text-align: center;\"><span class=\"ez-toc-section\" id=\"articles-%e2%80%93-extraits\"><\/span><span style=\"font-size: 24px;\"><strong><a href=\"#ART01\">ARTICLES<\/a><\/strong><span style=\"color: #ffffff;\"><strong>\u00a0 \u00a0&#8211;\u00a0 \u00a0<\/strong><\/span><strong><a href=\"#EXT01\">EXTRAITS<\/a><\/strong><\/span><span class=\"ez-toc-section-end\"><\/span><\/h4>\n<h4><span class=\"ez-toc-section\" id=\"%e2%80%93\"><\/span><span style=\"color: #ffffff; font-size: 24px;\">&#8211;<a href=\"https:\/\/frankcesarlovisolo.bandcamp.com\/album\/r-miniscences\" target=\"_blank\" rel=\"noopener\"><img loading=\"lazy\" decoding=\"async\" class=\"aligncenter wp-image-38572 size-large\" src=\"https:\/\/frank-lovisolo.fr\/WordPress\/wp-content\/uploads\/2021\/02\/Reminiscences-IMA-1024x538.jpg\" alt=\"R\u00e9miniscences - R\u00e9miniscences, musique exp\u00e9rimentale, musique concr\u00e8te, compositions sonores, sound design\" width=\"1024\" height=\"538\" title=\"-\" srcset=\"https:\/\/frank-lovisolo.fr\/WordPress\/wp-content\/uploads\/2021\/02\/Reminiscences-IMA-1024x538.jpg 1024w, https:\/\/frank-lovisolo.fr\/WordPress\/wp-content\/uploads\/2021\/02\/Reminiscences-IMA-460x242.jpg 460w, https:\/\/frank-lovisolo.fr\/WordPress\/wp-content\/uploads\/2021\/02\/Reminiscences-IMA-768x403.jpg 768w, https:\/\/frank-lovisolo.fr\/WordPress\/wp-content\/uploads\/2021\/02\/Reminiscences-IMA-250x131.jpg 250w, https:\/\/frank-lovisolo.fr\/WordPress\/wp-content\/uploads\/2021\/02\/Reminiscences-IMA-150x79.jpg 150w, https:\/\/frank-lovisolo.fr\/WordPress\/wp-content\/uploads\/2021\/02\/Reminiscences-IMA-1320x693.jpg 1320w, https:\/\/frank-lovisolo.fr\/WordPress\/wp-content\/uploads\/2021\/02\/Reminiscences-IMA.jpg 1440w\" sizes=\"auto, (max-width: 1024px) 100vw, 1024px\" \/><\/a><\/span><span class=\"ez-toc-section-end\"><\/span><\/h4>\n<p><span style=\"color: #ffffff;\">&#8211;<\/span><\/p>\n<p><img loading=\"lazy\" decoding=\"async\" class=\"aligncenter wp-image-52977 size-medium\" src=\"https:\/\/frank-lovisolo.fr\/WordPress\/wp-content\/uploads\/2026\/04\/separateur-par-2026-LR-460x20.png\" alt=\"- - -\" width=\"460\" height=\"20\" title=\"-\" srcset=\"https:\/\/frank-lovisolo.fr\/WordPress\/wp-content\/uploads\/2026\/04\/separateur-par-2026-LR-460x20.png 460w, https:\/\/frank-lovisolo.fr\/WordPress\/wp-content\/uploads\/2026\/04\/separateur-par-2026-LR-768x34.png 768w, https:\/\/frank-lovisolo.fr\/WordPress\/wp-content\/uploads\/2026\/04\/separateur-par-2026-LR-250x11.png 250w, https:\/\/frank-lovisolo.fr\/WordPress\/wp-content\/uploads\/2026\/04\/separateur-par-2026-LR-150x7.png 150w, https:\/\/frank-lovisolo.fr\/WordPress\/wp-content\/uploads\/2026\/04\/separateur-par-2026-LR.png 988w\" sizes=\"auto, (max-width: 460px) 100vw, 460px\" \/><\/p>\n<div style=\"text-align: justify;\">\n<div style=\"text-align: justify;\">\n<div style=\"text-align: justify;\"><span style=\"color: #ffffff;\">&#8211;<\/span><\/div>\n<\/div>\n<\/div>\n<div>\n<div>\n<div style=\"text-align: justify;\">\n<div id=\"attachment_53426\" style=\"width: 299px\" class=\"wp-caption alignleft\"><a href=\"https:\/\/upload.wikimedia.org\/wikipedia\/commons\/7\/74\/Jacques-Emile_Blanche_Portrait_de_Marcel_Proust_1892.jpg\" target=\"_blank\" rel=\"noopener\"><img loading=\"lazy\" decoding=\"async\" aria-describedby=\"caption-attachment-53426\" class=\"wp-image-53426\" src=\"https:\/\/frank-lovisolo.fr\/WordPress\/wp-content\/uploads\/2026\/04\/Portrait_de_Marcel_Proust_1892-460x560.jpg\" alt=\"Jacques-Emile Blanche Portrait de Marcel Proust 1892\" width=\"289\" height=\"352\" title=\"-\" srcset=\"https:\/\/frank-lovisolo.fr\/WordPress\/wp-content\/uploads\/2026\/04\/Portrait_de_Marcel_Proust_1892-460x560.jpg 460w, https:\/\/frank-lovisolo.fr\/WordPress\/wp-content\/uploads\/2026\/04\/Portrait_de_Marcel_Proust_1892-768x935.jpg 768w, https:\/\/frank-lovisolo.fr\/WordPress\/wp-content\/uploads\/2026\/04\/Portrait_de_Marcel_Proust_1892-123x150.jpg 123w, https:\/\/frank-lovisolo.fr\/WordPress\/wp-content\/uploads\/2026\/04\/Portrait_de_Marcel_Proust_1892.jpg 887w\" sizes=\"auto, (max-width: 289px) 100vw, 289px\" \/><\/a><p id=\"caption-attachment-53426\" class=\"wp-caption-text\"><a href=\"https:\/\/fr.wikipedia.org\/wiki\/Jacques-%C3%89mile_Blanche\" target=\"_blank\" rel=\"noopener\"><span style=\"font-size: 12px;\">Jacques-Emile Blanche<\/span><\/a><br \/><span style=\"font-size: 12px;\">Portrait de Marcel Proust 1892<\/span><\/p><\/div>\n<p><span style=\"font-size: 20px;\"><span style=\"font-size: 28px;\">S<\/span>i l\u2019on se base sur la philosophie platonicienne, elle serait l\u2019ensemble des souvenirs acquis lors d\u2019une vie ant\u00e9rieure: ce que nous avons su avant notre naissance<i>.<\/i><\/span><\/p>\n<p><span style=\"color: #ffffff;\">&#8211;<\/span><\/p>\n<\/div>\n<div style=\"text-align: justify;\"><span style=\"font-size: 20px;\">Ceci implique la croyance en l\u2019\u00e2me \u00e9ternelle, th\u00e9orie \u00e0 laquelle je n\u2019adh\u00e8re pas. Aristote d\u00e9signe \u00ab la m\u00e9moire volontaire \u00bb, une facult\u00e9 de rappeler volontairement les souvenirs.<\/span><\/div>\n<div style=\"text-align: justify;\"><span style=\"font-size: 20px;\">Descartes parlait d\u2019id\u00e9es inn\u00e9es.<\/span><\/div>\n<div><span style=\"color: #ffffff;\">&#8211;<\/span><\/div>\n<div style=\"text-align: justify;\">\n<p><span style=\"font-size: 20px;\">Quand <a href=\"https:\/\/fr.wikipedia.org\/wiki\/Marcel_Proust\" target=\"_blank\" rel=\"noopener noreferrer\">Proust<\/a> l\u2019\u00e9voque dans le <i><a title=\"Le Temps retrouv\u00e9\" href=\"https:\/\/fr.wikipedia.org\/wiki\/Le_Temps_retrouv%C3%A9\" target=\"_blank\" rel=\"noopener\">Temps Retrouv\u00e9<\/a>, <\/i>c\u2019est ainsi qu\u2019il l\u2019\u00e9crit :<\/span><\/p>\n<p><span style=\"color: #ffffff;\">&#8211;<\/span><\/p>\n<\/div>\n<\/div>\n<div style=\"text-align: justify; padding-left: 120px;\"><span style=\"color: #4c0099;\"><em><span style=\"font-size: 20px;\">\u00ab&#8230; qu&rsquo;il s&rsquo;ag\u00eet (&#8230;) de\u00a0<b>r\u00e9miniscences<\/b> comme celle de l&rsquo;in\u00e9galit\u00e9 des deux marches ou le go\u00fbt de la madeleine, il fallait t\u00e2cher d&rsquo;interpr\u00e9ter les sensations comme les signes d&rsquo;autant de lois et d&rsquo;id\u00e9es, en essayant de penser, c&rsquo;est-\u00e0-dire de faire sortir de la p\u00e9nombre ce que j&rsquo;avais senti&#8230;\u00bb<\/span><\/em><\/span><\/div>\n<div><\/div>\n<\/div>\n<div style=\"padding-left: 120px;\"><\/div>\n<div><img loading=\"lazy\" decoding=\"async\" class=\"aligncenter wp-image-52977 size-medium\" src=\"https:\/\/frank-lovisolo.fr\/WordPress\/wp-content\/uploads\/2026\/04\/separateur-par-2026-LR-460x20.png\" alt=\"- - -\" width=\"460\" height=\"20\" title=\"-\" srcset=\"https:\/\/frank-lovisolo.fr\/WordPress\/wp-content\/uploads\/2026\/04\/separateur-par-2026-LR-460x20.png 460w, https:\/\/frank-lovisolo.fr\/WordPress\/wp-content\/uploads\/2026\/04\/separateur-par-2026-LR-768x34.png 768w, https:\/\/frank-lovisolo.fr\/WordPress\/wp-content\/uploads\/2026\/04\/separateur-par-2026-LR-250x11.png 250w, https:\/\/frank-lovisolo.fr\/WordPress\/wp-content\/uploads\/2026\/04\/separateur-par-2026-LR-150x7.png 150w, https:\/\/frank-lovisolo.fr\/WordPress\/wp-content\/uploads\/2026\/04\/separateur-par-2026-LR.png 988w\" sizes=\"auto, (max-width: 460px) 100vw, 460px\" \/><\/div>\n<p style=\"text-align: center;\"><span style=\"color: #ffffff;\">&#8211;<\/span><\/p>\n<p style=\"text-align: center;\"><strong><span style=\"color: #000000; font-size: 20px;\"><a id=\"ART01\"><\/a>ARTICLES<\/span><\/strong><\/p>\n<div align=\"left\">\n<table style=\"width: 100%; border-collapse: collapse;\">\n<tbody>\n<tr>\n<td style=\"width: 20.0724%;\"><\/td>\n<td style=\"width: 59.9276%;\">\n<p style=\"text-align: center;\"><span style=\"font-size: 22px;\">1. <strong><a href=\"https:\/\/frank-lovisolo.fr\/WordPress\/holodomor\/\" target=\"_blank\" rel=\"noopener\">Holodomor<\/a><\/strong> 11:52<\/span><br \/>\n<span style=\"font-size: 22px;\">2. <strong><a href=\"https:\/\/frank-lovisolo.fr\/WordPress\/lextatique-inconfort-de-desobeissance\/\" target=\"_blank\" rel=\"noopener\">L&rsquo;extatique Inconfort de la D\u00e9sob\u00e9issance<\/a><\/strong> 05:47<\/span><br \/>\n<span style=\"font-size: 22px;\">3. <strong><a href=\"https:\/\/frank-lovisolo.fr\/WordPress\/rd-18-cd-composition-musicale\/\" target=\"_blank\" rel=\"noopener\">RD 18 CD<\/a><\/strong> 11:13<\/span><br \/>\n<span style=\"font-size: 22px;\">4. <strong><a href=\"https:\/\/frank-lovisolo.fr\/WordPress\/bruyance-ocean-non-dits\/\" target=\"_blank\" rel=\"noopener\">L\u2019Insoutenable bruyance de l\u2019Oc\u00e9an des non-dits<\/a><\/strong> 11:31<\/span><br \/>\n<span style=\"font-size: 22px;\">5. <strong><a href=\"https:\/\/frank-lovisolo.fr\/WordPress\/voyage-crane-inconnu-musique-concrete\/\" target=\"_blank\" rel=\"noopener\">Voyage en Cr\u00e2ne inconnu<\/a><\/strong> 10:33<\/span><br \/>\n<span style=\"font-size: 22px;\">6. <strong><a href=\"https:\/\/frank-lovisolo.fr\/WordPress\/diderot-les-murs-indiscrets\/\" target=\"_blank\" rel=\"noopener\">Les Murs Indiscrets<\/a><\/strong> 09:24<\/span><br \/>\n<span style=\"font-size: 22px;\">7. <strong><a href=\"https:\/\/frank-lovisolo.fr\/WordPress\/reminiscences-music\/\" target=\"_blank\" rel=\"noopener\">R\u00e9miniscences<\/a><\/strong> 15:47<\/span><\/p>\n<p style=\"text-align: center;\"><span style=\"color: #ffffff;\">&#8211;<img loading=\"lazy\" decoding=\"async\" class=\"aligncenter wp-image-52977 size-medium\" src=\"https:\/\/frank-lovisolo.fr\/WordPress\/wp-content\/uploads\/2026\/04\/separateur-par-2026-LR-460x20.png\" alt=\"- - -\" width=\"460\" height=\"20\" title=\"-\" srcset=\"https:\/\/frank-lovisolo.fr\/WordPress\/wp-content\/uploads\/2026\/04\/separateur-par-2026-LR-460x20.png 460w, https:\/\/frank-lovisolo.fr\/WordPress\/wp-content\/uploads\/2026\/04\/separateur-par-2026-LR-768x34.png 768w, https:\/\/frank-lovisolo.fr\/WordPress\/wp-content\/uploads\/2026\/04\/separateur-par-2026-LR-250x11.png 250w, https:\/\/frank-lovisolo.fr\/WordPress\/wp-content\/uploads\/2026\/04\/separateur-par-2026-LR-150x7.png 150w, https:\/\/frank-lovisolo.fr\/WordPress\/wp-content\/uploads\/2026\/04\/separateur-par-2026-LR.png 988w\" sizes=\"auto, (max-width: 460px) 100vw, 460px\" \/><\/span><\/p>\n<\/td>\n<td style=\"width: 20%;\"><\/td>\n<\/tr>\n<\/tbody>\n<\/table>\n<p><span style=\"color: #ffffff;\">R\u00e9miniscences, musique exp\u00e9rimentale, musique concr\u00e8te, compositions sonores, sound design<\/span><\/p>\n<table class=\" alignright\" style=\"width: 100%; border-collapse: collapse;\">\n<tbody>\n<tr style=\"height: 48px;\">\n<td style=\"background-color: #dedede; width: 33%; height: 106px; text-align: center; vertical-align: middle;\" rowspan=\"2\">\n<h6 style=\"text-align: center;\"><span class=\"ez-toc-section\" id=\"extraits\"><\/span><span style=\"font-size: 26px;\"><strong><a id=\"EXT01\"><\/a>EXTRAITS<\/strong><\/span><span class=\"ez-toc-section-end\"><\/span><\/h6>\n<\/td>\n<td style=\"width: 34%; height: 48px; text-align: center; vertical-align: middle; background-color: #dedede;\"><span style=\"font-size: 15px;\"><strong><a href=\"https:\/\/frank-lovisolo.fr\/WordPress\/holodomor\/\" target=\"_blank\" rel=\"noopener\">Holodomor<\/a><\/strong><\/span><\/td>\n<td style=\"width: 33%; height: 48px; text-align: center; vertical-align: middle; background-color: #dedede;\">\n<div style=\"text-align: center;\" data-rm-block-id=\"block-12\"><span style=\"font-size: 15px;\"><strong><a href=\"https:\/\/frank-lovisolo.fr\/WordPress\/lextatique-inconfort-de-desobeissance\/\" target=\"_blank\" rel=\"noopener\">L&rsquo;extatique Inconfort de la D\u00e9sob\u00e9issance<\/a><\/strong><\/span><\/div>\n<\/td>\n<\/tr>\n<tr style=\"height: 58px;\">\n<td style=\"width: 25%; text-align: center; background-color: #000000; height: 58px;\">\n<div style=\"text-align: center;\">\n<audio class=\"wp-audio-shortcode\" id=\"audio-53575-1\" preload=\"none\" style=\"width: 100%;\" controls=\"controls\"><source type=\"audio\/mpeg\" src=\"https:\/\/frank-lovisolo.fr\/WordPress\/wp-content\/uploads\/2026\/04\/Holodomor.mp3?_=1\" \/><a href=\"https:\/\/frank-lovisolo.fr\/WordPress\/wp-content\/uploads\/2026\/04\/Holodomor.mp3\">https:\/\/frank-lovisolo.fr\/WordPress\/wp-content\/uploads\/2026\/04\/Holodomor.mp3<\/a><\/audio>\n<\/div>\n<\/td>\n<td style=\"width: 50%; text-align: center; background-color: #000000; height: 58px;\">\n<div style=\"text-align: center;\">\n<audio class=\"wp-audio-shortcode\" id=\"audio-53575-2\" preload=\"none\" style=\"width: 100%;\" controls=\"controls\"><source type=\"audio\/mpeg\" src=\"https:\/\/frank-lovisolo.fr\/WordPress\/wp-content\/uploads\/2026\/04\/Lextatique-inconfort-de-la-desobeissance.mp3?_=2\" \/><a href=\"https:\/\/frank-lovisolo.fr\/WordPress\/wp-content\/uploads\/2026\/04\/Lextatique-inconfort-de-la-desobeissance.mp3\">https:\/\/frank-lovisolo.fr\/WordPress\/wp-content\/uploads\/2026\/04\/Lextatique-inconfort-de-la-desobeissance.mp3<\/a><\/audio>\n<\/div>\n<\/td>\n<\/tr>\n<\/tbody>\n<\/table>\n<hr \/>\n<table style=\"height: 106px; width: 100%; border-collapse: collapse;\">\n<tbody>\n<tr style=\"height: 48px;\">\n<td style=\"width: 33%; height: 48px; text-align: right; vertical-align: middle; background-color: #dedede;\">\n<div style=\"text-align: center;\" data-rm-block-id=\"block-15\"><span style=\"font-size: 15px;\"><strong><a href=\"https:\/\/frank-lovisolo.fr\/WordPress\/rd-18-cd-composition-musicale\/\" target=\"_blank\" rel=\"noopener\">RD 18 CD<\/a><\/strong><\/span><\/div>\n<\/td>\n<td style=\"width: 34%; height: 48px; text-align: right; vertical-align: middle; background-color: #dedede;\">\n<div style=\"text-align: center;\" data-rm-block-id=\"block-16\"><span style=\"font-size: 15px;\"><strong><a href=\"https:\/\/frank-lovisolo.fr\/WordPress\/bruyance-ocean-non-dits\/\" target=\"_blank\" rel=\"noopener\">L\u2019Insoutenable bruyance de l\u2019Oc\u00e9an des non-dits<\/a><\/strong><\/span><\/div>\n<\/td>\n<td style=\"width: 33%; height: 48px; text-align: right; vertical-align: middle; background-color: #dedede;\">\n<div style=\"text-align: center;\">\n<div style=\"text-align: center;\" data-rm-block-id=\"block-17\"><span style=\"font-size: 15px;\"><strong><a href=\"https:\/\/frank-lovisolo.fr\/WordPress\/voyage-crane-inconnu-musique-concrete\/\" target=\"_blank\" rel=\"noopener\">Voyage en Cr\u00e2ne inconnu<\/a><\/strong><\/span><\/div>\n<\/div>\n<\/td>\n<\/tr>\n<tr style=\"height: 58px;\">\n<td style=\"width: 19.9855%; background-color: #000000; height: 58px;\">\n<div style=\"text-align: center;\">\n<audio class=\"wp-audio-shortcode\" id=\"audio-53575-3\" preload=\"none\" style=\"width: 100%;\" controls=\"controls\"><source type=\"audio\/mpeg\" src=\"https:\/\/frank-lovisolo.fr\/WordPress\/wp-content\/uploads\/2026\/04\/RD-18-CD.mp3?_=3\" \/><a href=\"https:\/\/frank-lovisolo.fr\/WordPress\/wp-content\/uploads\/2026\/04\/RD-18-CD.mp3\">https:\/\/frank-lovisolo.fr\/WordPress\/wp-content\/uploads\/2026\/04\/RD-18-CD.mp3<\/a><\/audio>\n<\/div>\n<\/td>\n<td style=\"width: 19.9855%; background-color: #000000; height: 58px;\">\n<div style=\"text-align: center;\">\n<audio class=\"wp-audio-shortcode\" id=\"audio-53575-4\" preload=\"none\" style=\"width: 100%;\" controls=\"controls\"><source type=\"audio\/mpeg\" src=\"https:\/\/frank-lovisolo.fr\/WordPress\/wp-content\/uploads\/2026\/04\/Linsoutenable-bruyance-de-locean-des-non-dits.mp3?_=4\" \/><a href=\"https:\/\/frank-lovisolo.fr\/WordPress\/wp-content\/uploads\/2026\/04\/Linsoutenable-bruyance-de-locean-des-non-dits.mp3\">https:\/\/frank-lovisolo.fr\/WordPress\/wp-content\/uploads\/2026\/04\/Linsoutenable-bruyance-de-locean-des-non-dits.mp3<\/a><\/audio>\n<\/div>\n<\/td>\n<td style=\"width: 19.9855%; background-color: #000000; height: 58px;\">\n<div style=\"text-align: center;\">\n<audio class=\"wp-audio-shortcode\" id=\"audio-53575-5\" preload=\"none\" style=\"width: 100%;\" controls=\"controls\"><source type=\"audio\/mpeg\" src=\"https:\/\/frank-lovisolo.fr\/WordPress\/wp-content\/uploads\/2026\/04\/Voyage-en-Crane-inconnu.mp3?_=5\" \/><a href=\"https:\/\/frank-lovisolo.fr\/WordPress\/wp-content\/uploads\/2026\/04\/Voyage-en-Crane-inconnu.mp3\">https:\/\/frank-lovisolo.fr\/WordPress\/wp-content\/uploads\/2026\/04\/Voyage-en-Crane-inconnu.mp3<\/a><\/audio>\n<\/div>\n<\/td>\n<\/tr>\n<\/tbody>\n<\/table>\n<hr \/>\n<table style=\"width: 100%; border-collapse: collapse;\">\n<tbody>\n<tr style=\"height: 48px;\">\n<td style=\"width: 33%; height: 48px; text-align: right; vertical-align: middle; background-color: #dedede;\">\n<div style=\"text-align: center;\" data-rm-block-id=\"block-15\"><span style=\"font-size: 15px;\"><strong><a href=\"https:\/\/frank-lovisolo.fr\/WordPress\/diderot-les-murs-indiscrets\/\" target=\"_blank\" rel=\"noopener\">Les Murs Indiscrets<\/a><\/strong><\/span><\/div>\n<\/td>\n<td style=\"width: 34%; height: 48px; text-align: right; vertical-align: middle; background-color: #dedede;\">\n<div style=\"text-align: center;\" data-rm-block-id=\"block-16\"><span style=\"font-size: 15px;\"><strong><a href=\"https:\/\/frank-lovisolo.fr\/WordPress\/reminiscences-music\/\" target=\"_blank\" rel=\"noopener\">R\u00e9miniscences<\/a><\/strong><\/span><\/div>\n<\/td>\n<td style=\"width: 33%; background-color: #dedede; height: 48px; text-align: right; vertical-align: middle;\" rowspan=\"2\">\n<div style=\"text-align: center;\">\n<div style=\"text-align: center;\" data-rm-block-id=\"block-17\"><\/div>\n<\/div>\n<div style=\"text-align: center;\">\n<div style=\"text-align: center;\"><strong><span style=\"font-size: 18px;\">Ecoute int\u00e9grale<\/span><\/strong><\/div>\n<div><span style=\"color: #ffffff;\"><br \/>\n<a href=\"https:\/\/frankcesarlovisolo.bandcamp.com\/album\/r-miniscences\" target=\"_blank\" rel=\"noopener\"><img loading=\"lazy\" decoding=\"async\" class=\"aligncenter wp-image-51222\" src=\"https:\/\/frank-lovisolo.fr\/WordPress\/wp-content\/uploads\/2025\/11\/bandcamp-logotype-color-512-FrankV2-460x38.png\" alt=\"- - -\" width=\"360\" height=\"30\" title=\"-\" srcset=\"https:\/\/frank-lovisolo.fr\/WordPress\/wp-content\/uploads\/2025\/11\/bandcamp-logotype-color-512-FrankV2-460x38.png 460w, https:\/\/frank-lovisolo.fr\/WordPress\/wp-content\/uploads\/2025\/11\/bandcamp-logotype-color-512-FrankV2-250x21.png 250w, https:\/\/frank-lovisolo.fr\/WordPress\/wp-content\/uploads\/2025\/11\/bandcamp-logotype-color-512-FrankV2-150x12.png 150w, https:\/\/frank-lovisolo.fr\/WordPress\/wp-content\/uploads\/2025\/11\/bandcamp-logotype-color-512-FrankV2.png 512w\" sizes=\"auto, (max-width: 360px) 100vw, 360px\" \/><\/a><\/span><\/div>\n<\/div>\n<\/td>\n<\/tr>\n<tr>\n<td style=\"width: 19.9855%; background-color: #000000;\">\n<div style=\"text-align: center;\">\n<audio class=\"wp-audio-shortcode\" id=\"audio-53575-6\" preload=\"none\" style=\"width: 100%;\" controls=\"controls\"><source type=\"audio\/mpeg\" src=\"https:\/\/frank-lovisolo.fr\/WordPress\/wp-content\/uploads\/2026\/04\/Les-murs-indiscrets.mp3?_=6\" \/><a href=\"https:\/\/frank-lovisolo.fr\/WordPress\/wp-content\/uploads\/2026\/04\/Les-murs-indiscrets.mp3\">https:\/\/frank-lovisolo.fr\/WordPress\/wp-content\/uploads\/2026\/04\/Les-murs-indiscrets.mp3<\/a><\/audio>\n<\/div>\n<\/td>\n<td style=\"width: 19.9855%; background-color: #000000;\">\n<div style=\"text-align: center;\">\n<audio class=\"wp-audio-shortcode\" id=\"audio-53575-7\" preload=\"none\" style=\"width: 100%;\" controls=\"controls\"><source type=\"audio\/mpeg\" src=\"https:\/\/frank-lovisolo.fr\/WordPress\/wp-content\/uploads\/2026\/04\/Reminiscences.mp3?_=7\" \/><a href=\"https:\/\/frank-lovisolo.fr\/WordPress\/wp-content\/uploads\/2026\/04\/Reminiscences.mp3\">https:\/\/frank-lovisolo.fr\/WordPress\/wp-content\/uploads\/2026\/04\/Reminiscences.mp3<\/a><\/audio>\n<\/div>\n<\/td>\n<\/tr>\n<\/tbody>\n<\/table>\n<div style=\"text-align: center;\" data-rm-block-id=\"block-21\"><span style=\"font-size: 10px; color: #ffffff;\">Covered Passage<\/span><\/div>\n<p><span style=\"color: #ffffff;\"><img loading=\"lazy\" decoding=\"async\" class=\"aligncenter wp-image-52977 size-medium\" src=\"https:\/\/frank-lovisolo.fr\/WordPress\/wp-content\/uploads\/2026\/04\/separateur-par-2026-LR-460x20.png\" alt=\"- - -\" width=\"460\" height=\"20\" title=\"-\" srcset=\"https:\/\/frank-lovisolo.fr\/WordPress\/wp-content\/uploads\/2026\/04\/separateur-par-2026-LR-460x20.png 460w, https:\/\/frank-lovisolo.fr\/WordPress\/wp-content\/uploads\/2026\/04\/separateur-par-2026-LR-768x34.png 768w, https:\/\/frank-lovisolo.fr\/WordPress\/wp-content\/uploads\/2026\/04\/separateur-par-2026-LR-250x11.png 250w, https:\/\/frank-lovisolo.fr\/WordPress\/wp-content\/uploads\/2026\/04\/separateur-par-2026-LR-150x7.png 150w, https:\/\/frank-lovisolo.fr\/WordPress\/wp-content\/uploads\/2026\/04\/separateur-par-2026-LR.png 988w\" sizes=\"auto, (max-width: 460px) 100vw, 460px\" \/><\/span><\/p>\n<div>\n<h1><span class=\"ez-toc-section\" id=\"%e2%80%93-2\"><\/span><span style=\"color: #ffffff;\">&#8211;<\/span><span class=\"ez-toc-section-end\"><\/span><\/h1>\n<h1><span class=\"ez-toc-section\" id=\"salome-fresnel-reminiscences-analyse-dun-titre\"><\/span><strong><span style=\"font-size: 26px;\"><a href=\"#SF01\">Salom\u00e9 Fresnel<\/a> : <\/span><\/strong><span style=\"font-size: 26px;\">R\u00e9miniscences,\u00a0 Analyse d&rsquo;un titre.<\/span><span class=\"ez-toc-section-end\"><\/span><\/h1>\n<p><span style=\"color: #ffffff;\">&#8211;<\/span><\/p>\n<p class=\"article-intro\" style=\"text-align: justify;\"><span style=\"font-size: 18px;\">Certains titres d&rsquo;albums ne se contentent pas de nommer une \u0153uvre, ils l&rsquo;habitent, l&rsquo;anticipent, la contiennent presque enti\u00e8rement. <em>R\u00e9miniscences<\/em>\u00a0est de ceux-l\u00e0.<br \/>\nMot savant, pluriel myst\u00e9rieux, souffle suspendu entre pass\u00e9 et pr\u00e9sent : voici une lecture litt\u00e9raire, philosophique et po\u00e9tique de ce titre singulier.<\/span><\/p>\n<h2 style=\"text-align: center;\"><span class=\"ez-toc-section\" id=\"i\"><\/span>_______________<span class=\"ez-toc-section-end\"><\/span><\/h2>\n<p><span style=\"color: #ffffff;\">&#8211;<\/span><\/p>\n<h2 style=\"text-align: justify;\"><span class=\"ez-toc-section\" id=\"i-dimension-litteraire-lart-du-souvenir-fragmente\"><\/span><strong>I. Dimension litt\u00e9raire : l&rsquo;art du souvenir fragment\u00e9<\/strong><span class=\"ez-toc-section-end\"><\/span><\/h2>\n<p><span style=\"color: #ffffff;\">&#8211;<\/span><\/p>\n<p style=\"text-align: justify;\"><span style=\"font-size: 18px;\">Le mot\u00a0<em>r\u00e9miniscences<\/em>\u00a0appartient \u00e0 la tradition des titres-atmosph\u00e8res \u2014 ceux qui ne racontent pas, mais\u00a0<strong>\u00e9voquent<\/strong>. En choisissant ce terme soutenu plut\u00f4t que le mot courant\u00a0<em>souvenirs<\/em>, l&rsquo;artiste signale d&#8217;embl\u00e9e une ambition esth\u00e9tique : cet album ne se veut pas divertissement, mais\u00a0<em>exp\u00e9rience<\/em>.<\/span><\/p>\n<p style=\"text-align: justify;\"><span style=\"font-size: 18px;\">Par son pluriel, le titre refuse le souvenir unique et construit une\u00a0<strong>mosa\u00efque m\u00e9morielle<\/strong>\u00a0: non pas un \u00e9pisode singulier, mais une accumulation de traces, d&rsquo;\u00e9clats, de retours. Cette pluralit\u00e9 r\u00e9sonne avec une lign\u00e9e litt\u00e9raire illustre.<\/span><\/p>\n<p><span style=\"color: #ffffff;\">&#8211;<\/span><\/p>\n<ul>\n<li><span style=\"font-size: 18px;\">Chez Proust, la r\u00e9miniscence surgit d&rsquo;une madeleine tremp\u00e9e dans le th\u00e9 \u2014 involontaire, totale, souveraine. <\/span><\/li>\n<li><span style=\"font-size: 18px;\">Chez Baudelaire, elle na\u00eet d&rsquo;une\u00a0<em>correspondance<\/em>\u00a0sensorielle, d&rsquo;un parfum qui rouvre brusquement le pass\u00e9. <\/span><\/li>\n<li><span style=\"font-size: 18px;\">Chez Nerval, elle fr\u00f4le le fant\u00f4me, la chim\u00e8re, le r\u00eave \u00e9veill\u00e9.<\/span><\/li>\n<\/ul>\n<p><span style=\"color: #ffffff;\">&#8211;<\/span><\/p>\n<p style=\"text-align: justify;\"><span style=\"font-size: 18px;\">Dans tous ces cas, la r\u00e9miniscence n&rsquo;est pas simple rappel : c&rsquo;est une\u00a0<strong>irruption du pass\u00e9 dans le pr\u00e9sent<\/strong>, qui d\u00e9borde la volont\u00e9 et impose sa pr\u00e9sence. Nommer ainsi un album, c&rsquo;est placer l&rsquo;auditeur dans cette position de vuln\u00e9rabilit\u00e9, pr\u00e9venu que quelque chose, en lui, va surgir sans qu&rsquo;il l&rsquo;ait cherch\u00e9.<\/span><\/p>\n<h2 style=\"text-align: center;\"><span class=\"ez-toc-section\" id=\"i-2\"><\/span>_______________<span class=\"ez-toc-section-end\"><\/span><\/h2>\n<p><span style=\"color: #ffffff;\">&#8211;<\/span><\/p>\n<h2><span class=\"ez-toc-section\" id=\"ii-dimension-philosophique-memoire-duree-et-verite\"><\/span><strong>II. Dimension philosophique : m\u00e9moire, dur\u00e9e et v\u00e9rit\u00e9<\/strong><span class=\"ez-toc-section-end\"><\/span><\/h2>\n<p><span style=\"color: #ffffff;\">&#8211;<\/span><\/p>\n<div style=\"width: 207px\" class=\"wp-caption alignright\"><img loading=\"lazy\" decoding=\"async\" class=\"\" src=\"https:\/\/upload.wikimedia.org\/wikipedia\/commons\/thumb\/d\/da\/Plato_Pio-Clemetino_Inv305.jpg\/250px-Plato_Pio-Clemetino_Inv305.jpg\" alt=\"- - -\" width=\"197\" height=\"298\" title=\"-\"><p class=\"wp-caption-text\"><span style=\"font-size: 10px;\">Buste de la fin du IVe si\u00e8cle av. J-C<\/span><\/p><\/div>\n<h3><span class=\"ez-toc-section\" id=\"platon-se-souvenir-comme-re-connaitre\"><\/span><span style=\"text-decoration: underline;\"><span style=\"font-size: 18px;\"><a href=\"https:\/\/fr.wikipedia.org\/wiki\/Platon\" target=\"_blank\" rel=\"noopener\">Platon<\/a> : se souvenir comme re-conna\u00eetre<br \/>\n<\/span><\/span><span class=\"ez-toc-section-end\"><\/span><\/h3>\n<p style=\"text-align: justify;\"><span style=\"font-size: 18px;\">Le titre convoque d&rsquo;abord la th\u00e9orie platonicienne de l&rsquo;<em>anamn\u00e8se<\/em>\u00a0: se souvenir, c&rsquo;est re-conna\u00eetre ce que l&rsquo;\u00e2me a d\u00e9j\u00e0 contempl\u00e9 dans un autre \u00e9tat. La r\u00e9miniscence est alors un\u00a0<strong>chemin vers la v\u00e9rit\u00e9<\/strong>. Savoir, c&rsquo;est se rappeler. L&rsquo;album, dans cette lecture, offrirait moins une d\u00e9couverte qu&rsquo;une\u00a0<em>reconnaissance<\/em>\u00a0\u2014 quelque chose que l&rsquo;auditeur savait d\u00e9j\u00e0 sans le savoir.<\/span><\/p>\n<div style=\"width: 205px\" class=\"wp-caption alignleft\"><img loading=\"lazy\" decoding=\"async\" src=\"https:\/\/upload.wikimedia.org\/wikipedia\/commons\/b\/b4\/Henri_Bergson_1878.jpg\" alt=\"- - -\" width=\"195\" height=\"237\" title=\"-\"><p class=\"wp-caption-text\"><span style=\"font-size: 10px;\">Henri Bergson en 1878<\/span><\/p><\/div>\n<h3 style=\"text-align: justify;\"><span class=\"ez-toc-section\" id=\"bergson-le-temps-vecu-contre-le-temps-mesure\"><\/span><span style=\"text-decoration: underline;\"><span style=\"font-size: 18px;\"><a href=\"https:\/\/fr.wikipedia.org\/wiki\/Henri_Bergson\" target=\"_blank\" rel=\"noopener\">Bergson<\/a> : le temps v\u00e9cu contre le temps mesur\u00e9<\/span><\/span><span class=\"ez-toc-section-end\"><\/span><\/h3>\n<p style=\"text-align: justify;\"><span style=\"font-size: 18px;\">Henri Bergson y ajoute une dimension temporelle cruciale. Pour lui, la m\u00e9moire n&rsquo;est pas une archive froide, elle est <strong>dur\u00e9e vivante<\/strong>. Se souvenir, c&rsquo;est rejouer le temps dans la chair du pr\u00e9sent ; c&rsquo;est faire coexister plusieurs temporalit\u00e9s en un seul instant. L&rsquo;album, en portant ce titre, se positionne comme une\u00a0<em>exp\u00e9rience de la dur\u00e9e<\/em>, et non de la chronologie lin\u00e9aire. C&rsquo;est une musique dans laquelle le temps ne passe pas \u2014 il se d\u00e9pose.<\/span><\/p>\n<h3 style=\"text-align: justify;\"><span class=\"ez-toc-section\" id=\"freud-ce-qui-resiste-a-loubli\"><\/span><span style=\"text-decoration: underline;\"><span style=\"font-size: 18px;\"><a href=\"https:\/\/fr.wikipedia.org\/wiki\/Sigmund_Freud\" target=\"_blank\" rel=\"noopener\">Freud<\/a> : ce qui r\u00e9siste \u00e0 l&rsquo;oubli<\/span><\/span><span class=\"ez-toc-section-end\"><\/span><\/h3>\n<div style=\"width: 205px\" class=\"wp-caption alignright\"><img loading=\"lazy\" decoding=\"async\" src=\"https:\/\/upload.wikimedia.org\/wikipedia\/commons\/thumb\/3\/36\/Sigmund_Freud%2C_by_Max_Halberstadt_%28cropped%29.jpg\/250px-Sigmund_Freud%2C_by_Max_Halberstadt_%28cropped%29.jpg\" alt=\"- - -\" width=\"195\" height=\"265\" title=\"-\"><p class=\"wp-caption-text\">F<span style=\"font-size: 12px;\">reud en 1921<\/span><\/p><\/div>\n<p style=\"text-align: justify;\"><span style=\"font-size: 18px;\">La psychanalyse freudienne voit dans la r\u00e9miniscence ce qui\u00a0<strong>r\u00e9siste<\/strong>\u00a0\u00e0 l&rsquo;oubli : le refoul\u00e9 qui revient, le non-dit qui insiste.<br \/>\nLe titre sugg\u00e8re alors une musique qui\u00a0<em>dit ce qu&rsquo;on ne voulait plus entendre<\/em>\u00a0\u2014 et qui gu\u00e9rit peut-\u00eatre de l&rsquo;avoir tu. En ce sens, \u00e9couter l&rsquo;album pourrait \u00eatre un acte cathartique : laisser la m\u00e9moire faire son travail l\u00e0 o\u00f9 la raison s&rsquo;\u00e9tait d\u00e9rob\u00e9e.<\/span><\/p>\n<p><em><span style=\"color: #4c0099;\">-Salom\u00e9, tu sais bien ce que je pense du psy Autrichien ! <span style=\"font-size: 12px;\">(FCL)<\/span><\/span><\/em><\/p>\n<h2 style=\"text-align: center;\"><span class=\"ez-toc-section\" id=\"i-3\"><\/span>_______________<span class=\"ez-toc-section-end\"><\/span><\/h2>\n<p><span style=\"color: #ffffff;\">&#8211;<\/span><\/p>\n<h2><span class=\"ez-toc-section\" id=\"iii-dimension-poetique-le-mot-comme-musique\"><\/span><strong>III. Dimension po\u00e9tique : le mot comme musique<\/strong><span class=\"ez-toc-section-end\"><\/span><\/h2>\n<p style=\"text-align: justify;\"><span style=\"font-size: 18px;\">Phon\u00e9tiquement,\u00a0<em>R\u00e9miniscences<\/em>\u00a0est avant tout un mot-musique. Ses cinq syllabes roulent comme une vague qui revient :\u00a0<strong>R\u00e9-mi-nis-cen-ces<\/strong>. La r\u00e9p\u00e9tition du son [s] cr\u00e9e une sibilance douce, presque un murmure, un souffle. Le mot lui-m\u00eame\u00a0<em>imite ce qu&rsquo;il d\u00e9signe<\/em>\u00a0\u2014 c&rsquo;est une forme d&rsquo;iconicit\u00e9 sonore, rare et pr\u00e9cieuse.<\/span><\/p>\n<p style=\"text-align: justify;\"><span style=\"font-size: 18px;\">Le\u00a0<strong>pr\u00e9fixe\u00a0<em>re-<\/em><\/strong>\u00a0est capital. Il inscrit le retour au c\u0153ur m\u00eame du titre : re-venir, re-sentir, re-vivre. La musique contemporaine, avec ses boucles, ses samples et ses motifs r\u00e9currents, fait litt\u00e9ralement r\u00e9sonner ce pr\u00e9fixe dans sa forme structurelle. Le titre et la forme musicale se r\u00e9pondent.<\/span><\/p>\n<p style=\"text-align: justify;\"><span style=\"font-size: 18px;\">Enfin, par son registre soutenu et rare dans la langue courante, le mot cr\u00e9e une\u00a0<strong>promesse esth\u00e9tique<\/strong>\u00a0: l&rsquo;auditeur est pr\u00e9venu qu&rsquo;il n&rsquo;entendra pas un r\u00e9cit neuf, mais une travers\u00e9e du d\u00e9j\u00e0-senti \u2014 une musique qui sera peut-\u00eatre famili\u00e8re avant m\u00eame d&rsquo;avoir \u00e9t\u00e9 \u00e9cout\u00e9e.<\/span><\/p>\n<h2 style=\"text-align: center;\"><span class=\"ez-toc-section\" id=\"i-4\"><\/span>_______________<span class=\"ez-toc-section-end\"><\/span><\/h2>\n<p><span style=\"color: #ffffff;\">&#8211;<\/span><\/p>\n<h2><span class=\"ez-toc-section\" id=\"la-tension-fondamentale-du-titre\"><\/span><strong>La tension fondamentale du titre<\/strong><span class=\"ez-toc-section-end\"><\/span><\/h2>\n<p style=\"text-align: justify;\"><span style=\"font-size: 18px;\">Ce qui rend\u00a0<em>R\u00e9miniscences<\/em>\u00a0particuli\u00e8rement fort comme titre d&rsquo;album, c&rsquo;est sa\u00a0<strong>tension constitutive<\/strong>. La r\u00e9miniscence est involontaire par nature \u2014 elle survient, elle s&rsquo;impose. Or un album est un acte voulu, construit, sign\u00e9, ma\u00eetris\u00e9. Nommer son \u0153uvre ainsi, c&rsquo;est paradoxalement\u00a0<em>orchestrer l&rsquo;impr\u00e9vu<\/em>\u00a0: promettre \u00e0 l&rsquo;auditeur que quelque chose surgira en lui, qu&rsquo;il ne contr\u00f4lera pas.<\/span><\/p>\n<p style=\"text-align: justify;\"><span style=\"font-size: 18px;\">Entre pass\u00e9 et pr\u00e9sent, entre involontaire et articul\u00e9, entre douleur et douceur \u2014\u00a0<em>R\u00e9miniscences<\/em>\u00a0nomme ce qui r\u00e9siste \u00e0 \u00eatre nomm\u00e9 : l&rsquo;exp\u00e9rience d&rsquo;une m\u00e9moire qui d\u00e9borde la raison.<\/span><\/p>\n<p><span style=\"color: #ffffff;\">&#8211;<\/span><\/p>\n<p><span style=\"color: #ffffff;\"><img loading=\"lazy\" decoding=\"async\" class=\"aligncenter wp-image-52977 size-medium\" src=\"https:\/\/frank-lovisolo.fr\/WordPress\/wp-content\/uploads\/2026\/04\/separateur-par-2026-LR-460x20.png\" alt=\"- - -\" width=\"460\" height=\"20\" title=\"-\" srcset=\"https:\/\/frank-lovisolo.fr\/WordPress\/wp-content\/uploads\/2026\/04\/separateur-par-2026-LR-460x20.png 460w, https:\/\/frank-lovisolo.fr\/WordPress\/wp-content\/uploads\/2026\/04\/separateur-par-2026-LR-768x34.png 768w, https:\/\/frank-lovisolo.fr\/WordPress\/wp-content\/uploads\/2026\/04\/separateur-par-2026-LR-250x11.png 250w, https:\/\/frank-lovisolo.fr\/WordPress\/wp-content\/uploads\/2026\/04\/separateur-par-2026-LR-150x7.png 150w, https:\/\/frank-lovisolo.fr\/WordPress\/wp-content\/uploads\/2026\/04\/separateur-par-2026-LR.png 988w\" sizes=\"auto, (max-width: 460px) 100vw, 460px\" \/><\/span><\/p>\n<p><span style=\"color: #ffffff;\">&#8211;<\/span><\/p>\n<table style=\"width: 100%; border-collapse: collapse; background-color: #f0fffa;\" cellpadding=\"10\">\n<tbody>\n<tr>\n<td style=\"width: 100%;\">\n<p data-start=\"0\" data-end=\"456\"><img loading=\"lazy\" decoding=\"async\" class=\" wp-image-53431 alignleft\" src=\"https:\/\/frank-lovisolo.fr\/WordPress\/wp-content\/uploads\/2026\/04\/Salome-fresnel.jpg\" alt=\"- - -\" width=\"189\" height=\"255\" title=\"-\" srcset=\"https:\/\/frank-lovisolo.fr\/WordPress\/wp-content\/uploads\/2026\/04\/Salome-fresnel.jpg 300w, https:\/\/frank-lovisolo.fr\/WordPress\/wp-content\/uploads\/2026\/04\/Salome-fresnel-111x150.jpg 111w\" sizes=\"auto, (max-width: 189px) 100vw, 189px\" \/><a id=\"SF01\"><\/a>La docteure<\/p>\n<p data-start=\"0\" data-end=\"456\"><span style=\"font-size: 22px;\"><strong>Salom\u00e9 Fresnel\u2026<\/strong><\/span><\/p>\n<p data-start=\"0\" data-end=\"456\"><span style=\"color: #ffffff;\">&#8211;<\/span><\/p>\n<p style=\"text-align: justify;\" data-start=\"0\" data-end=\"456\"><em>\u2026 n\u2019analyse pas les romans \u2014 trop pr\u00e9visibles \u2014 mais les titres d\u2019albums, ces micro-\u0153uvres o\u00f9 l\u2019humanit\u00e9 condense, en trois \u00e0 cinq mots, ses angoisses, ses ambitions et parfois ses fautes de go\u00fbt. Apr\u00e8s une th\u00e8se audacieuse intitul\u00e9e \u00ab\u2009Du vague au grandiose\u00a0: po\u00e9tique du titre d\u2019album entre promesse et d\u00e9ception\u2009\u00bb, elle s\u2019est impos\u00e9e comme une r\u00e9f\u00e9rence mondiale dans un champ que personne n\u2019avait pens\u00e9 \u00e0 revendiquer avant elle.<\/em><\/p>\n<p style=\"text-align: justify;\" data-start=\"458\" data-end=\"918\"><em>Ses recherches portent notamment sur la myst\u00e9rieuse inflation des titres abstraits (Horizons, Reflections, Origins) et sur l\u2019usage strat\u00e9gique de l\u2019anglais chez des artistes qui le ma\u00eetrisent avec une confiance admirable. Elle soutient, avec un s\u00e9rieux d\u00e9sarmant, que plus un titre est emphatique, plus il r\u00e9v\u00e8le une inqui\u00e9tude profonde quant au contenu r\u00e9el de l\u2019album \u2014 hypoth\u00e8se qu\u2019elle teste r\u00e9guli\u00e8rement, parfois au prix de longues heures d\u2019\u00e9coute.<\/em><\/p>\n<p style=\"text-align: justify;\" data-start=\"920\" data-end=\"1280\"><em>Invit\u00e9e dans des colloques interdisciplinaires, elle intervient sur des sujets tels que \u00ab\u2009L\u2019ellipse comme geste marketing\u2009\u00bb ou \u00ab\u2009La parenth\u00e8se dans le titre\u00a0: entre pudeur et surcharge s\u00e9mantique\u2009\u00bb. Elle n\u2019h\u00e9site pas \u00e0 comparer deux albums uniquement \u00e0 partir de leurs titres, ce qui lui fait gagner un temps consid\u00e9rable et une r\u00e9putation d\u2019audace m\u00e9thodologique.<\/em><\/p>\n<p style=\"text-align: justify;\" data-start=\"1282\" data-end=\"1572\"><em>Enseignante passionn\u00e9e, elle initie ses \u00e9tudiants \u00e0 l\u2019art de juger un album sans l\u2019\u00e9couter, tout en leur rappelant qu\u2019il arrive, dans de rares cas, que le contenu corresponde effectivement au titre, ph\u00e9nom\u00e8ne qu\u2019elle d\u00e9crit comme \u00ab\u2009statistiquement marginal mais \u00e9motionnellement troublant\u2009\u00bb.<\/em><\/p>\n<p style=\"text-align: justify;\" data-start=\"1574\" data-end=\"2153\" data-is-last-node=\"\" data-is-only-node=\"\"><em>On notera enfin que la docteure poss\u00e8de une particularit\u00e9 rare : elle n\u2019a ni bureau, ni universit\u00e9 de rattachement, ni m\u00eame d\u2019existence administrative v\u00e9rifiable. Elle appara\u00eet, au besoin, dans des paragraphes soigneusement r\u00e9dig\u00e9s, publie dans des revues qui tiennent en quelques lignes, puis dispara\u00eet sans laisser d\u2019autre trace qu\u2019une impression de coh\u00e9rence. Certains avancent qu\u2019elle n\u2019existe que dans un recoin tr\u00e8s sp\u00e9cialis\u00e9 de l\u2019intelligence artificielle, hypoth\u00e8se qu\u2019elle ne confirme ni n\u2019infirme, se contentant d\u2019exister avec \u00e9l\u00e9gance, quand on pense \u00e0 elle. Voil\u00e0&#8230;<\/em><\/p>\n<\/td>\n<\/tr>\n<\/tbody>\n<\/table>\n<\/div>\n<p><span style=\"font-size: 18px; color: #ffffff;\">&#8212;<\/span><a id=\"COM\"><\/a><\/p>\n<\/div>\n<div id=\"ez-toc-container\" class=\"ez-toc-v2_0_82_2 ez-toc-wrap-center counter-hierarchy ez-toc-counter ez-toc-light-blue ez-toc-container-direction\">\n<label for=\"ez-toc-cssicon-toggle-item-69f7748b4a589\" class=\"ez-toc-cssicon-toggle-label\"><p class=\"ez-toc-title\" style=\"cursor:inherit\">Table des mati\u00e8res<\/p>\n<span class=\"ez-toc-cssicon\"><span class=\"eztoc-hide\" style=\"display:none;\">Toggle<\/span><span class=\"ez-toc-icon-toggle-span\"><svg style=\"fill: #999;color:#999\" xmlns=\"http:\/\/www.w3.org\/2000\/svg\" class=\"list-377408\" width=\"20px\" height=\"20px\" viewBox=\"0 0 24 24\" fill=\"none\"><path d=\"M6 6H4v2h2V6zm14 0H8v2h12V6zM4 11h2v2H4v-2zm16 0H8v2h12v-2zM4 16h2v2H4v-2zm16 0H8v2h12v-2z\" fill=\"currentColor\"><\/path><\/svg><svg style=\"fill: #999;color:#999\" class=\"arrow-unsorted-368013\" xmlns=\"http:\/\/www.w3.org\/2000\/svg\" width=\"10px\" height=\"10px\" viewBox=\"0 0 24 24\" version=\"1.2\" baseProfile=\"tiny\"><path d=\"M18.2 9.3l-6.2-6.3-6.2 6.3c-.2.2-.3.4-.3.7s.1.5.3.7c.2.2.4.3.7.3h11c.3 0 .5-.1.7-.3.2-.2.3-.5.3-.7s-.1-.5-.3-.7zM5.8 14.7l6.2 6.3 6.2-6.3c.2-.2.3-.5.3-.7s-.1-.5-.3-.7c-.2-.2-.4-.3-.7-.3h-11c-.3 0-.5.1-.7.3-.2.2-.3.5-.3.7s.1.5.3.7z\"\/><\/svg><\/span><\/span><\/label><input type=\"checkbox\"  id=\"ez-toc-cssicon-toggle-item-69f7748b4a589\" checked \/><nav><ul class='ez-toc-list ez-toc-list-level-1 ' ><ul class='ez-toc-list-level-5' ><li class='ez-toc-heading-level-5'><ul class='ez-toc-list-level-5' ><li class='ez-toc-heading-level-5'><ul class='ez-toc-list-level-5' ><li class='ez-toc-heading-level-5'><ul class='ez-toc-list-level-5' ><li class='ez-toc-heading-level-5'><a class=\"ez-toc-link ez-toc-heading-1\" href=\"https:\/\/frank-lovisolo.fr\/WordPress\/reminiscences-musique-experimentale\/#musique-experimentale-si-on-veut\" >Musique Exp\u00e9rimentale, si on veut !<\/a><\/li><li class='ez-toc-page-1 ez-toc-heading-level-5'><a class=\"ez-toc-link ez-toc-heading-2\" href=\"https:\/\/frank-lovisolo.fr\/WordPress\/reminiscences-musique-experimentale\/#%e2%80%93-%e2%80%93\" >&#8211; \n&#8211;<\/a><\/li><\/ul><\/li><li class='ez-toc-page-1 ez-toc-heading-level-4'><a class=\"ez-toc-link ez-toc-heading-3\" href=\"https:\/\/frank-lovisolo.fr\/WordPress\/reminiscences-musique-experimentale\/#articles-%e2%80%93-extraits\" >ARTICLES\u00a0 \u00a0&#8211;\u00a0 \u00a0EXTRAITS<\/a><\/li><li class='ez-toc-page-1 ez-toc-heading-level-4'><a class=\"ez-toc-link ez-toc-heading-4\" href=\"https:\/\/frank-lovisolo.fr\/WordPress\/reminiscences-musique-experimentale\/#%e2%80%93\" >&#8211;<\/a><ul class='ez-toc-list-level-6' ><li class='ez-toc-heading-level-6'><ul class='ez-toc-list-level-6' ><li class='ez-toc-heading-level-6'><a class=\"ez-toc-link ez-toc-heading-5\" href=\"https:\/\/frank-lovisolo.fr\/WordPress\/reminiscences-musique-experimentale\/#extraits\" >EXTRAITS<\/a><\/li><\/ul><\/li><\/ul><\/li><\/ul><\/li><\/ul><\/li><\/ul><\/li><li class='ez-toc-page-1 ez-toc-heading-level-1'><a class=\"ez-toc-link ez-toc-heading-6\" href=\"https:\/\/frank-lovisolo.fr\/WordPress\/reminiscences-musique-experimentale\/#%e2%80%93-2\" >&#8211;<\/a><\/li><li class='ez-toc-page-1 ez-toc-heading-level-1'><a class=\"ez-toc-link ez-toc-heading-7\" href=\"https:\/\/frank-lovisolo.fr\/WordPress\/reminiscences-musique-experimentale\/#salome-fresnel-reminiscences-analyse-dun-titre\" >Salom\u00e9 Fresnel : R\u00e9miniscences,\u00a0 Analyse d&rsquo;un titre.<\/a><ul class='ez-toc-list-level-2' ><li class='ez-toc-heading-level-2'><a class=\"ez-toc-link ez-toc-heading-8\" href=\"https:\/\/frank-lovisolo.fr\/WordPress\/reminiscences-musique-experimentale\/#i\" >_______________<\/a><\/li><li class='ez-toc-page-1 ez-toc-heading-level-2'><a class=\"ez-toc-link ez-toc-heading-9\" href=\"https:\/\/frank-lovisolo.fr\/WordPress\/reminiscences-musique-experimentale\/#i-dimension-litteraire-lart-du-souvenir-fragmente\" >I. Dimension litt\u00e9raire : l&rsquo;art du souvenir fragment\u00e9<\/a><\/li><li class='ez-toc-page-1 ez-toc-heading-level-2'><a class=\"ez-toc-link ez-toc-heading-10\" href=\"https:\/\/frank-lovisolo.fr\/WordPress\/reminiscences-musique-experimentale\/#i-2\" >_______________<\/a><\/li><li class='ez-toc-page-1 ez-toc-heading-level-2'><a class=\"ez-toc-link ez-toc-heading-11\" href=\"https:\/\/frank-lovisolo.fr\/WordPress\/reminiscences-musique-experimentale\/#ii-dimension-philosophique-memoire-duree-et-verite\" >II. Dimension philosophique : m\u00e9moire, dur\u00e9e et v\u00e9rit\u00e9<\/a><ul class='ez-toc-list-level-3' ><li class='ez-toc-heading-level-3'><a class=\"ez-toc-link ez-toc-heading-12\" href=\"https:\/\/frank-lovisolo.fr\/WordPress\/reminiscences-musique-experimentale\/#platon-se-souvenir-comme-re-connaitre\" >Platon : se souvenir comme re-conna\u00eetre<\/a><\/li><li class='ez-toc-page-1 ez-toc-heading-level-3'><a class=\"ez-toc-link ez-toc-heading-13\" href=\"https:\/\/frank-lovisolo.fr\/WordPress\/reminiscences-musique-experimentale\/#bergson-le-temps-vecu-contre-le-temps-mesure\" >Bergson : le temps v\u00e9cu contre le temps mesur\u00e9<\/a><\/li><li class='ez-toc-page-1 ez-toc-heading-level-3'><a class=\"ez-toc-link ez-toc-heading-14\" href=\"https:\/\/frank-lovisolo.fr\/WordPress\/reminiscences-musique-experimentale\/#freud-ce-qui-resiste-a-loubli\" >Freud : ce qui r\u00e9siste \u00e0 l&rsquo;oubli<\/a><\/li><\/ul><\/li><li class='ez-toc-page-1 ez-toc-heading-level-2'><a class=\"ez-toc-link ez-toc-heading-15\" href=\"https:\/\/frank-lovisolo.fr\/WordPress\/reminiscences-musique-experimentale\/#i-3\" >_______________<\/a><\/li><li class='ez-toc-page-1 ez-toc-heading-level-2'><a class=\"ez-toc-link ez-toc-heading-16\" href=\"https:\/\/frank-lovisolo.fr\/WordPress\/reminiscences-musique-experimentale\/#iii-dimension-poetique-le-mot-comme-musique\" >III. Dimension po\u00e9tique : le mot comme musique<\/a><\/li><li class='ez-toc-page-1 ez-toc-heading-level-2'><a class=\"ez-toc-link ez-toc-heading-17\" href=\"https:\/\/frank-lovisolo.fr\/WordPress\/reminiscences-musique-experimentale\/#i-4\" >_______________<\/a><\/li><li class='ez-toc-page-1 ez-toc-heading-level-2'><a class=\"ez-toc-link ez-toc-heading-18\" href=\"https:\/\/frank-lovisolo.fr\/WordPress\/reminiscences-musique-experimentale\/#la-tension-fondamentale-du-titre\" >La tension fondamentale du titre<\/a><\/li><\/ul><\/li><\/ul><\/nav><\/div>\n","protected":false},"excerpt":{"rendered":"<p><span class=\"span-reading-time rt-reading-time\" style=\"display: block;\"><span class=\"rt-label rt-prefix\">Reading Time: <\/span> <span class=\"rt-time\"> 6<\/span> <span class=\"rt-label rt-postfix\">minutes<\/span><\/span>\u2026 <a class=\"continue-reading-link\" href=\"https:\/\/frank-lovisolo.fr\/WordPress\/reminiscences-musique-experimentale\/\">Suite &#8211; Continue reading<\/a><\/p>\n","protected":false},"author":1,"featured_media":38572,"parent":0,"menu_order":0,"comment_status":"open","ping_status":"open","template":"templates\/template-onecolumn.php","meta":{"footnotes":""},"categories":[3030,1],"tags":[566,4098,4099,4101,4100,4095,4091,4096,4094,4097],"class_list":["post-53575","page","type-page","status-publish","has-post-thumbnail","hentry","category-reminiscences","category-tous-les-articles","tag-art-contemporain-2","tag-art-experimental","tag-creation-sonore","tag-experience-sensorielle","tag-introspection","tag-memoire","tag-musique-experimentale","tag-perception","tag-reminiscence","tag-temps"],"_links":{"self":[{"href":"https:\/\/frank-lovisolo.fr\/WordPress\/wp-json\/wp\/v2\/pages\/53575","targetHints":{"allow":["GET"]}}],"collection":[{"href":"https:\/\/frank-lovisolo.fr\/WordPress\/wp-json\/wp\/v2\/pages"}],"about":[{"href":"https:\/\/frank-lovisolo.fr\/WordPress\/wp-json\/wp\/v2\/types\/page"}],"author":[{"embeddable":true,"href":"https:\/\/frank-lovisolo.fr\/WordPress\/wp-json\/wp\/v2\/users\/1"}],"replies":[{"embeddable":true,"href":"https:\/\/frank-lovisolo.fr\/WordPress\/wp-json\/wp\/v2\/comments?post=53575"}],"version-history":[{"count":8,"href":"https:\/\/frank-lovisolo.fr\/WordPress\/wp-json\/wp\/v2\/pages\/53575\/revisions"}],"predecessor-version":[{"id":53583,"href":"https:\/\/frank-lovisolo.fr\/WordPress\/wp-json\/wp\/v2\/pages\/53575\/revisions\/53583"}],"wp:featuredmedia":[{"embeddable":true,"href":"https:\/\/frank-lovisolo.fr\/WordPress\/wp-json\/wp\/v2\/media\/38572"}],"wp:attachment":[{"href":"https:\/\/frank-lovisolo.fr\/WordPress\/wp-json\/wp\/v2\/media?parent=53575"}],"wp:term":[{"taxonomy":"category","embeddable":true,"href":"https:\/\/frank-lovisolo.fr\/WordPress\/wp-json\/wp\/v2\/categories?post=53575"},{"taxonomy":"post_tag","embeddable":true,"href":"https:\/\/frank-lovisolo.fr\/WordPress\/wp-json\/wp\/v2\/tags?post=53575"}],"curies":[{"name":"wp","href":"https:\/\/api.w.org\/{rel}","templated":true}]}}