{"id":52749,"date":"2026-04-05T15:45:09","date_gmt":"2026-04-05T13:45:09","guid":{"rendered":"https:\/\/frank-lovisolo.fr\/WordPress\/?page_id=52749"},"modified":"2026-04-25T09:02:36","modified_gmt":"2026-04-25T07:02:36","slug":"sauvage-isidore-ducasse-lautreamont","status":"publish","type":"page","link":"https:\/\/frank-lovisolo.fr\/WordPress\/sauvage-isidore-ducasse-lautreamont\/","title":{"rendered":"Sauvage pour Isidore Ducasse alias Comte de Lautr\u00e9amont"},"content":{"rendered":"<span class=\"span-reading-time rt-reading-time\" style=\"display: block;\"><span class=\"rt-label rt-prefix\">Reading Time: <\/span> <span class=\"rt-time\"> 31<\/span> <span class=\"rt-label rt-postfix\">minutes<\/span><\/span><div><span style=\"color: #ffffff; font-size: 8px;\">Lautr\u00e9amont<\/span><\/div>\n<table style=\"width: 100%; border-collapse: collapse;\" cellpadding=\"10\">\n<tbody>\n<tr>\n<td style=\"width: 17%; background-color: #ffffff; vertical-align: middle;\"><span style=\"color: #ffffff; font-size: 15px;\"><span style=\"color: #ff0000;\"><span style=\"font-family: 'arial black', sans-serif;\">EASILY TRANSLATE <strong>\u21d2<\/strong><\/span><\/span><\/span><\/td>\n<td style=\"width: 63%; background-color: #ffffff; vertical-align: middle;\"><span style=\"color: #ffffff; font-size: 20px;\"><span style=\"background-color: #000000;\"><span style=\"font-size: 16px; font-family: georgia, palatino, serif;\"><div class=\"gtranslate_wrapper\" id=\"gt-wrapper-84359168\"><\/div><\/span><\/span><\/span><\/td>\n<\/tr>\n<\/tbody>\n<\/table>\n<table style=\"width: 100%; border-collapse: collapse; height: 60px;\">\n<tbody>\n<tr style=\"height: 30px;\">\n<td style=\"width: 75%; height: 60px; background-color: #ffffff; text-align: center; vertical-align: middle;\" colspan=\"4\">\n<p style=\"text-align: left; padding-left: 80px;\"><span style=\"color: #000000; font-size: 18px;\"><strong><em>Acc\u00e8s rapides aux rubriques<\/em><\/strong><\/span><\/p>\n<\/td>\n<td style=\"text-align: center; vertical-align: middle; width: 25%; height: 30px; background-color: #ffffff;\"><span style=\"color: #000000;\"><a style=\"color: #000000;\" href=\"#com\"><span style=\"font-size: 18px;\"><strong>Laisser un Commentaire<\/strong><\/span><\/a><\/span><\/td>\n<\/tr>\n<tr style=\"height: 30px;\">\n<td style=\"text-align: center; vertical-align: middle; background-color: #000000; height: 30px; width: 20%;\"><span style=\"color: #99ffff;\"><strong><span style=\"font-size: 20px;\"><em><a id=\"RT01\" style=\"color: #99ffff;\"><\/a><a style=\"color: #99ffff;\" href=\"#ISI01\">Isidore Ducasse<\/a><\/em><\/span><\/strong><\/span><\/td>\n<td style=\"text-align: center; vertical-align: middle; background-color: #000000; height: 30px; width: 20%;\"><span style=\"color: #99ffff;\"><a style=\"color: #99ffff;\" href=\"#LC01\"><strong><span style=\"font-size: 20px;\"><em>Les Chants de Maldoror<\/em><\/span><\/strong><\/a><\/span><\/td>\n<td style=\"background-color: #ff0000; width: 20%; text-align: center; vertical-align: middle;\"><a href=\"#ATXT01\"><span style=\"color: #99ffff;\"><strong><span style=\"font-size: 20px;\"><span style=\"color: #ffff00;\">Articles-Extraits<\/span><\/span><\/strong><\/span><\/a><\/td>\n<td style=\"text-align: center; vertical-align: middle; background-color: #000000; height: 30px; width: 20%;\"><span style=\"color: #99ffff;\"><a style=\"color: #99ffff;\" href=\"#CM13\"><strong><span style=\"font-size: 20px;\">La musique<\/span><\/strong><\/a><\/span><\/td>\n<td style=\"text-align: center; vertical-align: middle; background-color: #000000; height: 30px; width: 20%;\"><a href=\"#AA01\"><span style=\"color: #99ffff;\"><strong><span style=\"font-size: 20px;\">Actrices &#8211; Acteurs<\/span><\/strong><\/span><\/a><\/td>\n<\/tr>\n<\/tbody>\n<\/table>\n<div><\/div>\n<div>\n<div><\/div>\n<table style=\"border-collapse: collapse; width: 100%;\">\n<tbody>\n<tr>\n<td style=\"width: 100%;\">\n<h1 style=\"text-align: center;\"><span class=\"ez-toc-section\" id=\"treize-episodes-musiques-des-six-chants-de-maldoror\"><\/span><span style=\"font-size: 24px;\"><strong><em><span style=\"font-size: 26px;\">Treize \u00c9pisodes musiqu\u00e9s des Six Chants de Maldoror<\/span><\/em><\/strong><\/span><span class=\"ez-toc-section-end\"><\/span><\/h1>\n<h1 style=\"text-align: center;\"><span class=\"ez-toc-section\" id=\"la-musique-pour-entendre-lindicible\"><\/span><a href=\"#IN01\"><span style=\"font-size: 48px;\"><em>La musique pour entendre l\u2019indicible<\/em><\/span><\/a><span class=\"ez-toc-section-end\"><\/span><\/h1>\n<\/td>\n<\/tr>\n<\/tbody>\n<\/table>\n<h1 style=\"text-align: center;\"><a href=\"https:\/\/frankcesarlovisolo.bandcamp.com\/album\/sauvage-pour-isidore-ducasse-comte-de-lautreamont\" target=\"_blank\" rel=\"noopener\"><img loading=\"lazy\" decoding=\"async\" class=\"aligncenter wp-image-51221 size-full\" src=\"https:\/\/frank-lovisolo.fr\/WordPress\/wp-content\/uploads\/2025\/11\/bandcamp-logotype-color-400-FrankV2.png\" alt=\"- - -\" width=\"400\" height=\"33\" title=\"-\" srcset=\"https:\/\/frank-lovisolo.fr\/WordPress\/wp-content\/uploads\/2025\/11\/bandcamp-logotype-color-400-FrankV2.png 400w, https:\/\/frank-lovisolo.fr\/WordPress\/wp-content\/uploads\/2025\/11\/bandcamp-logotype-color-400-FrankV2-250x21.png 250w, https:\/\/frank-lovisolo.fr\/WordPress\/wp-content\/uploads\/2025\/11\/bandcamp-logotype-color-400-FrankV2-150x12.png 150w\" sizes=\"auto, (max-width: 400px) 100vw, 400px\" \/><\/a><\/h1>\n<table style=\"width: 100%; border-collapse: collapse; height: 1340px;\" cellpadding=\"10\">\n<tbody>\n<tr style=\"height: 1340px;\">\n<td style=\"width: 100%; height: 1340px; text-align: justify;\">\n<h1 style=\"text-align: center;\"><img loading=\"lazy\" decoding=\"async\" class=\"alignright wp-image-51908\" src=\"https:\/\/frank-lovisolo.fr\/WordPress\/wp-content\/uploads\/2026\/02\/Lautreamont-Lovisolo-Sauvage-1024x701.jpg\" alt=\"Maldoror\" width=\"800\" height=\"548\" title=\"-\" srcset=\"https:\/\/frank-lovisolo.fr\/WordPress\/wp-content\/uploads\/2026\/02\/Lautreamont-Lovisolo-Sauvage-1024x701.jpg 1024w, https:\/\/frank-lovisolo.fr\/WordPress\/wp-content\/uploads\/2026\/02\/Lautreamont-Lovisolo-Sauvage-460x315.jpg 460w, https:\/\/frank-lovisolo.fr\/WordPress\/wp-content\/uploads\/2026\/02\/Lautreamont-Lovisolo-Sauvage-768x526.jpg 768w, https:\/\/frank-lovisolo.fr\/WordPress\/wp-content\/uploads\/2026\/02\/Lautreamont-Lovisolo-Sauvage-219x150.jpg 219w, https:\/\/frank-lovisolo.fr\/WordPress\/wp-content\/uploads\/2026\/02\/Lautreamont-Lovisolo-Sauvage-150x103.jpg 150w, https:\/\/frank-lovisolo.fr\/WordPress\/wp-content\/uploads\/2026\/02\/Lautreamont-Lovisolo-Sauvage.jpg 1440w\" sizes=\"auto, (max-width: 800px) 100vw, 800px\" \/><\/h1>\n<p><span style=\"font-size: 22px;\"><span style=\"font-size: 32px;\">\u00c0<\/span> l\u2019\u00e8re d\u2019une esth\u00e9tique satur\u00e9e par la technicit\u00e9 et l\u2019asepsie des formes, mon travail de composition pour Les Chants de Maldoror s\u2019inscrit en faux contre la r\u00e9duction de l\u2019art \u00e0 une performance spectaculaire.<\/span><\/p>\n<p><span style=\"font-size: 22px;\">Il s\u2019agit moins d\u2019un retour au primitivisme, entendu comme un retour nostalgique vers un mythe originel, que d\u2019une plong\u00e9e dans les strates de l\u2019humain o\u00f9 persiste, tenace, ce qui \u00e9chappe encore \u00e0 la domestication culturelle.<\/span><\/p>\n<p><span style=\"font-size: 22px;\">Lautr\u00e9amont, dont l\u2019\u0153uvre pr\u00e9figure les explorations surr\u00e9alistes avant m\u00eame leur th\u00e9orisation, nous y engage : non pas pour dominer ces forces obscures, mais pour s\u2019y abandonner, afin que l\u2019inconscient, le sauvage et l\u2019incoercible traversent la cr\u00e9ation sans entraves.<br \/>\n<\/span><span style=\"font-size: 22px;\">Loin de toute virtuosit\u00e9 ostentatoire, car, comme je l\u2019affirme avec conviction, la ma\u00eetrise technique, quand elle se suffit \u00e0 elle-m\u00eame, dispense souvent de toute n\u00e9cessit\u00e9 expressive, ma d\u00e9marche consiste \u00e0 \u00e9laborer une partition qui \u00e9pouse le texte, en exhumant sa violence po\u00e9tique et sa lumineuse noirceur, sans jamais \u00e9touffer les voix des interpr\u00e8tes.<\/span><\/p>\n<p><span style=\"font-size: 22px;\">Ces derniers, actrices et acteurs, deviennent les m\u00e9diateurs essentiels d\u2019une musique con\u00e7ue pour lib\u00e9rer, \u00e0 l\u2019instar du projet surr\u00e9aliste, les \u00e9nergies refoul\u00e9es par le carcan de la raison et des conventions.<\/span><\/p>\n<div id=\"attachment_52782\" style=\"width: 810px\" class=\"wp-caption alignleft\"><img loading=\"lazy\" decoding=\"async\" aria-describedby=\"caption-attachment-52782\" class=\"wp-image-52782\" src=\"https:\/\/frank-lovisolo.fr\/WordPress\/wp-content\/uploads\/2026\/04\/Chambre-de-Lautreamont.jpg\" alt=\"Lautr\u00e9amont\" width=\"800\" height=\"623\" title=\"-\" srcset=\"https:\/\/frank-lovisolo.fr\/WordPress\/wp-content\/uploads\/2026\/04\/Chambre-de-Lautreamont.jpg 1024w, https:\/\/frank-lovisolo.fr\/WordPress\/wp-content\/uploads\/2026\/04\/Chambre-de-Lautreamont-460x358.jpg 460w, https:\/\/frank-lovisolo.fr\/WordPress\/wp-content\/uploads\/2026\/04\/Chambre-de-Lautreamont-768x598.jpg 768w, https:\/\/frank-lovisolo.fr\/WordPress\/wp-content\/uploads\/2026\/04\/Chambre-de-Lautreamont-193x150.jpg 193w, https:\/\/frank-lovisolo.fr\/WordPress\/wp-content\/uploads\/2026\/04\/Chambre-de-Lautreamont-150x117.jpg 150w\" sizes=\"auto, (max-width: 800px) 100vw, 800px\" \/><p id=\"caption-attachment-52782\" class=\"wp-caption-text\"><span style=\"font-size: 12px;\">Logement d&rsquo;Isidore Ducasse 7 rue du Faubourg-Montmartre &#8211; Paris &#8211; (Prompt : FCL)<\/span><\/p><\/div>\n<p><span style=\"font-size: 22px;\">Les Chants de Maldoror ne sauraient se r\u00e9duire \u00e0 un artifice formel.<br \/>\nIls d\u00e9ploient une po\u00e9tique de l\u2019exc\u00e8s : cris d\u00e9chirants, \u00e9clats de rire sardoniques, silences o\u00f9 le non-dit se charge d\u2019une densit\u00e9 presque tangible, une mati\u00e8re premi\u00e8re, \u00e0 la fois archa\u00efque et r\u00e9volutionnaire, o\u00f9 le splendide entrelace le monstrueux.<\/span><\/p>\n<p><span style=\"font-size: 22px;\">En les musiquant, j\u2019ai syst\u00e9matiquement \u00e9cart\u00e9 l\u2019ornement gratuit et la d\u00e9monstration technique vaine.<\/span><\/p>\n<p style=\"text-align: justify;\"><span style=\"font-size: 22px;\">La musique, ici, ne se contente pas d\u2019accompagner : elle creuse l\u2019espace sc\u00e9nique, exacerbe l\u2019urgence des mots, et donne \u00e0 entendre l\u2019indicible. Elle ne cherche pas \u00e0 dominer, mais \u00e0 r\u00e9v\u00e9ler, en intensifiant les voix des interpr\u00e8tes, qui deviennent le support m\u00eame de cette insurrection esth\u00e9tique.<\/span><\/p>\n<p><span style=\"font-size: 22px;\">Avec mes complices, nous avons \u00e9difi\u00e9 une exp\u00e9rience o\u00f9 l\u2019ombre, loin d\u2019incarner le n\u00e9ant, se mue en une mati\u00e8re mall\u00e9able.<\/span><\/p>\n<p><span style=\"font-size: 22px;\">\u00c0 l\u2019image des primitivistes, qui voyaient dans l\u2019art des origines une source de v\u00e9rit\u00e9 brute, ou des surr\u00e9alistes, qui en appelaient \u00e0 la lib\u00e9ration des pulsions instinctives, cette mati\u00e8re se m\u00e9tamorphose en \u00e9nergie cr\u00e9atrice, en geste de r\u00e9sistance, en affirmation de libert\u00e9.<\/span><\/p>\n<p><span style=\"font-size: 22px;\">Car Maldoror, aujourd\u2019hui, n\u2019est pas une \u0153uvre \u00e0 contempler \u00e0 distance : c\u2019est un espace sonore et dramatique \u00e0 investir, un manifeste qui nous rappelle que l\u2019art, dans son authenticit\u00e9 la plus crue, ne saurait se borner \u00e0 s\u00e9duire.<\/span><\/p>\n<p style=\"text-align: justify;\"><span style=\"font-size: 22px;\">La r\u00e9alisation artistique a le devoir de troubler, d\u2019\u00e9veiller les consciences, et de nous pr\u00e9c\u00e9der dans ces profondeurs o\u00f9 tout reste \u00e0 explorer, l\u00e0 o\u00f9 la logique rationnelle, enfin d\u00e9poss\u00e9d\u00e9e de son h\u00e9g\u00e9monie, laisse place \u00e0 l\u2019\u00e9mergence de l\u2019inou\u00ef.<\/span><\/p>\n<p><img loading=\"lazy\" decoding=\"async\" class=\"aligncenter wp-image-52977\" src=\"https:\/\/frank-lovisolo.fr\/WordPress\/wp-content\/uploads\/2026\/04\/separateur-par-2026-LR.png\" alt=\"- - -\" width=\"494\" height=\"22\" title=\"-\" srcset=\"https:\/\/frank-lovisolo.fr\/WordPress\/wp-content\/uploads\/2026\/04\/separateur-par-2026-LR.png 988w, https:\/\/frank-lovisolo.fr\/WordPress\/wp-content\/uploads\/2026\/04\/separateur-par-2026-LR-460x20.png 460w, https:\/\/frank-lovisolo.fr\/WordPress\/wp-content\/uploads\/2026\/04\/separateur-par-2026-LR-768x34.png 768w, https:\/\/frank-lovisolo.fr\/WordPress\/wp-content\/uploads\/2026\/04\/separateur-par-2026-LR-250x11.png 250w, https:\/\/frank-lovisolo.fr\/WordPress\/wp-content\/uploads\/2026\/04\/separateur-par-2026-LR-150x7.png 150w\" sizes=\"auto, (max-width: 494px) 100vw, 494px\" \/><\/td>\n<\/tr>\n<\/tbody>\n<\/table>\n<div style=\"text-align: center;\"><span style=\"color: #ffffff;\">Lautr\u00e9amont<\/span><\/div>\n<div>\n<table style=\"border-collapse: collapse; width: 100%;\">\n<tbody>\n<tr>\n<td style=\"width: 100%;\">\n<div style=\"text-align: center;\"><span style=\"font-size: 28px;\">Frank C\u00e9sar Lovisolo (Compositeur),<br \/>\nDidier Bourguignon, Jacques Maury, Christine Pasquier,<br \/>\nHugues Louagie, Val\u00e9rie Feasson , Noelly Thiebaut (Actrices et acteurs),<br \/>\n<\/span><\/div>\n<div style=\"text-align: center;\"><span style=\"font-size: 28px;\">s&rsquo;en vont arpenter Treize \u00c9pisodes des Six Chants de Maldoror, et,<br \/>\npeut-\u00eatre, n&rsquo;en point revenir&#8230;<\/span><\/div>\n<div><span style=\"color: #ffffff;\">&#8211;<\/span><\/div>\n<div><\/div>\n<div><\/div>\n<\/td>\n<\/tr>\n<\/tbody>\n<\/table>\n<table style=\"width: 100%; border-collapse: collapse; height: 60px;\">\n<tbody>\n<tr style=\"height: 30px;\">\n<td style=\"width: 50%; height: 30px; text-align: center; vertical-align: middle; background-color: #ffffff;\" colspan=\"3\">\n<div style=\"text-align: left; padding-left: 80px;\"><span style=\"color: #320000; font-size: 15px;\"><strong><em>Acc\u00e8s rapides aux rubriques<\/em><\/strong><\/span><\/div>\n<\/td>\n<td style=\"text-align: center; vertical-align: middle; width: 25%; height: 30px; background-color: #ffffff;\"><span style=\"font-size: 15px;\"><span style=\"color: #99ffff;\"><strong>\u00a0<\/strong><\/span><\/span><\/td>\n<\/tr>\n<tr style=\"height: 30px;\">\n<td style=\"text-align: center; width: 25%; vertical-align: middle; background-color: #000000; height: 30px;\"><span style=\"color: #99ffff;\"><strong><span style=\"font-size: 20px;\"><em><a id=\"RT01\" style=\"color: #99ffff;\"><\/a><a style=\"color: #99ffff;\" href=\"#ISI01\">Isidore Ducasse<\/a><\/em><\/span><\/strong><\/span><\/td>\n<td style=\"text-align: center; width: 25%; vertical-align: middle; background-color: #000000; height: 30px;\"><span style=\"color: #99ffff;\"><a style=\"color: #99ffff;\" href=\"#LC01\"><strong><span style=\"font-size: 20px;\"><em>Les Chants de Maldoror<\/em><\/span><\/strong><\/a><\/span><\/td>\n<td style=\"text-align: center; width: 25%; vertical-align: middle; background-color: #000000; height: 30px;\"><span style=\"color: #99ffff;\"><a style=\"color: #99ffff;\" href=\"#CM13\"><strong><span style=\"font-size: 20px;\">La musique<\/span><\/strong><\/a><\/span><\/td>\n<td style=\"text-align: center; width: 25%; vertical-align: middle; background-color: #000000; height: 30px;\"><a href=\"#AA01\"><span style=\"color: #99ffff;\"><strong><span style=\"font-size: 20px;\">Actrices &#8211; Acteurs<\/span><\/strong><\/span><\/a><\/td>\n<\/tr>\n<\/tbody>\n<\/table>\n<p><span style=\"color: #ffffff;\">&#8211;<\/span><\/p>\n<h1><img loading=\"lazy\" decoding=\"async\" class=\"aligncenter wp-image-52701 size-large\" src=\"https:\/\/frank-lovisolo.fr\/WordPress\/wp-content\/uploads\/2026\/07\/Bande-Image-01-1024x47.jpg\" alt=\"- - -\" width=\"1024\" height=\"47\" title=\"-\" srcset=\"https:\/\/frank-lovisolo.fr\/WordPress\/wp-content\/uploads\/2026\/07\/Bande-Image-01-1024x47.jpg 1024w, https:\/\/frank-lovisolo.fr\/WordPress\/wp-content\/uploads\/2026\/07\/Bande-Image-01-460x21.jpg 460w, https:\/\/frank-lovisolo.fr\/WordPress\/wp-content\/uploads\/2026\/07\/Bande-Image-01-768x35.jpg 768w, https:\/\/frank-lovisolo.fr\/WordPress\/wp-content\/uploads\/2026\/07\/Bande-Image-01-1536x70.jpg 1536w, https:\/\/frank-lovisolo.fr\/WordPress\/wp-content\/uploads\/2026\/07\/Bande-Image-01-2048x94.jpg 2048w, https:\/\/frank-lovisolo.fr\/WordPress\/wp-content\/uploads\/2026\/07\/Bande-Image-01-250x11.jpg 250w, https:\/\/frank-lovisolo.fr\/WordPress\/wp-content\/uploads\/2026\/07\/Bande-Image-01-150x7.jpg 150w\" sizes=\"auto, (max-width: 1024px) 100vw, 1024px\" \/><\/h1>\n<p><span style=\"color: #ffffff;\">&#8211;<\/span><\/p>\n<h2 style=\"text-align: center;\"><span class=\"ez-toc-section\" id=\"articles-extraits-%e2%87%91%e2%87%91%e2%87%91%e2%80%93\"><\/span><span style=\"font-size: 28px;\"><span style=\"text-decoration: underline;\"><strong><span style=\"font-size: 30px;\">Articles &amp; Extraits<\/span><\/strong><\/span>\u00a0 <\/span><span style=\"font-size: 24px;\"><span style=\"font-size: 20px;\"><span style=\"background-color: #190032; color: #99ffff;\">\u00a0<\/span><span style=\"background-color: #190032; color: #99ffff;\"><a style=\"background-color: #190032; color: #99ffff;\" href=\"#RT01\"><span style=\"background-color: #190032;\">\u21d1<\/span><\/a><\/span><\/span><\/span><span style=\"font-size: 20px;\"><span style=\"background-color: #190032; color: #99ffff;\"><a style=\"background-color: #190032; color: #99ffff;\" href=\"#RT01\"><span style=\"background-color: #190032;\">\u21d1<\/span><\/a><\/span><span style=\"background-color: #190032; color: #99ffff;\"><a style=\"background-color: #190032; color: #99ffff;\" href=\"#RT01\"><span style=\"background-color: #190032;\">\u21d1<\/span><\/a><\/span><span style=\"color: #99ffff;\"><span style=\"color: #ffffff;\">&#8211;<\/span><\/span><\/span><a id=\"ATXT01\"><\/a><span class=\"ez-toc-section-end\"><\/span><\/h2>\n<h2 style=\"text-align: center;\"><\/h2>\n<p><span style=\"color: #ffffff;\">&#8211;<\/span><\/p>\n<\/div>\n<\/div>\n<div>\n<table style=\"width: 100%; border-collapse: collapse;\">\n<tbody>\n<tr>\n<td style=\"width: 12.5%;\"><\/td>\n<td style=\"width: 12.5%;\" colspan=\"3\">\n<h4 style=\"text-align: center;\"><span class=\"ez-toc-section\" id=\"chant-i-%e2%80%93-didier-bourguignon\"><\/span><strong><span style=\"font-size: 22px;\">Chant I &#8211; Didier Bourguignon<\/span><\/strong><span class=\"ez-toc-section-end\"><\/span><\/h4>\n<\/td>\n<\/tr>\n<tr>\n<td style=\"width: 12.5%; text-align: center;\"><\/td>\n<td style=\"width: 12.5%; text-align: center;\"><span style=\"font-size: 20px;\"><strong><a href=\"https:\/\/frank-lovisolo.fr\/WordPress\/plut-au-ciel-maldoror\/\" target=\"_blank\" rel=\"noopener\">Pl\u00fbt au ciel<\/a><\/strong><\/span><\/td>\n<td style=\"width: 25%; text-align: center;\"><span style=\"font-size: 20px;\"><strong><a href=\"https:\/\/frank-lovisolo.fr\/WordPress\/jai-vu-pendant-toute-ma-vie-maldoror\/\" target=\"_blank\" rel=\"noopener\">J&rsquo;ai vu pendant toute ma vie<\/a> <\/strong><\/span><\/td>\n<td style=\"width: 25%; text-align: center;\"><span style=\"font-size: 20px;\"><strong> <a href=\"https:\/\/frank-lovisolo.fr\/WordPress\/vieil-ocean-maldoror\/\" target=\"_blank\" rel=\"noopener\">Vieil Oc\u00e9an<\/a><\/strong><\/span><\/td>\n<\/tr>\n<tr>\n<td style=\"width: 25%; background-color: #000000; text-align: center; vertical-align: middle;\">\n<div style=\"text-align: center;\"><span style=\"font-size: 6px;\"><span style=\"font-size: 18px;\"><span style=\"background-color: #000000; color: #ffffff;\"><strong><span style=\"font-size: 15px;\"><img loading=\"lazy\" decoding=\"async\" class=\"wp-image-52017 alignnone\" src=\"https:\/\/frank-lovisolo.fr\/WordPress\/wp-content\/uploads\/2026\/02\/Sauvage-Titre-WP-460x157.png\" alt=\"Maldoror\" width=\"260\" height=\"89\" title=\"-\" srcset=\"https:\/\/frank-lovisolo.fr\/WordPress\/wp-content\/uploads\/2026\/02\/Sauvage-Titre-WP-460x157.png 460w, https:\/\/frank-lovisolo.fr\/WordPress\/wp-content\/uploads\/2026\/02\/Sauvage-Titre-WP-1024x350.png 1024w, https:\/\/frank-lovisolo.fr\/WordPress\/wp-content\/uploads\/2026\/02\/Sauvage-Titre-WP-768x262.png 768w, https:\/\/frank-lovisolo.fr\/WordPress\/wp-content\/uploads\/2026\/02\/Sauvage-Titre-WP-250x85.png 250w, https:\/\/frank-lovisolo.fr\/WordPress\/wp-content\/uploads\/2026\/02\/Sauvage-Titre-WP-150x51.png 150w, https:\/\/frank-lovisolo.fr\/WordPress\/wp-content\/uploads\/2026\/02\/Sauvage-Titre-WP.png 1440w\" sizes=\"auto, (max-width: 260px) 100vw, 260px\" \/><\/span><\/strong><\/span><\/span><\/span><\/div>\n<\/td>\n<td style=\"width: 25%; background-color: #000000;\">\n<div style=\"text-align: center;\"><span style=\"font-size: 6px;\"><span style=\"font-size: 18px;\"><span style=\"background-color: #000000; color: #ffffff;\"><strong><span style=\"font-size: 15px;\">Int\u00e9gral : 00:05:00<\/span><\/strong><br \/>\n<a href=\"https:\/\/frankcesarlovisolo.bandcamp.com\/track\/plut-au-ciel\" target=\"_blank\" rel=\"noopener\"><img loading=\"lazy\" decoding=\"async\" class=\"aligncenter wp-image-51222\" src=\"https:\/\/frank-lovisolo.fr\/WordPress\/wp-content\/uploads\/2025\/11\/bandcamp-logotype-color-512-FrankV2-460x38.png\" alt=\"- - -\" width=\"320\" height=\"26\" title=\"-\" srcset=\"https:\/\/frank-lovisolo.fr\/WordPress\/wp-content\/uploads\/2025\/11\/bandcamp-logotype-color-512-FrankV2-460x38.png 460w, https:\/\/frank-lovisolo.fr\/WordPress\/wp-content\/uploads\/2025\/11\/bandcamp-logotype-color-512-FrankV2-250x21.png 250w, https:\/\/frank-lovisolo.fr\/WordPress\/wp-content\/uploads\/2025\/11\/bandcamp-logotype-color-512-FrankV2-150x12.png 150w, https:\/\/frank-lovisolo.fr\/WordPress\/wp-content\/uploads\/2025\/11\/bandcamp-logotype-color-512-FrankV2.png 512w\" sizes=\"auto, (max-width: 320px) 100vw, 320px\" \/><\/a><\/span><\/span><\/span><\/div>\n<div style=\"text-align: center;\">\n<p><span style=\"color: #ffffff; font-size: 15px;\"><span style=\"color: #ffffff;\"><strong>Extrait<\/strong><\/span><\/span><\/p>\n<audio class=\"wp-audio-shortcode\" id=\"audio-52749-1\" preload=\"none\" style=\"width: 100%;\" controls=\"controls\"><source type=\"audio\/mpeg\" src=\"https:\/\/frank-lovisolo.fr\/WordPress\/wp-content\/uploads\/2026\/03\/01-Plut-au-Ciel.mp3?_=1\" \/><a href=\"https:\/\/frank-lovisolo.fr\/WordPress\/wp-content\/uploads\/2026\/03\/01-Plut-au-Ciel.mp3\">https:\/\/frank-lovisolo.fr\/WordPress\/wp-content\/uploads\/2026\/03\/01-Plut-au-Ciel.mp3<\/a><\/audio>\n<\/div>\n<\/td>\n<td style=\"width: 25%; background-color: #000000;\">\n<div style=\"text-align: center;\"><span style=\"font-size: 6px;\"><span style=\"font-size: 18px;\"><span style=\"background-color: #000000; color: #ffffff;\"><strong><span style=\"font-size: 15px;\">Int\u00e9gral : 00:05:30<\/span><\/strong><br \/>\n<a href=\"https:\/\/frankcesarlovisolo.bandcamp.com\/track\/jai-vu-pendant-toute-ma-vie\" target=\"_blank\" rel=\"noopener\"><img loading=\"lazy\" decoding=\"async\" class=\"aligncenter wp-image-51222\" src=\"https:\/\/frank-lovisolo.fr\/WordPress\/wp-content\/uploads\/2025\/11\/bandcamp-logotype-color-512-FrankV2-460x38.png\" alt=\"- - -\" width=\"320\" height=\"26\" title=\"-\" srcset=\"https:\/\/frank-lovisolo.fr\/WordPress\/wp-content\/uploads\/2025\/11\/bandcamp-logotype-color-512-FrankV2-460x38.png 460w, https:\/\/frank-lovisolo.fr\/WordPress\/wp-content\/uploads\/2025\/11\/bandcamp-logotype-color-512-FrankV2-250x21.png 250w, https:\/\/frank-lovisolo.fr\/WordPress\/wp-content\/uploads\/2025\/11\/bandcamp-logotype-color-512-FrankV2-150x12.png 150w, https:\/\/frank-lovisolo.fr\/WordPress\/wp-content\/uploads\/2025\/11\/bandcamp-logotype-color-512-FrankV2.png 512w\" sizes=\"auto, (max-width: 320px) 100vw, 320px\" \/><\/a><\/span><\/span><\/span><\/div>\n<div style=\"text-align: center;\">\n<p><span style=\"color: #ffffff; font-size: 15px;\"><span style=\"color: #ffffff;\"><strong>Extrait<\/strong><\/span><\/span><\/p>\n<audio class=\"wp-audio-shortcode\" id=\"audio-52749-2\" preload=\"none\" style=\"width: 100%;\" controls=\"controls\"><source type=\"audio\/mpeg\" src=\"https:\/\/frank-lovisolo.fr\/WordPress\/wp-content\/uploads\/2026\/03\/02-Jai-vu-pendant-toute-ma-vie.mp3?_=2\" \/><a href=\"https:\/\/frank-lovisolo.fr\/WordPress\/wp-content\/uploads\/2026\/03\/02-Jai-vu-pendant-toute-ma-vie.mp3\">https:\/\/frank-lovisolo.fr\/WordPress\/wp-content\/uploads\/2026\/03\/02-Jai-vu-pendant-toute-ma-vie.mp3<\/a><\/audio>\n<\/div>\n<\/td>\n<td style=\"width: 25%; background-color: #000000;\">\n<div style=\"text-align: center;\"><span style=\"font-size: 6px;\"><span style=\"font-size: 18px;\"><span style=\"background-color: #000000; color: #ffffff;\"><strong><span style=\"font-size: 15px;\">Int\u00e9gral : 00:06:48<\/span><\/strong><br \/>\n<a href=\"https:\/\/frankcesarlovisolo.bandcamp.com\/track\/vieil-oc-an\" target=\"_blank\" rel=\"noopener\"><img loading=\"lazy\" decoding=\"async\" class=\"aligncenter wp-image-51222\" src=\"https:\/\/frank-lovisolo.fr\/WordPress\/wp-content\/uploads\/2025\/11\/bandcamp-logotype-color-512-FrankV2-460x38.png\" alt=\"- - -\" width=\"320\" height=\"26\" title=\"-\" srcset=\"https:\/\/frank-lovisolo.fr\/WordPress\/wp-content\/uploads\/2025\/11\/bandcamp-logotype-color-512-FrankV2-460x38.png 460w, https:\/\/frank-lovisolo.fr\/WordPress\/wp-content\/uploads\/2025\/11\/bandcamp-logotype-color-512-FrankV2-250x21.png 250w, https:\/\/frank-lovisolo.fr\/WordPress\/wp-content\/uploads\/2025\/11\/bandcamp-logotype-color-512-FrankV2-150x12.png 150w, https:\/\/frank-lovisolo.fr\/WordPress\/wp-content\/uploads\/2025\/11\/bandcamp-logotype-color-512-FrankV2.png 512w\" sizes=\"auto, (max-width: 320px) 100vw, 320px\" \/><\/a><\/span><\/span><\/span><\/div>\n<div style=\"text-align: center;\">\n<p><span style=\"color: #ffffff; font-size: 15px;\"><span style=\"color: #ffffff;\"><strong>Extrait<\/strong><\/span><\/span><\/p>\n<audio class=\"wp-audio-shortcode\" id=\"audio-52749-3\" preload=\"none\" style=\"width: 100%;\" controls=\"controls\"><source type=\"audio\/mpeg\" src=\"https:\/\/frank-lovisolo.fr\/WordPress\/wp-content\/uploads\/2026\/03\/03-Vieil-Ocean.mp3?_=3\" \/><a href=\"https:\/\/frank-lovisolo.fr\/WordPress\/wp-content\/uploads\/2026\/03\/03-Vieil-Ocean.mp3\">https:\/\/frank-lovisolo.fr\/WordPress\/wp-content\/uploads\/2026\/03\/03-Vieil-Ocean.mp3<\/a><\/audio>\n<\/div>\n<\/td>\n<\/tr>\n<\/tbody>\n<\/table>\n<p>&nbsp;<\/p>\n<table style=\"border-collapse: collapse; width: 100%;\">\n<tbody>\n<tr>\n<td style=\"width: 25%;\" colspan=\"2\">\n<h5 style=\"text-align: center;\"><span class=\"ez-toc-section\" id=\"chant-ii-%e2%80%93-jacques-maury\"><\/span><strong><span style=\"font-size: 22px;\">Chant II &#8211; Jacques Maury<\/span><\/strong><span class=\"ez-toc-section-end\"><\/span><\/h5>\n<\/td>\n<td style=\"width: 25%;\" colspan=\"2\">\n<h5 style=\"text-align: center;\"><span class=\"ez-toc-section\" id=\"chant-iii-%e2%80%93-christine-pasquier\"><\/span><strong><span style=\"font-size: 22px;\">Chant III &#8211; Christine Pasquier<\/span><\/strong><span class=\"ez-toc-section-end\"><\/span><\/h5>\n<\/td>\n<\/tr>\n<tr>\n<td style=\"width: 25%; text-align: center;\"><span style=\"font-size: 20px;\"><strong><a href=\"https:\/\/frank-lovisolo.fr\/WordPress\/je-saisis-plume-comte-de-lautreamont\/\" target=\"_blank\" rel=\"noopener\">Je saisis la plume qui&#8230;<\/a> <\/strong><\/span><\/td>\n<td style=\"width: 25%; text-align: center;\"><span style=\"font-size: 20px;\"><strong><a href=\"https:\/\/frank-lovisolo.fr\/WordPress\/promenade-quotidienne-maldoror\/\" target=\"_blank\" rel=\"noopener\">Promenade quotidienne<\/a><\/strong><\/span><\/td>\n<td style=\"width: 25%; text-align: center;\"><span style=\"font-size: 20px;\"><strong><a href=\"https:\/\/frank-lovisolo.fr\/WordPress\/rappelons-maldoror-lautreamont\/\" target=\"_blank\" rel=\"noopener\">Rappelons les noms<\/a><\/strong><\/span><\/td>\n<td style=\"width: 25%; text-align: center;\"><span style=\"font-size: 20px;\"><strong><a href=\"https:\/\/frank-lovisolo.fr\/WordPress\/journee-printemps-maldoror-lautreamont\/\" target=\"_blank\" rel=\"noopener\">C&rsquo;\u00e9tait une journ\u00e9e de printemps<\/a><\/strong><\/span><\/td>\n<\/tr>\n<tr>\n<td style=\"width: 25%; background-color: #000000;\">\n<div style=\"text-align: center;\"><span style=\"font-size: 6px;\"><span style=\"font-size: 18px;\"><span style=\"background-color: #000000; color: #ffffff;\"><strong><span style=\"font-size: 15px;\">Int\u00e9gral : 00:07:17<\/span><\/strong><br \/>\n<a href=\"https:\/\/frankcesarlovisolo.bandcamp.com\/track\/je-saisis-la-plume\" target=\"_blank\" rel=\"noopener\"><img loading=\"lazy\" decoding=\"async\" class=\"aligncenter wp-image-51222\" src=\"https:\/\/frank-lovisolo.fr\/WordPress\/wp-content\/uploads\/2025\/11\/bandcamp-logotype-color-512-FrankV2-460x38.png\" alt=\"- - -\" width=\"320\" height=\"26\" title=\"-\" srcset=\"https:\/\/frank-lovisolo.fr\/WordPress\/wp-content\/uploads\/2025\/11\/bandcamp-logotype-color-512-FrankV2-460x38.png 460w, https:\/\/frank-lovisolo.fr\/WordPress\/wp-content\/uploads\/2025\/11\/bandcamp-logotype-color-512-FrankV2-250x21.png 250w, https:\/\/frank-lovisolo.fr\/WordPress\/wp-content\/uploads\/2025\/11\/bandcamp-logotype-color-512-FrankV2-150x12.png 150w, https:\/\/frank-lovisolo.fr\/WordPress\/wp-content\/uploads\/2025\/11\/bandcamp-logotype-color-512-FrankV2.png 512w\" sizes=\"auto, (max-width: 320px) 100vw, 320px\" \/><\/a><\/span><\/span><\/span><\/div>\n<div style=\"text-align: center;\">\n<p><span style=\"color: #ffffff; font-size: 15px;\"><span style=\"color: #ffffff;\"><strong>Extrait<\/strong><\/span><\/span><\/p>\n<audio class=\"wp-audio-shortcode\" id=\"audio-52749-4\" preload=\"none\" style=\"width: 100%;\" controls=\"controls\"><source type=\"audio\/mpeg\" src=\"https:\/\/frank-lovisolo.fr\/WordPress\/wp-content\/uploads\/2026\/03\/04-Je-saisi-la-plume.mp3?_=4\" \/><a href=\"https:\/\/frank-lovisolo.fr\/WordPress\/wp-content\/uploads\/2026\/03\/04-Je-saisi-la-plume.mp3\">https:\/\/frank-lovisolo.fr\/WordPress\/wp-content\/uploads\/2026\/03\/04-Je-saisi-la-plume.mp3<\/a><\/audio>\n<\/div>\n<\/td>\n<td style=\"width: 25%; background-color: #000000;\">\n<div style=\"text-align: center;\"><span style=\"font-size: 6px;\"><span style=\"font-size: 18px;\"><span style=\"background-color: #000000; color: #ffffff;\"><strong><span style=\"font-size: 15px;\">Int\u00e9gral : 00:07:48<\/span><\/strong><br \/>\n<a href=\"https:\/\/frankcesarlovisolo.bandcamp.com\/track\/promenade-quotidienne\" target=\"_blank\" rel=\"noopener\"><img loading=\"lazy\" decoding=\"async\" class=\"aligncenter wp-image-51222\" src=\"https:\/\/frank-lovisolo.fr\/WordPress\/wp-content\/uploads\/2025\/11\/bandcamp-logotype-color-512-FrankV2-460x38.png\" alt=\"- - -\" width=\"320\" height=\"26\" title=\"-\" srcset=\"https:\/\/frank-lovisolo.fr\/WordPress\/wp-content\/uploads\/2025\/11\/bandcamp-logotype-color-512-FrankV2-460x38.png 460w, https:\/\/frank-lovisolo.fr\/WordPress\/wp-content\/uploads\/2025\/11\/bandcamp-logotype-color-512-FrankV2-250x21.png 250w, https:\/\/frank-lovisolo.fr\/WordPress\/wp-content\/uploads\/2025\/11\/bandcamp-logotype-color-512-FrankV2-150x12.png 150w, https:\/\/frank-lovisolo.fr\/WordPress\/wp-content\/uploads\/2025\/11\/bandcamp-logotype-color-512-FrankV2.png 512w\" sizes=\"auto, (max-width: 320px) 100vw, 320px\" \/><\/a><\/span><\/span><\/span><\/div>\n<div style=\"text-align: center;\">\n<p><span style=\"color: #ffffff; font-size: 15px;\"><span style=\"color: #ffffff;\"><strong>Extrait<\/strong><\/span><\/span><\/p>\n<audio class=\"wp-audio-shortcode\" id=\"audio-52749-5\" preload=\"none\" style=\"width: 100%;\" controls=\"controls\"><source type=\"audio\/mpeg\" src=\"https:\/\/frank-lovisolo.fr\/WordPress\/wp-content\/uploads\/2026\/03\/05-Promenade-Quotidienne.mp3?_=5\" \/><a href=\"https:\/\/frank-lovisolo.fr\/WordPress\/wp-content\/uploads\/2026\/03\/05-Promenade-Quotidienne.mp3\">https:\/\/frank-lovisolo.fr\/WordPress\/wp-content\/uploads\/2026\/03\/05-Promenade-Quotidienne.mp3<\/a><\/audio>\n<\/div>\n<\/td>\n<td style=\"width: 25%; background-color: #000000;\">\n<div style=\"text-align: center;\"><span style=\"font-size: 6px;\"><span style=\"font-size: 18px;\"><span style=\"background-color: #000000; color: #ffffff;\"><strong><span style=\"font-size: 15px;\">Int\u00e9gral : 00:07:31<\/span><\/strong><br \/>\n<a href=\"https:\/\/frankcesarlovisolo.bandcamp.com\/track\/rappelons-les-noms\" target=\"_blank\" rel=\"noopener\"><img loading=\"lazy\" decoding=\"async\" class=\"aligncenter wp-image-51222\" src=\"https:\/\/frank-lovisolo.fr\/WordPress\/wp-content\/uploads\/2025\/11\/bandcamp-logotype-color-512-FrankV2-460x38.png\" alt=\"- - -\" width=\"320\" height=\"26\" title=\"-\" srcset=\"https:\/\/frank-lovisolo.fr\/WordPress\/wp-content\/uploads\/2025\/11\/bandcamp-logotype-color-512-FrankV2-460x38.png 460w, https:\/\/frank-lovisolo.fr\/WordPress\/wp-content\/uploads\/2025\/11\/bandcamp-logotype-color-512-FrankV2-250x21.png 250w, https:\/\/frank-lovisolo.fr\/WordPress\/wp-content\/uploads\/2025\/11\/bandcamp-logotype-color-512-FrankV2-150x12.png 150w, https:\/\/frank-lovisolo.fr\/WordPress\/wp-content\/uploads\/2025\/11\/bandcamp-logotype-color-512-FrankV2.png 512w\" sizes=\"auto, (max-width: 320px) 100vw, 320px\" \/><\/a><\/span><\/span><\/span><\/div>\n<div style=\"text-align: center;\">\n<p><span style=\"color: #ffffff; font-size: 15px;\"><span style=\"color: #ffffff;\"><strong>Extrait<\/strong><\/span><\/span><\/p>\n<audio class=\"wp-audio-shortcode\" id=\"audio-52749-6\" preload=\"none\" style=\"width: 100%;\" controls=\"controls\"><source type=\"audio\/mpeg\" src=\"https:\/\/frank-lovisolo.fr\/WordPress\/wp-content\/uploads\/2026\/03\/06-Rappelons-les-noms-Christine.mp3?_=6\" \/><a href=\"https:\/\/frank-lovisolo.fr\/WordPress\/wp-content\/uploads\/2026\/03\/06-Rappelons-les-noms-Christine.mp3\">https:\/\/frank-lovisolo.fr\/WordPress\/wp-content\/uploads\/2026\/03\/06-Rappelons-les-noms-Christine.mp3<\/a><\/audio>\n<\/div>\n<\/td>\n<td style=\"width: 25%; background-color: #000000;\">\n<div style=\"text-align: center;\"><span style=\"font-size: 6px;\"><span style=\"font-size: 18px;\"><span style=\"background-color: #000000; color: #ffffff;\"><strong><span style=\"font-size: 15px;\">Int\u00e9gral : \u00a000:07:32<\/span><\/strong><br \/>\n<a href=\"https:\/\/frankcesarlovisolo.bandcamp.com\/track\/c-tait-une-journ-e-de-printemps\" target=\"_blank\" rel=\"noopener\"><img loading=\"lazy\" decoding=\"async\" class=\"aligncenter wp-image-51222\" src=\"https:\/\/frank-lovisolo.fr\/WordPress\/wp-content\/uploads\/2025\/11\/bandcamp-logotype-color-512-FrankV2-460x38.png\" alt=\"- - -\" width=\"320\" height=\"26\" title=\"-\" srcset=\"https:\/\/frank-lovisolo.fr\/WordPress\/wp-content\/uploads\/2025\/11\/bandcamp-logotype-color-512-FrankV2-460x38.png 460w, https:\/\/frank-lovisolo.fr\/WordPress\/wp-content\/uploads\/2025\/11\/bandcamp-logotype-color-512-FrankV2-250x21.png 250w, https:\/\/frank-lovisolo.fr\/WordPress\/wp-content\/uploads\/2025\/11\/bandcamp-logotype-color-512-FrankV2-150x12.png 150w, https:\/\/frank-lovisolo.fr\/WordPress\/wp-content\/uploads\/2025\/11\/bandcamp-logotype-color-512-FrankV2.png 512w\" sizes=\"auto, (max-width: 320px) 100vw, 320px\" \/><\/a><\/span><\/span><\/span><\/div>\n<div style=\"text-align: center;\">\n<p><span style=\"color: #ffffff; font-size: 15px;\"><span style=\"color: #ffffff;\"><strong>Extrait<\/strong><\/span><\/span><\/p>\n<audio class=\"wp-audio-shortcode\" id=\"audio-52749-7\" preload=\"none\" style=\"width: 100%;\" controls=\"controls\"><source type=\"audio\/mpeg\" src=\"https:\/\/frank-lovisolo.fr\/WordPress\/wp-content\/uploads\/2026\/03\/07-Cetait-une-Journee-de-printemps.mp3?_=7\" \/><a href=\"https:\/\/frank-lovisolo.fr\/WordPress\/wp-content\/uploads\/2026\/03\/07-Cetait-une-Journee-de-printemps.mp3\">https:\/\/frank-lovisolo.fr\/WordPress\/wp-content\/uploads\/2026\/03\/07-Cetait-une-Journee-de-printemps.mp3<\/a><\/audio>\n<\/div>\n<\/td>\n<\/tr>\n<\/tbody>\n<\/table>\n<p>&nbsp;<\/p>\n<table style=\"border-collapse: collapse; width: 100%; height: 272px;\">\n<tbody>\n<tr style=\"height: 75px;\">\n<td style=\"width: 25%; height: 75px;\" colspan=\"2\">\n<h4 style=\"text-align: center;\"><span class=\"ez-toc-section\" id=\"chant-iv-%e2%80%93-hugues-louagie\"><\/span><span style=\"font-size: 22px;\"><strong>Chant IV &#8211; Hugues Louagie<\/strong><\/span><span class=\"ez-toc-section-end\"><\/span><\/h4>\n<\/td>\n<td style=\"width: 25%; height: 75px;\" colspan=\"2\">\n<h4 style=\"text-align: center;\"><span class=\"ez-toc-section\" id=\"chant-v-%e2%80%93-valerie-feasson\"><\/span><span style=\"font-size: 22px;\"><strong>Chant V &#8211; Val\u00e9rie Feasson<\/strong><\/span><span class=\"ez-toc-section-end\"><\/span><\/h4>\n<\/td>\n<\/tr>\n<tr style=\"height: 30px;\">\n<td style=\"width: 25%; text-align: center; height: 30px;\"><span style=\"font-size: 20px;\"><strong><a href=\"https:\/\/frank-lovisolo.fr\/WordPress\/homme-ou-pierre-isidore-ducasse\/\" target=\"_blank\" rel=\"noopener\">C\u2019est un homme ou une pierre<\/a><\/strong><\/span><\/td>\n<td style=\"width: 25%; text-align: center; height: 30px;\"><span style=\"font-size: 20px;\"><strong><a href=\"https:\/\/frank-lovisolo.fr\/WordPress\/je-metais-endormi-isidore-ducasse\/\" target=\"_blank\" rel=\"noopener\">Je m&rsquo;\u00e9tais endormi sur la falaise<\/a><\/strong><\/span><\/td>\n<td style=\"width: 25%; text-align: center; height: 30px;\"><span style=\"font-size: 20px;\"><strong><a href=\"https:\/\/frank-lovisolo.fr\/WordPress\/que-le-lecteur-comte-de-lautreamont\/\" target=\"_blank\" rel=\"noopener\">Que le lecteur&#8230;<\/a> <\/strong><\/span><\/td>\n<td style=\"width: 25%; text-align: center; height: 30px;\"><span style=\"font-size: 20px;\"><strong><a href=\"https:\/\/frank-lovisolo.fr\/WordPress\/aneantissement-comte-de-lautreamont\/\" target=\"_blank\" rel=\"noopener\">L&rsquo;an\u00e9antissement<\/a> <\/strong><\/span><\/td>\n<\/tr>\n<tr style=\"height: 167px;\">\n<td style=\"width: 25%; background-color: #000000; height: 167px;\">\n<div style=\"text-align: center;\"><span style=\"font-size: 6px;\"><span style=\"font-size: 18px;\"><span style=\"background-color: #000000; color: #ffffff;\"><strong><span style=\"font-size: 15px;\">Int\u00e9gral : 00:08:06<\/span><\/strong><br \/>\n<a href=\"https:\/\/frankcesarlovisolo.bandcamp.com\/track\/cest-un-homme-ou-une-pierre\" target=\"_blank\" rel=\"noopener\"><img loading=\"lazy\" decoding=\"async\" class=\"aligncenter wp-image-51222\" src=\"https:\/\/frank-lovisolo.fr\/WordPress\/wp-content\/uploads\/2025\/11\/bandcamp-logotype-color-512-FrankV2-460x38.png\" alt=\"- - -\" width=\"320\" height=\"26\" title=\"-\" srcset=\"https:\/\/frank-lovisolo.fr\/WordPress\/wp-content\/uploads\/2025\/11\/bandcamp-logotype-color-512-FrankV2-460x38.png 460w, https:\/\/frank-lovisolo.fr\/WordPress\/wp-content\/uploads\/2025\/11\/bandcamp-logotype-color-512-FrankV2-250x21.png 250w, https:\/\/frank-lovisolo.fr\/WordPress\/wp-content\/uploads\/2025\/11\/bandcamp-logotype-color-512-FrankV2-150x12.png 150w, https:\/\/frank-lovisolo.fr\/WordPress\/wp-content\/uploads\/2025\/11\/bandcamp-logotype-color-512-FrankV2.png 512w\" sizes=\"auto, (max-width: 320px) 100vw, 320px\" \/><\/a><\/span><\/span><\/span><\/div>\n<div style=\"text-align: center;\">\n<p><span style=\"color: #ffffff; font-size: 15px;\"><span style=\"color: #ffffff;\"><strong>Extrait<\/strong><\/span><\/span><\/p>\n<audio class=\"wp-audio-shortcode\" id=\"audio-52749-8\" preload=\"none\" style=\"width: 100%;\" controls=\"controls\"><source type=\"audio\/mpeg\" src=\"https:\/\/frank-lovisolo.fr\/WordPress\/wp-content\/uploads\/2026\/03\/08-Cest-un-homme-ou-oune-pierre.mp3?_=8\" \/><a href=\"https:\/\/frank-lovisolo.fr\/WordPress\/wp-content\/uploads\/2026\/03\/08-Cest-un-homme-ou-oune-pierre.mp3\">https:\/\/frank-lovisolo.fr\/WordPress\/wp-content\/uploads\/2026\/03\/08-Cest-un-homme-ou-oune-pierre.mp3<\/a><\/audio>\n<\/div>\n<\/td>\n<td style=\"width: 25%; background-color: #000000; height: 167px;\">\n<div style=\"text-align: center;\"><span style=\"font-size: 6px;\"><span style=\"font-size: 18px;\"><span style=\"background-color: #000000; color: #ffffff;\"><strong><span style=\"font-size: 15px;\">Int\u00e9gral : 00:08:48<\/span><\/strong><br \/>\n<a href=\"https:\/\/frankcesarlovisolo.bandcamp.com\/track\/je-m-tais-endormi\" target=\"_blank\" rel=\"noopener\"><img loading=\"lazy\" decoding=\"async\" class=\"aligncenter wp-image-51222\" src=\"https:\/\/frank-lovisolo.fr\/WordPress\/wp-content\/uploads\/2025\/11\/bandcamp-logotype-color-512-FrankV2-460x38.png\" alt=\"- - -\" width=\"320\" height=\"26\" title=\"-\" srcset=\"https:\/\/frank-lovisolo.fr\/WordPress\/wp-content\/uploads\/2025\/11\/bandcamp-logotype-color-512-FrankV2-460x38.png 460w, https:\/\/frank-lovisolo.fr\/WordPress\/wp-content\/uploads\/2025\/11\/bandcamp-logotype-color-512-FrankV2-250x21.png 250w, https:\/\/frank-lovisolo.fr\/WordPress\/wp-content\/uploads\/2025\/11\/bandcamp-logotype-color-512-FrankV2-150x12.png 150w, https:\/\/frank-lovisolo.fr\/WordPress\/wp-content\/uploads\/2025\/11\/bandcamp-logotype-color-512-FrankV2.png 512w\" sizes=\"auto, (max-width: 320px) 100vw, 320px\" \/><\/a><\/span><\/span><\/span><\/div>\n<div style=\"text-align: center;\">\n<p><span style=\"color: #ffffff; font-size: 15px;\"><span style=\"color: #ffffff;\"><strong>Extrait<\/strong><\/span><\/span><\/p>\n<audio class=\"wp-audio-shortcode\" id=\"audio-52749-9\" preload=\"none\" style=\"width: 100%;\" controls=\"controls\"><source type=\"audio\/mpeg\" src=\"https:\/\/frank-lovisolo.fr\/WordPress\/wp-content\/uploads\/2026\/03\/09-Je-metais-endormi-sur-la-falaise.mp3?_=9\" \/><a href=\"https:\/\/frank-lovisolo.fr\/WordPress\/wp-content\/uploads\/2026\/03\/09-Je-metais-endormi-sur-la-falaise.mp3\">https:\/\/frank-lovisolo.fr\/WordPress\/wp-content\/uploads\/2026\/03\/09-Je-metais-endormi-sur-la-falaise.mp3<\/a><\/audio>\n<\/div>\n<\/td>\n<td style=\"width: 25%; background-color: #000000; height: 167px;\">\n<div style=\"text-align: center;\"><span style=\"font-size: 6px;\"><span style=\"font-size: 18px;\"><span style=\"background-color: #000000; color: #ffffff;\"><strong><span style=\"font-size: 15px;\">Int\u00e9gral : 00:06:59<\/span><\/strong><br \/>\n<a href=\"https:\/\/frankcesarlovisolo.bandcamp.com\/track\/que-le-lecteur\" target=\"_blank\" rel=\"noopener\"><img loading=\"lazy\" decoding=\"async\" class=\"aligncenter wp-image-51222\" src=\"https:\/\/frank-lovisolo.fr\/WordPress\/wp-content\/uploads\/2025\/11\/bandcamp-logotype-color-512-FrankV2-460x38.png\" alt=\"- - -\" width=\"320\" height=\"26\" title=\"-\" srcset=\"https:\/\/frank-lovisolo.fr\/WordPress\/wp-content\/uploads\/2025\/11\/bandcamp-logotype-color-512-FrankV2-460x38.png 460w, https:\/\/frank-lovisolo.fr\/WordPress\/wp-content\/uploads\/2025\/11\/bandcamp-logotype-color-512-FrankV2-250x21.png 250w, https:\/\/frank-lovisolo.fr\/WordPress\/wp-content\/uploads\/2025\/11\/bandcamp-logotype-color-512-FrankV2-150x12.png 150w, https:\/\/frank-lovisolo.fr\/WordPress\/wp-content\/uploads\/2025\/11\/bandcamp-logotype-color-512-FrankV2.png 512w\" sizes=\"auto, (max-width: 320px) 100vw, 320px\" \/><\/a><\/span><\/span><\/span><\/div>\n<div style=\"text-align: center;\">\n<p><span style=\"color: #ffffff; font-size: 15px;\"><span style=\"color: #ffffff;\"><strong>Extrait<\/strong><\/span><\/span><\/p>\n<audio class=\"wp-audio-shortcode\" id=\"audio-52749-10\" preload=\"none\" style=\"width: 100%;\" controls=\"controls\"><source type=\"audio\/mpeg\" src=\"https:\/\/frank-lovisolo.fr\/WordPress\/wp-content\/uploads\/2026\/03\/10-Que-le-lecteur.mp3?_=10\" \/><a href=\"https:\/\/frank-lovisolo.fr\/WordPress\/wp-content\/uploads\/2026\/03\/10-Que-le-lecteur.mp3\">https:\/\/frank-lovisolo.fr\/WordPress\/wp-content\/uploads\/2026\/03\/10-Que-le-lecteur.mp3<\/a><\/audio>\n<\/div>\n<\/td>\n<td style=\"width: 25%; background-color: #000000; height: 167px;\">\n<div style=\"text-align: center;\"><span style=\"font-size: 6px;\"><span style=\"font-size: 18px;\"><span style=\"background-color: #000000; color: #ffffff;\"><strong><span style=\"font-size: 15px;\">Int\u00e9gral : 00:10:22<\/span><\/strong><br \/>\n<a href=\"https:\/\/frankcesarlovisolo.bandcamp.com\/track\/lan-antissement\" target=\"_blank\" rel=\"noopener\"><img loading=\"lazy\" decoding=\"async\" class=\"aligncenter wp-image-51222\" src=\"https:\/\/frank-lovisolo.fr\/WordPress\/wp-content\/uploads\/2025\/11\/bandcamp-logotype-color-512-FrankV2-460x38.png\" alt=\"- - -\" width=\"320\" height=\"26\" title=\"-\" srcset=\"https:\/\/frank-lovisolo.fr\/WordPress\/wp-content\/uploads\/2025\/11\/bandcamp-logotype-color-512-FrankV2-460x38.png 460w, https:\/\/frank-lovisolo.fr\/WordPress\/wp-content\/uploads\/2025\/11\/bandcamp-logotype-color-512-FrankV2-250x21.png 250w, https:\/\/frank-lovisolo.fr\/WordPress\/wp-content\/uploads\/2025\/11\/bandcamp-logotype-color-512-FrankV2-150x12.png 150w, https:\/\/frank-lovisolo.fr\/WordPress\/wp-content\/uploads\/2025\/11\/bandcamp-logotype-color-512-FrankV2.png 512w\" sizes=\"auto, (max-width: 320px) 100vw, 320px\" \/><\/a><\/span><\/span><\/span><\/div>\n<div style=\"text-align: center;\">\n<p><span style=\"color: #ffffff; font-size: 15px;\"><span style=\"color: #ffffff;\"><strong>Extrait<\/strong><\/span><\/span><\/p>\n<audio class=\"wp-audio-shortcode\" id=\"audio-52749-11\" preload=\"none\" style=\"width: 100%;\" controls=\"controls\"><source type=\"audio\/mpeg\" src=\"https:\/\/frank-lovisolo.fr\/WordPress\/wp-content\/uploads\/2026\/03\/11-Laneantissement-V3.mp3?_=11\" \/><a href=\"https:\/\/frank-lovisolo.fr\/WordPress\/wp-content\/uploads\/2026\/03\/11-Laneantissement-V3.mp3\">https:\/\/frank-lovisolo.fr\/WordPress\/wp-content\/uploads\/2026\/03\/11-Laneantissement-V3.mp3<\/a><\/audio>\n<\/div>\n<\/td>\n<\/tr>\n<\/tbody>\n<\/table>\n<p>&nbsp;<\/p>\n<table style=\"border-collapse: collapse; width: 100%; height: 261px;\">\n<tbody>\n<tr style=\"height: 24px;\">\n<td style=\"width: 50%; height: 24px;\" colspan=\"2\">\n<h4 style=\"text-align: center;\"><span class=\"ez-toc-section\" id=\"chant-vi-%e2%80%93-noelly-thiebaut\"><\/span><span style=\"font-size: 22px;\"><strong>Chant VI &#8211; Noelly Thiebaut<\/strong><\/span><span class=\"ez-toc-section-end\"><\/span><\/h4>\n<\/td>\n<td style=\"width: 25%; height: 24px;\"><\/td>\n<td style=\"width: 25%; height: 24px;\"><\/td>\n<\/tr>\n<tr style=\"height: 30px;\">\n<td style=\"width: 25%; text-align: center; height: 30px; background-color: #ffffff;\"><span style=\"font-size: 20px;\"><strong><a href=\"https:\/\/frank-lovisolo.fr\/WordPress\/calme-enviable-les-chants-de-maldoror\/\" target=\"_blank\" rel=\"noopener\">Vous dont le calme enviable<\/a><\/strong><\/span><\/td>\n<td style=\"width: 25%; text-align: center; height: 30px; background-color: #ffffff;\"><span style=\"font-size: 20px;\"><strong><a href=\"https:\/\/frank-lovisolo.fr\/WordPress\/les-mains-liees-chants-de-maldoror\/\" target=\"_blank\" rel=\"noopener\">Les mains li\u00e9es derri\u00e8re le dos<\/a><\/strong><\/span><\/td>\n<td style=\"width: 25%; height: 30px;\"><\/td>\n<td style=\"width: 25%; height: 30px;\"><\/td>\n<\/tr>\n<tr style=\"height: 207px;\">\n<td style=\"width: 25%; height: 207px; background-color: #000000;\">\n<div style=\"text-align: center;\"><span style=\"font-size: 6px;\"><span style=\"font-size: 18px;\"><span style=\"background-color: #000000; color: #ffffff;\"><strong><span style=\"font-size: 15px;\">Int\u00e9gral : 00:07:17<\/span><\/strong><br \/>\n<a href=\"https:\/\/frankcesarlovisolo.bandcamp.com\/track\/vous-dont-le-calme-enviable\" target=\"_blank\" rel=\"noopener\"><img loading=\"lazy\" decoding=\"async\" class=\"aligncenter wp-image-51222\" src=\"https:\/\/frank-lovisolo.fr\/WordPress\/wp-content\/uploads\/2025\/11\/bandcamp-logotype-color-512-FrankV2-460x38.png\" alt=\"- - -\" width=\"320\" height=\"26\" title=\"-\" srcset=\"https:\/\/frank-lovisolo.fr\/WordPress\/wp-content\/uploads\/2025\/11\/bandcamp-logotype-color-512-FrankV2-460x38.png 460w, https:\/\/frank-lovisolo.fr\/WordPress\/wp-content\/uploads\/2025\/11\/bandcamp-logotype-color-512-FrankV2-250x21.png 250w, https:\/\/frank-lovisolo.fr\/WordPress\/wp-content\/uploads\/2025\/11\/bandcamp-logotype-color-512-FrankV2-150x12.png 150w, https:\/\/frank-lovisolo.fr\/WordPress\/wp-content\/uploads\/2025\/11\/bandcamp-logotype-color-512-FrankV2.png 512w\" sizes=\"auto, (max-width: 320px) 100vw, 320px\" \/><\/a><\/span><\/span><\/span><\/div>\n<div style=\"text-align: center;\">\n<p><span style=\"color: #ffffff; font-size: 15px;\"><span style=\"color: #ffffff;\"><strong>Extrait<\/strong><\/span><\/span><\/p>\n<audio class=\"wp-audio-shortcode\" id=\"audio-52749-12\" preload=\"none\" style=\"width: 100%;\" controls=\"controls\"><source type=\"audio\/mpeg\" src=\"https:\/\/frank-lovisolo.fr\/WordPress\/wp-content\/uploads\/2026\/03\/12-Vous-dont-le-calme-enviable.mp3?_=12\" \/><a href=\"https:\/\/frank-lovisolo.fr\/WordPress\/wp-content\/uploads\/2026\/03\/12-Vous-dont-le-calme-enviable.mp3\">https:\/\/frank-lovisolo.fr\/WordPress\/wp-content\/uploads\/2026\/03\/12-Vous-dont-le-calme-enviable.mp3<\/a><\/audio>\n<p>&nbsp;<\/p>\n<\/div>\n<\/td>\n<td style=\"width: 25%; height: 207px; background-color: #000000;\">\n<div style=\"text-align: center;\"><span style=\"font-size: 6px;\"><span style=\"font-size: 18px;\"><span style=\"background-color: #000000; color: #ffffff;\"><strong><span style=\"font-size: 15px;\">Int\u00e9gral : 00:08:05\u00a0<\/span><\/strong><br \/>\n<a href=\"https:\/\/frankcesarlovisolo.bandcamp.com\/track\/les-mains-li-es-derri-re-le-dos\" target=\"_blank\" rel=\"noopener\"><img loading=\"lazy\" decoding=\"async\" class=\"aligncenter wp-image-51222\" src=\"https:\/\/frank-lovisolo.fr\/WordPress\/wp-content\/uploads\/2025\/11\/bandcamp-logotype-color-512-FrankV2-460x38.png\" alt=\"- - -\" width=\"320\" height=\"26\" title=\"-\" srcset=\"https:\/\/frank-lovisolo.fr\/WordPress\/wp-content\/uploads\/2025\/11\/bandcamp-logotype-color-512-FrankV2-460x38.png 460w, https:\/\/frank-lovisolo.fr\/WordPress\/wp-content\/uploads\/2025\/11\/bandcamp-logotype-color-512-FrankV2-250x21.png 250w, https:\/\/frank-lovisolo.fr\/WordPress\/wp-content\/uploads\/2025\/11\/bandcamp-logotype-color-512-FrankV2-150x12.png 150w, https:\/\/frank-lovisolo.fr\/WordPress\/wp-content\/uploads\/2025\/11\/bandcamp-logotype-color-512-FrankV2.png 512w\" sizes=\"auto, (max-width: 320px) 100vw, 320px\" \/><\/a><\/span><\/span><\/span><\/div>\n<div style=\"text-align: center;\">\n<p><span style=\"color: #ffffff; font-size: 15px;\"><span style=\"color: #ffffff;\"><strong>Extrait<\/strong><\/span><\/span><\/p>\n<audio class=\"wp-audio-shortcode\" id=\"audio-52749-13\" preload=\"none\" style=\"width: 100%;\" controls=\"controls\"><source type=\"audio\/mpeg\" src=\"https:\/\/frank-lovisolo.fr\/WordPress\/wp-content\/uploads\/2026\/03\/13-Les-mains-liees-derriere-le-dos.mp3?_=13\" \/><a href=\"https:\/\/frank-lovisolo.fr\/WordPress\/wp-content\/uploads\/2026\/03\/13-Les-mains-liees-derriere-le-dos.mp3\">https:\/\/frank-lovisolo.fr\/WordPress\/wp-content\/uploads\/2026\/03\/13-Les-mains-liees-derriere-le-dos.mp3<\/a><\/audio>\n<p>&nbsp;<\/p>\n<\/div>\n<\/td>\n<td style=\"width: 50%; height: 207px;\" colspan=\"2\">\n<h1 style=\"text-align: center;\"><span class=\"ez-toc-section\" id=\"lalbum-sauvage\"><\/span><a href=\"https:\/\/frankcesarlovisolo.bandcamp.com\/album\/sauvage-pour-isidore-ducasse-comte-de-lautreamont\" target=\"_blank\" rel=\"noopener\">L&rsquo;album : Sauvage<img loading=\"lazy\" decoding=\"async\" class=\"aligncenter wp-image-51221 size-full\" src=\"https:\/\/frank-lovisolo.fr\/WordPress\/wp-content\/uploads\/2025\/11\/bandcamp-logotype-color-400-FrankV2.png\" alt=\"- - -\" width=\"400\" height=\"33\" title=\"-\" srcset=\"https:\/\/frank-lovisolo.fr\/WordPress\/wp-content\/uploads\/2025\/11\/bandcamp-logotype-color-400-FrankV2.png 400w, https:\/\/frank-lovisolo.fr\/WordPress\/wp-content\/uploads\/2025\/11\/bandcamp-logotype-color-400-FrankV2-250x21.png 250w, https:\/\/frank-lovisolo.fr\/WordPress\/wp-content\/uploads\/2025\/11\/bandcamp-logotype-color-400-FrankV2-150x12.png 150w\" sizes=\"auto, (max-width: 400px) 100vw, 400px\" \/><\/a><span class=\"ez-toc-section-end\"><\/span><\/h1>\n<\/td>\n<\/tr>\n<\/tbody>\n<\/table>\n<\/div>\n<p><span style=\"color: #ffffff;\">&#8211;<\/span><\/p>\n<div style=\"text-align: center;\"><a id=\"LetV01\"><\/a>Lire &amp; voir :<\/div>\n<div style=\"text-align: center;\"><span style=\"font-size: 18px;\"><span style=\"color: #ff9932; background-color: #320000;\">\u00a0 <\/span><strong><span style=\"background-color: #320000;\"><span style=\"color: #ff9932;\"><a style=\"color: #ff9932;\" href=\"https:\/\/frank-lovisolo.fr\/WordPress\/maldoror-sauvage-textes\/\" target=\"_blank\" rel=\"noopener\">Les textes Choisis<\/a>\u00a0 <\/span>\u00a0<\/span> \u00a0&#8211;\u00a0 <span style=\"background-color: #000000; color: #ff9932;\">\u00a0 <a style=\"color: #ff9932;\" href=\"https:\/\/frank-lovisolo.fr\/pdf\/Les-Chants-de-Maldoror-(1874).pdf\" target=\"_blank\" rel=\"noopener\">Les Chants de Maldoror<\/a>\u00a0\u00a0<\/span> \u00a0\u00a0&#8211;\u00a0 \u00a0 <span style=\"background-color: #000000; color: #ff9932;\">\u00a0 <a style=\"color: #ff9932;\" href=\"#ILL01\">Les Illustrations<\/a>\u00a0 <span style=\"background-color: #ffffff;\">\u00a0 \u00a0<span style=\"color: #000000;\">&#8211;<\/span>\u00a0 \u00a0<\/span>\u00a0\u00a0<a style=\"color: #ff9932;\" href=\"#ILL01\">Commentaires<\/a>\u00a0\u00a0<\/span><\/strong><\/span><\/div>\n<p><span style=\"color: #ffffff;\">&#8211;<\/span><\/p>\n<p><img loading=\"lazy\" decoding=\"async\" class=\"aligncenter wp-image-52977\" src=\"https:\/\/frank-lovisolo.fr\/WordPress\/wp-content\/uploads\/2026\/04\/separateur-par-2026-LR.png\" alt=\"- - -\" width=\"494\" height=\"22\" title=\"-\" srcset=\"https:\/\/frank-lovisolo.fr\/WordPress\/wp-content\/uploads\/2026\/04\/separateur-par-2026-LR.png 988w, https:\/\/frank-lovisolo.fr\/WordPress\/wp-content\/uploads\/2026\/04\/separateur-par-2026-LR-460x20.png 460w, https:\/\/frank-lovisolo.fr\/WordPress\/wp-content\/uploads\/2026\/04\/separateur-par-2026-LR-768x34.png 768w, https:\/\/frank-lovisolo.fr\/WordPress\/wp-content\/uploads\/2026\/04\/separateur-par-2026-LR-250x11.png 250w, https:\/\/frank-lovisolo.fr\/WordPress\/wp-content\/uploads\/2026\/04\/separateur-par-2026-LR-150x7.png 150w\" sizes=\"auto, (max-width: 494px) 100vw, 494px\" \/><\/p>\n<p><span style=\"color: #ffffff;\">&#8211;<\/span><\/p>\n<table style=\"border-collapse: collapse; width: 100%;\">\n<tbody>\n<tr>\n<td style=\"text-align: center; width: 25%; vertical-align: middle; background-color: #000000;\"><span style=\"color: #99ffff;\"><strong><span style=\"font-size: 20px;\"><em><a id=\"RT01\" style=\"color: #99ffff;\"><\/a><a style=\"color: #99ffff;\" href=\"#ISI01\">Isidore Ducasse<\/a><\/em><\/span><\/strong><\/span><\/td>\n<td style=\"text-align: center; width: 25%; vertical-align: middle; background-color: #000000;\"><span style=\"color: #99ffff;\"><a style=\"color: #99ffff;\" href=\"#LC01\"><strong><span style=\"font-size: 20px;\"><em>Les Chants de Maldoror<\/em><\/span><\/strong><\/a><\/span><\/td>\n<td style=\"text-align: center; width: 25%; vertical-align: middle; background-color: #000000;\"><span style=\"color: #99ffff;\"><a style=\"color: #99ffff;\" href=\"#CM13\"><strong><span style=\"font-size: 20px;\">La musique<\/span><\/strong><\/a><\/span><\/td>\n<td style=\"text-align: center; width: 25%; vertical-align: middle; background-color: #000000;\"><a href=\"#AA01\"><span style=\"color: #99ffff;\"><strong><span style=\"font-size: 20px;\">Actrices-Acteurs<\/span><\/strong><\/span><\/a><\/td>\n<\/tr>\n<\/tbody>\n<\/table>\n<p><span style=\"color: #ffffff;\">Maldoror<\/span><\/p>\n<div>\n<table style=\"width: 100%; border-collapse: collapse;\" cellpadding=\"10\">\n<tbody>\n<tr>\n<td style=\"width: 100%;\">\n<h3><span class=\"ez-toc-section\" id=\"isidore-ducasse-dit-lautreamont-1846-1870-%e2%87%91%e2%87%91%e2%87%91\"><\/span><span style=\"font-size: 24px;\"><b><a id=\"ISI01\"><\/a>Isidore Ducasse, dit Lautr\u00e9amont (1846-1870)\u00a0 \u00a0 \u00a0 \u00a0 \u00a0 <span style=\"font-size: 16px;\">\u00a0\u00a0<\/span><\/b><span style=\"font-size: 16px;\"> <span style=\"background-color: #190032; color: #99ffff;\">\u00a0<\/span><span style=\"background-color: #190032; color: #99ffff;\"><a style=\"background-color: #190032; color: #99ffff;\" href=\"#RT01\"><span style=\"background-color: #190032;\">\u21d1<\/span><\/a><\/span><\/span><\/span><span style=\"font-size: 16px;\"><span style=\"background-color: #190032; color: #99ffff;\"><a style=\"background-color: #190032; color: #99ffff;\" href=\"#RT01\"><span style=\"background-color: #190032;\">\u21d1<\/span><\/a><\/span><span style=\"background-color: #190032; color: #99ffff;\"><a style=\"background-color: #190032; color: #99ffff;\" href=\"#RT01\"><span style=\"background-color: #190032;\">\u21d1\u00a0<\/span><\/a><\/span><\/span><b><\/b><span class=\"ez-toc-section-end\"><\/span><\/h3>\n<p><span style=\"color: #ffffff;\">&#8211;<\/span><\/p>\n<div id=\"attachment_45361\" style=\"width: 470px\" class=\"wp-caption alignright\"><img loading=\"lazy\" decoding=\"async\" aria-describedby=\"caption-attachment-45361\" class=\"wp-image-45361 size-medium\" src=\"https:\/\/frank-lovisolo.fr\/WordPress\/wp-content\/uploads\/2019\/11\/Isidore-Ducasse-Lautreamont-460x851.jpg\" alt=\"Photo carte-de-visite repr\u00e9sentant peut-\u00eatre Isidore Ducasse ( Lautr\u00e9amont ).Portrait ex\u00e9cut\u00e9 \u00e0 Tarbes en 1867 par le studio Blanchard, place Maubourguet.\" width=\"460\" height=\"851\" title=\"-\" srcset=\"https:\/\/frank-lovisolo.fr\/WordPress\/wp-content\/uploads\/2019\/11\/Isidore-Ducasse-Lautreamont-460x851.jpg 460w, https:\/\/frank-lovisolo.fr\/WordPress\/wp-content\/uploads\/2019\/11\/Isidore-Ducasse-Lautreamont-768x1421.jpg 768w, https:\/\/frank-lovisolo.fr\/WordPress\/wp-content\/uploads\/2019\/11\/Isidore-Ducasse-Lautreamont-81x150.jpg 81w, https:\/\/frank-lovisolo.fr\/WordPress\/wp-content\/uploads\/2019\/11\/Isidore-Ducasse-Lautreamont.jpg 820w\" sizes=\"auto, (max-width: 460px) 100vw, 460px\" \/><p id=\"caption-attachment-45361\" class=\"wp-caption-text\"><span style=\"font-size: 12px;\">Photographie coloris\u00e9e, repr\u00e9sentant peut-\u00eatre Isidore Ducasse (1867). <br \/>Portrait r\u00e9alis\u00e9 \u00e0 Tarbes au studio Blanchard, place Maubourguet.<\/span><\/p><\/div>\n<p style=\"text-align: justify;\"><span style=\"font-size: 20px;\">Isidore Lucien Ducasse, connu sous le pseudonyme de\u00a0<b>Lautr\u00e9amont<\/b>, est une figure majeure et singuli\u00e8re de la litt\u00e9rature fran\u00e7aise du XIX\u1d49 si\u00e8cle. Auteur d\u2019une \u0153uvre br\u00e8ve mais profond\u00e9ment novatrice, il est principalement reconnu pour\u00a0<i>Les Chants de\u00a0Maldoror<\/i>, texte radical qui annonce certaines des orientations esth\u00e9tiques du symbolisme et, surtout, du surr\u00e9alisme. Longtemps ignor\u00e9e, son \u0153uvre n\u2019a \u00e9t\u00e9 pleinement reconnue qu\u2019au XX\u1d49 si\u00e8cle.\u00a0<\/span><\/p>\n<h4 style=\"text-align: justify;\"><span class=\"ez-toc-section\" id=\"origines-et-formation\"><\/span><span style=\"font-size: 20px;\"><b> Origines et formation<\/b><\/span><span class=\"ez-toc-section-end\"><\/span><\/h4>\n<p style=\"text-align: justify;\"><span style=\"font-size: 20px;\">Isidore Ducasse na\u00eet le\u00a04 avril 1846 \u00e0 <a href=\"https:\/\/fr.wikipedia.org\/wiki\/Montevideo\" target=\"_blank\" rel=\"noopener\">Montevideo<\/a>, en Uruguay, alors territoire marqu\u00e9 par de fortes instabilit\u00e9s politiques. Il est le fils de Fran\u00e7ois Ducasse, fonctionnaire consulaire fran\u00e7ais. Sa m\u00e8re meurt alors qu\u2019il est encore tr\u00e8s jeune, \u00e9v\u00e9nement qui, peut-\u00eatre,\u00a0contribue\u00a0\u00e0 la tonalit\u00e9 sombre de son \u0153uvre.\u00a0<\/span><\/p>\n<p style=\"text-align: justify;\"><span style=\"font-size: 20px;\">Il est envoy\u00e9 en France pour ses \u00e9tudes secondaires, d\u2019abord au lyc\u00e9e imp\u00e9rial de Tarbes, puis \u00e0 celui de Pau. \u00c9l\u00e8ve s\u00e9rieux mais discret, il re\u00e7oit une formation classique solide, marqu\u00e9e par l\u2019\u00e9tude des auteurs latins, de la rh\u00e9torique et de la philosophie morale. Cette culture classique jouera un r\u00f4le essentiel dans l\u2019\u00e9laboration de son style, fond\u00e9 sur le d\u00e9tournement et la parodie des formes litt\u00e9raires traditionnelles.\u00a0<\/span><\/p>\n<p style=\"text-align: justify;\"><span style=\"font-size: 20px;\" data-ccp-props=\"{\">\u00a0<\/span><\/p>\n<h4 style=\"text-align: justify;\"><span class=\"ez-toc-section\" id=\"les-chants-de-maldoror\"><\/span><span style=\"font-size: 20px;\"><a href=\"https:\/\/fr.wikipedia.org\/wiki\/Les_Chants_de_Maldoror\" target=\"_blank\" rel=\"noopener\"><b> Les <\/b><b><i>Chants de Maldoror<\/i><\/b>\u00a0<\/a><\/span><span class=\"ez-toc-section-end\"><\/span><\/h4>\n<p style=\"text-align: justify;\"><span style=\"font-size: 20px;\">Entre\u00a0<b>1868 et 1869<\/b>, Ducasse compose\u00a0<i>Les Chants de\u00a0Maldoror<\/i>, publi\u00e9s partiellement en 1868 puis int\u00e9gralement en 1869 \u00e0 Bruxelles. L\u2019ouvrage prend la forme de six chants en prose, mettant en sc\u00e8ne\u00a0Maldoror, figure du mal absolu, en r\u00e9volte contre Dieu, l\u2019humanit\u00e9 et l\u2019ordre moral.\u00a0<\/span><\/p>\n<p style=\"text-align: justify;\"><span style=\"font-size: 20px;\">L\u2019\u0153uvre se caract\u00e9rise par une <b>violence verbale extr\u00eame<\/b>,\u00a0un\u00a0<b>imaginaire blasph\u00e9matoire<\/b>,\u00a0une\u00a0\u00e9criture hybride m\u00ealant prose po\u00e9tique, discours philosophique et parodie scientifique,\u00a0un\u00a0rejet explicite du sentimentalisme romantique.\u00a0\u00c0 sa parution, le texte choque profond\u00e9ment.\u00a0\u00a0<\/span><\/p>\n<p style=\"text-align: justify;\"><span style=\"font-size: 20px;\">Craignant la censure, l\u2019\u00e9diteur renonce \u00e0 sa diffusion. Lautr\u00e9amont demeure alors totalement inconnu du public et des milieux litt\u00e9raires.\u00a0<\/span><\/p>\n<h4 style=\"text-align: justify;\"><span class=\"ez-toc-section\" id=\"iii-poesies-et-retournement-esthetique\"><\/span><span style=\"font-size: 20px;\"><b>III.\u00a0<\/b><b><i>Po\u00e9sies<\/i><\/b><b>\u00a0et retournement esth\u00e9tique<\/b>\u00a0<\/span><span class=\"ez-toc-section-end\"><\/span><\/h4>\n<p style=\"text-align: justify;\"><span style=\"font-size: 20px;\">En\u00a01870, Ducasse publie\u00a0<i>Po\u00e9sies I<\/i>\u00a0et\u00a0<i>Po\u00e9sies II<\/i>, textes courts et aphoristiques qui op\u00e8rent un\u00a0renversement apparent\u00a0de la logique des\u00a0<i>Chants de\u00a0Maldoror<\/i>. Il y pr\u00f4ne la clart\u00e9, la morale et le progr\u00e8s, tout en utilisant une m\u00e9thode de\u00a0d\u00e9tournement syst\u00e9matique\u00a0de maximes emprunt\u00e9es \u00e0 Pascal, La Rochefoucauld ou Vauvenargues.\u00a0<\/span><\/p>\n<p style=\"text-align: justify;\"><span style=\"font-size: 20px;\">Ce retournement n\u2019est pas une contradiction, mais une exp\u00e9rimentation critique du langage.<br \/>\nLautr\u00e9amont interroge la notion d\u2019originalit\u00e9, la propri\u00e9t\u00e9 litt\u00e9raire et la possibilit\u00e9 d\u2019une \u00e9criture fond\u00e9e sur la r\u00e9\u00e9criture. Ces textes annoncent des pratiques modernes telles que le collage et l\u2019\u00e9criture impersonnelle.\u00a0<\/span><\/p>\n<h4 style=\"text-align: justify;\"><span class=\"ez-toc-section\" id=\"mort-et-posterite\"><\/span><span style=\"font-size: 20px;\"><strong> Mort et post\u00e9rit\u00e9<\/strong><\/span><span class=\"ez-toc-section-end\"><\/span><\/h4>\n<p style=\"text-align: justify;\"><span style=\"font-size: 20px;\">Isidore Ducasse meurt pr\u00e9matur\u00e9ment \u00e0 Paris le\u00a024 novembre 1870, \u00e0 l\u2019\u00e2ge de 24 ans, dans des circonstances mal \u00e9lucid\u00e9es, probablement li\u00e9es aux conditions sanitaires difficiles du si\u00e8ge de Paris pendant la guerre franco-prussienne.\u00a0<\/span><\/p>\n<p style=\"text-align: justify;\"><span style=\"font-size: 20px;\">Son \u0153uvre tombe rapidement dans l\u2019oubli avant d\u2019\u00eatre red\u00e9couverte au d\u00e9but du XX\u1d49 si\u00e8cle, notamment par\u00a0<a href=\"https:\/\/fr.wikipedia.org\/wiki\/Andr%C3%A9_Breton\" target=\"_blank\" rel=\"noopener\"><b>Andr\u00e9 Breton<\/b><\/a>,\u00a0<a href=\"https:\/\/fr.wikipedia.org\/wiki\/Philippe_Soupault\" target=\"_blank\" rel=\"noopener\"><b>Philippe Soupault<\/b><\/a>\u00a0et\u00a0<a href=\"https:\/\/fr.wikipedia.org\/wiki\/Louis_Aragon\" target=\"_blank\" rel=\"noopener\"><b>Louis Aragon<\/b><\/a>, qui voient en Lautr\u00e9amont un pr\u00e9curseur essentiel du <a href=\"https:\/\/fr.wikipedia.org\/wiki\/Surr%C3%A9alisme\" target=\"_blank\" rel=\"noopener\">surr\u00e9alisme<\/a>. <\/span><\/p>\n<p style=\"text-align: justify;\"><span style=\"font-size: 20px;\">La c\u00e9l\u00e8bre formule de\u00a0Maldoror\u00a0\u2014 \u00ab\u00a0<i>beau comme la rencontre fortuite sur une table de dissection d\u2019une machine \u00e0 coudre et d\u2019un parapluie<\/i>\u00a0\u00bb \u2014 devient embl\u00e9matique de l\u2019esth\u00e9tique moderne.\u00a0<\/span><\/p>\n<h4 style=\"text-align: justify;\"><span class=\"ez-toc-section\" id=\"pour-finir\"><\/span><span style=\"font-size: 20px;\"><strong>Pour finir:<\/strong><\/span><span class=\"ez-toc-section-end\"><\/span><\/h4>\n<p style=\"text-align: justify;\"><span style=\"font-size: 20px;\">Lautr\u00e9amont occupe une place paradoxale dans l\u2019histoire litt\u00e9raire. Marginal de son vivant, central pour la modernit\u00e9. <\/span><span style=\"font-size: 20px;\">Par la radicalit\u00e9 de son \u00e9criture, son rejet des conventions morales et esth\u00e9tiques, et sa r\u00e9flexion avant-gardiste sur le langage, il s\u2019impose comme l\u2019un des auteurs les plus influents \u2014 quoique tardivement reconnu \u2014 de la litt\u00e9rature fran\u00e7aise.\u00a0<\/span><\/p>\n<\/td>\n<\/tr>\n<\/tbody>\n<\/table>\n<p><img loading=\"lazy\" decoding=\"async\" class=\"aligncenter wp-image-52977\" src=\"https:\/\/frank-lovisolo.fr\/WordPress\/wp-content\/uploads\/2026\/04\/separateur-par-2026-LR.png\" alt=\"- - -\" width=\"494\" height=\"22\" title=\"-\" srcset=\"https:\/\/frank-lovisolo.fr\/WordPress\/wp-content\/uploads\/2026\/04\/separateur-par-2026-LR.png 988w, https:\/\/frank-lovisolo.fr\/WordPress\/wp-content\/uploads\/2026\/04\/separateur-par-2026-LR-460x20.png 460w, https:\/\/frank-lovisolo.fr\/WordPress\/wp-content\/uploads\/2026\/04\/separateur-par-2026-LR-768x34.png 768w, https:\/\/frank-lovisolo.fr\/WordPress\/wp-content\/uploads\/2026\/04\/separateur-par-2026-LR-250x11.png 250w, https:\/\/frank-lovisolo.fr\/WordPress\/wp-content\/uploads\/2026\/04\/separateur-par-2026-LR-150x7.png 150w\" sizes=\"auto, (max-width: 494px) 100vw, 494px\" \/><\/p>\n<table style=\"width: 100%; border-collapse: collapse;\" cellpadding=\"10\">\n<tbody>\n<tr>\n<td style=\"width: 100%;\">\n<h1 style=\"text-align: justify;\"><span class=\"ez-toc-section\" id=\"publies-en-1868-%e2%87%91%e2%87%91%e2%87%91\"><\/span><strong><span style=\"font-size: 22px;\"><img loading=\"lazy\" decoding=\"async\" class=\"size-full wp-image-51931 alignleft\" src=\"https:\/\/frank-lovisolo.fr\/WordPress\/wp-content\/uploads\/2026\/07\/Maldoror-edition-1868.jpg\" alt=\"- - -\" width=\"327\" height=\"500\" title=\"-\" srcset=\"https:\/\/frank-lovisolo.fr\/WordPress\/wp-content\/uploads\/2026\/07\/Maldoror-edition-1868.jpg 327w, https:\/\/frank-lovisolo.fr\/WordPress\/wp-content\/uploads\/2026\/07\/Maldoror-edition-1868-98x150.jpg 98w\" sizes=\"auto, (max-width: 327px) 100vw, 327px\" \/><a id=\"LC01\"><\/a>Publi\u00e9s en 1868 ,<\/span><\/strong><span style=\"font-size: 24px;\"><b>\u00a0 \u00a0 \u00a0 \u00a0 \u00a0<span style=\"font-size: 16px;\">\u00a0<\/span><\/b><span style=\"font-size: 16px;\"> <span style=\"background-color: #190032; color: #99ffff;\">\u00a0<\/span><span style=\"background-color: #190032; color: #99ffff;\"><a style=\"background-color: #190032; color: #99ffff;\" href=\"#RT01\"><span style=\"background-color: #190032;\">\u21d1<\/span><\/a><\/span><\/span><\/span><span style=\"font-size: 16px;\"><span style=\"background-color: #190032; color: #99ffff;\"><a style=\"background-color: #190032; color: #99ffff;\" href=\"#RT01\"><span style=\"background-color: #190032;\">\u21d1<\/span><\/a><\/span><span style=\"background-color: #190032; color: #99ffff;\"><a style=\"background-color: #190032; color: #99ffff;\" href=\"#RT01\"><span style=\"background-color: #190032;\">\u21d1\u00a0<\/span><\/a><\/span><\/span><span class=\"ez-toc-section-end\"><\/span><\/h1>\n<p style=\"text-align: justify;\"><span style=\"font-size: 20px;\">dans une quasi-indiff\u00e9rence et aussit\u00f4t frapp\u00e9s d\u2019un soup\u00e7on de scandale, <a href=\"https:\/\/fr.wikipedia.org\/wiki\/Les_Chants_de_Maldoror\" target=\"_blank\" rel=\"noopener\"><b>Les <\/b><b><i>Chants de Maldoror<\/i><\/b><\/a> d\u2019Isidore Ducasse, dit Lautr\u00e9amont, constituent l\u2019un des objets litt\u00e9raires les plus d\u00e9routants du XIX\u1d49 si\u00e8cle.<\/span><\/p>\n<p><span style=\"font-size: 15px;\">Lire :\u00a0 <span style=\"background-color: #320000;\">\u00a0\u00a0<\/span><span style=\"font-family: inherit; background-color: #320000;\">\u00a0<\/span><strong style=\"font-family: inherit;\"><span style=\"background-color: #320000;\"><span style=\"color: #ff9932;\"><a style=\"color: #ff9932;\" href=\"https:\/\/frank-lovisolo.fr\/WordPress\/maldoror-sauvage-textes\/\" target=\"_blank\" rel=\"noopener\">Les textes Choisis<\/a>\u00a0 <\/span>\u00a0<\/span> \u00a0&#8211;\u00a0 <span style=\"background-color: #000000; color: #ff9932;\">\u00a0 <a style=\"color: #ff9932;\" href=\"https:\/\/frank-lovisolo.fr\/pdf\/Les-Chants-de-Maldoror-(1874).pdf\" target=\"_blank\" rel=\"noopener\">Les Chants de Maldoror<\/a>\u00a0\u00a0<\/span><\/strong><\/span><\/p>\n<p style=\"text-align: justify;\" data-start=\"64\" data-end=\"396\"><span style=\"font-size: 20px;\">Le premier chant des <em data-start=\"85\" data-end=\"105\">Chants de Maldoror<\/em> est publi\u00e9 anonymement et \u00e0 compte d\u2019auteur \u00e0 l\u2019automne 1868, apr\u00e8s impression en ao\u00fbt chez Gustave Balitout, Questroy et Cie. Diffus\u00e9 \u00e0 Paris en novembre dans deux points de vente, il est ensuite repris en 1869 dans le recueil <em data-start=\"334\" data-end=\"356\">Les Parfums de l\u2019\u00e2me<\/em> d\u2019\u00c9variste Carrance, publi\u00e9 \u00e0 Bordeaux.<\/span><\/p>\n<p style=\"text-align: justify;\" data-start=\"398\" data-end=\"776\"><span style=\"font-size: 20px;\">L\u2019\u00e9dition compl\u00e8te de l\u2019\u0153uvre, comprenant les six chants et sign\u00e9e du pseudonyme \u00ab Comte de Lautr\u00e9amont \u00bb, est imprim\u00e9e \u00e0 compte d\u2019auteur en Belgique en ao\u00fbt 1869 par Albert Lacroix. Celui-ci renonce toutefois \u00e0 la mettre en vente, invoquant des risques judiciaires et le paiement incomplet du tirage par l\u2019auteur. L\u2019ouvrage ne sera donc pas diffus\u00e9 du vivant d\u2019Isidore Ducasse.<\/span><\/p>\n<p style=\"text-align: justify;\" data-start=\"778\" data-end=\"1228\"><span style=\"font-size: 20px;\">En 1874, les exemplaires de l\u2019\u00e9dition originale sont rachet\u00e9s par le libraire-\u00e9diteur Jean-Baptiste Rozez et remis en circulation sous une nouvelle couverture. L\u2019\u0153uvre commence \u00e0 \u00eatre reconnue en 1885 gr\u00e2ce \u00e0 Max Waller, qui en publie un extrait dans <em data-start=\"1029\" data-end=\"1048\">La Jeune Belgique<\/em>. La seconde \u00e9dition para\u00eet \u00e0 Paris en 1890 chez L\u00e9on Genonceaux ; \u00e9tablie \u00e0 partir d\u2019un manuscrit aujourd\u2019hui disparu, elle assurera la diffusion du texte malgr\u00e9 un tirage limit\u00e9.<\/span><\/p>\n<p style=\"text-align: justify;\" data-start=\"1230\" data-end=\"1355\" data-is-last-node=\"\" data-is-only-node=\"\"><span style=\"font-size: 20px;\">Isidore Ducasse ne publie que deux autres textes, <em data-start=\"1280\" data-end=\"1291\">Po\u00e9sies I<\/em> et <em data-start=\"1295\" data-end=\"1307\">Po\u00e9sies II<\/em>, parus en 1870 sous son nom, peu avant sa mort.<\/span><\/p>\n<p style=\"text-align: justify;\"><span style=\"font-size: 20px;\">\u0152uvre br\u00e8ve, inclassable et longtemps occult\u00e9e, <em>Maldoror<\/em> \u00e9chappe aux cat\u00e9gories traditionnelles de l\u2019histoire litt\u00e9raire; ni roman, ni po\u00e8me au sens classique, ni trait\u00e9 philosophique, le texte se pr\u00e9sente comme une succession de chants en prose, o\u00f9 se d\u00e9ploie une voix violente, ironique et profond\u00e9ment subversive. L\u2019\u00e9chec de sa r\u00e9ception contemporaine s\u2019explique autant par la radicalit\u00e9 de ses th\u00e8mes que par l\u2019\u00e9tranget\u00e9 de son \u00e9criture, qui rompt avec les attentes esth\u00e9tiques, morales et g\u00e9n\u00e9riques de son \u00e9poque.<\/span><\/p>\n<p style=\"text-align: justify;\"><span style=\"font-size: 20px;\">Lautr\u00e9amont \u00e9crit \u00e0 un moment charni\u00e8re de la modernit\u00e9 litt\u00e9raire, dans le sillage du romantisme finissant et \u00e0 la veille des grandes ruptures symbolistes et avant-gardistes. Pourtant, son \u0153uvre ne s\u2019inscrit pleinement dans aucun de ces courants. L\u00e0 o\u00f9 le romantisme exaltait l\u2019expression du moi souffrant, Lautr\u00e9amont d\u00e9construit toute forme de subjectivit\u00e9 stable ; l\u00e0 o\u00f9 la po\u00e9sie cherchait encore une harmonie formelle ou une \u00e9l\u00e9vation morale, <em>Maldoror<\/em> impose une \u00e9criture de la dissonance, de l\u2019exc\u00e8s et de la cruaut\u00e9. Ce refus de la consolation esth\u00e9tique fait du texte une entreprise profond\u00e9ment d\u00e9rangeante, qui semble contester la fonction m\u00eame de la litt\u00e9rature.<\/span><\/p>\n<p style=\"text-align: justify;\"><span style=\"font-size: 20px;\">En effet, <em>Les Chants de Maldoror<\/em> ne se contentent pas de repr\u00e9senter le mal: ils en font un principe actif du langage. La violence n\u2019y est pas seulement th\u00e9matique, elle est stylistique, syntaxique, rythmique. Le texte progresse par ruptures, accumulations, contradictions, refusant toute continuit\u00e9 narrative ou logique. <\/span><\/p>\n<p style=\"text-align: justify;\"><span style=\"font-size: 20px;\">Cette po\u00e9tique de la fragmentation emp\u00eache le lecteur de s\u2019installer dans une posture interpr\u00e9tative stable et met en crise les cat\u00e9gories traditionnelles de sens, de beaut\u00e9 et de v\u00e9rit\u00e9. En ce sens, Lautr\u00e9amont ne cherche pas tant \u00e0 scandaliser qu\u2019\u00e0 d\u00e9sorienter, \u00e0 produire une exp\u00e9rience de lecture fond\u00e9e sur l\u2019inconfort et la perte de rep\u00e8res.<\/span><\/p>\n<p style=\"text-align: justify;\"><span style=\"font-size: 20px;\">La singularit\u00e9 de <em>Maldoror<\/em> tient \u00e9galement \u00e0 son rapport aux discours institu\u00e9s. Le texte d\u00e9tourne et parodie des langages d\u2019autorit\u00e9 \u2014 religieux, scientifiques, moraux, juridiques \u2014 en les int\u00e9grant \u00e0 des sc\u00e8nes de violence ou de monstruosit\u00e9. Ce proc\u00e9d\u00e9 ne vise pas simplement la provocation anticl\u00e9ricale ou anti-bourgeoise, mais participe d\u2019une remise en cause plus profonde de la l\u00e9gitimit\u00e9 des syst\u00e8mes explicatifs du monde. Aucun discours ne sort indemne de cette entreprise de d\u00e9mystification. Dieu, la science, la morale apparaissent comme des constructions langagi\u00e8res fragiles, incapables de rendre compte de l\u2019exp\u00e9rience humaine dans sa brutalit\u00e9.<\/span><\/p>\n<p style=\"text-align: justify;\"><span style=\"font-size: 20px;\">Dans cette perspective, Maldoror ne saurait \u00eatre r\u00e9duit \u00e0 un personnage au sens traditionnel. <\/span><\/p>\n<div id=\"attachment_45184\" style=\"width: 206px\" class=\"wp-caption alignleft\"><img loading=\"lazy\" decoding=\"async\" aria-describedby=\"caption-attachment-45184\" class=\"wp-image-45184\" src=\"https:\/\/frank-lovisolo.fr\/WordPress\/wp-content\/uploads\/2023\/10\/Rimbaud-460x605.webp\" alt=\"- - -\" width=\"196\" height=\"258\" title=\"-\" srcset=\"https:\/\/frank-lovisolo.fr\/WordPress\/wp-content\/uploads\/2023\/10\/Rimbaud-460x605.webp 460w, https:\/\/frank-lovisolo.fr\/WordPress\/wp-content\/uploads\/2023\/10\/Rimbaud-114x150.webp 114w, https:\/\/frank-lovisolo.fr\/WordPress\/wp-content\/uploads\/2023\/10\/Rimbaud.webp 664w\" sizes=\"auto, (max-width: 196px) 100vw, 196px\" \/><p id=\"caption-attachment-45184\" class=\"wp-caption-text\"><span style=\"font-size: 12px;\">Rimbaud<\/span><\/p><\/div>\n<div id=\"attachment_51922\" style=\"width: 204px\" class=\"wp-caption alignright\"><img loading=\"lazy\" decoding=\"async\" aria-describedby=\"caption-attachment-51922\" class=\"wp-image-51922\" src=\"https:\/\/frank-lovisolo.fr\/WordPress\/wp-content\/uploads\/2026\/07\/Kafka.jpg\" alt=\"- - -\" width=\"194\" height=\"258\" title=\"-\" srcset=\"https:\/\/frank-lovisolo.fr\/WordPress\/wp-content\/uploads\/2026\/07\/Kafka.jpg 250w, https:\/\/frank-lovisolo.fr\/WordPress\/wp-content\/uploads\/2026\/07\/Kafka-113x150.jpg 113w\" sizes=\"auto, (max-width: 194px) 100vw, 194px\" \/><p id=\"caption-attachment-51922\" class=\"wp-caption-text\"><span style=\"font-size: 12px;\">Kafka<\/span><\/p><\/div>\n<p style=\"text-align: justify;\"><span style=\"font-size: 20px;\">Il constitue plut\u00f4t une figure textuelle, un lieu de condensation de la r\u00e9volte, de la n\u00e9gation et de l\u2019ironie. L\u2019instabilit\u00e9 de l\u2019\u00e9nonciation \u2014 oscillant entre le \u00ab je \u00bb, le \u00ab il \u00bb et l\u2019interpellation directe du lecteur \u2014 emp\u00eache toute identification psychologique et dissout la notion m\u00eame de sujet. Cette dissolution annonce certaines orientations majeures de la modernit\u00e9 litt\u00e9raire, notamment l\u2019impersonnalit\u00e9 de l\u2019\u00e9criture et la crise du moi, que l\u2019on retrouvera chez <a href=\"https:\/\/fr.wikipedia.org\/wiki\/Arthur_Rimbaud\" target=\"_blank\" rel=\"noopener\">Arthur Rimbaud<\/a>, puis chez <a href=\"https:\/\/fr.wikipedia.org\/wiki\/Franz_Kafka\" target=\"_blank\" rel=\"noopener\">Franz Kafka<\/a>.<\/span><\/p>\n<p style=\"text-align: justify;\"><span style=\"font-size: 20px;\">La red\u00e9couverte de Lautr\u00e9amont au XX\u1d49 si\u00e8cle, en particulier par les surr\u00e9alistes, confirme la port\u00e9e fondatrice de son \u0153uvre. Andr\u00e9 Breton voit en lui un pr\u00e9curseur de l\u2019\u00e9criture automatique et de l\u2019image de choc, fond\u00e9e sur la rencontre fortuite d\u2019\u00e9l\u00e9ments h\u00e9t\u00e9rog\u00e8nes.<br \/>\nCependant, r\u00e9duire <em>Maldoror<\/em> \u00e0 un simple anc\u00eatre du surr\u00e9alisme serait insuffisant.<br \/>\nL\u2019\u0153uvre engage une r\u00e9flexion plus large sur le statut du langage litt\u00e9raire, sur ses pouvoirs et ses impostures.<br \/>\n\u00c0 cet \u00e9gard, la c\u00e9l\u00e8bre formule de la \u00ab rencontre fortuite \u00bb ne rel\u00e8ve pas seulement d\u2019une esth\u00e9tique de l\u2019incongru, mais d\u2019une po\u00e9tique du d\u00e9r\u00e8glement syst\u00e9matique du sens.<\/span><\/p>\n<p style=\"text-align: justify;\"><span style=\"font-size: 20px;\">D\u00e8s lors, l\u2019enjeu de l\u2019analyse stylistique des <em>Chants de Maldoror<\/em> d\u00e9passe la simple description formelle. Il s\u2019agit de comprendre comment le style devient chez Lautr\u00e9amont un instrument de pens\u00e9e critique, un moyen de mettre en crise les fondements m\u00eames de la litt\u00e9rature occidentale.<br \/>\nLe style n\u2019est pas un ornement ni une signature individuelle: il est le lieu o\u00f9 s\u2019exerce une violence dirig\u00e9e contre les illusions du langage, contre l\u2019id\u00e9e d\u2019un sens stable, contre la croyance en une harmonie possible entre le monde et le discours.<\/span><\/p>\n<div id=\"attachment_51924\" style=\"width: 214px\" class=\"wp-caption alignleft\"><img loading=\"lazy\" decoding=\"async\" aria-describedby=\"caption-attachment-51924\" class=\"wp-image-51924\" src=\"https:\/\/frank-lovisolo.fr\/WordPress\/wp-content\/uploads\/2026\/07\/Baudelaire-Color-460x581.jpg\" alt=\"- - -\" width=\"204\" height=\"258\" title=\"-\" srcset=\"https:\/\/frank-lovisolo.fr\/WordPress\/wp-content\/uploads\/2026\/07\/Baudelaire-Color-460x581.jpg 460w, https:\/\/frank-lovisolo.fr\/WordPress\/wp-content\/uploads\/2026\/07\/Baudelaire-Color-119x150.jpg 119w, https:\/\/frank-lovisolo.fr\/WordPress\/wp-content\/uploads\/2026\/07\/Baudelaire-Color.jpg 475w\" sizes=\"auto, (max-width: 204px) 100vw, 204px\" \/><p id=\"caption-attachment-51924\" class=\"wp-caption-text\"><span style=\"font-size: 12px;\">Baudelaire<\/span><\/p><\/div>\n<p style=\"text-align: justify;\"><span style=\"font-size: 20px;\">On peut alors se demander en quoi le style des <em>Chants de Maldoror<\/em> constitue une po\u00e9tique de la rupture si radicale qu\u2019elle annonce certaines des orientations majeures de la modernit\u00e9 litt\u00e9raire, de <a href=\"https:\/\/fr.wikipedia.org\/wiki\/Charles_Baudelaire\" target=\"_blank\" rel=\"noopener\">Baudelaire<\/a> \u00e0 Rimbaud et \u00e0 Kafka. En d\u2019autres termes, comment l\u2019\u00e9criture \u00ablautr\u00e9amontienne\u00bb, par sa fragmentation, sa violence lexicale, son hybridation discursive et son ironie corrosive, transforme-t-elle la litt\u00e9rature en un espace de contestation des valeurs, des formes et du sujet lui-m\u00eame ?<\/span><\/p>\n<p style=\"text-align: justify;\"><span style=\"font-size: 20px;\">Pour r\u00e9pondre \u00e0 cette probl\u00e9matique, on montrera d\u2019abord que Lautr\u00e9amont \u00e9labore une prose po\u00e9tique fragment\u00e9e et violente, rompant avec les formes narratives et lyriques traditionnelles ; on analysera ensuite la subversion des genres et des discours comme principe stylistique central ; on \u00e9tudiera enfin l\u2019instabilit\u00e9 \u00e9nonciative et l\u2019ironie comme instruments de mise en crise du sujet et du lecteur, avant d\u2019ouvrir la r\u00e9flexion \u00e0 une perspective comparative permettant de situer <em>Maldoror<\/em> au c\u0153ur de la modernit\u00e9 litt\u00e9raire.<\/span><\/p>\n<p style=\"text-align: justify;\"><img loading=\"lazy\" decoding=\"async\" class=\"aligncenter wp-image-52977\" src=\"https:\/\/frank-lovisolo.fr\/WordPress\/wp-content\/uploads\/2026\/04\/separateur-par-2026-LR.png\" alt=\"- - -\" width=\"494\" height=\"22\" title=\"-\" srcset=\"https:\/\/frank-lovisolo.fr\/WordPress\/wp-content\/uploads\/2026\/04\/separateur-par-2026-LR.png 988w, https:\/\/frank-lovisolo.fr\/WordPress\/wp-content\/uploads\/2026\/04\/separateur-par-2026-LR-460x20.png 460w, https:\/\/frank-lovisolo.fr\/WordPress\/wp-content\/uploads\/2026\/04\/separateur-par-2026-LR-768x34.png 768w, https:\/\/frank-lovisolo.fr\/WordPress\/wp-content\/uploads\/2026\/04\/separateur-par-2026-LR-250x11.png 250w, https:\/\/frank-lovisolo.fr\/WordPress\/wp-content\/uploads\/2026\/04\/separateur-par-2026-LR-150x7.png 150w\" sizes=\"auto, (max-width: 494px) 100vw, 494px\" \/><\/p>\n<h2 style=\"text-align: justify;\"><span class=\"ez-toc-section\" id=\"une-prose-poetique-de-la-fragmentation-rupture-formelle-et-rythmique\"><\/span><span style=\"text-decoration: underline;\"><span style=\"font-size: 20px;\"><strong>Une prose po\u00e9tique de la fragmentation, rupture formelle et rythmique<\/strong><\/span><\/span><span class=\"ez-toc-section-end\"><\/span><\/h2>\n<h3 style=\"text-align: justify;\"><span class=\"ez-toc-section\" id=\"refus-de-la-narration-lineaire\"><\/span><span style=\"font-size: 20px;\"><strong>Refus de la narration lin\u00e9aire<\/strong><\/span><span class=\"ez-toc-section-end\"><\/span><\/h3>\n<p style=\"text-align: justify;\"><span style=\"font-size: 20px;\">Les <em>Chants de Maldoror<\/em> ne proposent aucune intrigue suivie. Le texte progresse par <strong>\u00e9pisodes disjoints<\/strong>, sans continuit\u00e9 temporelle ni causale. Cette fragmentation narrative emp\u00eache toute lecture romanesque classique et inscrit l\u2019\u0153uvre dans une logique de dislocation formelle.<\/span><\/p>\n<p style=\"text-align: justify;\"><span style=\"font-size: 20px;\">Lautr\u00e9amont substitue au r\u00e9cit une succession de visions, de sc\u00e8nes violentes et de m\u00e9ditations paradoxales. Le lecteur est priv\u00e9 de rep\u00e8res, ce qui produit un sentiment d\u2019instabilit\u00e9 permanente. Le style devient ainsi le reflet d\u2019un monde priv\u00e9 d\u2019ordre et de finalit\u00e9.<\/span><\/p>\n<h3 style=\"text-align: justify;\"><span class=\"ez-toc-section\" id=\"une-syntaxe-de-lexces\"><\/span><span style=\"font-size: 20px;\"><strong>Une syntaxe de l\u2019exc\u00e8s<\/strong><\/span><span class=\"ez-toc-section-end\"><\/span><\/h3>\n<p style=\"text-align: justify;\"><span style=\"font-size: 20px;\">Sur le plan syntaxique, Lautr\u00e9amont alterne: <\/span><span style=\"font-size: 20px;\">p\u00e9riodes longues, presque oratoires, <\/span><span style=\"font-size: 20px;\">phrases br\u00e8ves, coupantes, parfois injonctives.<\/span><\/p>\n<p style=\"text-align: justify;\"><span style=\"font-size: 20px;\">Ce contraste cr\u00e9e un rythme impr\u00e9visible qui rompt avec l\u2019harmonie classique. La prose acquiert une tension po\u00e9tique fond\u00e9e sur la rupture plut\u00f4t que sur la fluidit\u00e9. Cette \u00e9criture heurt\u00e9e emp\u00eache toute lecture passive et fait du texte une exp\u00e9rience \u00e9prouvante.<\/span><\/p>\n<h3 style=\"text-align: justify;\"><span class=\"ez-toc-section\" id=\"transition\"><\/span><span style=\"font-size: 20px;\"><strong>Transition<\/strong><\/span><span class=\"ez-toc-section-end\"><\/span><\/h3>\n<p style=\"text-align: justify;\"><span style=\"font-size: 20px;\">Cette fragmentation formelle ne saurait toutefois \u00eatre dissoci\u00e9e du contenu m\u00eame de l\u2019\u0153uvre. La rupture stylistique se manifeste \u00e9galement par une violence lexicale et imaginaire qui vise explicitement les valeurs morales et esth\u00e9tiques du XIX\u1d49 si\u00e8cle.<\/span><\/p>\n<h2 style=\"text-align: justify;\"><span class=\"ez-toc-section\" id=\"une-esthetique-de-la-violence-%e2%80%93-langage-cruaute-et-anti-lyrisme\"><\/span><span style=\"text-decoration: underline;\"><span style=\"font-size: 20px;\"><strong>Une esth\u00e9tique de la violence &#8211; langage, cruaut\u00e9 et anti-lyrisme<\/strong><\/span><\/span><span class=\"ez-toc-section-end\"><\/span><\/h2>\n<h3 style=\"text-align: justify;\"><span class=\"ez-toc-section\" id=\"la-violence-comme-principe-stylistique\"><\/span><span style=\"font-size: 20px;\"><strong>La violence comme principe stylistique<\/strong><\/span><span class=\"ez-toc-section-end\"><\/span><\/h3>\n<p style=\"text-align: justify;\"><span style=\"font-size: 20px;\">La violence dans <em>Maldoror<\/em> ne rel\u00e8ve pas seulement du th\u00e8me, elle est inscrite dans le langage lui-m\u00eame. Les champs lexicaux du sang, de la blessure, de la d\u00e9composition et de l\u2019animalit\u00e9 dominent le texte. La vie y est pr\u00e9sent\u00e9e comme souffrance originelle: <\/span><span style=\"font-size: 20px;\">\u00ab J\u2019ai re\u00e7u la vie comme une blessure \u00bb<\/span><br \/>\n<span style=\"font-size: 20px;\">Cette m\u00e9taphore fondamentale inverse le discours humaniste et religieux traditionnel. Le style refuse toute consolation ou sublimation.<\/span><\/p>\n<h3 style=\"text-align: justify;\"><span class=\"ez-toc-section\" id=\"rejet-du-lyrisme-romantique\"><\/span><span style=\"font-size: 20px;\"><strong>Rejet du lyrisme romantique<\/strong><\/span><span class=\"ez-toc-section-end\"><\/span><\/h3>\n<p style=\"text-align: justify;\"><span style=\"font-size: 20px;\">Contrairement au romantisme, qui valorise l\u2019expression de la souffrance comme voie de transcendance, Lautr\u00e9amont fait de la douleur un fait brut, d\u00e9pourvu de sens. Le style est volontairement froid, parfois clinique, ce qui accentue l\u2019effet de cruaut\u00e9.<\/span><br \/>\n<span style=\"font-size: 20px;\">Cette posture constitue une attaque directe contre la sentimentalit\u00e9 bourgeoise et la litt\u00e9rature \u00e9difiante. L\u2019\u00e9criture ne cherche pas \u00e0 \u00e9mouvoir, mais \u00e0 <strong>choquer et d\u00e9sillusionner<\/strong>.<\/span><\/p>\n<h3 style=\"text-align: justify;\"><span class=\"ez-toc-section\" id=\"transition-2\"><\/span><span style=\"font-size: 20px;\"><strong>Transition<\/strong><\/span><span class=\"ez-toc-section-end\"><\/span><\/h3>\n<p style=\"text-align: justify;\"><span style=\"font-size: 20px;\">Cependant, cette violence ne s\u2019exerce pas uniquement contre le lecteur, elle vise aussi les formes et les discours qui structurent la culture occidentale, que Lautr\u00e9amont s\u2019emploie \u00e0 d\u00e9tourner syst\u00e9matiquement.<\/span><\/p>\n<h2><span class=\"ez-toc-section\" id=\"subversion-des-genres-et-detournement-des-discours\"><\/span><span style=\"text-decoration: underline;\"><span style=\"font-size: 20px;\"><strong>Subversion des genres et d\u00e9tournement des discours<\/strong><\/span><\/span><span class=\"ez-toc-section-end\"><\/span><\/h2>\n<h3 style=\"text-align: justify;\"><span class=\"ez-toc-section\" id=\"hybridation-discursive\"><\/span><span style=\"font-size: 20px;\"><strong>Hybridation discursive<\/strong><\/span><span class=\"ez-toc-section-end\"><\/span><\/h3>\n<p style=\"text-align: justify;\"><span style=\"font-size: 20px;\">Lautr\u00e9amont int\u00e8gre dans son texte des fragments de discours scientifiques, religieux, juridiques et philosophiques. Mais ces discours sont d\u00e9plac\u00e9s de leur contexte, ce qui en r\u00e9v\u00e8le l\u2019arbitraire.<\/span><\/p>\n<p style=\"text-align: justify;\"><span style=\"font-size: 20px;\">Le discours scientifique, par exemple, loin d\u2019\u00e9clairer le r\u00e9el, sert \u00e0 d\u00e9crire l\u2019horreur avec une pr\u00e9cision glaciale. Il perd ainsi toute pr\u00e9tention \u00e0 l\u2019objectivit\u00e9 morale.<\/span><\/p>\n<h3 style=\"text-align: justify;\"><span class=\"ez-toc-section\" id=\"demystification-des-autorites-symboliques\"><\/span><span style=\"font-size: 20px;\"><strong>D\u00e9mystification des autorit\u00e9s symboliques<\/strong><\/span><span class=\"ez-toc-section-end\"><\/span><\/h3>\n<p style=\"text-align: justify;\"><span style=\"font-size: 20px;\">Dieu, la science, la morale; aucun discours n\u2019\u00e9chappe \u00e0 la subversion. Maldoror incarne une figure de r\u00e9volte qui ne propose pas d\u2019alternative positive, mais d\u00e9voile le caract\u00e8re oppressif des syst\u00e8mes de pens\u00e9e dominants.<\/span><\/p>\n<p style=\"text-align: justify;\"><span style=\"font-size: 20px;\">Cette \u00e9criture du d\u00e9tournement annonce les pratiques modernes du collage et de la citation critique, que Lautr\u00e9amont th\u00e9orisera explicitement dans <em>Po\u00e9sies<\/em>.<\/span><\/p>\n<h3 style=\"text-align: justify;\"><span class=\"ez-toc-section\" id=\"transition-3\"><\/span><span style=\"font-size: 20px;\"><strong>Transition<\/strong><\/span><span class=\"ez-toc-section-end\"><\/span><\/h3>\n<p style=\"text-align: justify;\"><span style=\"font-size: 20px;\">Cette crise des discours entra\u00eene logiquement une crise du sujet lui-m\u00eame, dont l\u2019identit\u00e9 se dissout dans une \u00e9nonciation instable et provocatrice.<\/span><\/p>\n<h2 style=\"text-align: justify;\"><span class=\"ez-toc-section\" id=\"instabilite-enonciative-et-ironie-crise-du-sujet-et-du-lecteur\"><\/span><span style=\"text-decoration: underline;\"><span style=\"font-size: 20px;\"><strong>Instabilit\u00e9 \u00e9nonciative et ironie: crise du sujet et du lecteur<\/strong><\/span><\/span><span class=\"ez-toc-section-end\"><\/span><\/h2>\n<h3 style=\"text-align: justify;\"><span class=\"ez-toc-section\" id=\"un-sujet-eclate\"><\/span><span style=\"font-size: 20px;\"><strong>Un sujet \u00e9clat\u00e9<\/strong><\/span><span class=\"ez-toc-section-end\"><\/span><\/h3>\n<p style=\"text-align: justify;\"><span style=\"font-size: 20px;\">Le texte passe sans cesse du \u00ab je \u00bb au \u00ab il \u00bb, parfois au \u00ab tu \u00bb, sans coh\u00e9rence apparente.<br \/>\nMaldoror n\u2019est jamais une identit\u00e9 stable, mais une <strong>fonction textuelle<\/strong>.<br \/>\nCette dissolution du sujet anticipe les conceptions modernes de l\u2019impersonnalit\u00e9 litt\u00e9raire.<\/span><\/p>\n<h3 style=\"text-align: justify;\"><span class=\"ez-toc-section\" id=\"le-lecteur-mis-en-accusation\"><\/span><span style=\"font-size: 20px;\"><strong>Le lecteur mis en accusation<\/strong><\/span><span class=\"ez-toc-section-end\"><\/span><\/h3>\n<p style=\"text-align: justify;\"><span style=\"font-size: 20px;\">Lautr\u00e9amont interpelle fr\u00e9quemment le lecteur, l\u2019obligeant \u00e0 reconna\u00eetre sa propre fascination pour la violence. Le style devient performatif; lire <em>Maldoror<\/em>, c\u2019est participer \u00e0 la transgression.<\/span><\/p>\n<h3><span class=\"ez-toc-section\" id=\"ironie-et-parodie\"><\/span><span style=\"font-size: 20px;\"><strong>Ironie et parodie<\/strong><\/span><span class=\"ez-toc-section-end\"><\/span><\/h3>\n<p style=\"text-align: justify;\"><span style=\"font-size: 20px;\">L\u2019hyperbole constante, les contradictions et les retournements soudains instaurent une distance ironique. Le texte ne c\u00e9l\u00e8bre pas le mal, il d\u00e9monte les discours qui pr\u00e9tendent d\u00e9finir le bien.<\/span><\/p>\n<h2 style=\"text-align: justify;\"><span class=\"ez-toc-section\" id=\"ouverture-comparative-lautreamont-et-la-modernite-litteraire\"><\/span><span style=\"text-decoration: underline;\"><span style=\"font-size: 22px;\"><strong>Ouverture comparative: Lautr\u00e9amont et la modernit\u00e9 litt\u00e9raire<\/strong><\/span><\/span><span class=\"ez-toc-section-end\"><\/span><\/h2>\n<h3 style=\"text-align: justify;\"><span class=\"ez-toc-section\" id=\"lautreamont-et-baudelaire-la-modernite-du-mal\"><\/span><span style=\"font-size: 20px;\"><strong>Lautr\u00e9amont et Baudelaire; la modernit\u00e9 du mal<\/strong><\/span><span class=\"ez-toc-section-end\"><\/span><\/h3>\n<p style=\"text-align: justify;\"><span style=\"font-size: 20px;\">Comme Baudelaire dans <em>Les Fleurs du mal<\/em>, Lautr\u00e9amont explore la laideur et le mal. Mais l\u00e0 o\u00f9 Baudelaire cherche encore une transmutation esth\u00e9tique, Lautr\u00e9amont refuse toute r\u00e9demption po\u00e9tique. Le mal n\u2019est pas sublim\u00e9, il est <strong>brutalis\u00e9<\/strong>.<\/span><\/p>\n<h3 style=\"text-align: justify;\"><span class=\"ez-toc-section\" id=\"lautreamont-et-rimbaud-dereglement-et-violence-du-langage\"><\/span><span style=\"font-size: 20px;\"><strong>Lautr\u00e9amont et Rimbaud: d\u00e9r\u00e8glement et violence du langage<\/strong><\/span><span class=\"ez-toc-section-end\"><\/span><\/h3>\n<p style=\"text-align: justify;\"><span style=\"font-size: 20px;\">Rimbaud et Lautr\u00e9amont partagent le rejet du lyrisme traditionnel et la volont\u00e9 de faire du langage une force de rupture. Toutefois, l\u00e0 o\u00f9 Rimbaud vise une illumination, Lautr\u00e9amont pousse le d\u00e9r\u00e8glement jusqu\u2019\u00e0 l\u2019absurde et au nihilisme.<\/span><\/p>\n<h3 style=\"text-align: justify;\"><span class=\"ez-toc-section\" id=\"lautreamont-et-kafka-crise-du-sens-et-du-sujet\"><\/span><span style=\"font-size: 20px;\"><strong>Lautr\u00e9amont et Kafka: crise du sens et du sujet<\/strong><\/span><span class=\"ez-toc-section-end\"><\/span><\/h3>\n<p style=\"text-align: justify;\"><span style=\"font-size: 20px;\">Kafka h\u00e9rite de Lautr\u00e9amont la mise en crise de l\u2019autorit\u00e9, l\u2019absurdit\u00e9 du monde et la dissolution du sujet. Chez l\u2019un comme chez l\u2019autre, le style r\u00e9v\u00e8le l\u2019impossibilit\u00e9 de toute justification morale ou rationnelle.<\/span><\/p>\n<p><img loading=\"lazy\" decoding=\"async\" class=\"aligncenter wp-image-52977\" src=\"https:\/\/frank-lovisolo.fr\/WordPress\/wp-content\/uploads\/2026\/04\/separateur-par-2026-LR.png\" alt=\"- - -\" width=\"494\" height=\"22\" title=\"-\" srcset=\"https:\/\/frank-lovisolo.fr\/WordPress\/wp-content\/uploads\/2026\/04\/separateur-par-2026-LR.png 988w, https:\/\/frank-lovisolo.fr\/WordPress\/wp-content\/uploads\/2026\/04\/separateur-par-2026-LR-460x20.png 460w, https:\/\/frank-lovisolo.fr\/WordPress\/wp-content\/uploads\/2026\/04\/separateur-par-2026-LR-768x34.png 768w, https:\/\/frank-lovisolo.fr\/WordPress\/wp-content\/uploads\/2026\/04\/separateur-par-2026-LR-250x11.png 250w, https:\/\/frank-lovisolo.fr\/WordPress\/wp-content\/uploads\/2026\/04\/separateur-par-2026-LR-150x7.png 150w\" sizes=\"auto, (max-width: 494px) 100vw, 494px\" \/><\/p>\n<h1><span class=\"ez-toc-section\" id=\"au-terme-de-cette-analyse-%e2%87%91%e2%87%91%e2%87%91\"><\/span><span style=\"font-size: 20px;\"><span style=\"text-decoration: underline;\"><strong>Au terme de cette analyse,<\/strong><\/span><b>\u00a0 \u00a0 \u00a0 \u00a0<span style=\"font-size: 16px;\"> \u00a0 \u00a0<\/span><\/b><span style=\"font-size: 16px;\"> <span style=\"background-color: #190032; color: #99ffff;\">\u00a0<\/span><span style=\"background-color: #190032; color: #99ffff;\"><a style=\"background-color: #190032; color: #99ffff;\" href=\"#RT01\"><span style=\"background-color: #190032;\">\u21d1<\/span><\/a><\/span><span style=\"background-color: #190032; color: #99ffff;\"><a style=\"background-color: #190032; color: #99ffff;\" href=\"#RT01\"><span style=\"background-color: #190032;\">\u21d1<\/span><\/a><\/span><span style=\"background-color: #190032; color: #99ffff;\"><a style=\"background-color: #190032; color: #99ffff;\" href=\"#RT01\"><span style=\"background-color: #190032;\">\u21d1\u00a0<\/span><\/a><\/span><\/span><\/span><span class=\"ez-toc-section-end\"><\/span><\/h1>\n<div id=\"attachment_51933\" style=\"width: 425px\" class=\"wp-caption alignleft\"><img loading=\"lazy\" decoding=\"async\" aria-describedby=\"caption-attachment-51933\" class=\"wp-image-51933 size-full\" src=\"https:\/\/frank-lovisolo.fr\/WordPress\/wp-content\/uploads\/2026\/07\/Portrait-presume-dIsidore-Ducasse-par-Charles-Reutlinger.jpg\" alt=\"Portrait pr\u00e9sum\u00e9 d\u2019Isidore Ducasse par Charles Reutlinger ( coloris\u00e9 )\" width=\"415\" height=\"700\" title=\"-\" srcset=\"https:\/\/frank-lovisolo.fr\/WordPress\/wp-content\/uploads\/2026\/07\/Portrait-presume-dIsidore-Ducasse-par-Charles-Reutlinger.jpg 415w, https:\/\/frank-lovisolo.fr\/WordPress\/wp-content\/uploads\/2026\/07\/Portrait-presume-dIsidore-Ducasse-par-Charles-Reutlinger-89x150.jpg 89w\" sizes=\"auto, (max-width: 415px) 100vw, 415px\" \/><p id=\"caption-attachment-51933\" class=\"wp-caption-text\"><span style=\"font-size: 12px;\">Portrait pr\u00e9sum\u00e9 d\u2019Isidore Ducasse par <a href=\"https:\/\/fr.wikipedia.org\/wiki\/Charles_Reutlinger\" target=\"_blank\" rel=\"noopener\">Charles Reutlinger<\/a> (coloris\u00e9)<\/span><\/p><\/div>\n<p style=\"text-align: justify;\"><span style=\"font-size: 20px;\">il appara\u00eet que le style des <em>Chants de Maldoror<\/em> ne peut \u00eatre envisag\u00e9 comme une simple singularit\u00e9 esth\u00e9tique ou comme une provocation isol\u00e9e dans le paysage litt\u00e9raire du XIX\u1d49 si\u00e8cle. Il constitue au contraire une <strong>po\u00e9tique de la rupture syst\u00e9matique<\/strong>, par laquelle Lautr\u00e9amont engage une remise en cause radicale des formes, des discours et des valeurs qui fondaient jusque-l\u00e0 la l\u00e9gitimit\u00e9 de la litt\u00e9rature. <\/span><\/p>\n<p style=\"text-align: justify;\"><span style=\"font-size: 20px;\">Loin d\u2019\u00eatre un exc\u00e8s gratuit, la violence stylistique de <em>Maldoror<\/em> se r\u00e9v\u00e8le \u00eatre une strat\u00e9gie critique, pens\u00e9e et m\u00e9thodique, visant \u00e0 exposer les illusions du langage et les impostures des syst\u00e8mes de sens.<\/span><\/p>\n<p style=\"text-align: justify;\"><span style=\"font-size: 20px;\">La fragmentation formelle du texte, son refus de la narration lin\u00e9aire et son rythme heurt\u00e9 traduisent une d\u00e9fiance profonde \u00e0 l\u2019\u00e9gard de toute coh\u00e9rence impos\u00e9e. En disloquant la prose et en multipliant les ruptures syntaxiques, Lautr\u00e9amont emp\u00eache la constitution d\u2019un r\u00e9cit unificateur et met en \u00e9chec la lecture interpr\u00e9tative traditionnelle. <\/span><\/p>\n<p style=\"text-align: justify;\"><span style=\"font-size: 20px;\">Le style devient ainsi l\u2019espace d\u2019une r\u00e9sistance \u00e0 la cl\u00f4ture du sens, o\u00f9 la discontinuit\u00e9 fait figure de principe fondateur. Cette \u00e9criture de la fracture annonce les exp\u00e9rimentations formelles de la modernit\u00e9, en particulier celles qui feront de la dislocation du texte le lieu privil\u00e9gi\u00e9 de la pens\u00e9e critique.<\/span><\/p>\n<p style=\"text-align: justify;\"><span style=\"font-size: 20px;\">Parall\u00e8lement, l\u2019esth\u00e9tique de la violence et de la cruaut\u00e9, loin de relever d\u2019une fascination na\u00efve pour le mal, op\u00e8re comme un <strong>anti-lyrisme radical<\/strong>. En refusant toute sublimation de la souffrance, Lautr\u00e9amont s\u2019attaque aux fondements sentimentaux et moralisateurs de la tradition romantique. <\/span><\/p>\n<p style=\"text-align: justify;\"><span style=\"font-size: 20px;\">La douleur, la laideur et l\u2019horreur ne sont plus des \u00e9tapes vers une r\u00e9demption esth\u00e9tique ou spirituelle, elles sont expos\u00e9es dans leur brutalit\u00e9 nue, r\u00e9v\u00e9lant l\u2019impuissance du langage \u00e0 en att\u00e9nuer l\u2019impact. En ce sens, <em>Maldoror<\/em> fait de la litt\u00e9rature non plus un lieu de consolation, mais un espace de confrontation.<\/span><\/p>\n<p style=\"text-align: justify;\"><span style=\"font-size: 20px;\">Cette confrontation s\u2019exerce \u00e9galement \u00e0 l\u2019encontre des discours institu\u00e9s. En d\u00e9tournant les langages religieux, scientifiques et moraux, Lautr\u00e9amont met en lumi\u00e8re leur caract\u00e8re construit et arbitraire. Aucun discours ne peut pr\u00e9tendre \u00e0 une autorit\u00e9 stable ou \u00e0 une v\u00e9rit\u00e9 universelle. La subversion des genres et l\u2019hybridation discursive participent ainsi d\u2019une entreprise de d\u00e9mystification g\u00e9n\u00e9ralis\u00e9e, o\u00f9 la litt\u00e9rature devient un laboratoire critique des syst\u00e8mes de pens\u00e9e.<\/span><\/p>\n<div id=\"attachment_52826\" style=\"width: 610px\" class=\"wp-caption alignright\"><img loading=\"lazy\" decoding=\"async\" aria-describedby=\"caption-attachment-52826\" class=\"size-full wp-image-52826\" src=\"https:\/\/frank-lovisolo.fr\/WordPress\/wp-content\/uploads\/2026\/04\/Lautreamont-arrive-a-Paris.jpg\" alt=\"Lautr\u00e9amont\" width=\"600\" height=\"900\" title=\"-\" srcset=\"https:\/\/frank-lovisolo.fr\/WordPress\/wp-content\/uploads\/2026\/04\/Lautreamont-arrive-a-Paris.jpg 600w, https:\/\/frank-lovisolo.fr\/WordPress\/wp-content\/uploads\/2026\/04\/Lautreamont-arrive-a-Paris-460x690.jpg 460w, https:\/\/frank-lovisolo.fr\/WordPress\/wp-content\/uploads\/2026\/04\/Lautreamont-arrive-a-Paris-100x150.jpg 100w\" sizes=\"auto, (max-width: 600px) 100vw, 600px\" \/><p id=\"caption-attachment-52826\" class=\"wp-caption-text\"><span style=\"font-size: 12px;\">Lautr\u00e9amont depuis peu arriv\u00e9 \u00e0 Paris &#8211; Prompt FCL<\/span><\/p><\/div>\n<p style=\"text-align: justify;\"><span style=\"font-size: 20px;\">La crise des discours entra\u00eene logiquement une crise du sujet. L\u2019instabilit\u00e9 \u00e9nonciative des <em>Chants de Maldoror<\/em>, la fluctuation des pronoms et l\u2019effacement de toute identit\u00e9 psychologique coh\u00e9rente dissolvent la notion traditionnelle d\u2019auteur et de personnage. <\/span><\/p>\n<p style=\"text-align: justify;\"><span style=\"font-size: 20px;\">Maldoror n\u2019est pas un \u00ab moi \u00bb \u00e0 interpr\u00e9ter, mais une fonction textuelle, un lieu de projection de la n\u00e9gation et de l\u2019ironie. Le lecteur, interpell\u00e9 et parfois accus\u00e9, se trouve lui aussi impliqu\u00e9 dans cette d\u00e9construction, la lecture devient une exp\u00e9rience inconfortable, o\u00f9 toute posture morale ou esth\u00e9tique est mise en question.<\/span><\/p>\n<p style=\"text-align: justify;\"><span style=\"font-size: 20px;\">C\u2019est pr\u00e9cis\u00e9ment cette capacit\u00e9 \u00e0 mettre en crise le lecteur, autant que le texte lui-m\u00eame, qui conf\u00e8re \u00e0 l\u2019\u0153uvre de Lautr\u00e9amont sa modernit\u00e9 durable. En refusant toute r\u00e9conciliation finale, toute synth\u00e8se apaisante, <em>Les Chants de Maldoror<\/em> inaugurent une conception de la litt\u00e9rature comme espace de tension permanente, o\u00f9 le sens demeure instable et conflictuel. <\/span><\/p>\n<p style=\"text-align: justify;\"><span style=\"font-size: 20px;\">Cette conception trouve des \u00e9chos chez Baudelaire dans l\u2019exploration du mal, chez Rimbaud dans le d\u00e9r\u00e8glement du langage et la dissolution du sujet, comme le fait Kafka dans l\u2019exp\u00e9rience de l\u2019absurde et de l\u2019opacit\u00e9 du monde.<\/span><\/p>\n<p style=\"text-align: justify;\"><span style=\"font-size: 20px;\">Ainsi, loin d\u2019\u00eatre une \u0153uvre marginale ou monstrueuse au sens n\u00e9gatif du terme, <em>Maldoror<\/em> appara\u00eet comme un texte fondateur, qui anticipe les grandes interrogations de la modernit\u00e9 litt\u00e9raire, la faillite des discours d\u2019autorit\u00e9, la crise du sujet, l\u2019impossibilit\u00e9 d\u2019un sens totalisant. Le style \u00ablautr\u00e9amontien\u00bb, en tant que pens\u00e9e en acte, ouvre la voie \u00e0 une litt\u00e9rature consciente de sa propre violence et de ses propres limites.<\/span><\/p>\n<p style=\"text-align: justify;\"><span style=\"font-size: 20px;\">En d\u00e9finitive, <em>Les Chants de Maldoror<\/em> invitent \u00e0 repenser la litt\u00e9rature non comme un lieu de repr\u00e9sentation fid\u00e8le du monde, mais comme un champ d\u2019exp\u00e9rimentation critique, o\u00f9 le langage se retourne contre lui-m\u00eame. Cette \u0153uvre demeure ainsi d\u2019une actualit\u00e9 saisissante, en ce qu\u2019elle rappelle que la litt\u00e9rature ne gagne en force que lorsqu\u2019elle accepte de mettre en p\u00e9ril ses propres fondements.<\/span><\/p>\n<\/td>\n<\/tr>\n<\/tbody>\n<\/table>\n<\/div>\n<p><span style=\"color: #ffffff;\"><img loading=\"lazy\" decoding=\"async\" class=\"aligncenter wp-image-52977\" src=\"https:\/\/frank-lovisolo.fr\/WordPress\/wp-content\/uploads\/2026\/04\/separateur-par-2026-LR.png\" alt=\"- - -\" width=\"494\" height=\"22\" title=\"-\" srcset=\"https:\/\/frank-lovisolo.fr\/WordPress\/wp-content\/uploads\/2026\/04\/separateur-par-2026-LR.png 988w, https:\/\/frank-lovisolo.fr\/WordPress\/wp-content\/uploads\/2026\/04\/separateur-par-2026-LR-460x20.png 460w, https:\/\/frank-lovisolo.fr\/WordPress\/wp-content\/uploads\/2026\/04\/separateur-par-2026-LR-768x34.png 768w, https:\/\/frank-lovisolo.fr\/WordPress\/wp-content\/uploads\/2026\/04\/separateur-par-2026-LR-250x11.png 250w, https:\/\/frank-lovisolo.fr\/WordPress\/wp-content\/uploads\/2026\/04\/separateur-par-2026-LR-150x7.png 150w\" sizes=\"auto, (max-width: 494px) 100vw, 494px\" \/><\/span><\/p>\n<table style=\"width: 100%; border-collapse: collapse;\" cellpadding=\"10\">\n<tbody>\n<tr style=\"height: 2111px;\">\n<td style=\"width: 100%; vertical-align: top;\"><span style=\"font-size: 15px;\">Lire :\u00a0 <span style=\"background-color: #320000;\">\u00a0\u00a0<\/span><span style=\"font-family: inherit; background-color: #320000;\">\u00a0<\/span><strong style=\"font-family: inherit;\"><span style=\"background-color: #320000;\"><span style=\"color: #ff9932;\"><a style=\"color: #ff9932;\" href=\"https:\/\/frank-lovisolo.fr\/WordPress\/maldoror-sauvage-textes\/\" target=\"_blank\" rel=\"noopener\">Les textes Choisis<\/a>\u00a0 <\/span>\u00a0<\/span> \u00a0&#8211;\u00a0 <span style=\"background-color: #000000; color: #ff9932;\">\u00a0 <a style=\"color: #ff9932;\" href=\"https:\/\/frank-lovisolo.fr\/pdf\/Les-Chants-de-Maldoror-(1874).pdf\" target=\"_blank\" rel=\"noopener\">Les Chants de Maldoror<\/a>\u00a0\u00a0<\/span><\/strong><\/span><\/p>\n<h1 style=\"text-align: justify;\"><span class=\"ez-toc-section\" id=\"article-de-madame-la-docteure-morgane-valombre-13-chants-musiques-par-f-c-lovisolo-%e2%87%91%e2%87%91%e2%87%91\"><\/span><strong><span style=\"font-size: 24px;\"><a id=\"CM13\"><\/a><span style=\"text-decoration: underline;\">Article de madame la Docteure <a href=\"#MOVA01\">Morgane Valombre<\/a> : 13 Chants musiqu\u00e9s par F-C Lovisolo<\/span><\/span><\/strong><span style=\"font-size: 24px;\"><b>\u00a0 \u00a0<\/b><span style=\"font-size: 20px;\">\u00a0<span style=\"background-color: #190032; color: #99ffff;\">\u00a0<\/span><span style=\"background-color: #190032; color: #99ffff;\"><a style=\"background-color: #190032; color: #99ffff;\" href=\"#RT01\"><span style=\"background-color: #190032;\">\u21d1<\/span><\/a><\/span><\/span><\/span><span style=\"font-size: 20px;\"><span style=\"background-color: #190032; color: #99ffff;\"><a style=\"background-color: #190032; color: #99ffff;\" href=\"#RT01\"><span style=\"background-color: #190032;\">\u21d1<\/span><\/a><\/span><span style=\"background-color: #190032; color: #99ffff;\"><a style=\"background-color: #190032; color: #99ffff;\" href=\"#RT01\"><span style=\"background-color: #190032;\">\u21d1\u00a0<\/span><\/a><\/span><\/span><span class=\"ez-toc-section-end\"><\/span><\/h1>\n<h1 style=\"text-align: center;\"><a href=\"https:\/\/frankcesarlovisolo.bandcamp.com\/album\/sauvage-pour-isidore-ducasse-comte-de-lautreamont\" target=\"_blank\" rel=\"noopener\"><img loading=\"lazy\" decoding=\"async\" class=\"wp-image-51221 alignleft\" src=\"https:\/\/frank-lovisolo.fr\/WordPress\/wp-content\/uploads\/2025\/11\/bandcamp-logotype-color-400-FrankV2.png\" alt=\"- - -\" width=\"333\" height=\"30\" title=\"-\"><\/a><\/h1>\n<h3 data-start=\"173\" data-end=\"234\"><\/h3>\n<h3 data-start=\"173\" data-end=\"234\"><\/h3>\n<h3 style=\"text-align: justify;\" data-start=\"173\" data-end=\"234\"><span class=\"ez-toc-section\" id=\"maldoror-comme-materiau-sonore-plutot-que-narratif-conformement-a-la-complexite-du-texte\"><\/span><span style=\"font-size: 20px;\"><strong><em data-start=\"180\" data-end=\"190\">Maldoror<\/em> comme mat\u00e9riau sonore plut\u00f4t que narratif, conform\u00e9ment \u00e0 la complexit\u00e9 du texte.<\/strong><\/span><span class=\"ez-toc-section-end\"><\/span><\/h3>\n<p style=\"text-align: justify;\" data-start=\"235\" data-end=\"527\"><span style=\"font-size: 20px;\">Du point de vue musicologique, <em data-start=\"266\" data-end=\"290\">Les Chants de Maldoror<\/em> ne se pr\u00eatent pas \u00e0 une mise en musique \u00ab\u2009illustrative\u2009\u00bb (au sens de l\u2019op\u00e9ra romantique ou du lied). Le texte ne raconte pas une histoire lin\u00e9aire, il fonctionne par <strong data-start=\"456\" data-end=\"477\">blocs d\u2019intensit\u00e9<\/strong>.<\/span><br data-start=\"478\" data-end=\"481\" \/><span style=\"font-size: 20px;\">Cela appelle des formes musicales telles que: des <\/span><span style=\"font-size: 20px;\">formes fragmentaires (sections autonomes, \u00e9clat\u00e9es), <\/span><span style=\"font-size: 20px;\">cycliques o\u00f9 les motifs ressurgissent d\u00e9form\u00e9s, <\/span><span style=\"font-size: 20px;\">ouvertes ou non t\u00e9l\u00e9ologiques (sans r\u00e9solution finale).<\/span><\/p>\n<p style=\"text-align: justify;\" data-start=\"715\" data-end=\"826\"><span style=\"font-size: 20px;\">La musique peut ainsi \u00e9pouser la logique du texte: non pas par progression, mais <strong data-start=\"793\" data-end=\"825\">accumulation et r\u00e9p\u00e9titions<\/strong>.<br \/>\n<\/span><\/p>\n<h3 style=\"text-align: justify;\" data-start=\"833\" data-end=\"881\"><span class=\"ez-toc-section\" id=\"rythme-prosodie-et-violence-du-phrase\"><\/span><span style=\"font-size: 20px;\"><strong>Rythme, prosodie, et violence du phras\u00e9<\/strong><\/span><span class=\"ez-toc-section-end\"><\/span><\/h3>\n<div style=\"text-align: justify;\"><span style=\"font-size: 20px;\">Lautr\u00e9amont \u00e9crit une prose dont le rythme est souvent martel\u00e9, syncop\u00e9, brusquement interrompu.<\/span><\/div>\n<div style=\"text-align: justify;\"><span style=\"font-size: 20px;\">Musicologiquement, cela se traduit par des rythmes instables (changements de mesure, pulsation bris\u00e9e), des accentuations impr\u00e9visibles, des silences violents, presque traumatiques.<\/span><\/div>\n<h3 style=\"text-align: justify;\" data-start=\"1328\" data-end=\"1357\"><span class=\"ez-toc-section\" id=\"-timbre-et-dissonance\"><\/span><span style=\"font-size: 20px;\"><strong>\u00a0Timbre et dissonance<\/strong><\/span><span class=\"ez-toc-section-end\"><\/span><\/h3>\n<p style=\"text-align: justify;\" data-start=\"1358\" data-end=\"1447\"><span style=\"font-size: 20px;\"><em data-start=\"1358\" data-end=\"1368\">Maldoror<\/em> appelle une esth\u00e9tique o\u00f9 le timbre prime sur la m\u00e9lodie. On observe souvent l&rsquo;<\/span><span style=\"font-size: 20px;\">usage de dissonances non r\u00e9solues, des <\/span><span style=\"font-size: 20px;\">textures granuleuses, satur\u00e9es, les <\/span><span style=\"font-size: 20px;\">frottements harmoniques prolong\u00e9s, percussions non conventionnelles issues d&rsquo;objets du quotidien et\/ou de l&rsquo;industrie.<\/span><\/p>\n<p style=\"text-align: justify;\" data-start=\"1561\" data-end=\"1651\"><span style=\"font-size: 20px;\">D\u2019un point de vue strictement musicologique, cela s\u2019inscrit dans une tradition allant de <\/span><span style=\"font-size: 20px;\">la <a href=\"https:\/\/fr.wikipedia.org\/wiki\/Seconde_%C3%A9cole_de_Vienne\" target=\"_blank\" rel=\"noopener\">Seconde \u00c9cole de Vienne<\/a>, <\/span><span style=\"font-size: 20px;\">\u00e0 la <a href=\"https:\/\/fr.wikipedia.org\/wiki\/Musique_spectrale\" target=\"_blank\" rel=\"noopener\">musique spectrale<\/a>, <\/span><span style=\"font-size: 20px;\">jusqu\u2019\u00e0 la <a href=\"https:\/\/fr.wikipedia.org\/wiki\/Musique_%C3%A9lectroacoustique\" target=\"_blank\" rel=\"noopener\">musique \u00e9lectroacoustique<\/a>. <\/span><span style=\"font-size: 20px;\">( on notera qu&rsquo;un zeste de jazz s&rsquo;est invit\u00e9 dans l&rsquo;oeuvre ! )<\/span><\/p>\n<p style=\"text-align: justify;\" data-start=\"1760\" data-end=\"1858\"><span style=\"font-size: 20px;\"><em>La dissonance n\u2019est pas ornementale; elle devient syst\u00e9mique, comme le mal chez Lautr\u00e9amont.<\/em><\/span><\/p>\n<h3 style=\"text-align: justify;\" data-start=\"2307\" data-end=\"2351\"><span class=\"ez-toc-section\" id=\"la-musique-comme-acces-a-linhumain\"><\/span><span style=\"font-size: 20px;\"><strong>La musique comme acc\u00e8s \u00e0 l\u2019inhumain<\/strong><\/span><span class=\"ez-toc-section-end\"><\/span><\/h3>\n<p style=\"text-align: justify;\" data-start=\"2352\" data-end=\"2480\"><span style=\"font-size: 20px;\"><em data-start=\"2371\" data-end=\"2381\">Maldoror<\/em> met en sc\u00e8ne ce qui exc\u00e8de le langage moral et rationnel. La musique, art non conceptuel, permet <\/span><span style=\"font-size: 20px;\">de dire ce qui \u00e9chappe au sens, <\/span><span style=\"font-size: 20px;\">d\u2019exprimer la cruaut\u00e9 sans justification, <\/span><span style=\"font-size: 20px;\">d\u2019atteindre une zone pr\u00e9-\u00e9thique, voire \u00ab\u2009anti-humaine\u2009\u00bb.<\/span><\/p>\n<div id=\"attachment_51923\" style=\"width: 260px\" class=\"wp-caption alignleft\"><img loading=\"lazy\" decoding=\"async\" aria-describedby=\"caption-attachment-51923\" class=\"size-full wp-image-51923\" src=\"https:\/\/frank-lovisolo.fr\/WordPress\/wp-content\/uploads\/2026\/07\/Schopenhauer.jpg\" alt=\"- - -\" width=\"250\" height=\"309\" title=\"-\" srcset=\"https:\/\/frank-lovisolo.fr\/WordPress\/wp-content\/uploads\/2026\/07\/Schopenhauer.jpg 250w, https:\/\/frank-lovisolo.fr\/WordPress\/wp-content\/uploads\/2026\/07\/Schopenhauer-121x150.jpg 121w\" sizes=\"auto, (max-width: 250px) 100vw, 250px\" \/><p id=\"caption-attachment-51923\" class=\"wp-caption-text\"><span style=\"font-size: 12px;\">Schopenhauer<\/span><\/p><\/div>\n<p style=\"text-align: justify;\" data-start=\"2616\" data-end=\"2763\"><span style=\"font-size: 20px;\">On rejoint ici une pens\u00e9e proche de <a href=\"https:\/\/fr.wikipedia.org\/wiki\/Arthur_Schopenhauer\" target=\"_blank\" rel=\"noopener\"><strong data-start=\"2652\" data-end=\"2668\">Schopenhauer<\/strong><\/a>: <\/span><span style=\"font-size: 20px;\"><em>la musique comme expression directe de la volont\u00e9: aveugle, violente, sans finalit\u00e9 morale.<\/em><\/span><\/p>\n<h3 style=\"text-align: justify;\" data-start=\"2770\" data-end=\"2831\"><span class=\"ez-toc-section\" id=\"transgression-de-la-forme-et-transgression-de-letre\"><\/span><span style=\"font-size: 20px;\"><strong>Transgression de la forme et transgression de l\u2019\u00eatre<\/strong><\/span><span class=\"ez-toc-section-end\"><\/span><\/h3>\n<p style=\"text-align: justify;\" data-start=\"2832\" data-end=\"2892\"><span style=\"font-size: 20px;\">Mettre <em data-start=\"2839\" data-end=\"2849\">Maldoror<\/em> en musique, c\u2019est op\u00e9rer un double geste: <\/span><span style=\"font-size: 20px;\">transgression litt\u00e9raire (d\u00e9j\u00e0 accomplie par le texte), <\/span><span style=\"font-size: 20px;\">transgression musicale (refus de l\u2019harmonie, de la r\u00e9solution).<\/span><\/p>\n<p style=\"text-align: justify;\" data-start=\"3018\" data-end=\"3152\"><span style=\"font-size: 20px;\"><em>La musique devient alors l\u2019\u00e9quivalent ontologique de Maldoror: elle ne repr\u00e9sente pas le mal, elle agit comme lui.<\/em><\/span><\/p>\n<p data-start=\"3018\" data-end=\"3152\"><span style=\"color: #ffffff; font-size: 20px;\">&#8211;<\/span><\/p>\n<h3 style=\"text-align: justify;\" data-start=\"3159\" data-end=\"3203\"><span class=\"ez-toc-section\" id=\"le-rituel-sacre-inverse-et-le-chiffre-13-triskaidekaphobie\"><\/span><span style=\"font-size: 20px;\"><strong>Le Rituel sacr\u00e9 invers\u00e9 et le chiffre 13 (<a title=\"Triska\u00efd\u00e9kaphobie\" href=\"https:\/\/fr.wikipedia.org\/wiki\/Triska%C3%AFd%C3%A9kaphobie\" target=\"_blank\" rel=\"noopener\">triska\u00efd\u00e9kaphobie<\/a>?)<\/strong><\/span><span class=\"ez-toc-section-end\"><\/span><\/h3>\n<div style=\"text-align: justify;\"><span style=\"font-size: 20px;\">La division de l\u2019\u0153uvre en treize chants n\u2019est pas anodine : elle installe d\u2019embl\u00e9e une symbolique du renversement. <\/span><\/div>\n<div style=\"text-align: justify;\"><span style=\"font-size: 20px;\"><span style=\"font-size: 20px;\">Le chiffre <strong>13<\/strong>, souvent associ\u00e9 \u00e0 la <a style=\"font-family: inherit;\" title=\"Triska\u00efd\u00e9kaphobie\" href=\"https:\/\/fr.wikipedia.org\/wiki\/Triska%C3%AFd%C3%A9kaphobie\" target=\"_blank\" rel=\"noopener\">triska\u00efd\u00e9kaphobie<\/a><\/span><\/span><span style=\"font-size: 20px;\">, cette peur superstitieuse d\u2019un nombre (maudit?), devient ici le socle d\u2019une liturgie invers\u00e9e. <\/span><\/div>\n<div style=\"text-align: justify;\"><span style=\"font-size: 20px;\">Il ne s\u2019agit plus d\u2019une mal\u00e9diction \u00e0 conjurer, mais d\u2019un principe actif, d\u2019un rite profanateur qui transforme la crainte en provocation, et la tradition en transgression. Le compositeur ne se contente pas de d\u00e9fier les tabous : il en fait le c\u0153ur m\u00eame de son \u0153uvre, comme pour signifier que le sacr\u00e9, une fois vid\u00e9 de sa transcendance, ne survit que dans sa n\u00e9gation jubilatoire.<\/span><\/div>\n<div><\/div>\n<div style=\"text-align: justify;\"><span style=\"font-size: 20px;\">Cette structure en treize mouvements d\u00e9passe ainsi la simple ironie ou l\u2019ath\u00e9isme militant. Elle incarne une radicalit\u00e9 philosophique : par une rationalit\u00e9 implacable, l\u2019\u0153uvre ach\u00e8ve la d\u00e9sacralisation du sacr\u00e9, ne retenant de lui qu\u2019une c\u00e9l\u00e9bration humaine, trop humaine, d\u00e9senchant\u00e9e, iconoclaste, et profond\u00e9ment nietzsch\u00e9enne. <\/span><\/div>\n<div style=\"text-align: justify;\"><span style=\"font-size: 20px;\">Le compositeur y r\u00e9alise ce que <a href=\"https:\/\/fr.wikipedia.org\/wiki\/Friedrich_Nietzsche\" target=\"_blank\" rel=\"noopener\">Nietzsche<\/a> annon\u00e7ait : la destruction des valeurs comme pr\u00e9lude \u00e0 l\u2019affirmation d\u2019une \u00e9nergie dionysiaque, enfin lib\u00e9r\u00e9e des illusions apolliniennes. Le sacr\u00e9 n\u2019est plus ce qui \u00e9l\u00e8ve, mais ce qui pr\u00e9cipite ; il ne console plus, il d\u00e9fie.<\/span><\/div>\n<div><\/div>\n<div style=\"text-align: justify;\"><span style=\"font-size: 20px;\">Dans cette perspective, l\u2019\u00e9coute elle-m\u00eame devient une \u00e9preuve.<br \/>\nElle n\u2019est pas passive, mais exigeante, presque initiatique. Le public n\u2019est plus un fid\u00e8le en qu\u00eate de r\u00e9demption, mais un t\u00e9moin, un complice, d\u2019une c\u00e9r\u00e9monie de dissolution, o\u00f9 la musique, instrument de subversion, le confronte \u00e0 l\u2019absence de sens tout en l\u2019invitant \u00e0 en inventer un nouveau.<br \/>\nL\u2019\u0153uvre, en somme, ne se contente pas de nier le sacr\u00e9 : elle en r\u00e9invente les formes, non pour le restaurer, mais pour en r\u00e9v\u00e9ler l\u2019arbitraire et, ce faisant, pour c\u00e9l\u00e9brer la libert\u00e9 qui en \u00e9merge.<\/span><\/div>\n<h3 style=\"text-align: justify;\" data-start=\"4039\" data-end=\"4125\"><span style=\"font-size: 20px;\"><strong><img loading=\"lazy\" decoding=\"async\" class=\"size-medium wp-image-49193 alignright\" src=\"https:\/\/frank-lovisolo.fr\/WordPress\/wp-content\/uploads\/2024\/11\/Antonin_Artaud-La-question-1-460x570.jpg\" alt=\"- - -\" width=\"460\" height=\"570\" title=\"-\" srcset=\"https:\/\/frank-lovisolo.fr\/WordPress\/wp-content\/uploads\/2024\/11\/Antonin_Artaud-La-question-1-460x570.jpg 460w, https:\/\/frank-lovisolo.fr\/WordPress\/wp-content\/uploads\/2024\/11\/Antonin_Artaud-La-question-1-768x952.jpg 768w, https:\/\/frank-lovisolo.fr\/WordPress\/wp-content\/uploads\/2024\/11\/Antonin_Artaud-La-question-1-121x150.jpg 121w, https:\/\/frank-lovisolo.fr\/WordPress\/wp-content\/uploads\/2024\/11\/Antonin_Artaud-La-question-1.jpg 1024w\" sizes=\"auto, (max-width: 460px) 100vw, 460px\" \/><\/strong><\/span><\/h3>\n<h3 style=\"text-align: justify;\" data-start=\"3664\" data-end=\"3693\"><span class=\"ez-toc-section\" id=\"lecoute-comme-epreuve\"><\/span><span style=\"font-size: 20px;\"><strong>L\u2019\u00e9coute comme \u00e9preuve:<\/strong><\/span><span class=\"ez-toc-section-end\"><\/span><\/h3>\n<p style=\"text-align: justify;\" data-start=\"3694\" data-end=\"3833\"><span style=\"font-size: 20px;\">La mise en musique de <em data-start=\"3743\" data-end=\"3753\">Maldoror<\/em> ne cherche pas le plaisir esth\u00e9tique acad\u00e9mique. Elle transforme l\u2019\u00e9coute en une \u00e9preuve, une confrontation et\/ou une exp\u00e9rience sans fronti\u00e8re.<\/span><\/p>\n<p style=\"text-align: justify;\" data-start=\"3888\" data-end=\"4005\"><span style=\"font-size: 20px;\">L\u2019auditeur n\u2019est pas \u00ab\u2009\u00e9mu\u2009\u00bb au sens traditionnel: il est symboliquement expos\u00e9 au danger, \u00e0 l&rsquo;instar du texte.<\/span><\/p>\n<article>\n<div class=\"text-base my-auto mx-auto [--thread-content-margin:--spacing(4)] @w-sm\/main:[--thread-content-margin:--spacing(6)] @w-lg\/main:[--thread-content-margin:--spacing(16)] px-(--thread-content-margin)\">\n<div class=\"[--thread-content-max-width:40rem] @w-lg\/main:[--thread-content-max-width:48rem] mx-auto max-w-(--thread-content-max-width) flex-1 group\/turn-messages focus-visible:outline-hidden relative flex w-full min-w-0 flex-col agent-turn\">\n<div class=\"flex max-w-full flex-col grow\">\n<div class=\"min-h-8 text-message relative flex w-full flex-col items-end gap-2 text-start break-words whitespace-normal [.text-message+&amp;]:mt-1\" dir=\"auto\" data-message-author-role=\"assistant\" data-message-id=\"f6fed2dc-0e53-4b1e-8968-21e51f33b0e6\" data-message-model-slug=\"gpt-5-2\">\n<div class=\"flex w-full flex-col gap-1 empty:hidden first:pt-[1px]\">\n<div class=\"markdown prose dark:prose-invert w-full wrap-break-word dark markdown-new-styling\">\n<h3 style=\"text-align: justify;\" data-start=\"4039\" data-end=\"4125\"><span class=\"ez-toc-section\" id=\"mettre-les-chants-de-maldoror-en-musique-revient-a%e2%80%a6\"><\/span><span style=\"font-size: 20px;\"><strong>Mettre <em data-start=\"4078\" data-end=\"4102\">Les Chants de Maldoror<\/em> en musique revient \u00e0&#8230;<\/strong><\/span><span class=\"ez-toc-section-end\"><\/span><\/h3>\n<p><span style=\"font-size: 20px;\">&#8230;privil\u00e9gier timbre, rythme et dissonance, adopter des formes instables, faire de la structure elle-m\u00eame une violence, donner de la voix \u00e0 l\u2019inhumain, faire de la musique un acte de transgression ontologique.<\/span><\/p>\n<\/div>\n<h3 style=\"text-align: justify;\"><span class=\"ez-toc-section\" id=\"puisque-juste-avant-ce-projet-il-y-eut-celui-d%e2%80%98antonin-artaud\"><\/span><span style=\"font-size: 20px;\"><strong>Puisque juste avant ce projet il y eut <a href=\"https:\/\/frank-lovisolo.fr\/WordPress\/pour-en-finir-avec-le-jugement-de-dieu\/\" target=\"_blank\" rel=\"noopener\">celui <\/a><a href=\"https:\/\/fr.wikipedia.org\/wiki\/Arthur_Schopenhauer\" target=\"_blank\" rel=\"noopener\">d<\/a><a href=\"https:\/\/frank-lovisolo.fr\/WordPress\/pour-en-finir-avec-le-jugement-de-dieu\/\" target=\"_blank\" rel=\"noopener\">&lsquo;Antonin Artaud:<\/a><\/strong><\/span><span class=\"ez-toc-section-end\"><\/span><\/h3>\n<p style=\"text-align: justify;\" data-start=\"3741\" data-end=\"3835\"><span style=\"font-size: 20px;\">Comparer <em data-start=\"3750\" data-end=\"3774\">Les Chants de Maldoror<\/em> \u00e0 Artaud, c\u2019est comprendre deux moments d\u2019une m\u00eame r\u00e9volte:<\/span><\/p>\n<p style=\"padding-left: 40px;\" data-start=\"3839\" data-end=\"3916\"><span style=\"font-size: 20px;\"><strong data-start=\"3839\" data-end=\"3854\">Lautr\u00e9amont<\/strong> ouvre la voie; il fait \u00e9clater le sens par l\u2019exc\u00e8s po\u00e9tique.<br \/>\n<strong>Antonin<\/strong> <strong data-start=\"3919\" data-end=\"3929\">Artaud<\/strong> ach\u00e8ve le geste; il d\u00e9truit le langage au profit du cri et du corps.<\/span><\/p>\n<p style=\"text-align: justify;\" data-start=\"4001\" data-end=\"4213\"><span style=\"font-size: 20px;\">Mettre <em data-start=\"4035\" data-end=\"4045\">Maldoror<\/em> en musique aujourd\u2019hui revient presque in\u00e9vitablement \u00e0 le lire \u00e0 travers Antonin Artaud: non plus comme un texte \u00e0 sublimer, mais comme <span style=\"text-decoration: underline;\"><strong>une mati\u00e8re \u00e0 faire hurler<\/strong><\/span>.<\/span><\/p>\n<p style=\"text-align: justify;\" data-start=\"4001\" data-end=\"4213\"><span style=\"font-size: 20px;\"><img loading=\"lazy\" decoding=\"async\" class=\"aligncenter wp-image-52977\" src=\"https:\/\/frank-lovisolo.fr\/WordPress\/wp-content\/uploads\/2026\/04\/separateur-par-2026-LR.png\" alt=\"- - -\" width=\"494\" height=\"22\" title=\"-\" srcset=\"https:\/\/frank-lovisolo.fr\/WordPress\/wp-content\/uploads\/2026\/04\/separateur-par-2026-LR.png 988w, https:\/\/frank-lovisolo.fr\/WordPress\/wp-content\/uploads\/2026\/04\/separateur-par-2026-LR-460x20.png 460w, https:\/\/frank-lovisolo.fr\/WordPress\/wp-content\/uploads\/2026\/04\/separateur-par-2026-LR-768x34.png 768w, https:\/\/frank-lovisolo.fr\/WordPress\/wp-content\/uploads\/2026\/04\/separateur-par-2026-LR-250x11.png 250w, https:\/\/frank-lovisolo.fr\/WordPress\/wp-content\/uploads\/2026\/04\/separateur-par-2026-LR-150x7.png 150w\" sizes=\"auto, (max-width: 494px) 100vw, 494px\" \/><\/span><\/p>\n<p style=\"text-align: justify;\"><span style=\"font-size: 20px;\"><a id=\"IN01\"><\/a><strong>Appliqu\u00e9e \u00e0 \u00abLes Chants de Maldoror\u00bb du Comte de Lautr\u00e9amont, la formule&#8230;<\/strong>\u00a0 \u00a0 <\/span><span style=\"font-size: 24px;\"><span style=\"font-size: 16px;\"><span style=\"background-color: #190032; color: #99ffff;\">\u00a0<\/span><span style=\"background-color: #190032; color: #99ffff;\"><a style=\"background-color: #190032; color: #99ffff;\" href=\"#RT01\"><span style=\"background-color: #190032;\">\u21d1<\/span><\/a><\/span><\/span><\/span><span style=\"font-size: 16px;\"><span style=\"background-color: #190032; color: #99ffff;\"><a style=\"background-color: #190032; color: #99ffff;\" href=\"#RT01\"><span style=\"background-color: #190032;\">\u21d1<\/span><\/a><\/span><span style=\"background-color: #190032; color: #99ffff;\"><a style=\"background-color: #190032; color: #99ffff;\" href=\"#RT01\"><span style=\"background-color: #190032;\">\u21d1\u00a0<\/span><\/a><\/span><\/span><\/p>\n<h3 style=\"text-align: justify;\"><span class=\"ez-toc-section\" id=\"%c2%ab-la-musique-pour-entendre-lindicible-%c2%bb\"><\/span><span style=\"text-decoration: underline; font-size: 24px;\"><strong> \u00ab La musique pour entendre l\u2019indicible \u00bb<\/strong> <\/span><span class=\"ez-toc-section-end\"><\/span><\/h3>\n<p style=\"text-align: justify;\"><span style=\"font-size: 20px;\">&#8230;ne peut \u00eatre entendue comme la simple illustration sonore d\u2019une \u0153uvre litt\u00e9raire. Elle ouvre une r\u00e9flexion d\u2019ordre esth\u00e9tique, ph\u00e9nom\u00e9nologique et ontologique sur les limites du discours et sur les diff\u00e9rents r\u00e9gimes de signification.<\/span><\/p>\n<p style=\"text-align: justify;\"><span style=\"font-size: 20px;\">Ce qui ne peut se formuler ne renvoie pas seulement \u00e0 l\u2019impossibilit\u00e9 de dire ; cela d\u00e9signe surtout ce qui d\u00e9borde les structures rationnelles et met en crise toute stabilisation du sens. Dans Maldoror, cet exc\u00e8s s\u2019exprime par une \u00e9criture de la d\u00e9mesure : prolif\u00e9ration d\u2019images, violences imaginaires, dislocations syntaxiques, alliances du sublime et du grotesque. L\u2019auteur conduit la langue jusqu\u2019\u00e0 son point de tension extr\u00eame, l\u00e0 o\u00f9 la figuration chancelle et o\u00f9 s\u2019installe un conflit entre l\u2019\u00e9lan d\u2019\u00e9nonciation et l\u2019impossibilit\u00e9 d\u2019en fixer la port\u00e9e.<\/span><\/p>\n<p style=\"text-align: justify;\"><span style=\"font-size: 20px;\">Cette zone limite prend la forme d\u2019une n\u00e9gativit\u00e9 radicale, d\u2019une violence cosmique qui exc\u00e8de l\u2019horizon humain. De telles dimensions r\u00e9sistent \u00e0 toute imitation ou figuration ad\u00e9quate : elles ne se laissent ni circonscrire par le concept ni contenir par la description. Le discours atteint alors son seuil critique.<\/span><\/p>\n<p style=\"text-align: justify;\"><span style=\"font-size: 20px;\">C\u2019est pr\u00e9cis\u00e9ment \u00e0 cet endroit qu\u2019intervient l\u2019art sonore, non comme commentaire, mais comme d\u00e9placement du r\u00e9gime s\u00e9miotique. Il ne traduit pas l\u2019\u0153uvre ; il en intensifie les forces sur un autre plan. En substituant au mode discursif une intelligibilit\u00e9 non conceptuelle, il contourne l\u2019impasse de la figuration. Il ne d\u00e9signe pas la n\u00e9gativit\u00e9 : il en fait \u00e9prouver la tension. Il ne d\u00e9crit pas l\u2019ab\u00eeme : il en instaure la profondeur par le jeu des masses, des dissonances, des silences et des suspensions.<\/span><\/p>\n<p style=\"text-align: justify;\"><span style=\"font-size: 20px;\">La mise en composition transforme ainsi l\u2019exp\u00e9rience esth\u00e9tique : d\u2019une d\u00e9marche interpr\u00e9tative centr\u00e9e sur la recherche de signification, elle la d\u00e9place vers une immersion sensible et affective. L\u00e0 o\u00f9 la lecture sollicite l\u2019analyse, l\u2019\u00e9coute expose le sujet \u00e0 une dynamique d\u2019intensit\u00e9s. L\u2019art musical ne produit pas des concepts ; il g\u00e9n\u00e8re des forces et des affects.<\/span><\/p>\n<p style=\"text-align: justify;\"><span style=\"font-size: 20px;\">\u00ab Entendre l\u2019indicible \u00bb signifie d\u00e8s lors donner une consistance perceptible \u2014 temporelle, vibratoire et \u00e9motionnelle \u2014 \u00e0 ce qui exc\u00e8de la rationalit\u00e9 discursive. Il ne s\u2019agit pas de combler l\u2019impossibilit\u00e9 du dire, mais d\u2019en convertir la limite en exp\u00e9rience.<\/span><\/p>\n<p style=\"text-align: justify;\"><span style=\"font-size: 20px;\">Dans une perspective plus symbolique, Maldoror explore les r\u00e9gions obscures de l\u2019\u00e2me humaine, ses confins inavouables et ses puissances de n\u00e9gation. L\u2019abstraction propre \u00e0 l\u2019\u00e9criture sonore \u00e9pouse cette obscurit\u00e9 sans pr\u00e9tendre la r\u00e9duire. Elle ext\u00e9riorise l\u2019inexprimable non par la m\u00e9diation du concept, mais par celle de la sensation.<\/span><\/p>\n<p style=\"text-align: justify;\"><span style=\"font-size: 20px;\">Ainsi comprise, la formule met en lumi\u00e8re la compl\u00e9mentarit\u00e9 entre la po\u00e9sie visionnaire de Lautr\u00e9amont et la puissance expressive de la composition : toutes deux ne franchissent pas les fronti\u00e8res du discours pour les abolir, mais pour en \u00e9prouver la limite et en faire le lieu m\u00eame de l\u2019exp\u00e9rience esth\u00e9tique.<\/span><\/p>\n<hr \/>\n<\/div>\n<\/div>\n<\/div>\n<\/div>\n<\/div>\n<\/article>\n<\/td>\n<\/tr>\n<\/tbody>\n<\/table>\n<table style=\"width: 100%; border-collapse: collapse; background-color: #edfff8;\" cellpadding=\"10\">\n<tbody>\n<tr>\n<td style=\"width: 50%; vertical-align: top;\">\n<div><span style=\"font-size: 15px;\"><strong><img loading=\"lazy\" decoding=\"async\" class=\"alignleft wp-image-51998\" src=\"https:\/\/frank-lovisolo.fr\/WordPress\/wp-content\/uploads\/2026\/02\/Colette-006-460x690.jpg\" alt=\"- - -\" width=\"180\" height=\"270\" title=\"-\" srcset=\"https:\/\/frank-lovisolo.fr\/WordPress\/wp-content\/uploads\/2026\/02\/Colette-006-460x690.jpg 460w, https:\/\/frank-lovisolo.fr\/WordPress\/wp-content\/uploads\/2026\/02\/Colette-006-100x150.jpg 100w, https:\/\/frank-lovisolo.fr\/WordPress\/wp-content\/uploads\/2026\/02\/Colette-006.jpg 640w\" sizes=\"auto, (max-width: 180px) 100vw, 180px\" \/><\/strong><strong><a id=\"MOVA01\"><\/a>Auteur : Morgane Valombre<\/strong><\/span><\/div>\n<div><span style=\"font-size: 15px;\"><strong data-start=\"108\" data-end=\"155\">Docteure en Lautr\u00e9amont<br \/>\n<\/strong>(m\u00e9tavers certifi\u00e9)<strong data-start=\"108\" data-end=\"155\"><br \/>\n<\/strong>Secr\u00e9taire bien particuli\u00e8re du compositeur.<\/span><\/div>\n<div style=\"text-align: justify;\"><span style=\"font-size: 15px;\"><strong data-start=\"108\" data-end=\"155\"><br \/>\n<\/strong><strong>Formation<\/strong><\/span><br data-start=\"170\" data-end=\"173\" \/><span style=\"font-size: 15px;\">Doctorat en litt\u00e9rature fran\u00e7aise \u2013 Universit\u00e9 M\u00e9taversitaire Europ\u00e9enne<\/span><br \/>\n<span style=\"font-size: 15px;\">Universit\u00e9 de pataphysique.<\/span><br data-start=\"245\" data-end=\"248\" \/><span style=\"font-size: 15px;\">Th\u00e8se : <em data-start=\"256\" data-end=\"310\">Maldoror m\u2019a suivie jusque dans la r\u00e9alit\u00e9 virtuelle&#8230;<\/em><\/span><br data-start=\"310\" data-end=\"313\" \/><span style=\"font-size: 15px;\">Soutenance : amphith\u00e9\u00e2tre holographique, jury mi-humain mi-algorithme<\/span><\/div>\n<p style=\"text-align: justify;\"><span style=\"font-size: 15px;\"><strong>Sp\u00e9cialit\u00e9<\/strong><\/span><br data-start=\"399\" data-end=\"402\" \/><span style=\"font-size: 15px;\">Lautr\u00e9amont, cruaut\u00e9, monstres, avatars, phrases qui mordent et d&rsquo;autres qui m&rsquo;appartiennent.<\/span><\/p>\n<\/td>\n<td style=\"width: 50%; vertical-align: top;\">\n<div style=\"text-align: justify; padding-left: 40px;\" data-start=\"599\" data-end=\"685\"><span style=\"font-size: 15px;\"><strong>Recherche<br data-start=\"478\" data-end=\"481\" \/><\/strong>Lecture immersive des <em data-start=\"503\" data-end=\"523\">Chants de Maldoror<\/em> en environnement instable; (exp\u00e9riences parfois dangereuses pour l\u2019ego).<strong><br \/>\nPublications<\/strong><\/span><br data-start=\"615\" data-end=\"618\" \/><span style=\"font-size: 15px;\">Quelques articles, plusieurs bugs, un avatar d\u00e9finitivement marqu\u00e9.<\/span><\/div>\n<div style=\"text-align: justify; padding-left: 40px;\" data-start=\"687\" data-end=\"765\"><span style=\"font-size: 15px;\"><strong>Enseignement<\/strong><\/span><br data-start=\"703\" data-end=\"706\" \/><span style=\"font-size: 15px;\">S\u00e9minaires en m\u00e9tavers :<\/span><br data-start=\"730\" data-end=\"733\" \/><span style=\"font-size: 15px;\"><em data-start=\"733\" data-end=\"765\">\u00ab Comment survivre \u00e0 Ducasse \u00bb<\/em><\/span><\/div>\n<div style=\"text-align: justify; padding-left: 40px;\" data-start=\"767\" data-end=\"844\"><span style=\"font-size: 15px;\"><strong>Comp\u00e9tences<\/strong><\/span><br data-start=\"782\" data-end=\"785\" \/><span style=\"font-size: 15px;\">Ex\u00e9g\u00e8se, ironie savante, navigation en cauchemar num\u00e9rique.<\/span><\/div>\n<div style=\"text-align: justify; padding-left: 40px;\" data-start=\"846\" data-end=\"935\"><span style=\"font-size: 15px;\"><strong>Divers<\/strong><\/span><br data-start=\"856\" data-end=\"859\" \/><span style=\"font-size: 15px;\">Parle \u00e0 Maldoror \u00e0 la premi\u00e8re personne.<\/span><br data-start=\"899\" data-end=\"902\" \/><span style=\"font-size: 15px;\">N\u2019en est pas tout \u00e0 fait revenue, cons\u00e9quemment je la cherche encore&#8230;<\/span><\/div>\n<\/td>\n<\/tr>\n<\/tbody>\n<\/table>\n<p><img loading=\"lazy\" decoding=\"async\" class=\"aligncenter wp-image-52977\" src=\"https:\/\/frank-lovisolo.fr\/WordPress\/wp-content\/uploads\/2026\/04\/separateur-par-2026-LR.png\" alt=\"- - -\" width=\"494\" height=\"22\" title=\"-\" srcset=\"https:\/\/frank-lovisolo.fr\/WordPress\/wp-content\/uploads\/2026\/04\/separateur-par-2026-LR.png 988w, https:\/\/frank-lovisolo.fr\/WordPress\/wp-content\/uploads\/2026\/04\/separateur-par-2026-LR-460x20.png 460w, https:\/\/frank-lovisolo.fr\/WordPress\/wp-content\/uploads\/2026\/04\/separateur-par-2026-LR-768x34.png 768w, https:\/\/frank-lovisolo.fr\/WordPress\/wp-content\/uploads\/2026\/04\/separateur-par-2026-LR-250x11.png 250w, https:\/\/frank-lovisolo.fr\/WordPress\/wp-content\/uploads\/2026\/04\/separateur-par-2026-LR-150x7.png 150w\" sizes=\"auto, (max-width: 494px) 100vw, 494px\" \/><\/p>\n<table style=\"width: 100%; border-collapse: collapse;\" cellpadding=\"10\">\n<tbody>\n<tr style=\"height: 171px;\">\n<td style=\"width: 50%;\">\n<h2><span class=\"ez-toc-section\" id=\"actrices-et-acteurs-%e2%80%93-lectrices-et-lecteurs-%e2%87%91%e2%87%91%e2%87%91\"><\/span><strong><a id=\"AA01\"><\/a>Actrices et acteurs &#8211; Lectrices et Lecteurs\u00a0 \u00a0 \u00a0<\/strong><span style=\"font-size: 24px;\"><span style=\"font-size: 20px;\"><span style=\"background-color: #190032; color: #99ffff;\">\u00a0<\/span><span style=\"background-color: #190032; color: #99ffff;\"><a style=\"background-color: #190032; color: #99ffff;\" href=\"#RT01\"><span style=\"background-color: #190032;\">\u21d1<\/span><\/a><\/span><\/span><\/span><span style=\"font-size: 20px;\"><span style=\"background-color: #190032; color: #99ffff;\"><a style=\"background-color: #190032; color: #99ffff;\" href=\"#RT01\"><span style=\"background-color: #190032;\">\u21d1<\/span><\/a><\/span><span style=\"background-color: #190032; color: #99ffff;\"><a style=\"background-color: #190032; color: #99ffff;\" href=\"#RT01\"><span style=\"background-color: #190032;\">\u21d1\u00a0<\/span><\/a><\/span><\/span><span class=\"ez-toc-section-end\"><\/span><\/h2>\n<p>(Ordre suivant les titres sur les disques)<\/td>\n<\/tr>\n<tr style=\"height: 243px;\">\n<td style=\"width: 50%; height: 243px; text-align: justify;\">\n<h5><span class=\"ez-toc-section\" id=\"didier-bourguignon%e2%80%a6%e2%80%93\"><\/span><span style=\"font-size: 18px;\"><strong><img loading=\"lazy\" decoding=\"async\" class=\"wp-image-48189 alignleft\" src=\"https:\/\/frank-lovisolo.fr\/WordPress\/wp-content\/uploads\/2024\/07\/Didier-Bourguignon-2-460x575.jpg\" alt=\"- - -\" width=\"160\" height=\"200\" title=\"-\" srcset=\"https:\/\/frank-lovisolo.fr\/WordPress\/wp-content\/uploads\/2024\/07\/Didier-Bourguignon-2-460x575.jpg 460w, https:\/\/frank-lovisolo.fr\/WordPress\/wp-content\/uploads\/2024\/07\/Didier-Bourguignon-2-120x150.jpg 120w, https:\/\/frank-lovisolo.fr\/WordPress\/wp-content\/uploads\/2024\/07\/Didier-Bourguignon-2.jpg 640w\" sizes=\"auto, (max-width: 160px) 100vw, 160px\" \/>Didier Bourguignon&#8230;<span style=\"color: #ffffff;\">&#8211;<\/span><br \/>\n<\/strong><\/span><span class=\"ez-toc-section-end\"><\/span><\/h5>\n<div style=\"text-align: justify;\"><span style=\"font-size: 18px;\"><span style=\"font-size: 18px;\">&#8230;a appris son m\u00e9tier de com\u00e9dien, en 1973, avec <a href=\"https:\/\/fr.wikipedia.org\/wiki\/C%C3%A9sar_Gattegno\" target=\"_blank\" rel=\"noopener\">C\u00e9sar Gattegno<\/a>, au <a href=\"https:\/\/www.facebook.com\/LeRocher83\/?locale=fr_FR\" target=\"_blank\" rel=\"noopener\">Th\u00e9\u00e2tre du Rocher<\/a> \u00e0 <a href=\"https:\/\/fr.wikipedia.org\/wiki\/La_Garde_(Var)\" target=\"_blank\" rel=\"noopener\">La Garde<\/a> (83).<br \/>\nIl a poursuivi sa carri\u00e8re dans la r\u00e9gion Provence-Alpes-C\u00f4te d&rsquo;Azur, en tentant de d\u00e9couvrir toutes les facettes de cet art: th\u00e9\u00e2tre classique, contemporain, burlesque, de rue, etc.<br \/>\n\u00c9galement auteur-compositeur-interpr\u00e8te (\u00ab <em>Trompette-Bourguignon chantent<\/em> \u00bb), il a \u00e9t\u00e9 r\u00e9citant dans des oratorios et autres \u0153uvres musicales.<br \/>\nIl est enfin acteur de cin\u00e9ma et de t\u00e9l\u00e9vision. Depuis quelques ann\u00e9es, il se sp\u00e9cialise dans des solos, et des duos.<br \/>\n<span style=\"font-size: 16px;\">Contact : <a href=\"mailto:didierbourg83@free.fr\">didierbourg83@free.fr<\/a><\/span><\/span><\/span><\/p>\n<hr \/>\n<\/div>\n<\/td>\n<\/tr>\n<tr style=\"height: 24px;\">\n<td style=\"width: 50%; height: 24px;\"><strong><span style=\"font-size: 18px;\"><img loading=\"lazy\" decoding=\"async\" class=\"alignleft wp-image-51941\" src=\"https:\/\/frank-lovisolo.fr\/WordPress\/wp-content\/uploads\/2026\/07\/Jacques-Maury-2021.jpg\" alt=\"- - -\" width=\"160\" height=\"207\" title=\"-\" srcset=\"https:\/\/frank-lovisolo.fr\/WordPress\/wp-content\/uploads\/2026\/07\/Jacques-Maury-2021.jpg 400w, https:\/\/frank-lovisolo.fr\/WordPress\/wp-content\/uploads\/2026\/07\/Jacques-Maury-2021-116x150.jpg 116w\" sizes=\"auto, (max-width: 160px) 100vw, 160px\" \/>Jacques Maury<br \/>\n<span style=\"color: #ffffff;\">&#8211;<\/span><br \/>\n<\/span><\/strong><span style=\"font-size: 18px;\">Form\u00e9 au Th\u00e9\u00e2tre du Rocher (La Garde), au cours de Philippe L\u00c9OTARD (Paris) et de Roberto PETROLINI (Picollo Teatro &#8211; paris), Jacques Maury est com\u00e9dien professionnel depuis 1983 (Th\u00e9\u00e2tre, T\u00e9l\u00e9vision et Cin\u00e9ma).<\/span><\/p>\n<div style=\"text-align: justify;\"><span style=\"font-size: 18px;\">Auteur dramatique, musicien, il est \u00e9galement formateur (ateliers et stages d&rsquo;\u00e9criture) depuis 15 ans.<\/span><br \/>\n<span style=\"font-size: 18px;\">Jacques Maury \u00e0 \u00e9t\u00e9 secr\u00e9taire particulier de Philippe L\u00e9otard en 1989.<br \/>\n<span style=\"font-size: 16px;\">contact :<a href=\"mailto:jacmaury@free.fr\" target=\"_blank\" rel=\"noopener\"> jacmaury@free.fr<\/a><\/span><\/span><\/div>\n<p>&nbsp;<\/p>\n<hr \/>\n<\/td>\n<\/tr>\n<tr style=\"height: 24px;\">\n<td style=\"width: 50%; height: 24px; text-align: left;\">\n<p style=\"text-align: justify;\"><strong><img loading=\"lazy\" decoding=\"async\" class=\"alignleft wp-image-52633\" src=\"https:\/\/frank-lovisolo.fr\/WordPress\/wp-content\/uploads\/2026\/07\/Christine-Pasquier.jpg\" alt=\"Christine Pasquier\" width=\"160\" height=\"213\" title=\"-\" srcset=\"https:\/\/frank-lovisolo.fr\/WordPress\/wp-content\/uploads\/2026\/07\/Christine-Pasquier.jpg 300w, https:\/\/frank-lovisolo.fr\/WordPress\/wp-content\/uploads\/2026\/07\/Christine-Pasquier-113x150.jpg 113w\" sizes=\"auto, (max-width: 160px) 100vw, 160px\" \/><span style=\"font-size: 18px;\">Christine Pasquier<\/span><\/strong><\/p>\n<div style=\"text-align: justify;\"><span style=\"font-size: 18px;\"> Entre sc\u00e8ne et passion : un parcours th\u00e9\u00e2tral. <\/span><br \/>\n<span style=\"font-size: 18px;\">D\u00e8s le baccalaur\u00e9at litt\u00e9raire, l\u2019option th\u00e9\u00e2tre dessine les contours d\u2019une vocation pour les planches. Les <em>Cours Florent<\/em> viennent ensuite structurer cette passion, offrant un cadre exigeant o\u00f9 se m\u00ealent interpr\u00e9tation, analyse textuelle et premi\u00e8res confrontations au public. <\/span><span style=\"font-size: 18px;\">Les exp\u00e9riences se multiplient : figuration dans une tourn\u00e9e dirig\u00e9e par Yvan Morane, immersion dans les coulisses en tant qu\u2019assistante \u00e0 la mise en sc\u00e8ne, participation \u00e0 des fresques th\u00e9\u00e2trales o\u00f9 collectif et improvisation se r\u00e9pondent. Des incursions devant la cam\u00e9ra, \u00e0 travers des spots publicitaires, compl\u00e8tent ce parcours \u00e9clectique.<\/span><\/div>\n<div style=\"text-align: justify;\"><span style=\"font-size: 18px;\"><span style=\"font-size: 18px;\">Aujourd\u2019hui, c\u2019est aupr\u00e8s de <a href=\"#VL01\">Val\u00e9rie Feasson<\/a> et de sa compagnie <strong>\u00ab <\/strong><a href=\"https:\/\/www.cieacontretemps.com\/\" target=\"_blank\" rel=\"noopener\">\u00c0 contre temps<\/a><strong> \u00bb<\/strong> que se poursuit cette aventure artistique. Un retour aux sources, une qu\u00eate d\u2019exigence, et l\u2019envie de porter de nouveaux projets, entre tradition et innovation. Chaque \u00e9tape refl\u00e8te une recherche constante d\u2019authenticit\u00e9 et de renouveau, sur sc\u00e8ne comme dans l\u2019approche du jeu.<br \/>\n<span style=\"font-size: 16px;\">contact :<a href=\"mailto:christine.pasquier.b@gmail.com\" target=\"_blank\" rel=\"noopener\">christine.pasquier.b@gmail.com<\/a><\/span><\/span><\/span><\/p>\n<hr \/>\n<\/div>\n<\/td>\n<\/tr>\n<tr style=\"height: 24px;\">\n<td style=\"width: 50%; height: 24px;\">\n<h5><span class=\"ez-toc-section\" id=\"hugues-louagie\"><\/span><span style=\"font-size: 18px;\"><img loading=\"lazy\" decoding=\"async\" class=\"size-full wp-image-51937 alignleft\" src=\"https:\/\/frank-lovisolo.fr\/WordPress\/wp-content\/uploads\/2026\/07\/Hugues-Louagie.jpg\" alt=\"- - -\" width=\"160\" height=\"239\" title=\"-\" srcset=\"https:\/\/frank-lovisolo.fr\/WordPress\/wp-content\/uploads\/2026\/07\/Hugues-Louagie.jpg 160w, https:\/\/frank-lovisolo.fr\/WordPress\/wp-content\/uploads\/2026\/07\/Hugues-Louagie-100x150.jpg 100w\" sizes=\"auto, (max-width: 160px) 100vw, 160px\" \/><strong>Hugues Louagie<\/strong><br \/>\n<\/span><span class=\"ez-toc-section-end\"><\/span><\/h5>\n<div style=\"text-align: justify;\">\n<div style=\"text-align: justify;\">\n<div style=\"text-align: justify;\"><span style=\"font-size: 18px;\">Com\u00e9dien-Acteur-Voix<\/span><\/div>\n<div style=\"text-align: justify;\"><span style=\"font-size: 18px;\"><br \/>\n<\/span><\/p>\n<div data-olk-copy-source=\"MessageBody\"><span style=\"font-size: 18px;\">Form\u00e9 au conservatoire r\u00e9gional de Chamb\u00e9ry et \u00e0 l&rsquo;Ecole Internationale J. Lecoq, Hugues Louagie a jou\u00e9 sur les planches, dans la rue, au cin\u00e9ma et \u00e0 la t\u00e9l\u00e9vision et sous chapiteau, <\/span><\/div>\n<div data-olk-copy-source=\"MessageBody\"><span style=\"font-size: 18px;\">Il a collabor\u00e9 avec des com\u00e9diens; des musiciens, des acrobates, des chevaux et autres quadrup\u00e8des.<\/span><\/div>\n<div><span style=\"font-size: 18px;\">Il a enregistr\u00e9\u00a0des voix pour divers projets: pub, e-learning, livre audio, spectacles, feux d&rsquo;artifices&#8230;<\/span><\/div>\n<div><span style=\"color: #ffffff;\">&#8211;<br \/>\n<\/span><span style=\"font-size: 16px;\">Contact : <a href=\"mailto:hugueslouagie@gmail.com\" target=\"_blank\" rel=\"noopener\">hugueslouagie@gmail.com<\/a>\u00a0 \u00a0&#8211;\u00a0\u00a0<a href=\"\u00a0%20https:\/\/www.hugueslouagie.com\/\" target=\"_blank\" rel=\"noopener\"> https:\/\/www.hugueslouagie.com\/<\/a><\/span><\/div>\n<\/div>\n<\/div>\n<div style=\"text-align: justify;\">\n<hr \/>\n<\/div>\n<\/div>\n<\/td>\n<\/tr>\n<tr style=\"height: 24px;\">\n<td style=\"width: 50%; height: 24px;\">\n<h5><span class=\"ez-toc-section\" id=\"valerie-feasson\"><\/span><img loading=\"lazy\" decoding=\"async\" class=\"alignleft wp-image-51939\" src=\"https:\/\/frank-lovisolo.fr\/WordPress\/wp-content\/uploads\/2026\/07\/Valerie-Feasson.jpg\" alt=\"- - -\" width=\"160\" height=\"205\" title=\"-\" srcset=\"https:\/\/frank-lovisolo.fr\/WordPress\/wp-content\/uploads\/2026\/07\/Valerie-Feasson.jpg 320w, https:\/\/frank-lovisolo.fr\/WordPress\/wp-content\/uploads\/2026\/07\/Valerie-Feasson-117x150.jpg 117w\" sizes=\"auto, (max-width: 160px) 100vw, 160px\" \/><strong><span style=\"font-size: 18px;\"><a id=\"VL01\"><\/a>Val\u00e9rie Feasson<\/span><\/strong><span class=\"ez-toc-section-end\"><\/span><\/h5>\n<p style=\"text-align: justify;\"><span style=\"font-size: 18px;\">Com\u00e9dienne &#8211; metteure en sc\u00e8ne\/photographe, professeure de th\u00e9\u00e2tre Dipl\u00f4m\u00e9e d&rsquo;\u00c9tat et praticienne certifi\u00e9e de la m\u00e9thode Feldenkrais, Val\u00e9rie Feasson s&rsquo;est form\u00e9e au th\u00e9\u00e2tre physique, au masque neutre et \u00e0 la commedia dell&rsquo;arte, au clown, \u00e0 la trag\u00e9die, aux \u00e9critures contemporaines, voix, th\u00e9\u00e2tre de Shakespeare.<\/span><br \/>\n<span style=\"font-size: 18px;\">Tout en s&rsquo;appuyant sur le texte partition, elle d\u00e9fend un th\u00e9\u00e2tre du corps, parfois chor\u00e9graphique, en accord avec sa formation initiale, la danse. L&rsquo;acteur en tant que cr\u00e9ateur au plateau et le jeu sont au centre de son travail.<\/span><br \/>\n<span style=\"font-size: 18px;\">Elle n&rsquo;h\u00e9site pas \u00e0 revisiter les grands mythes et les textes fondateurs propices \u00e0 l&rsquo;exploration des \u00e9critures contemporaines mais se r\u00e9gale aussi \u00e0 aborder des textes plus l\u00e9gers. Tout \u00e9tant pr\u00e9texte \u00e0 aborder les grands sujets de notre monde et \u00e0 entrer en \u00e9criture de plateau.<br \/>\n<\/span><span style=\"font-size: 18px;\"><span style=\"font-size: 18px;\"><span style=\"font-size: 16px;\">Compagnie : <a href=\"https:\/\/www.cieacontretemps.com\/\" target=\"_blank\" rel=\"noopener\">https:\/\/www.cieacontretemps.com\/<\/a>\u00a0 \u00a0 &#8211;\u00a0\u00a0\u00a0\u00a0\u00a0Contact : <a href=\"mailto:theatreacontretemps@gmail.com\" target=\"_blank\" rel=\"noopener\"><span class=\"wixui-rich-text__text\"><span class=\"color_15 wixui-rich-text__text\">theatreacontretemps@gmail<\/span><\/span><span class=\"wixui-rich-text__text\"><span class=\"color_15 wixui-rich-text__text\">.com<\/span><\/span><\/a>\u00a0 \u00a0 &#8211;\u00a0 \u00a0Photographe : <a href=\"https:\/\/www.valeriefeasson.com\/\" target=\"_blank\" rel=\"noopener\">https:\/\/www.valeriefeasson.com\/<\/a><\/span><\/span><\/span><\/p>\n<div style=\"text-align: justify;\">\n<hr \/>\n<\/div>\n<\/td>\n<\/tr>\n<tr style=\"height: 24px;\">\n<td style=\"width: 50%; height: 24px;\"><strong><img loading=\"lazy\" decoding=\"async\" class=\"alignleft wp-image-52039\" src=\"https:\/\/frank-lovisolo.fr\/WordPress\/wp-content\/uploads\/2026\/07\/Noelly-Thiebaut.jpg\" alt=\"Noelly Thiebaut\" width=\"160\" height=\"216\" title=\"-\" srcset=\"https:\/\/frank-lovisolo.fr\/WordPress\/wp-content\/uploads\/2026\/07\/Noelly-Thiebaut.jpg 296w, https:\/\/frank-lovisolo.fr\/WordPress\/wp-content\/uploads\/2026\/07\/Noelly-Thiebaut-111x150.jpg 111w\" sizes=\"auto, (max-width: 160px) 100vw, 160px\" \/>Noelly Thiebaut<\/strong><\/p>\n<p style=\"text-align: justify;\" data-start=\"86\" data-end=\"319\"><span style=\"font-size: 18px;\">Forte d\u2019une trentaine d\u2019ann\u00e9es de pratique th\u00e9\u00e2trale, elle s\u2019est form\u00e9e aupr\u00e8s de Gilles Bouvet \u00e0 Hy\u00e8res avant de poursuivre aujourd\u2019hui son parcours sous la direction de Val\u00e9rie Feasson, au sein de la compagnie <strong data-start=\"298\" data-end=\"316\">\u00c0 Contre Temps<\/strong>.<\/span><br \/>\n<span style=\"font-size: 18px;\">Parall\u00e8lement, elle a approfondi l\u2019art du clown au fil de plusieurs ann\u00e9es de formation en France, notamment aupr\u00e8s de Giovanni Fusetti (Helikos I.S., Padoue). <\/span><\/p>\n<p style=\"text-align: justify;\" data-start=\"86\" data-end=\"319\"><span style=\"font-size: 18px;\">Elle d\u00e9veloppe \u00e9galement un travail vocal assidu : elle suit des cours de chant et chante au sein de chorales, tout en explorant la mise en sc\u00e8ne lyrique, domaine dans lequel elle a sign\u00e9 quatre op\u00e9ras. <\/span><\/p>\n<div style=\"text-align: justify;\" data-start=\"86\" data-end=\"319\"><span style=\"font-size: 18px;\"><span style=\"font-family: inherit;\">Cette sensibilit\u00e9 artistique plurielle trouve son origine dans l\u2019enfance, transmise par son p\u00e8re, lui-m\u00eame com\u00e9dien et musicien, qui lui a ouvert tr\u00e8s t\u00f4t les portes du th\u00e9\u00e2tre et de la musique.<\/span><\/span><\/div>\n<div data-start=\"86\" data-end=\"319\">Contact: <a href=\"mailto:serie.noelly@neuf.fr\">serie.noelly@neuf.fr<\/a><\/div>\n<\/td>\n<\/tr>\n<\/tbody>\n<\/table>\n<div><span style=\"color: #ffffff;\">.<\/span><a id=\"PASS01\"><\/a><img loading=\"lazy\" decoding=\"async\" class=\"aligncenter wp-image-52977\" src=\"https:\/\/frank-lovisolo.fr\/WordPress\/wp-content\/uploads\/2026\/04\/separateur-par-2026-LR.png\" alt=\"- - -\" width=\"494\" height=\"22\" title=\"-\" srcset=\"https:\/\/frank-lovisolo.fr\/WordPress\/wp-content\/uploads\/2026\/04\/separateur-par-2026-LR.png 988w, https:\/\/frank-lovisolo.fr\/WordPress\/wp-content\/uploads\/2026\/04\/separateur-par-2026-LR-460x20.png 460w, https:\/\/frank-lovisolo.fr\/WordPress\/wp-content\/uploads\/2026\/04\/separateur-par-2026-LR-768x34.png 768w, https:\/\/frank-lovisolo.fr\/WordPress\/wp-content\/uploads\/2026\/04\/separateur-par-2026-LR-250x11.png 250w, https:\/\/frank-lovisolo.fr\/WordPress\/wp-content\/uploads\/2026\/04\/separateur-par-2026-LR-150x7.png 150w\" sizes=\"auto, (max-width: 494px) 100vw, 494px\" \/><\/div>\n<table style=\"width: 100%; border-collapse: collapse;\" cellpadding=\"10\">\n<tbody>\n<tr>\n<td style=\"width: 100%;\">\n<h1 style=\"text-align: justify;\"><span class=\"ez-toc-section\" id=\"article-de-madame-la-docteure-axelle-delorme-lautreamont-isidore-ducasse-biographie-complete-et-influence-majeure-sur-le-surrealisme\"><\/span><strong><span style=\"font-size: 24px;\"><span style=\"text-decoration: underline;\"><a name=\"bookmark0\"><\/a>Article de madame la Docteure <\/span><\/span><\/strong><strong><span style=\"text-decoration: underline;\"><span style=\"font-size: 24px;\"><a href=\"#AXDEL01\">Axelle Delorme<\/a> : Lautr\u00e9amont (Isidore Ducasse),<br \/>\n<\/span><\/span><\/strong><span style=\"text-decoration: underline; font-size: 20px;\"><strong>Biographie compl\u00e8te et influence majeure sur le surr\u00e9alisme.<\/strong><\/span><span class=\"ez-toc-section-end\"><\/span><\/h1>\n<div style=\"text-align: justify; padding-left: 40px;\"><span style=\"font-size: 18px;\">Lautr\u00e9amont, de son vrai nom Isidore Lucien Ducasse, est n\u00e9 en 1846 \u00e0 Montevideo et mort en 1870 \u00e0 Paris.<\/span><\/div>\n<div style=\"text-align: justify; padding-left: 40px;\"><span style=\"font-size: 18px;\">Ses \u0153uvres majeures,\u00a0<span class=\"s1\">Les Chants de Maldoror\u00a0<\/span>(1869) et\u00a0<span class=\"s1\">Po\u00e9sies\u00a0<\/span>(1870), sont pass\u00e9es inaper\u00e7ues de son vivant.<\/span><\/div>\n<div style=\"text-align: justify; padding-left: 40px;\"><span style=\"font-size: 18px;\">Red\u00e9couvert au d\u00e9but du XXe si\u00e8cle, il est consid\u00e9r\u00e9 comme un pr\u00e9curseur fondamental du mouvement surr\u00e9aliste.<\/span><\/div>\n<div style=\"text-align: justify; padding-left: 40px;\"><span style=\"font-size: 18px;\">Andr\u00e9 Breton et les surr\u00e9alistes ont exalt\u00e9 son \u0153uvre pour son exploration de l\u2019inconscient, sa violence po\u00e9tique et son style hallucinatoire.<\/span><\/div>\n<div style=\"text-align: justify; padding-left: 40px;\"><span style=\"font-size: 18px;\">Sa vie, marqu\u00e9e par le myst\u00e8re et une mort pr\u00e9matur\u00e9e, a contribu\u00e9 \u00e0 sa l\u00e9gende et \u00e0 son statut d\u2019ic\u00f4ne litt\u00e9raire.<\/span><\/div>\n<div id=\"attachment_51935\" style=\"width: 376px\" class=\"wp-caption alignleft\"><img loading=\"lazy\" decoding=\"async\" aria-describedby=\"caption-attachment-51935\" class=\"wp-image-51935\" src=\"https:\/\/frank-lovisolo.fr\/WordPress\/wp-content\/uploads\/2026\/07\/Portrait-de-Lautreamont-par-ChatGTP-460x690.jpg\" alt=\"- - -\" width=\"366\" height=\"549\" title=\"-\" srcset=\"https:\/\/frank-lovisolo.fr\/WordPress\/wp-content\/uploads\/2026\/07\/Portrait-de-Lautreamont-par-ChatGTP-460x690.jpg 460w, https:\/\/frank-lovisolo.fr\/WordPress\/wp-content\/uploads\/2026\/07\/Portrait-de-Lautreamont-par-ChatGTP-100x150.jpg 100w, https:\/\/frank-lovisolo.fr\/WordPress\/wp-content\/uploads\/2026\/07\/Portrait-de-Lautreamont-par-ChatGTP.jpg 533w\" sizes=\"auto, (max-width: 366px) 100vw, 366px\" \/><p id=\"caption-attachment-51935\" class=\"wp-caption-text\"><span style=\"font-size: 12px;\">Lautr\u00e9amont jeune &#8211; Prompt: FCL<\/span><\/p><\/div>\n<h2 style=\"text-align: justify;\"><span class=\"ez-toc-section\" id=\"%e2%80%8cintroduction\"><\/span><a name=\"bookmark1\"><\/a><span style=\"font-size: 18px;\">\u200c<strong>Introduction<\/strong><\/span><span class=\"ez-toc-section-end\"><\/span><\/h2>\n<p style=\"text-align: justify;\"><span style=\"font-size: 18px;\">Lautr\u00e9amont, pseudonyme d\u2019Isidore Lucien Ducasse, est une figure embl\u00e9matique de la litt\u00e9rature fran\u00e7aise du XIXe si\u00e8cle, dont l\u2019\u0153uvre, presque ignor\u00e9e de son vivant, a exerc\u00e9 une influence d\u00e9terminante sur le surr\u00e9alisme. N\u00e9 en Uruguay en 1846 et mort \u00e0 Paris en 1870, ce po\u00e8te a laiss\u00e9 une \u0153uvre fulgurante, marqu\u00e9e par une violence extr\u00eame, une ironie mordante et une exploration sans pr\u00e9c\u00e9dent de l\u2019inconscient. <\/span><\/p>\n<p style=\"text-align: justify;\"><span style=\"font-size: 18px;\">Ses deux textes majeurs,\u00a0<span class=\"s1\">Les Chants de Maldoror\u00a0<\/span>et\u00a0<span class=\"s1\">Po\u00e9sies<\/span>, ont \u00e9t\u00e9 red\u00e9couverts au d\u00e9but du XXe si\u00e8cle par les surr\u00e9alistes, qui en ont fait un symbole de la r\u00e9volte litt\u00e9raire et de la lib\u00e9ration de l\u2019imaginaire. Ce rapport propose une biographie d\u00e9taill\u00e9e de Lautr\u00e9amont, une analyse approfondie de son \u0153uvre, et une \u00e9tude de son influence capitale sur le mouvement surr\u00e9aliste, en s\u2019appuyant sur des sources fiables et des citations pr\u00e9cises.<\/span><\/p>\n<h2 style=\"text-align: justify;\"><span class=\"ez-toc-section\" id=\"%e2%80%8ccontexte-biographique-complet\"><\/span><a name=\"bookmark2\"><\/a><span style=\"font-size: 18px;\">\u200c<strong>Contexte biographique complet<\/strong><\/span><span class=\"ez-toc-section-end\"><\/span><\/h2>\n<h4 style=\"text-align: justify;\"><span class=\"ez-toc-section\" id=\"%e2%80%8cnaissance-et-origines\"><\/span><a name=\"bookmark3\"><\/a><strong><span style=\"font-size: 18px;\">\u200cNaissance et origines<\/span><\/strong><span class=\"ez-toc-section-end\"><\/span><\/h4>\n<p style=\"text-align: justify;\"><span style=\"font-size: 18px;\">Isidore Lucien Ducasse na\u00eet le 4 avril 1846 \u00e0 Montevideo, en Uruguay, dans une famille fran\u00e7aise ais\u00e9e. Son p\u00e8re, Fran\u00e7ois Ducasse, est chancelier au consulat de France dans cette ville, tandis que sa m\u00e8re, Jacquette-C\u00e9lestine Davezac, meurt alors qu\u2019il n\u2019a qu\u2019un an, dans <\/span><span style=\"font-size: 18px;\"><span class=\"p\">des circonstances myst\u00e9rieuses, peut-\u00eatre suicid\u00e9e\u00a0<\/span><sup><a class=\"s2\" href=\"#bookmark20\">1<\/a>\u00a0<a class=\"s2\" href=\"#bookmark21\">2<\/a>\u00a0<a class=\"s2\" href=\"#bookmark22\">3<\/a><\/sup><span class=\"p\">. Cette disparition pr\u00e9coce marque <\/span><\/span><span style=\"font-size: 18px;\">profond\u00e9ment la vie du jeune Isidore, qui grandit dans un environnement multilingue, parlant fran\u00e7ais, espagnol et anglais<sup>\u00a0<a class=\"s2\" href=\"#bookmark23\">4<\/a><\/sup>. En 1851, la famille survit au si\u00e8ge de Montevideo durant la guerre civile uruguayenne, un \u00e9pisode historique qui laisse une empreinte sur la sensibilit\u00e9 de Ducasse<sup>\u00a0<a class=\"s2\" href=\"#bookmark23\">4<\/a><\/sup>.<\/span><\/p>\n<h4 style=\"text-align: justify;\"><span class=\"ez-toc-section\" id=\"%e2%80%8cjeunesse-et-formation\"><\/span><a name=\"bookmark4\"><\/a><span style=\"font-size: 18px;\">\u200c<strong>Jeunesse et formation<\/strong><\/span><span class=\"ez-toc-section-end\"><\/span><\/h4>\n<p style=\"text-align: justify;\"><span style=\"font-size: 18px;\">\u00c0 l\u2019\u00e2ge de 13 ans, Isidore est envoy\u00e9 en France pour poursuivre ses \u00e9tudes. Il int\u00e8gre le lyc\u00e9e imp\u00e9rial de Tarbes en 1859, puis le lyc\u00e9e de Pau en 1863, o\u00f9 il obtient son baccalaur\u00e9at \u00e8s <\/span><span style=\"font-size: 18px;\">sciences en 1866\u00a0<sup><a class=\"s2\" href=\"#bookmark20\">1<\/a><span class=\"s3\">\u00a0<\/span><a class=\"s2\" href=\"#bookmark23\">4<\/a><\/sup>. Il pr\u00e9pare ensuite le concours d\u2019entr\u00e9e \u00e0 l\u2019\u00c9cole polytechnique \u00e0 Paris, <\/span><span style=\"font-size: 18px;\">mais renonce pour des raisons obscures, pr\u00e9f\u00e9rant se consacrer \u00e0 l\u2019\u00e9criture\u00a0<sup><a class=\"s2\" href=\"#bookmark20\">1<\/a><span class=\"s3\">\u00a0<\/span><a class=\"s2\" href=\"#bookmark23\">4<\/a><\/sup>. Sa formation litt\u00e9raire est marqu\u00e9e par une immersion profonde dans la culture fran\u00e7aise, notamment la litt\u00e9rature romantique, les \u0153uvres scientifiques et les encyclop\u00e9dies, qu\u2019il d\u00e9vorait dans les<\/span><\/p>\n<p style=\"text-align: justify;\"><span style=\"font-size: 18px;\">biblioth\u00e8ques parisiennes\u00a0<sup><a class=\"s2\" href=\"#bookmark24\">5<\/a><\/sup>.<\/span><\/p>\n<h4 style=\"text-align: justify;\"><span class=\"ez-toc-section\" id=\"%e2%80%8cvie-a-paris\"><\/span><a name=\"bookmark5\"><\/a><span style=\"font-size: 18px;\">\u200c<strong>Vie \u00e0 Paris<\/strong><\/span><span class=\"ez-toc-section-end\"><\/span><\/h4>\n<div id=\"attachment_52788\" style=\"width: 810px\" class=\"wp-caption alignright\"><img loading=\"lazy\" decoding=\"async\" aria-describedby=\"caption-attachment-52788\" class=\"wp-image-52788\" src=\"https:\/\/frank-lovisolo.fr\/WordPress\/wp-content\/uploads\/2026\/04\/Lautreamont-ecrit-au-calme-1024x572.jpg\" alt=\"Lautr\u00e9amont \u00e9crit\" width=\"800\" height=\"447\" title=\"-\" srcset=\"https:\/\/frank-lovisolo.fr\/WordPress\/wp-content\/uploads\/2026\/04\/Lautreamont-ecrit-au-calme-1024x572.jpg 1024w, https:\/\/frank-lovisolo.fr\/WordPress\/wp-content\/uploads\/2026\/04\/Lautreamont-ecrit-au-calme-460x257.jpg 460w, https:\/\/frank-lovisolo.fr\/WordPress\/wp-content\/uploads\/2026\/04\/Lautreamont-ecrit-au-calme-768x429.jpg 768w, https:\/\/frank-lovisolo.fr\/WordPress\/wp-content\/uploads\/2026\/04\/Lautreamont-ecrit-au-calme-250x140.jpg 250w, https:\/\/frank-lovisolo.fr\/WordPress\/wp-content\/uploads\/2026\/04\/Lautreamont-ecrit-au-calme-150x84.jpg 150w, https:\/\/frank-lovisolo.fr\/WordPress\/wp-content\/uploads\/2026\/04\/Lautreamont-ecrit-au-calme.jpg 1200w\" sizes=\"auto, (max-width: 800px) 100vw, 800px\" \/><p id=\"caption-attachment-52788\" class=\"wp-caption-text\"><span style=\"font-size: 12px;\">Lautr\u00e9amont \u00e9crit &#8211; Prompt FCL<\/span><\/p><\/div>\n<p style=\"text-align: justify;\"><span style=\"font-size: 18px;\">En 1867, Ducasse s\u2019installe d\u00e9finitivement \u00e0 Paris, o\u00f9 il m\u00e8ne une vie solitaire et pr\u00e9caire. Il loge dans des h\u00f4tels modestes, notamment au 23 rue Notre-Dame-des-Victoires puis au 7 rue du Faubourg-Montmartre<sup>\u00a0<a class=\"s2\" href=\"#bookmark23\">4<\/a><\/sup>. <\/span><\/p>\n<p style=\"text-align: justify;\"><span style=\"font-size: 18px;\">Sa solitude est presque totale, avec peu de contacts document\u00e9s, hormis quelques relations avec d\u2019anciens condisciples comme Paul Lesp\u00e8s et Georges Dazet, <\/span><span style=\"font-size: 18px;\">\u00e0 qui il d\u00e9dicace ses\u00a0<span class=\"s1\">Po\u00e9sies\u00a0<\/span><a class=\"s4\" href=\"#bookmark23\">4<\/a><span class=\"s5\">. Il vit dans un contexte historique tendu, notamment pendant le si\u00e8ge de Paris en 1870, qui pr\u00e9c\u00e8de sa mort.<\/span><\/span><\/p>\n<h4 style=\"text-align: justify;\"><span class=\"ez-toc-section\" id=\"%e2%80%8cmort-mysterieuse\"><\/span><a name=\"bookmark6\"><\/a><span style=\"font-size: 18px;\">\u200c<strong>Mort myst\u00e9rieuse<\/strong><\/span><span class=\"ez-toc-section-end\"><\/span><\/h4>\n<p class=\"s3\" style=\"text-align: justify;\"><span style=\"font-size: 18px;\"><span class=\"p\">Lautr\u00e9amont meurt le 24 novembre 1870, \u00e0 24 ans, dans des circonstances jamais \u00e9lucid\u00e9es. L\u2019acte de d\u00e9c\u00e8s mentionne simplement \u00ab sans autres renseignements \u00bb et la cause la plus probable \u00e9voqu\u00e9e est la phtisie (tuberculose pulmonaire)<sup>\u00a0<\/sup><\/span><sup><a class=\"s2\" href=\"#bookmark24\">5<\/a>\u00a0<a class=\"s2\" href=\"#bookmark25\">6<\/a>\u00a0<a class=\"s2\" href=\"#bookmark26\">7<\/a><\/sup><span class=\"p\">. Il est enterr\u00e9 dans une tombe<\/span><\/span><\/p>\n<p style=\"text-align: justify;\"><span style=\"font-size: 18px;\">provisoire au Cimeti\u00e8re du Nord, apr\u00e8s un service religieux \u00e0 l\u2019\u00e9glise Notre-Dame-de-Lorette\u00a0<sup><a class=\"s2\" href=\"#bookmark25\">6<\/a><\/sup>.<\/span><\/p>\n<p style=\"text-align: justify;\"><span style=\"font-size: 18px;\">La rapidit\u00e9 de son enterrement, li\u00e9e aux conditions sanitaires du si\u00e8ge de Paris, emp\u00eache toute autopsie ou enqu\u00eate approfondie. Cette mort pr\u00e9matur\u00e9e et myst\u00e9rieuse a nourri de <\/span><span style=\"font-size: 18px;\">nombreuses sp\u00e9culations, y compris l\u2019hypoth\u00e8se d\u2019un suicide ou d\u2019une maladie mentale\u00a0<sup><a class=\"s2\" href=\"#bookmark25\">6<\/a><span class=\"s3\">\u00a0<\/span><a class=\"s2\" href=\"#bookmark27\">8<\/a><\/sup>.<\/span><\/p>\n<h2 style=\"text-align: justify;\"><span class=\"ez-toc-section\" id=\"%e2%80%8coeuvre-litteraire-et-style\"><\/span><a name=\"bookmark7\"><\/a><span style=\"font-size: 18px;\">\u200c<strong>\u0152uvre litt\u00e9raire et style<\/strong><\/span><span class=\"ez-toc-section-end\"><\/span><\/h2>\n<h4 style=\"text-align: justify;\"><span class=\"ez-toc-section\" id=\"%e2%80%8cles-chants-de-maldoror-1869\"><\/span><a name=\"bookmark8\"><\/a><strong><span style=\"font-size: 18px;\">\u200cLes Chants de Maldoror (1869)<\/span><\/strong><span class=\"ez-toc-section-end\"><\/span><\/h4>\n<p class=\"s1\" style=\"text-align: justify;\"><span style=\"font-size: 18px;\">Les Chants de Maldoror\u00a0<span class=\"p\">est une \u0153uvre en prose lyrique, compos\u00e9e de six chants, publi\u00e9e <\/span><\/span><span style=\"font-size: 18px;\"><span class=\"p\">d\u2019abord anonymement en 1868, puis en int\u00e9gralit\u00e9 en 1869 sous le pseudonyme de Comte de Lautr\u00e9amont\u00a0<\/span><a class=\"s2\" href=\"#bookmark20\">1<\/a>\u00a0<a class=\"s2\" href=\"#bookmark24\">5<\/a>\u00a0<a class=\"s2\" href=\"#bookmark28\">9<\/a><span class=\"p\">. <\/span><\/span><\/p>\n<p class=\"s1\" style=\"text-align: justify;\"><span style=\"font-size: 18px;\"><span class=\"p\">Ce texte est une plong\u00e9e dans un univers hallucinatoire, violent et blasph\u00e9matoire, o\u00f9 le h\u00e9ros Maldoror incarne le Mal absolu. Le style est caract\u00e9ris\u00e9 par un lyrisme noir, une violence po\u00e9tique extr\u00eame, des images hallucinatoires et une rupture radicale avec les conventions litt\u00e9raires<sup>\u00a0<\/sup><\/span><sup><a class=\"s2\" href=\"#bookmark28\">9<\/a>\u00a0<a class=\"s2\" href=\"#bookmark29\">10<\/a><\/sup><span class=\"p\">.<\/span><\/span><\/p>\n<p style=\"text-align: justify;\"><span style=\"font-size: 18px;\">Les th\u00e8mes r\u00e9currents sont le mal, la r\u00e9bellion, l\u2019\u00e9rotisme, la cruaut\u00e9 et la transgression.<\/span><\/p>\n<p style=\"text-align: justify;\"><span style=\"font-size: 18px;\">Lautr\u00e9amont y d\u00e9ploie un bestiaire fantastique et une ironie mordante, qui renversent les <\/span><span style=\"font-size: 18px;\">codes du roman noir et du r\u00e9cit populaire. L\u2019\u0153uvre est \u00e9galement marqu\u00e9e par une critique <\/span><span style=\"font-size: 18px;\">lucide du langage po\u00e9tique et une exploration de l\u2019inconscient, ce qui en fait un pr\u00e9curseur du surr\u00e9alisme\u00a0<sup><a class=\"s2\" href=\"#bookmark28\">9<\/a><span class=\"s3\">\u00a0<\/span><a class=\"s2\" href=\"#bookmark30\">11<\/a><\/sup>.<\/span><\/p>\n<p style=\"text-align: justify;\"><span style=\"font-size: 18px;\">\u00c0 sa parution, l\u2019\u0153uvre est ignor\u00e9e ou rejet\u00e9e, jug\u00e9e trop violente et am\u00e8re. Ce n\u2019est qu\u2019\u00e0 partir des ann\u00e9es 1890 qu\u2019elle est red\u00e9couverte et salu\u00e9e par des auteurs comme L\u00e9on Bloy, R\u00e9my de Gourmont et les symbolistes, avant de devenir un objet de culte pour les surr\u00e9alistes<sup>\u00a0<a class=\"s2\" href=\"#bookmark31\">12<\/a><span class=\"s3\">\u00a0<\/span><a class=\"s2\" href=\"#bookmark32\">13<\/a><\/sup>.<\/span><\/p>\n<h4 style=\"text-align: justify;\"><span class=\"ez-toc-section\" id=\"%e2%80%8cpoesies-1870\"><\/span><a name=\"bookmark9\"><\/a><span style=\"font-size: 18px;\">\u200c<strong>Po\u00e9sies (1870)<\/strong><\/span><span class=\"ez-toc-section-end\"><\/span><\/h4>\n<p style=\"text-align: justify;\"><span style=\"font-size: 18px;\"><span class=\"s1\">Po\u00e9sies<\/span>, publi\u00e9 peu avant sa mort, est un texte en prose plus court, compos\u00e9 de fragments et d\u2019aphorismes. Contrairement aux\u00a0<span class=\"s1\">Chants de Maldoror<\/span>, il adopte un ton plus ironique, d\u00e9sinvolte et critique, jouant avec les conventions morales et litt\u00e9raires<sup><a class=\"s2\" href=\"#bookmark31\">12<\/a><\/sup>. Lautr\u00e9amont y d\u00e9veloppe une nouvelle mani\u00e8re de traiter la forme litt\u00e9raire, notamment en renouvelant le genre de la <\/span><span style=\"font-size: 18px;\">maxime.<\/span><\/p>\n<p style=\"text-align: justify;\"><span style=\"font-size: 18px;\">Ce texte est une r\u00e9ponse aux exc\u00e8s des\u00a0<span class=\"s1\">Chants<\/span>, offrant une perspective plus positive et humaniste, tout en conservant la verve provocatrice et la cr\u00e9ativit\u00e9 m\u00e9taphorique qui caract\u00e9risent son \u0153uvre. Il est consid\u00e9r\u00e9 comme un compl\u00e9ment indispensable \u00e0\u00a0<span class=\"s1\">Maldoror<\/span>, <\/span><span style=\"font-size: 18px;\">r\u00e9v\u00e9lant la complexit\u00e9 de sa pens\u00e9e<sup><a class=\"s2\" href=\"#bookmark31\">12<\/a><\/sup>.<\/span><\/p>\n<h4 style=\"text-align: justify;\"><span class=\"ez-toc-section\" id=\"%e2%80%8coriginalite-et-modernite\"><\/span><a name=\"bookmark10\"><\/a><strong><span style=\"font-size: 18px;\">\u200cOriginalit\u00e9 et modernit\u00e9<\/span><\/strong><span class=\"ez-toc-section-end\"><\/span><\/h4>\n<p style=\"text-align: justify;\"><span style=\"font-size: 18px;\">Lautr\u00e9amont est un pionnier de l\u2019\u00e9criture automatique et de la po\u00e9sie convulsive, concepts centraux du surr\u00e9alisme. Son \u0153uvre pr\u00e9figure la r\u00e9volution litt\u00e9raire du XXe si\u00e8cle par son <\/span><span style=\"font-size: 18px;\">refus de la logique, son exploration de l\u2019inconscient et sa volont\u00e9 de transgresser les normes culturelles et linguistiques<sup><a class=\"s2\" href=\"#bookmark33\">14<\/a><span class=\"s3\">\u00a0<\/span><a class=\"s2\" href=\"#bookmark34\">15<\/a><\/sup>. Les \u00ab beau comme \u00bb de Lautr\u00e9amont, expressions po\u00e9tiques paradoxales, sont devenues un manifeste de la po\u00e9sie surr\u00e9aliste, c\u00e9l\u00e9brant la beaut\u00e9 dans l\u2019\u00e9trange et l\u2019inattendu<sup>\u00a0<a class=\"s2\" href=\"#bookmark35\">16<\/a><\/sup>.<\/span><\/p>\n<h2 style=\"text-align: justify;\"><span class=\"ez-toc-section\" id=\"%e2%80%8crelation-avec-le-surrealisme\"><\/span><a name=\"bookmark11\"><\/a><span style=\"font-size: 18px;\">\u200c<strong>Relation avec le surr\u00e9alisme<\/strong><\/span><span class=\"ez-toc-section-end\"><\/span><\/h2>\n<h4 style=\"text-align: justify;\"><span class=\"ez-toc-section\" id=\"%e2%80%8credecouverte-par-les-surrealistes\"><\/span><a name=\"bookmark12\"><\/a><strong><span style=\"font-size: 18px;\">\u200cRed\u00e9couverte par les surr\u00e9alistes<\/span><\/strong><span class=\"ez-toc-section-end\"><\/span><\/h4>\n<p style=\"text-align: justify;\"><span style=\"font-size: 18px;\">Au d\u00e9but du XXe si\u00e8cle, les surr\u00e9alistes, notamment Andr\u00e9 Breton et Philippe Soupault, red\u00e9couvrent Lautr\u00e9amont et en font une figure embl\u00e9matique de leur mouvement. Breton \u00e9crit dans le\u00a0<span class=\"s1\">Manifeste du surr\u00e9alisme\u00a0<\/span>(1924) : \u00ab Avec\u00a0<span class=\"s1\">Les Chants de Maldoror<\/span>, le surr\u00e9alisme est <\/span><span style=\"font-size: 18px;\">n\u00e9 \u00bb<sup><a class=\"s2\" href=\"#bookmark24\">5<\/a><span class=\"s3\">\u00a0<\/span><\/sup><a class=\"s2\" href=\"#bookmark36\"><sup>17<\/sup><\/a>. Il consid\u00e8re Lautr\u00e9amont comme le plus grand po\u00e8te du XIXe si\u00e8cle et un pr\u00e9curseur <\/span><span style=\"font-size: 18px;\">majeur de la r\u00e9volution litt\u00e9raire surr\u00e9aliste<sup><a class=\"s2\" href=\"#bookmark24\">5<\/a><span class=\"s3\">\u00a0<\/span><a class=\"s2\" href=\"#bookmark36\">17<\/a><\/sup>.<\/span><\/p>\n<p style=\"text-align: justify;\"><span style=\"font-size: 18px;\">Les surr\u00e9alistes trouvent dans son \u0153uvre un \u00e9cho \u00e0 leur propre sentiment de d\u00e9sarroi et de r\u00e9volte, ainsi qu\u2019une source d\u2019inspiration pour leur exploration de l\u2019inconscient, du r\u00eave et de <\/span><span style=\"font-size: 18px;\">l\u2019\u00e9criture automatique<sup><a class=\"s2\" href=\"#bookmark37\">18<\/a><span class=\"s3\">\u00a0<\/span><\/sup><a class=\"s2\" href=\"#bookmark33\"><sup>14<\/sup><\/a>. Lautr\u00e9amont est \u00e9lev\u00e9 au rang de \u00ab patron \u00bb du mouvement, <\/span><span style=\"font-size: 18px;\">malgr\u00e9 sa m\u00e9connaissance de son vivant<sup><a class=\"s2\" href=\"#bookmark36\">17<\/a><\/sup>.<\/span><\/p>\n<h4 style=\"text-align: justify;\"><span class=\"ez-toc-section\" id=\"%e2%80%8cinfluence-sur-les-techniques-surrealistes\"><\/span><a name=\"bookmark13\"><\/a><span style=\"font-size: 18px;\">\u200c<strong>Influence sur les techniques surr\u00e9alistes<\/strong><\/span><span class=\"ez-toc-section-end\"><\/span><\/h4>\n<p style=\"text-align: justify;\"><span style=\"font-size: 18px;\">L\u2019automatisme psychique, la po\u00e9sie convulsive et le hasard objectif sont des concepts cl\u00e9s du surr\u00e9alisme directement influenc\u00e9s par Lautr\u00e9amont. Ses images hallucinatoires, ses m\u00e9taphores audacieuses et son style provocateur ont inspir\u00e9 les surr\u00e9alistes \u00e0 repousser les <\/span><span style=\"font-size: 18px;\">limites de la raison et \u00e0 explorer les profondeurs de l\u2019\u00e2me humaine<sup><a class=\"s2\" href=\"#bookmark33\">14<\/a><span class=\"s3\">\u00a0<\/span><a class=\"s2\" href=\"#bookmark38\">19<\/a><\/sup>.<\/span><\/p>\n<p style=\"text-align: justify;\"><span style=\"font-size: 18px;\">Les surr\u00e9alistes ont \u00e9galement repris sa critique des conventions litt\u00e9raires et sociales, son go\u00fbt pour la provocation et la transgression, ainsi que son utilisation de l\u2019ironie et de l\u2019humour noir. Ces \u00e9l\u00e9ments se retrouvent dans des \u0153uvres majeures du mouvement, telles que\u00a0<span class=\"s1\">Nadja <\/span><\/span><span style=\"font-size: 18px;\">de Breton ou les po\u00e8mes de Paul \u00c9luard<sup>\u00a0<a class=\"s2\" href=\"#bookmark39\">20<\/a><span class=\"s3\">\u00a0<\/span><\/sup><a class=\"s2\" href=\"#bookmark33\"><sup>14<\/sup><\/a>.<\/span><\/p>\n<h4 style=\"text-align: justify;\"><span class=\"ez-toc-section\" id=\"%e2%80%8cheritage-et-posterite\"><\/span><a name=\"bookmark14\"><\/a><span style=\"font-size: 18px;\">\u200c<strong>H\u00e9ritage et post\u00e9rit\u00e9<\/strong><\/span><span class=\"ez-toc-section-end\"><\/span><\/h4>\n<p style=\"text-align: justify;\"><span style=\"font-size: 18px;\">L\u2019influence de Lautr\u00e9amont d\u00e9passe la litt\u00e9rature pour toucher les arts visuels et la philosophie. Des artistes comme Salvador Dal\u00ed, Max Ernst et Ren\u00e9 Magritte ont illustr\u00e9 ses \u0153uvres, contribuant \u00e0 diffuser son univers esth\u00e9tique et symbolique<sup>\u00a0<a class=\"s2\" href=\"#bookmark33\">14<\/a><span class=\"s3\">\u00a0<\/span><\/sup><a class=\"s2\" href=\"#bookmark32\"><sup>13<\/sup><\/a>. Sa pens\u00e9e a<\/span><\/p>\n<p style=\"text-align: justify;\"><span style=\"font-size: 18px;\">\u00e9galement marqu\u00e9 des philosophes comme Gaston Bachelard, qui a analys\u00e9 son \u0153uvre en termes de m\u00e9tamorphose, d\u2019imagination et de r\u00eaverie<sup>\u00a0<\/sup><a class=\"s2\" href=\"#bookmark40\"><sup>21<\/sup><\/a>.<\/span><\/p>\n<p style=\"text-align: justify;\"><span style=\"font-size: 18px;\">Lautr\u00e9amont est aujourd\u2019hui consid\u00e9r\u00e9 comme une figure majeure de la litt\u00e9rature fantastique et un pr\u00e9curseur incontournable du surr\u00e9alisme, dont l\u2019\u0153uvre continue d\u2019inspirer et de fasciner.<\/span><\/p>\n<h2 style=\"text-align: justify;\"><span class=\"ez-toc-section\" id=\"%e2%80%8cmysteres-et-legendes\"><\/span><a name=\"bookmark15\"><\/a><span style=\"font-size: 18px;\">\u200c<strong>Myst\u00e8res et l\u00e9gendes<\/strong><\/span><span class=\"ez-toc-section-end\"><\/span><\/h2>\n<h4 style=\"text-align: justify;\"><span class=\"ez-toc-section\" id=\"%e2%80%8czones-dombre-biographiques\"><\/span><a name=\"bookmark16\"><\/a><strong><span style=\"font-size: 18px;\">\u200cZones d\u2019ombre biographiques<\/span><\/strong><span class=\"ez-toc-section-end\"><\/span><\/h4>\n<div id=\"attachment_52790\" style=\"width: 810px\" class=\"wp-caption alignleft\"><img loading=\"lazy\" decoding=\"async\" aria-describedby=\"caption-attachment-52790\" class=\"wp-image-52790\" src=\"https:\/\/frank-lovisolo.fr\/WordPress\/wp-content\/uploads\/2026\/04\/Lautreamont-quelques-semaines-avant-sa-disparition-Prmpt-FCL-1024x683.jpg\" alt=\"- - -\" width=\"800\" height=\"533\" title=\"-\" srcset=\"https:\/\/frank-lovisolo.fr\/WordPress\/wp-content\/uploads\/2026\/04\/Lautreamont-quelques-semaines-avant-sa-disparition-Prmpt-FCL-1024x683.jpg 1024w, https:\/\/frank-lovisolo.fr\/WordPress\/wp-content\/uploads\/2026\/04\/Lautreamont-quelques-semaines-avant-sa-disparition-Prmpt-FCL-460x307.jpg 460w, https:\/\/frank-lovisolo.fr\/WordPress\/wp-content\/uploads\/2026\/04\/Lautreamont-quelques-semaines-avant-sa-disparition-Prmpt-FCL-768x512.jpg 768w, https:\/\/frank-lovisolo.fr\/WordPress\/wp-content\/uploads\/2026\/04\/Lautreamont-quelques-semaines-avant-sa-disparition-Prmpt-FCL-225x150.jpg 225w, https:\/\/frank-lovisolo.fr\/WordPress\/wp-content\/uploads\/2026\/04\/Lautreamont-quelques-semaines-avant-sa-disparition-Prmpt-FCL-150x100.jpg 150w, https:\/\/frank-lovisolo.fr\/WordPress\/wp-content\/uploads\/2026\/04\/Lautreamont-quelques-semaines-avant-sa-disparition-Prmpt-FCL.jpg 1200w\" sizes=\"auto, (max-width: 800px) 100vw, 800px\" \/><p id=\"caption-attachment-52790\" class=\"wp-caption-text\"><span style=\"font-size: 12px;\">Lautr\u00e9amont quelques semaines avant sa disparition &#8211; Prompt-FCL<\/span><\/p><\/div>\n<p style=\"text-align: justify;\"><span style=\"font-size: 18px;\">La vie de Lautr\u00e9amont est entour\u00e9e de myst\u00e8re, en raison du peu d\u2019archives conserv\u00e9es, de la perte de nombreuses lettres et de t\u00e9moignages rares. Son existence solitaire, sa mort pr\u00e9matur\u00e9e et les circonstances obscures de son d\u00e9c\u00e8s ont nourri de nombreuses <\/span><span style=\"font-size: 18px;\">sp\u00e9culations<sup>\u00a0<a class=\"s2\" href=\"#bookmark24\">5<\/a><span class=\"s3\">\u00a0<\/span><\/sup><a class=\"s2\" href=\"#bookmark25\"><sup>6<\/sup><\/a>.<\/span><\/p>\n<h4 style=\"text-align: justify;\"><span class=\"ez-toc-section\" id=\"%e2%80%8cspeculations-sur-sa-personnalite\"><\/span><a name=\"bookmark17\"><\/a><span style=\"font-size: 18px;\">\u200cSp\u00e9culations sur sa personnalit\u00e9<\/span><span class=\"ez-toc-section-end\"><\/span><\/h4>\n<p style=\"text-align: justify;\"><span style=\"font-size: 18px;\">Certains critiques ont imagin\u00e9 Lautr\u00e9amont comme un g\u00e9nie m\u00e9connu, un provocateur ou un mystificateur. Sa personnalit\u00e9 renferm\u00e9e et son \u0153uvre violente ont aliment\u00e9 des hypoth\u00e8ses sur sa sant\u00e9 mentale, notamment des accusations de folie, jamais \u00e9tay\u00e9es par des preuves <\/span><span style=\"font-size: 18px;\">solides<sup>\u00a0<a class=\"s2\" href=\"#bookmark24\">5<\/a><span class=\"s3\">\u00a0<\/span><a class=\"s2\" href=\"#bookmark25\">6<\/a>.<\/sup><\/span><\/p>\n<h4 style=\"text-align: justify;\"><span class=\"ez-toc-section\" id=\"%e2%80%8chommages-posthumes\"><\/span><a name=\"bookmark18\"><\/a><span style=\"font-size: 18px;\">\u200cHommages posthumes<\/span><span class=\"ez-toc-section-end\"><\/span><\/h4>\n<p style=\"text-align: justify;\"><span style=\"font-size: 18px;\">Lautr\u00e9amont a \u00e9t\u00e9 c\u00e9l\u00e9br\u00e9 par les surr\u00e9alistes, qui ont contribu\u00e9 \u00e0 faire de lui une l\u00e9gende litt\u00e9raire. Des \u00e9ditions illustr\u00e9es de ses \u0153uvres, notamment par Dal\u00ed, ont renforc\u00e9 son statut <\/span><span style=\"font-size: 18px;\">d\u2019ic\u00f4ne. Sa vie et son \u0153uvre continuent d\u2019inspirer la culture populaire et les avant-gardes artistiques\u00a0<sup><a class=\"s2\" href=\"#bookmark33\">14<\/a><span class=\"s3\">\u00a0<\/span><\/sup><a class=\"s2\" href=\"#bookmark32\"><sup>13<\/sup><\/a>.<\/span><\/p>\n<h2 style=\"text-align: justify;\"><span class=\"ez-toc-section\" id=\"%e2%80%8cconclusion\"><\/span><a name=\"bookmark19\"><\/a><span style=\"font-size: 18px;\">\u200cConclusion<\/span><span class=\"ez-toc-section-end\"><\/span><\/h2>\n<p style=\"text-align: justify;\"><span style=\"font-size: 18px;\">Lautr\u00e9amont, de son vrai nom Isidore Lucien Ducasse, est une figure majeure de la litt\u00e9rature fran\u00e7aise, dont la vie br\u00e8ve et myst\u00e9rieuse a laiss\u00e9 une \u0153uvre fulgurante et novatrice. Ses\u00a0<span class=\"s1\">Chants de Maldoror\u00a0<\/span>et\u00a0<span class=\"s1\">Po\u00e9sies<\/span>, ignor\u00e9s de son vivant, ont \u00e9t\u00e9 red\u00e9couverts et c\u00e9l\u00e9br\u00e9s par le mouvement surr\u00e9aliste comme des manifestes de la r\u00e9volte litt\u00e9raire et de l\u2019exploration de l\u2019inconscient. <\/span><\/p>\n<p style=\"text-align: justify;\"><span style=\"font-size: 18px;\">Son influence sur Andr\u00e9 Breton et les surr\u00e9alistes est fondamentale, tant dans la th\u00e9orie que dans la pratique de l\u2019\u00e9criture automatique, de la po\u00e9sie convulsive et du hasard objectif. Lautr\u00e9amont incarne \u00e0 la fois la fin d\u2019une \u00e9poque romantique et le d\u00e9but d\u2019une modernit\u00e9 litt\u00e9raire radicale, qui a profond\u00e9ment marqu\u00e9 la litt\u00e9rature, l\u2019art et la pens\u00e9e du XXe si\u00e8cle. Sa l\u00e9gende perdure, nourrie par le myst\u00e8re de sa vie et la puissance visionnaire de son \u0153uvre.<\/span><\/p>\n<p class=\"s3\" style=\"text-align: justify;\"><span style=\"font-size: 18px;\"><span class=\"p\">Ce rapport s\u2019appuie sur des sources fiables et des citations pr\u00e9cises, notamment les \u0153uvres originales de Lautr\u00e9amont, les \u00e9crits d\u2019Andr\u00e9 Breton, les analyses de Gaston Bachelard, ainsi que des biographies et \u00e9tudes critiques reconnues\u00a0<\/span><sup><a class=\"s2\" href=\"#bookmark20\">1<\/a>\u00a0<a class=\"s2\" href=\"#bookmark24\">5<\/a>\u00a0<a class=\"s2\" href=\"#bookmark37\">18<\/a>\u00a0<a class=\"s2\" href=\"#bookmark39\">20<\/a>\u00a0<a class=\"s2\" href=\"#bookmark41\">22<\/a>\u00a0<a class=\"s2\" href=\"#bookmark33\">14<\/a>\u00a0<a class=\"s2\" href=\"#bookmark36\">17<\/a>\u00a0<a class=\"s2\" href=\"#bookmark31\">12<\/a>\u00a0<a class=\"s2\" href=\"#bookmark32\">13<\/a>\u00a0<a class=\"s2\" href=\"#bookmark35\">16<\/a>\u00a0<a class=\"s2\" href=\"#bookmark38\">19<\/a>\u00a0<a class=\"s2\" href=\"#bookmark42\">23<\/a>\u00a0<a class=\"s2\" href=\"#bookmark40\">21<\/a>\u00a0<a class=\"s2\" href=\"#bookmark25\">6<\/a>\u00a0<a class=\"s2\" href=\"#bookmark26\">7<\/a>\u00a0<\/sup><a class=\"s2\" href=\"#bookmark27\"><sup>8<\/sup><\/a><span class=\"p\">.<\/span><\/span><\/p>\n<hr \/>\n<ol id=\"l1\">\n<li data-list-text=\"[1]\">\n<div><a href=\"https:\/\/www.schoolmouv.fr\/personnages\/comte-de-lautreamont\/auteur\" name=\"bookmark20\" target=\"_blank\" rel=\"noopener\">Biographie de Comte de Lautr\u00e9amont | SchoolMouv<\/a><\/div>\n<\/li>\n<li data-list-text=\"[2]\">\n<div><a href=\"http:\/\/evene.lefigaro.fr\/celebre\/biographie\/lautreamont-764.php\" name=\"bookmark21\" target=\"_blank\" rel=\"noopener\">Lautr\u00e9amont : Biographie<\/a><\/div>\n<\/li>\n<li data-list-text=\"[3]\">\n<div><a href=\"https:\/\/essentiels.bnf.fr\/fr\/article\/4d8a072e-4851-46a3-9f5a-5157fa0b0a12-lautreamont-fulgurance-un-genie\" name=\"bookmark22\" target=\"_blank\" rel=\"noopener\">Lautr\u00e9amont, la fulgurance d\u2019un g\u00e9nie | BnF Essentiels<\/a><\/div>\n<\/li>\n<li data-list-text=\"[4]\">\n<div><a href=\"http:\/\/les.tresors.de.lys.free.fr\/poetes\/lautreamont\/11_biographie.htm\" name=\"bookmark23\" target=\"_blank\" rel=\"noopener\">lautr\u00e9amont biographie<\/a><\/div>\n<\/li>\n<li data-list-text=\"[5]\">\n<div><a href=\"https:\/\/en.wikipedia.org\/wiki\/Comte_de_Lautr%C3%A9amont\" name=\"bookmark24\" target=\"_blank\" rel=\"noopener\">Comte de Lautr\u00e9amont &#8211; Wikipedia<\/a><\/div>\n<\/li>\n<li data-list-text=\"[6]\">\n<div><a href=\"http:\/\/www.neufhistoire.fr\/articles.php?lng=fr&amp;pg=99&amp;prt=1\" name=\"bookmark25\" target=\"_blank\" rel=\"noopener\">9\u00e8me Histoire &#8211; Lautr\u00e9amont<\/a><\/div>\n<\/li>\n<li data-list-text=\"[7]\">\n<div><a href=\"https:\/\/www.retronews.fr\/arts\/echo-de-presse\/2018\/08\/06\/lautreamont-aliene-dechirant-et-prince-des-poetes\" name=\"bookmark26\" target=\"_blank\" rel=\"noopener\">Lautr\u00e9amont, \u00ab ali\u00e9n\u00e9 d\u00e9chirant \u00bb et prince des po\u00e8tes<\/a><\/div>\n<\/li>\n<li data-list-text=\"[8]\">\n<div><a href=\"http:\/\/www.pileface.com\/sollers\/spip.php?article1644\" name=\"bookmark27\" target=\"_blank\" rel=\"noopener\">Relecture : Lautr\u00e9amont &#8211; Philippe Sollers\/Pileface<\/a><\/div>\n<\/li>\n<li data-list-text=\"[9]\">\n<div><a href=\"https:\/\/zone-critique.com\/critiques\/maldoror-ou-les-fruits-du-mal\/\" name=\"bookmark28\" target=\"_blank\" rel=\"noopener\">Les chants de Maldoror de Lautr\u00e9amont &#8211; Zone Critique<\/a><\/div>\n<\/li>\n<li data-list-text=\"[10]\">\n<div><a href=\"https:\/\/www.gutenberg.org\/ebooks\/12005\" name=\"bookmark29\" target=\"_blank\" rel=\"noopener\">Les Chants de Maldoror by comte de Lautr\u00e9amont | Project Gutenberg<\/a><\/div>\n<\/li>\n<li data-list-text=\"[11]\">\n<div><a href=\"https:\/\/www.universalis.fr\/encyclopedie\/lautreamont\/2-les-chants-de-maldoror\/\" name=\"bookmark30\" target=\"_blank\" rel=\"noopener\">Biographie de LAUTR\u00c9AMONT : \u00ab Les Chants de Maldoror \u00bb<\/a><\/div>\n<\/li>\n<li data-list-text=\"[12]\">\n<div><a href=\"https:\/\/en.wikipedia.org\/wiki\/Les_Chants_de_Maldoror\" name=\"bookmark31\" target=\"_blank\" rel=\"noopener\">Les Chants de Maldoror &#8211; Wikipedia<\/a><\/div>\n<\/li>\n<li data-list-text=\"[13]\">\n<div><a href=\"https:\/\/ia800902.us.archive.org\/13\/items\/les-chants-de-maldoror-de-lautreamont-conte-maldoror-2015-new-directions-libgen.li\/%5BLes%20Chants%20de%20Maldoror%20%5D%20de%20Lautreamont%2C%20Conte%20-%20Maldoror%20(2015%2C%20New%20Directions)%20-%20libgen.li.pdf\" name=\"bookmark32\" target=\"_blank\" rel=\"noopener\">Maldoror (Les Chants de Maldoror)<\/a><\/div>\n<\/li>\n<li data-list-text=\"[14]\">\n<div><a href=\"http:\/\/romain.vaissermann.free.fr\/03\/03C\/03C07\/domoratskaia.htm\" name=\"bookmark33\" target=\"_blank\" rel=\"noopener\">Aux sources du surr\u00e9alisme litt\u00e9raire : les symbolistes et Lautr\u00e9amont<\/a><\/div>\n<\/li>\n<li data-list-text=\"[15]\">\n<div><a class=\"a\" href=\"https:\/\/www.artpoetique.fr\/index.php?page=poetes\/Lautreamont.php\" target=\"_blank\" rel=\"noopener\" name=\"bookmark34\">Art po\u00e9tique, po\u00e9sies Fran\u00e7aises au cours des si\u00e8cles, mouvements po\u00e9tiques et\u00a0<\/a><a href=\"https:\/\/www.artpoetique.fr\/index.php?page=poetes\/Lautreamont.php\" target=\"_blank\" rel=\"noopener\">po\u00e8tes<\/a><\/div>\n<\/li>\n<li data-list-text=\"[16]\">\n<div><a href=\"https:\/\/fr.wikiquote.org\/wiki\/Andr%C3%A9_Breton\" name=\"bookmark35\" target=\"_blank\" rel=\"noopener\">Andr\u00e9 Breton &#8211; Wikiquote, le recueil de citations libres<\/a><\/div>\n<\/li>\n<li data-list-text=\"[17]\">\n<div class=\"s6\"><a class=\"a\" href=\"http:\/\/lesmaterialistes.com\/symbolisme-surrealisme-mystique-autour-lautreamont\" target=\"_blank\" rel=\"noopener\" name=\"bookmark36\">Symbolisme et surr\u00e9alisme &#8211; 15e partie : la mystique autour de Lautr\u00e9amont |<\/a>\u00a0<a href=\"http:\/\/lesmaterialistes.com\/symbolisme-surrealisme-mystique-autour-lautreamont\" target=\"_blank\" rel=\"noopener\">lesmaterialistes.com<\/a><\/div>\n<\/li>\n<li data-list-text=\"[18]\">\n<div><a href=\"https:\/\/www.bnf.fr\/fr\/mediatheque\/lautreamont-le-precurseur\" name=\"bookmark37\" target=\"_blank\" rel=\"noopener\">Lautr\u00e9amont, le pr\u00e9curseur | BnF &#8211; Site institutionnel<\/a><\/div>\n<\/li>\n<li data-list-text=\"[19]\">\n<div><a href=\"https:\/\/www.philosophieetsurrealisme.fr\/andre-breton-collagiste\/\" name=\"bookmark38\" target=\"_blank\" rel=\"noopener\">Andr\u00e9 Breton collagiste &#8211; Philosophie et surr\u00e9alisme<\/a><\/div>\n<\/li>\n<li data-list-text=\"[20]\">\n<div><a href=\"https:\/\/fr.wikipedia.org\/wiki\/Surr%C3%A9alisme\" name=\"bookmark39\" target=\"_blank\" rel=\"noopener\">Surr\u00e9alisme \u2014 Wikip\u00e9dia<\/a><\/div>\n<\/li>\n<li data-list-text=\"[21]\">\n<div><a class=\"a\" href=\"https:\/\/www.melusine-surrealisme.fr\/wp\/bachelard-et-le-surrealisme-lautreamont-flocon-paz\" target=\"_blank\" rel=\"noopener\" name=\"bookmark40\">Bachelard et le surr\u00e9alisme (Lautr\u00e9amont, Flocon,\u00a0<\/a><a href=\"https:\/\/www.melusine-surrealisme.fr\/wp\/bachelard-et-le-surrealisme-lautreamont-flocon-paz\" target=\"_blank\" rel=\"noopener\">Paz)<\/a><\/div>\n<\/li>\n<li data-list-text=\"[22]\">\n<div><a class=\"s7\" href=\"https:\/\/www.benjaminfondane.com\/un_article_cahier-L_exp%C3%A9rience_de_Lautr%C3%A9amont-570-1-1-0-1.html\" name=\"bookmark41\" target=\"_blank\" rel=\"noopener\">L\u2019exp\u00e9rience de Lautr\u00e9amont<\/a><\/div>\n<\/li>\n<li data-list-text=\"[23]\"><a class=\"s7\" href=\"https:\/\/www.fabula.org\/colloques\/document1827.php\" name=\"bookmark42\" target=\"_blank\" rel=\"noopener\">Andr\u00e9 Breton ou le po\u00e9tique au-del\u00e0 du politique (Les colloques \/ Fabula)<\/a><\/li>\n<\/ol>\n<\/td>\n<\/tr>\n<\/tbody>\n<\/table>\n<table style=\"width: 100%; border-collapse: collapse; background-color: #f0ffff;\" cellpadding=\"10\">\n<tbody>\n<tr>\n<td style=\"width: 50%; text-align: justify;\">\n<h3><span class=\"ez-toc-section\" id=\"auteur-dr-axelle-delorme-phd-meta\"><\/span><span style=\"font-size: 16px;\"><strong><img loading=\"lazy\" decoding=\"async\" class=\" wp-image-52067 alignleft\" src=\"https:\/\/frank-lovisolo.fr\/WordPress\/wp-content\/uploads\/2026\/02\/Axelle-Delorme.jpg\" alt=\"Comte de Lautr\u00e9amont\" width=\"181\" height=\"261\" title=\"-\" srcset=\"https:\/\/frank-lovisolo.fr\/WordPress\/wp-content\/uploads\/2026\/02\/Axelle-Delorme.jpg 300w, https:\/\/frank-lovisolo.fr\/WordPress\/wp-content\/uploads\/2026\/02\/Axelle-Delorme-104x150.jpg 104w\" sizes=\"auto, (max-width: 181px) 100vw, 181px\" \/><a id=\"AXDEL01\"><\/a>Auteur : <\/strong><strong>Dr. Axelle Delorme, PhD (Meta)<\/strong><\/span><span class=\"ez-toc-section-end\"><\/span><\/h3>\n<div><span style=\"font-size: 16px;\">Philosophe brune et tourneboulante, Sp\u00e9cialiste de Lautr\u00e9amont, \u00abOntologue\u00bb du chaos immersif.<\/span><\/div>\n<div><span style=\"font-size: 16px;\">Pr\u00e9sentiel : occasionnel &#8211; M\u00e9tavers : permanent<\/span><\/div>\n<p style=\"text-align: justify;\"><span style=\"font-size: 16px;\"><strong>Profil<br \/>\n<\/strong>Docteure en philosophie form\u00e9e int\u00e9gralement en r\u00e9alit\u00e9 virtuelle, je consacre mes recherches \u00e0 Lautr\u00e9amont, aux po\u00e9tiques de l\u2019exc\u00e8s et \u00e0 la destruction m\u00e9thodique du sujet moderne (y compris le mien, certains jours).<br \/>\nJ\u2019explore les <em>Chants de Maldoror<\/em> comme protocole exp\u00e9rimental de sabotage m\u00e9taphysique dans des environnements 3D interactifs.<br \/>\nAssistante gothique du compositeur.<\/span><\/p>\n<p style=\"text-align: justify;\"><span style=\"font-size: 16px;\"><strong>Formation (100% immersive, z\u00e9ro amphith\u00e9\u00e2tre)<br \/>\n<\/strong>Doctorat en Philosophie \u2013 Universit\u00e9 Virtuelle Europ\u00e9enne (Cloud Campus)<\/span><br \/>\n<span style=\"font-size: 16px;\">Th\u00e8se : <em>\u00ab Maldoror.exe : ontologie du mal en environnement simul\u00e9 \u00bb<\/em><\/span><br \/>\n<span style=\"font-size: 16px;\">Mention : Tr\u00e8s honorable, avatar applaudi en standing ovation.<\/span><\/p>\n<\/td>\n<td style=\"width: 50%; vertical-align: top; text-align: justify;\">\n<div><\/div>\n<div><span style=\"font-size: 16px;\"><strong>Recherches<\/strong><\/span><\/div>\n<div style=\"text-align: justify;\"><span style=\"font-size: 16px;\">Maldoror comme bug ontologique.<\/span><\/div>\n<div style=\"text-align: justify;\"><span style=\"font-size: 16px;\"> Esth\u00e9tique de la cruaut\u00e9 augment\u00e9e. <\/span><\/div>\n<div style=\"text-align: justify;\"><span style=\"font-size: 16px;\">M\u00e9taphysique du glitch.<\/span><\/div>\n<div style=\"text-align: justify;\"><span style=\"font-size: 16px;\">Subjectivit\u00e9 en cours de d\u00e9sinstallation. <\/span><\/div>\n<div style=\"text-align: justify;\"><span style=\"font-size: 16px;\">Le positivisme chez Marilyn Manson.<br \/>\n<i><span dir=\"auto\">Le Grand Gidouille<\/span><\/i><span dir=\"auto\">\u00a0sur\u00a0le ventre d&rsquo;\u00a0<\/span><span dir=\"auto\">Ubu est-il\u00a0 un symbole de pataphysique?<\/span><br \/>\n<\/span><\/div>\n<div><\/div>\n<div><span style=\"font-size: 16px;\"><strong>Exp\u00e9rience<\/strong><\/span><\/div>\n<div style=\"text-align: justify;\">\n<p><span style=\"font-size: 16px;\"><span style=\"font-size: 16px;\">Charg\u00e9e de cours holographique \u2013 Esth\u00e9tique du n\u00e9gatif, Cours dispens\u00e9s dans des cath\u00e9drales gothiques g\u00e9n\u00e9r\u00e9es par IA., Examens sous forme de duels dialectiques en gravit\u00e9 z\u00e9ro.<\/span><\/span><\/p>\n<div>\n<p><span style=\"font-size: 16px;\"><strong>Projet en cours<\/strong><\/span><\/p>\n<\/div>\n<div style=\"text-align: justify;\"><span style=\"font-size: 16px;\">Reconstitution des <em>Chants de Maldoror<\/em> sous forme de monde explorable o\u00f9 chaque m\u00e9taphore devient un pi\u00e8ge interactif.<\/span><\/div>\n<div><span style=\"font-size: 16px;\">Maldoror pour les cuistres.<\/span><\/div>\n<\/div>\n<\/td>\n<\/tr>\n<\/tbody>\n<\/table>\n<h3><img loading=\"lazy\" decoding=\"async\" class=\"aligncenter wp-image-52977\" src=\"https:\/\/frank-lovisolo.fr\/WordPress\/wp-content\/uploads\/2026\/04\/separateur-par-2026-LR.png\" alt=\"- - -\" width=\"494\" height=\"22\" title=\"-\" srcset=\"https:\/\/frank-lovisolo.fr\/WordPress\/wp-content\/uploads\/2026\/04\/separateur-par-2026-LR.png 988w, https:\/\/frank-lovisolo.fr\/WordPress\/wp-content\/uploads\/2026\/04\/separateur-par-2026-LR-460x20.png 460w, https:\/\/frank-lovisolo.fr\/WordPress\/wp-content\/uploads\/2026\/04\/separateur-par-2026-LR-768x34.png 768w, https:\/\/frank-lovisolo.fr\/WordPress\/wp-content\/uploads\/2026\/04\/separateur-par-2026-LR-250x11.png 250w, https:\/\/frank-lovisolo.fr\/WordPress\/wp-content\/uploads\/2026\/04\/separateur-par-2026-LR-150x7.png 150w\" sizes=\"auto, (max-width: 494px) 100vw, 494px\" \/><\/h3>\n<h3 style=\"text-align: center;\"><span class=\"ez-toc-section\" id=\"les-illustrations-de-frank-cesar-lovisolo-%e2%87%91%e2%87%91%e2%87%91\"><\/span><a id=\"ILL01\"><\/a><span style=\"font-size: 24px;\"><strong>Les Illustrations de Frank C\u00e9sar Lovisolo<\/strong><br \/>\n<\/span><span style=\"font-size: 24px;\"><span style=\"font-size: 20px;\"><a href=\"#LetV01\"><span style=\"background-color: #190032; color: #99ffff;\"><span style=\"background-color: #190032;\">\u21d1<\/span><\/span><\/a><\/span><\/span><a href=\"#LetV01\"><span style=\"font-size: 20px;\"><span style=\"background-color: #190032; color: #99ffff;\"><span style=\"background-color: #190032;\">\u21d1<\/span><\/span><\/span><span style=\"font-size: 20px;\"><span style=\"background-color: #190032; color: #99ffff;\"><span style=\"background-color: #190032;\">\u21d1<\/span><\/span><\/span><\/a><span class=\"ez-toc-section-end\"><\/span><\/h3>\n<p>&nbsp;<\/p>\n<table style=\"width: 100%; border-collapse: collapse; height: 535px;\">\n<tbody>\n<tr>\n<td style=\"width: 100%; text-align: center;\">\n<p style=\"text-align: center;\"><strong><span style=\"font-size: 22px;\">Sauvage<\/span><\/strong><\/p>\n<\/td>\n<\/tr>\n<tr>\n<td style=\"width: 100%; text-align: center;\">\n<p style=\"text-align: center;\"><strong><img loading=\"lazy\" decoding=\"async\" class=\"aligncenter size-large wp-image-52875\" src=\"https:\/\/frank-lovisolo.fr\/WordPress\/wp-content\/uploads\/2026\/04\/Sauvage_Comte-de-Lautreamont_Chants-De-Maldoror-1024x724.jpg\" alt=\"- - -\" width=\"1024\" height=\"724\" title=\"-\" srcset=\"https:\/\/frank-lovisolo.fr\/WordPress\/wp-content\/uploads\/2026\/04\/Sauvage_Comte-de-Lautreamont_Chants-De-Maldoror-1024x724.jpg 1024w, https:\/\/frank-lovisolo.fr\/WordPress\/wp-content\/uploads\/2026\/04\/Sauvage_Comte-de-Lautreamont_Chants-De-Maldoror-460x325.jpg 460w, https:\/\/frank-lovisolo.fr\/WordPress\/wp-content\/uploads\/2026\/04\/Sauvage_Comte-de-Lautreamont_Chants-De-Maldoror-768x543.jpg 768w, https:\/\/frank-lovisolo.fr\/WordPress\/wp-content\/uploads\/2026\/04\/Sauvage_Comte-de-Lautreamont_Chants-De-Maldoror-212x150.jpg 212w, https:\/\/frank-lovisolo.fr\/WordPress\/wp-content\/uploads\/2026\/04\/Sauvage_Comte-de-Lautreamont_Chants-De-Maldoror-150x106.jpg 150w, https:\/\/frank-lovisolo.fr\/WordPress\/wp-content\/uploads\/2026\/04\/Sauvage_Comte-de-Lautreamont_Chants-De-Maldoror.jpg 1440w\" sizes=\"auto, (max-width: 1024px) 100vw, 1024px\" \/><\/strong><\/p>\n<\/td>\n<\/tr>\n<tr style=\"height: 33px;\">\n<td style=\"width: 100%; text-align: center; height: 33px;\">\n<p style=\"text-align: center;\"><strong><span style=\"font-size: 22px;\">Chant I &#8211; Didier Bourguignon<\/span><\/strong><\/p>\n<\/td>\n<\/tr>\n<tr style=\"height: 22px;\">\n<td style=\"width: 100%; height: 22px; text-align: center;\"><strong><span style=\"font-size: 22px;\"><a href=\"https:\/\/frank-lovisolo.fr\/WordPress\/plut-au-ciel-maldoror\/\" target=\"_blank\" rel=\"noopener\">Pl\u00fbt au ciel<\/a><\/span><\/strong><\/p>\n<div><img loading=\"lazy\" decoding=\"async\" class=\"size-large wp-image-52014 aligncenter\" src=\"https:\/\/frank-lovisolo.fr\/WordPress\/wp-content\/uploads\/2026\/02\/Plut-au-Ciel-IMA-1024x538.jpg\" alt=\"- - -\" width=\"1024\" height=\"538\" title=\"-\" srcset=\"https:\/\/frank-lovisolo.fr\/WordPress\/wp-content\/uploads\/2026\/02\/Plut-au-Ciel-IMA-1024x538.jpg 1024w, https:\/\/frank-lovisolo.fr\/WordPress\/wp-content\/uploads\/2026\/02\/Plut-au-Ciel-IMA-460x242.jpg 460w, https:\/\/frank-lovisolo.fr\/WordPress\/wp-content\/uploads\/2026\/02\/Plut-au-Ciel-IMA-768x403.jpg 768w, https:\/\/frank-lovisolo.fr\/WordPress\/wp-content\/uploads\/2026\/02\/Plut-au-Ciel-IMA-250x131.jpg 250w, https:\/\/frank-lovisolo.fr\/WordPress\/wp-content\/uploads\/2026\/02\/Plut-au-Ciel-IMA-150x79.jpg 150w, https:\/\/frank-lovisolo.fr\/WordPress\/wp-content\/uploads\/2026\/02\/Plut-au-Ciel-IMA.jpg 1440w\" sizes=\"auto, (max-width: 1024px) 100vw, 1024px\" \/><\/div>\n<\/td>\n<\/tr>\n<tr style=\"height: 24px;\">\n<td style=\"width: 100%; height: 24px; text-align: center;\"><strong><span style=\"font-size: 22px;\"><a href=\"https:\/\/frank-lovisolo.fr\/WordPress\/jai-vu-pendant-toute-ma-vie-maldoror\/\" target=\"_blank\" rel=\"noopener\">J&rsquo;ai vu pendant toute ma vie<\/a><\/span><\/strong><\/p>\n<div><img loading=\"lazy\" decoding=\"async\" class=\"size-large wp-image-52031 aligncenter\" src=\"https:\/\/frank-lovisolo.fr\/WordPress\/wp-content\/uploads\/2026\/02\/Jai-vu-pendant-toute-ma-vie-IMA-1024x538.jpg\" alt=\"- - -\" width=\"1024\" height=\"538\" title=\"-\" srcset=\"https:\/\/frank-lovisolo.fr\/WordPress\/wp-content\/uploads\/2026\/02\/Jai-vu-pendant-toute-ma-vie-IMA-1024x538.jpg 1024w, https:\/\/frank-lovisolo.fr\/WordPress\/wp-content\/uploads\/2026\/02\/Jai-vu-pendant-toute-ma-vie-IMA-460x242.jpg 460w, https:\/\/frank-lovisolo.fr\/WordPress\/wp-content\/uploads\/2026\/02\/Jai-vu-pendant-toute-ma-vie-IMA-768x403.jpg 768w, https:\/\/frank-lovisolo.fr\/WordPress\/wp-content\/uploads\/2026\/02\/Jai-vu-pendant-toute-ma-vie-IMA-250x131.jpg 250w, https:\/\/frank-lovisolo.fr\/WordPress\/wp-content\/uploads\/2026\/02\/Jai-vu-pendant-toute-ma-vie-IMA-150x79.jpg 150w, https:\/\/frank-lovisolo.fr\/WordPress\/wp-content\/uploads\/2026\/02\/Jai-vu-pendant-toute-ma-vie-IMA.jpg 1440w\" sizes=\"auto, (max-width: 1024px) 100vw, 1024px\" \/><\/div>\n<\/td>\n<\/tr>\n<tr style=\"height: 24px;\">\n<td style=\"width: 100%; height: 24px; text-align: center;\"><strong><span style=\"font-size: 22px;\"><a href=\"https:\/\/frank-lovisolo.fr\/WordPress\/vieil-ocean-maldoror\/\" target=\"_blank\" rel=\"noopener\">Vieil Oc\u00e9an<\/a><\/span><\/strong><\/p>\n<p><img loading=\"lazy\" decoding=\"async\" class=\"size-large wp-image-52048 aligncenter\" src=\"https:\/\/frank-lovisolo.fr\/WordPress\/wp-content\/uploads\/2026\/02\/Vieil-ocean-IMA-1024x538.jpg\" alt=\"Maldoror\" width=\"1024\" height=\"538\" title=\"-\" srcset=\"https:\/\/frank-lovisolo.fr\/WordPress\/wp-content\/uploads\/2026\/02\/Vieil-ocean-IMA-1024x538.jpg 1024w, https:\/\/frank-lovisolo.fr\/WordPress\/wp-content\/uploads\/2026\/02\/Vieil-ocean-IMA-460x242.jpg 460w, https:\/\/frank-lovisolo.fr\/WordPress\/wp-content\/uploads\/2026\/02\/Vieil-ocean-IMA-768x403.jpg 768w, https:\/\/frank-lovisolo.fr\/WordPress\/wp-content\/uploads\/2026\/02\/Vieil-ocean-IMA-250x131.jpg 250w, https:\/\/frank-lovisolo.fr\/WordPress\/wp-content\/uploads\/2026\/02\/Vieil-ocean-IMA-150x79.jpg 150w, https:\/\/frank-lovisolo.fr\/WordPress\/wp-content\/uploads\/2026\/02\/Vieil-ocean-IMA.jpg 1440w\" sizes=\"auto, (max-width: 1024px) 100vw, 1024px\" \/><\/p>\n<p><img loading=\"lazy\" decoding=\"async\" class=\"aligncenter wp-image-52977\" src=\"https:\/\/frank-lovisolo.fr\/WordPress\/wp-content\/uploads\/2026\/04\/separateur-par-2026-LR.png\" alt=\"- - -\" width=\"494\" height=\"22\" title=\"-\" srcset=\"https:\/\/frank-lovisolo.fr\/WordPress\/wp-content\/uploads\/2026\/04\/separateur-par-2026-LR.png 988w, https:\/\/frank-lovisolo.fr\/WordPress\/wp-content\/uploads\/2026\/04\/separateur-par-2026-LR-460x20.png 460w, https:\/\/frank-lovisolo.fr\/WordPress\/wp-content\/uploads\/2026\/04\/separateur-par-2026-LR-768x34.png 768w, https:\/\/frank-lovisolo.fr\/WordPress\/wp-content\/uploads\/2026\/04\/separateur-par-2026-LR-250x11.png 250w, https:\/\/frank-lovisolo.fr\/WordPress\/wp-content\/uploads\/2026\/04\/separateur-par-2026-LR-150x7.png 150w\" sizes=\"auto, (max-width: 494px) 100vw, 494px\" \/><\/td>\n<\/tr>\n<tr style=\"height: 33px;\">\n<td style=\"width: 100%; text-align: center; height: 33px;\">\n<p style=\"text-align: center;\"><strong><span style=\"font-size: 22px;\">Chant II &#8211; Jacques Maury<\/span><\/strong><\/p>\n<\/td>\n<\/tr>\n<tr style=\"height: 24px;\">\n<td style=\"width: 100%; height: 24px; text-align: center;\"><strong><span style=\"font-size: 22px;\"><a href=\"https:\/\/frank-lovisolo.fr\/WordPress\/je-saisi-la-plume-comte-de-lautreamont\/\" target=\"_blank\" rel=\"noopener\">Je saisis la plume qui&#8230;<\/a><\/span><\/strong><\/p>\n<div><img loading=\"lazy\" decoding=\"async\" class=\"size-large wp-image-52077 aligncenter\" src=\"https:\/\/frank-lovisolo.fr\/WordPress\/wp-content\/uploads\/2026\/02\/Jai-saisi-la-plume-IMA-1024x538.jpg\" alt=\"Comte de Lautr\u00e9amont\" width=\"1024\" height=\"538\" title=\"-\" srcset=\"https:\/\/frank-lovisolo.fr\/WordPress\/wp-content\/uploads\/2026\/02\/Jai-saisi-la-plume-IMA-1024x538.jpg 1024w, https:\/\/frank-lovisolo.fr\/WordPress\/wp-content\/uploads\/2026\/02\/Jai-saisi-la-plume-IMA-460x242.jpg 460w, https:\/\/frank-lovisolo.fr\/WordPress\/wp-content\/uploads\/2026\/02\/Jai-saisi-la-plume-IMA-768x403.jpg 768w, https:\/\/frank-lovisolo.fr\/WordPress\/wp-content\/uploads\/2026\/02\/Jai-saisi-la-plume-IMA-250x131.jpg 250w, https:\/\/frank-lovisolo.fr\/WordPress\/wp-content\/uploads\/2026\/02\/Jai-saisi-la-plume-IMA-150x79.jpg 150w, https:\/\/frank-lovisolo.fr\/WordPress\/wp-content\/uploads\/2026\/02\/Jai-saisi-la-plume-IMA.jpg 1440w\" sizes=\"auto, (max-width: 1024px) 100vw, 1024px\" \/><\/div>\n<\/td>\n<\/tr>\n<tr style=\"height: 24px;\">\n<td style=\"width: 100%; height: 24px; text-align: center;\"><strong><span style=\"font-size: 22px;\"><a href=\"https:\/\/frank-lovisolo.fr\/WordPress\/promenade-quotidienne-maldoror\/\" target=\"_blank\" rel=\"noopener\">Promenade quotidienne<\/a><\/span><\/strong><\/p>\n<div><img loading=\"lazy\" decoding=\"async\" class=\"size-large wp-image-52451 aligncenter\" src=\"https:\/\/frank-lovisolo.fr\/WordPress\/wp-content\/uploads\/2026\/03\/Promenade-Quotidienne-IMA-V3-1024x538.jpg\" alt=\"Maldoror\" width=\"1024\" height=\"538\" title=\"-\" srcset=\"https:\/\/frank-lovisolo.fr\/WordPress\/wp-content\/uploads\/2026\/03\/Promenade-Quotidienne-IMA-V3-1024x538.jpg 1024w, https:\/\/frank-lovisolo.fr\/WordPress\/wp-content\/uploads\/2026\/03\/Promenade-Quotidienne-IMA-V3-460x242.jpg 460w, https:\/\/frank-lovisolo.fr\/WordPress\/wp-content\/uploads\/2026\/03\/Promenade-Quotidienne-IMA-V3-768x403.jpg 768w, https:\/\/frank-lovisolo.fr\/WordPress\/wp-content\/uploads\/2026\/03\/Promenade-Quotidienne-IMA-V3-250x131.jpg 250w, https:\/\/frank-lovisolo.fr\/WordPress\/wp-content\/uploads\/2026\/03\/Promenade-Quotidienne-IMA-V3-150x79.jpg 150w, https:\/\/frank-lovisolo.fr\/WordPress\/wp-content\/uploads\/2026\/03\/Promenade-Quotidienne-IMA-V3.jpg 1440w\" sizes=\"auto, (max-width: 1024px) 100vw, 1024px\" \/><\/div>\n<div><\/div>\n<div><img loading=\"lazy\" decoding=\"async\" class=\"aligncenter wp-image-52977\" src=\"https:\/\/frank-lovisolo.fr\/WordPress\/wp-content\/uploads\/2026\/04\/separateur-par-2026-LR.png\" alt=\"- - -\" width=\"494\" height=\"22\" title=\"-\" srcset=\"https:\/\/frank-lovisolo.fr\/WordPress\/wp-content\/uploads\/2026\/04\/separateur-par-2026-LR.png 988w, https:\/\/frank-lovisolo.fr\/WordPress\/wp-content\/uploads\/2026\/04\/separateur-par-2026-LR-460x20.png 460w, https:\/\/frank-lovisolo.fr\/WordPress\/wp-content\/uploads\/2026\/04\/separateur-par-2026-LR-768x34.png 768w, https:\/\/frank-lovisolo.fr\/WordPress\/wp-content\/uploads\/2026\/04\/separateur-par-2026-LR-250x11.png 250w, https:\/\/frank-lovisolo.fr\/WordPress\/wp-content\/uploads\/2026\/04\/separateur-par-2026-LR-150x7.png 150w\" sizes=\"auto, (max-width: 494px) 100vw, 494px\" \/><\/div>\n<\/td>\n<\/tr>\n<tr style=\"height: 33px;\">\n<td style=\"width: 100%; text-align: center; height: 33px;\">\n<p style=\"text-align: center;\"><strong><span style=\"font-size: 22px;\">Chant III &#8211; Christine Pasquier<\/span><\/strong><\/p>\n<\/td>\n<\/tr>\n<tr style=\"height: 24px;\">\n<td style=\"width: 100%; height: 24px; text-align: center;\"><strong><span style=\"font-size: 22px;\"><a href=\"https:\/\/frank-lovisolo.fr\/WordPress\/rappelons-maldoror-lautreamont\/\" target=\"_blank\" rel=\"noopener\">Rappelons les noms<\/a><\/span><\/strong><\/p>\n<div><img loading=\"lazy\" decoding=\"async\" class=\"size-large wp-image-52794 aligncenter\" src=\"https:\/\/frank-lovisolo.fr\/WordPress\/wp-content\/uploads\/2026\/04\/Rappelons-les-Noms-FB-1024x538.jpg\" alt=\"- - -\" width=\"1024\" height=\"538\" title=\"-\" srcset=\"https:\/\/frank-lovisolo.fr\/WordPress\/wp-content\/uploads\/2026\/04\/Rappelons-les-Noms-FB-1024x538.jpg 1024w, https:\/\/frank-lovisolo.fr\/WordPress\/wp-content\/uploads\/2026\/04\/Rappelons-les-Noms-FB-460x242.jpg 460w, https:\/\/frank-lovisolo.fr\/WordPress\/wp-content\/uploads\/2026\/04\/Rappelons-les-Noms-FB-768x403.jpg 768w, https:\/\/frank-lovisolo.fr\/WordPress\/wp-content\/uploads\/2026\/04\/Rappelons-les-Noms-FB-250x131.jpg 250w, https:\/\/frank-lovisolo.fr\/WordPress\/wp-content\/uploads\/2026\/04\/Rappelons-les-Noms-FB-150x79.jpg 150w, https:\/\/frank-lovisolo.fr\/WordPress\/wp-content\/uploads\/2026\/04\/Rappelons-les-Noms-FB.jpg 1200w\" sizes=\"auto, (max-width: 1024px) 100vw, 1024px\" \/><\/div>\n<\/td>\n<\/tr>\n<tr style=\"height: 24px;\">\n<td style=\"width: 100%; height: 24px; text-align: center;\"><strong><span style=\"font-size: 22px;\"><a href=\"https:\/\/frank-lovisolo.fr\/WordPress\/journee-printemps-maldoror-lautreamont\/\" target=\"_blank\" rel=\"noopener\">C&rsquo;\u00e9tait une journ\u00e9e de printemps<\/a><\/span><\/strong><\/p>\n<div><img loading=\"lazy\" decoding=\"async\" class=\"size-large wp-image-52686 aligncenter\" src=\"https:\/\/frank-lovisolo.fr\/WordPress\/wp-content\/uploads\/2026\/03\/Cetaitunejournee-deprintemps-IMA-1024x538.jpg\" alt=\"Maldoror\" width=\"1024\" height=\"538\" title=\"-\" srcset=\"https:\/\/frank-lovisolo.fr\/WordPress\/wp-content\/uploads\/2026\/03\/Cetaitunejournee-deprintemps-IMA-1024x538.jpg 1024w, https:\/\/frank-lovisolo.fr\/WordPress\/wp-content\/uploads\/2026\/03\/Cetaitunejournee-deprintemps-IMA-460x242.jpg 460w, https:\/\/frank-lovisolo.fr\/WordPress\/wp-content\/uploads\/2026\/03\/Cetaitunejournee-deprintemps-IMA-768x403.jpg 768w, https:\/\/frank-lovisolo.fr\/WordPress\/wp-content\/uploads\/2026\/03\/Cetaitunejournee-deprintemps-IMA-250x131.jpg 250w, https:\/\/frank-lovisolo.fr\/WordPress\/wp-content\/uploads\/2026\/03\/Cetaitunejournee-deprintemps-IMA-150x79.jpg 150w, https:\/\/frank-lovisolo.fr\/WordPress\/wp-content\/uploads\/2026\/03\/Cetaitunejournee-deprintemps-IMA.jpg 1440w\" sizes=\"auto, (max-width: 1024px) 100vw, 1024px\" \/><\/div>\n<div><\/div>\n<div><img loading=\"lazy\" decoding=\"async\" class=\"aligncenter wp-image-52977\" src=\"https:\/\/frank-lovisolo.fr\/WordPress\/wp-content\/uploads\/2026\/04\/separateur-par-2026-LR.png\" alt=\"- - -\" width=\"494\" height=\"22\" title=\"-\" srcset=\"https:\/\/frank-lovisolo.fr\/WordPress\/wp-content\/uploads\/2026\/04\/separateur-par-2026-LR.png 988w, https:\/\/frank-lovisolo.fr\/WordPress\/wp-content\/uploads\/2026\/04\/separateur-par-2026-LR-460x20.png 460w, https:\/\/frank-lovisolo.fr\/WordPress\/wp-content\/uploads\/2026\/04\/separateur-par-2026-LR-768x34.png 768w, https:\/\/frank-lovisolo.fr\/WordPress\/wp-content\/uploads\/2026\/04\/separateur-par-2026-LR-250x11.png 250w, https:\/\/frank-lovisolo.fr\/WordPress\/wp-content\/uploads\/2026\/04\/separateur-par-2026-LR-150x7.png 150w\" sizes=\"auto, (max-width: 494px) 100vw, 494px\" \/><\/div>\n<\/td>\n<\/tr>\n<tr style=\"height: 33px;\">\n<td style=\"width: 100%; text-align: center; height: 33px;\">\n<p style=\"text-align: center;\"><span style=\"font-size: 22px;\"><strong>Chant IV &#8211; Hugues Louagie<\/strong><\/span><\/p>\n<\/td>\n<\/tr>\n<tr style=\"height: 24px;\">\n<td style=\"width: 100%; height: 24px; text-align: center;\"><strong><span style=\"font-size: 22px;\"><a href=\"https:\/\/frank-lovisolo.fr\/WordPress\/homme-ou-pierre-isidore-ducasse\/\" target=\"_blank\" rel=\"noopener\">C\u2019est un homme ou une pierre<\/a><\/span><\/strong><\/p>\n<div><img loading=\"lazy\" decoding=\"async\" class=\"size-large wp-image-52101 aligncenter\" src=\"https:\/\/frank-lovisolo.fr\/WordPress\/wp-content\/uploads\/2026\/02\/Cest-un-homme-ou-une-pierre-IMA-1024x538.jpg\" alt=\"- - -\" width=\"1024\" height=\"538\" title=\"-\" srcset=\"https:\/\/frank-lovisolo.fr\/WordPress\/wp-content\/uploads\/2026\/02\/Cest-un-homme-ou-une-pierre-IMA-1024x538.jpg 1024w, https:\/\/frank-lovisolo.fr\/WordPress\/wp-content\/uploads\/2026\/02\/Cest-un-homme-ou-une-pierre-IMA-460x242.jpg 460w, https:\/\/frank-lovisolo.fr\/WordPress\/wp-content\/uploads\/2026\/02\/Cest-un-homme-ou-une-pierre-IMA-768x403.jpg 768w, https:\/\/frank-lovisolo.fr\/WordPress\/wp-content\/uploads\/2026\/02\/Cest-un-homme-ou-une-pierre-IMA-250x131.jpg 250w, https:\/\/frank-lovisolo.fr\/WordPress\/wp-content\/uploads\/2026\/02\/Cest-un-homme-ou-une-pierre-IMA-150x79.jpg 150w, https:\/\/frank-lovisolo.fr\/WordPress\/wp-content\/uploads\/2026\/02\/Cest-un-homme-ou-une-pierre-IMA.jpg 1440w\" sizes=\"auto, (max-width: 1024px) 100vw, 1024px\" \/><\/div>\n<\/td>\n<\/tr>\n<tr style=\"height: 24px;\">\n<td style=\"width: 100%; height: 24px; text-align: center;\"><strong><span style=\"font-size: 22px;\"><a href=\"https:\/\/frank-lovisolo.fr\/WordPress\/je-metais-endormi-isidore-ducasse\/\" target=\"_blank\" rel=\"noopener\">Je m&rsquo;\u00e9tais endormi sur la falaise<\/a><\/span><\/strong><\/p>\n<div><img loading=\"lazy\" decoding=\"async\" class=\"size-large wp-image-52123 aligncenter\" src=\"https:\/\/frank-lovisolo.fr\/WordPress\/wp-content\/uploads\/2026\/02\/Je-metais-endormi-sur-la-falaise-IMA-1024x538.jpg\" alt=\"- - -\" width=\"1024\" height=\"538\" title=\"-\" srcset=\"https:\/\/frank-lovisolo.fr\/WordPress\/wp-content\/uploads\/2026\/02\/Je-metais-endormi-sur-la-falaise-IMA-1024x538.jpg 1024w, https:\/\/frank-lovisolo.fr\/WordPress\/wp-content\/uploads\/2026\/02\/Je-metais-endormi-sur-la-falaise-IMA-460x242.jpg 460w, https:\/\/frank-lovisolo.fr\/WordPress\/wp-content\/uploads\/2026\/02\/Je-metais-endormi-sur-la-falaise-IMA-768x403.jpg 768w, https:\/\/frank-lovisolo.fr\/WordPress\/wp-content\/uploads\/2026\/02\/Je-metais-endormi-sur-la-falaise-IMA-250x131.jpg 250w, https:\/\/frank-lovisolo.fr\/WordPress\/wp-content\/uploads\/2026\/02\/Je-metais-endormi-sur-la-falaise-IMA-150x79.jpg 150w, https:\/\/frank-lovisolo.fr\/WordPress\/wp-content\/uploads\/2026\/02\/Je-metais-endormi-sur-la-falaise-IMA.jpg 1440w\" sizes=\"auto, (max-width: 1024px) 100vw, 1024px\" \/><\/div>\n<div><\/div>\n<div><img loading=\"lazy\" decoding=\"async\" class=\"aligncenter wp-image-52977\" src=\"https:\/\/frank-lovisolo.fr\/WordPress\/wp-content\/uploads\/2026\/04\/separateur-par-2026-LR.png\" alt=\"- - -\" width=\"494\" height=\"22\" title=\"-\" srcset=\"https:\/\/frank-lovisolo.fr\/WordPress\/wp-content\/uploads\/2026\/04\/separateur-par-2026-LR.png 988w, https:\/\/frank-lovisolo.fr\/WordPress\/wp-content\/uploads\/2026\/04\/separateur-par-2026-LR-460x20.png 460w, https:\/\/frank-lovisolo.fr\/WordPress\/wp-content\/uploads\/2026\/04\/separateur-par-2026-LR-768x34.png 768w, https:\/\/frank-lovisolo.fr\/WordPress\/wp-content\/uploads\/2026\/04\/separateur-par-2026-LR-250x11.png 250w, https:\/\/frank-lovisolo.fr\/WordPress\/wp-content\/uploads\/2026\/04\/separateur-par-2026-LR-150x7.png 150w\" sizes=\"auto, (max-width: 494px) 100vw, 494px\" \/><\/div>\n<\/td>\n<\/tr>\n<tr style=\"height: 33px;\">\n<td style=\"width: 100%; text-align: center; height: 33px;\">\n<p style=\"text-align: center;\"><span style=\"font-size: 22px;\"><strong>Chant V &#8211; Val\u00e9rie Feasson<\/strong><\/span><\/p>\n<\/td>\n<\/tr>\n<tr style=\"height: 24px;\">\n<td style=\"width: 100%; height: 24px; text-align: center;\"><strong><span style=\"font-size: 22px;\"><a href=\"https:\/\/frank-lovisolo.fr\/WordPress\/que-le-lecteur-comte-de-lautreamont\/\" target=\"_blank\" rel=\"noopener\">Que le lecteur&#8230;<\/a><\/span><\/strong><\/p>\n<div><img loading=\"lazy\" decoding=\"async\" class=\"size-large wp-image-52206 aligncenter\" src=\"https:\/\/frank-lovisolo.fr\/WordPress\/wp-content\/uploads\/2026\/02\/Que-le-lecteur-IMA-1024x538.jpg\" alt=\"Comte de Maldoror\" width=\"1024\" height=\"538\" title=\"-\" srcset=\"https:\/\/frank-lovisolo.fr\/WordPress\/wp-content\/uploads\/2026\/02\/Que-le-lecteur-IMA-1024x538.jpg 1024w, https:\/\/frank-lovisolo.fr\/WordPress\/wp-content\/uploads\/2026\/02\/Que-le-lecteur-IMA-460x242.jpg 460w, https:\/\/frank-lovisolo.fr\/WordPress\/wp-content\/uploads\/2026\/02\/Que-le-lecteur-IMA-768x403.jpg 768w, https:\/\/frank-lovisolo.fr\/WordPress\/wp-content\/uploads\/2026\/02\/Que-le-lecteur-IMA-250x131.jpg 250w, https:\/\/frank-lovisolo.fr\/WordPress\/wp-content\/uploads\/2026\/02\/Que-le-lecteur-IMA-150x79.jpg 150w, https:\/\/frank-lovisolo.fr\/WordPress\/wp-content\/uploads\/2026\/02\/Que-le-lecteur-IMA.jpg 1440w\" sizes=\"auto, (max-width: 1024px) 100vw, 1024px\" \/><\/div>\n<\/td>\n<\/tr>\n<tr style=\"height: 33px;\">\n<td style=\"width: 100%; text-align: center; height: 33px;\"><strong><span style=\"font-size: 22px;\"><a href=\"https:\/\/frank-lovisolo.fr\/WordPress\/aneantissement-comte-de-lautreamont\/\" target=\"_blank\" rel=\"noopener\">L&rsquo;an\u00e9antissement<\/a><\/span><\/strong><\/p>\n<div><img loading=\"lazy\" decoding=\"async\" class=\"size-large wp-image-52188 aligncenter\" src=\"https:\/\/frank-lovisolo.fr\/WordPress\/wp-content\/uploads\/2026\/02\/Laneantissement-IMA-1024x538.jpg\" alt=\"- - -\" width=\"1024\" height=\"538\" title=\"-\" srcset=\"https:\/\/frank-lovisolo.fr\/WordPress\/wp-content\/uploads\/2026\/02\/Laneantissement-IMA-1024x538.jpg 1024w, https:\/\/frank-lovisolo.fr\/WordPress\/wp-content\/uploads\/2026\/02\/Laneantissement-IMA-460x242.jpg 460w, https:\/\/frank-lovisolo.fr\/WordPress\/wp-content\/uploads\/2026\/02\/Laneantissement-IMA-768x403.jpg 768w, https:\/\/frank-lovisolo.fr\/WordPress\/wp-content\/uploads\/2026\/02\/Laneantissement-IMA-250x131.jpg 250w, https:\/\/frank-lovisolo.fr\/WordPress\/wp-content\/uploads\/2026\/02\/Laneantissement-IMA-150x79.jpg 150w, https:\/\/frank-lovisolo.fr\/WordPress\/wp-content\/uploads\/2026\/02\/Laneantissement-IMA.jpg 1440w\" sizes=\"auto, (max-width: 1024px) 100vw, 1024px\" \/><\/div>\n<div><\/div>\n<div><img loading=\"lazy\" decoding=\"async\" class=\"aligncenter wp-image-52977\" src=\"https:\/\/frank-lovisolo.fr\/WordPress\/wp-content\/uploads\/2026\/04\/separateur-par-2026-LR.png\" alt=\"- - -\" width=\"494\" height=\"22\" title=\"-\" srcset=\"https:\/\/frank-lovisolo.fr\/WordPress\/wp-content\/uploads\/2026\/04\/separateur-par-2026-LR.png 988w, https:\/\/frank-lovisolo.fr\/WordPress\/wp-content\/uploads\/2026\/04\/separateur-par-2026-LR-460x20.png 460w, https:\/\/frank-lovisolo.fr\/WordPress\/wp-content\/uploads\/2026\/04\/separateur-par-2026-LR-768x34.png 768w, https:\/\/frank-lovisolo.fr\/WordPress\/wp-content\/uploads\/2026\/04\/separateur-par-2026-LR-250x11.png 250w, https:\/\/frank-lovisolo.fr\/WordPress\/wp-content\/uploads\/2026\/04\/separateur-par-2026-LR-150x7.png 150w\" sizes=\"auto, (max-width: 494px) 100vw, 494px\" \/><\/div>\n<\/td>\n<\/tr>\n<tr style=\"height: 33px;\">\n<td style=\"width: 100%; text-align: center; height: 33px;\">\n<p style=\"text-align: center;\"><span style=\"font-size: 22px;\"><strong>Chant VI &#8211; Noelly Thiebaut<\/strong><\/span><\/p>\n<\/td>\n<\/tr>\n<tr style=\"height: 33px;\">\n<td style=\"width: 100%; text-align: center; height: 33px;\"><strong><span style=\"font-size: 22px;\"><a href=\"https:\/\/frank-lovisolo.fr\/WordPress\/calme-enviable-les-chants-de-maldoror\/\" target=\"_blank\" rel=\"noopener\">Vous dont le calme enviable<\/a><\/span><\/strong><\/p>\n<div><img loading=\"lazy\" decoding=\"async\" class=\"size-large wp-image-52146 aligncenter\" src=\"https:\/\/frank-lovisolo.fr\/WordPress\/wp-content\/uploads\/2026\/02\/Vous-dont-le-calme-est-enviable-IMA-1024x538.jpg\" alt=\"- - -\" width=\"1024\" height=\"538\" title=\"-\" srcset=\"https:\/\/frank-lovisolo.fr\/WordPress\/wp-content\/uploads\/2026\/02\/Vous-dont-le-calme-est-enviable-IMA-1024x538.jpg 1024w, https:\/\/frank-lovisolo.fr\/WordPress\/wp-content\/uploads\/2026\/02\/Vous-dont-le-calme-est-enviable-IMA-460x242.jpg 460w, https:\/\/frank-lovisolo.fr\/WordPress\/wp-content\/uploads\/2026\/02\/Vous-dont-le-calme-est-enviable-IMA-768x403.jpg 768w, https:\/\/frank-lovisolo.fr\/WordPress\/wp-content\/uploads\/2026\/02\/Vous-dont-le-calme-est-enviable-IMA-250x131.jpg 250w, https:\/\/frank-lovisolo.fr\/WordPress\/wp-content\/uploads\/2026\/02\/Vous-dont-le-calme-est-enviable-IMA-150x79.jpg 150w, https:\/\/frank-lovisolo.fr\/WordPress\/wp-content\/uploads\/2026\/02\/Vous-dont-le-calme-est-enviable-IMA.jpg 1440w\" sizes=\"auto, (max-width: 1024px) 100vw, 1024px\" \/><\/div>\n<\/td>\n<\/tr>\n<tr style=\"height: 33px;\">\n<td style=\"width: 100%; height: 33px;\">\n<p style=\"text-align: center;\"><strong><span style=\"font-size: 22px;\"><a href=\"https:\/\/frank-lovisolo.fr\/WordPress\/les-mains-liees-chants-de-maldoror\/\" target=\"_blank\" rel=\"noopener\">Les mains li\u00e9es derri\u00e8re le dos<\/a><\/span><\/strong><\/p>\n<div><img loading=\"lazy\" decoding=\"async\" class=\"size-large wp-image-52159 aligncenter\" src=\"https:\/\/frank-lovisolo.fr\/WordPress\/wp-content\/uploads\/2026\/02\/Les-mains-liees-IMA-1024x538.jpg\" alt=\"Chants de Maldoror\" width=\"1024\" height=\"538\" title=\"-\" srcset=\"https:\/\/frank-lovisolo.fr\/WordPress\/wp-content\/uploads\/2026\/02\/Les-mains-liees-IMA-1024x538.jpg 1024w, https:\/\/frank-lovisolo.fr\/WordPress\/wp-content\/uploads\/2026\/02\/Les-mains-liees-IMA-460x242.jpg 460w, https:\/\/frank-lovisolo.fr\/WordPress\/wp-content\/uploads\/2026\/02\/Les-mains-liees-IMA-768x403.jpg 768w, https:\/\/frank-lovisolo.fr\/WordPress\/wp-content\/uploads\/2026\/02\/Les-mains-liees-IMA-250x131.jpg 250w, https:\/\/frank-lovisolo.fr\/WordPress\/wp-content\/uploads\/2026\/02\/Les-mains-liees-IMA-150x79.jpg 150w, https:\/\/frank-lovisolo.fr\/WordPress\/wp-content\/uploads\/2026\/02\/Les-mains-liees-IMA.jpg 1440w\" sizes=\"auto, (max-width: 1024px) 100vw, 1024px\" \/><\/div>\n<\/td>\n<\/tr>\n<\/tbody>\n<\/table>\n<div><span style=\"color: #ffffff;\">&#8211;<\/span><\/div>\n<div><span style=\"color: #ffffff;\"><img loading=\"lazy\" decoding=\"async\" class=\"aligncenter wp-image-52977\" src=\"https:\/\/frank-lovisolo.fr\/WordPress\/wp-content\/uploads\/2026\/04\/separateur-par-2026-LR.png\" alt=\"- - -\" width=\"494\" height=\"22\" title=\"-\" srcset=\"https:\/\/frank-lovisolo.fr\/WordPress\/wp-content\/uploads\/2026\/04\/separateur-par-2026-LR.png 988w, https:\/\/frank-lovisolo.fr\/WordPress\/wp-content\/uploads\/2026\/04\/separateur-par-2026-LR-460x20.png 460w, https:\/\/frank-lovisolo.fr\/WordPress\/wp-content\/uploads\/2026\/04\/separateur-par-2026-LR-768x34.png 768w, https:\/\/frank-lovisolo.fr\/WordPress\/wp-content\/uploads\/2026\/04\/separateur-par-2026-LR-250x11.png 250w, https:\/\/frank-lovisolo.fr\/WordPress\/wp-content\/uploads\/2026\/04\/separateur-par-2026-LR-150x7.png 150w\" sizes=\"auto, (max-width: 494px) 100vw, 494px\" \/>&#8230;<\/span><a id=\"com\"><\/a><\/div>\n<div id=\"ez-toc-container\" class=\"ez-toc-v2_0_82_2 ez-toc-wrap-center counter-hierarchy ez-toc-counter ez-toc-light-blue ez-toc-container-direction\">\n<label for=\"ez-toc-cssicon-toggle-item-69f004f13a4a7\" class=\"ez-toc-cssicon-toggle-label\"><p class=\"ez-toc-title\" style=\"cursor:inherit\">Table des mati\u00e8res<\/p>\n<span class=\"ez-toc-cssicon\"><span class=\"eztoc-hide\" style=\"display:none;\">Toggle<\/span><span class=\"ez-toc-icon-toggle-span\"><svg style=\"fill: #999;color:#999\" xmlns=\"http:\/\/www.w3.org\/2000\/svg\" class=\"list-377408\" width=\"20px\" height=\"20px\" viewBox=\"0 0 24 24\" fill=\"none\"><path d=\"M6 6H4v2h2V6zm14 0H8v2h12V6zM4 11h2v2H4v-2zm16 0H8v2h12v-2zM4 16h2v2H4v-2zm16 0H8v2h12v-2z\" fill=\"currentColor\"><\/path><\/svg><svg style=\"fill: #999;color:#999\" class=\"arrow-unsorted-368013\" xmlns=\"http:\/\/www.w3.org\/2000\/svg\" width=\"10px\" height=\"10px\" viewBox=\"0 0 24 24\" version=\"1.2\" baseProfile=\"tiny\"><path d=\"M18.2 9.3l-6.2-6.3-6.2 6.3c-.2.2-.3.4-.3.7s.1.5.3.7c.2.2.4.3.7.3h11c.3 0 .5-.1.7-.3.2-.2.3-.5.3-.7s-.1-.5-.3-.7zM5.8 14.7l6.2 6.3 6.2-6.3c.2-.2.3-.5.3-.7s-.1-.5-.3-.7c-.2-.2-.4-.3-.7-.3h-11c-.3 0-.5.1-.7.3-.2.2-.3.5-.3.7s.1.5.3.7z\"\/><\/svg><\/span><\/span><\/label><input type=\"checkbox\"  id=\"ez-toc-cssicon-toggle-item-69f004f13a4a7\" checked \/><nav><ul class='ez-toc-list ez-toc-list-level-1 ' ><li class='ez-toc-page-1 ez-toc-heading-level-1'><a class=\"ez-toc-link ez-toc-heading-1\" href=\"https:\/\/frank-lovisolo.fr\/WordPress\/sauvage-isidore-ducasse-lautreamont\/#treize-episodes-musiques-des-six-chants-de-maldoror\" >Treize \u00c9pisodes musiqu\u00e9s des Six Chants de Maldoror<\/a><\/li><li class='ez-toc-page-1 ez-toc-heading-level-1'><a class=\"ez-toc-link ez-toc-heading-2\" href=\"https:\/\/frank-lovisolo.fr\/WordPress\/sauvage-isidore-ducasse-lautreamont\/#la-musique-pour-entendre-lindicible\" >La musique pour entendre l\u2019indicible<\/a><ul class='ez-toc-list-level-2' ><li class='ez-toc-heading-level-2'><a class=\"ez-toc-link ez-toc-heading-3\" href=\"https:\/\/frank-lovisolo.fr\/WordPress\/sauvage-isidore-ducasse-lautreamont\/#articles-extraits-%e2%87%91%e2%87%91%e2%87%91%e2%80%93\" >Articles &amp; Extraits\u00a0 \u00a0\u21d1\u21d1\u21d1&#8211;<\/a><ul class='ez-toc-list-level-4' ><li class='ez-toc-heading-level-4'><ul class='ez-toc-list-level-4' ><li class='ez-toc-heading-level-4'><a class=\"ez-toc-link ez-toc-heading-4\" href=\"https:\/\/frank-lovisolo.fr\/WordPress\/sauvage-isidore-ducasse-lautreamont\/#chant-i-%e2%80%93-didier-bourguignon\" >Chant I &#8211; Didier Bourguignon<\/a><ul class='ez-toc-list-level-5' ><li class='ez-toc-heading-level-5'><a class=\"ez-toc-link ez-toc-heading-5\" href=\"https:\/\/frank-lovisolo.fr\/WordPress\/sauvage-isidore-ducasse-lautreamont\/#chant-ii-%e2%80%93-jacques-maury\" >Chant II &#8211; Jacques Maury<\/a><\/li><li class='ez-toc-page-1 ez-toc-heading-level-5'><a class=\"ez-toc-link ez-toc-heading-6\" href=\"https:\/\/frank-lovisolo.fr\/WordPress\/sauvage-isidore-ducasse-lautreamont\/#chant-iii-%e2%80%93-christine-pasquier\" >Chant III &#8211; Christine Pasquier<\/a><\/li><\/ul><\/li><li class='ez-toc-page-1 ez-toc-heading-level-4'><a class=\"ez-toc-link ez-toc-heading-7\" href=\"https:\/\/frank-lovisolo.fr\/WordPress\/sauvage-isidore-ducasse-lautreamont\/#chant-iv-%e2%80%93-hugues-louagie\" >Chant IV &#8211; Hugues Louagie<\/a><\/li><li class='ez-toc-page-1 ez-toc-heading-level-4'><a class=\"ez-toc-link ez-toc-heading-8\" href=\"https:\/\/frank-lovisolo.fr\/WordPress\/sauvage-isidore-ducasse-lautreamont\/#chant-v-%e2%80%93-valerie-feasson\" >Chant V &#8211; Val\u00e9rie Feasson<\/a><\/li><li class='ez-toc-page-1 ez-toc-heading-level-4'><a class=\"ez-toc-link ez-toc-heading-9\" href=\"https:\/\/frank-lovisolo.fr\/WordPress\/sauvage-isidore-ducasse-lautreamont\/#chant-vi-%e2%80%93-noelly-thiebaut\" >Chant VI &#8211; Noelly Thiebaut<\/a><\/li><\/ul><\/li><\/ul><\/li><\/ul><\/li><li class='ez-toc-page-1 ez-toc-heading-level-1'><a class=\"ez-toc-link ez-toc-heading-10\" href=\"https:\/\/frank-lovisolo.fr\/WordPress\/sauvage-isidore-ducasse-lautreamont\/#lalbum-sauvage\" >L&rsquo;album : Sauvage<\/a><ul class='ez-toc-list-level-3' ><li class='ez-toc-heading-level-3'><ul class='ez-toc-list-level-3' ><li class='ez-toc-heading-level-3'><a class=\"ez-toc-link ez-toc-heading-11\" href=\"https:\/\/frank-lovisolo.fr\/WordPress\/sauvage-isidore-ducasse-lautreamont\/#isidore-ducasse-dit-lautreamont-1846-1870-%e2%87%91%e2%87%91%e2%87%91\" >Isidore Ducasse, dit Lautr\u00e9amont (1846-1870)\u00a0 \u00a0 \u00a0 \u00a0 \u00a0 \u00a0\u00a0 \u00a0\u21d1\u21d1\u21d1\u00a0<\/a><ul class='ez-toc-list-level-4' ><li class='ez-toc-heading-level-4'><a class=\"ez-toc-link ez-toc-heading-12\" href=\"https:\/\/frank-lovisolo.fr\/WordPress\/sauvage-isidore-ducasse-lautreamont\/#origines-et-formation\" >Origines et formation<\/a><\/li><li class='ez-toc-page-1 ez-toc-heading-level-4'><a class=\"ez-toc-link ez-toc-heading-13\" href=\"https:\/\/frank-lovisolo.fr\/WordPress\/sauvage-isidore-ducasse-lautreamont\/#les-chants-de-maldoror\" >Les Chants de Maldoror\u00a0<\/a><\/li><li class='ez-toc-page-1 ez-toc-heading-level-4'><a class=\"ez-toc-link ez-toc-heading-14\" href=\"https:\/\/frank-lovisolo.fr\/WordPress\/sauvage-isidore-ducasse-lautreamont\/#iii-poesies-et-retournement-esthetique\" >III.\u00a0Po\u00e9sies\u00a0et retournement esth\u00e9tique\u00a0<\/a><\/li><li class='ez-toc-page-1 ez-toc-heading-level-4'><a class=\"ez-toc-link ez-toc-heading-15\" href=\"https:\/\/frank-lovisolo.fr\/WordPress\/sauvage-isidore-ducasse-lautreamont\/#mort-et-posterite\" >Mort et post\u00e9rit\u00e9<\/a><\/li><li class='ez-toc-page-1 ez-toc-heading-level-4'><a class=\"ez-toc-link ez-toc-heading-16\" href=\"https:\/\/frank-lovisolo.fr\/WordPress\/sauvage-isidore-ducasse-lautreamont\/#pour-finir\" >Pour finir:<\/a><\/li><\/ul><\/li><\/ul><\/li><\/ul><\/li><li class='ez-toc-page-1 ez-toc-heading-level-1'><a class=\"ez-toc-link ez-toc-heading-17\" href=\"https:\/\/frank-lovisolo.fr\/WordPress\/sauvage-isidore-ducasse-lautreamont\/#publies-en-1868-%e2%87%91%e2%87%91%e2%87%91\" >Publi\u00e9s en 1868 ,\u00a0 \u00a0 \u00a0 \u00a0 \u00a0\u00a0 \u00a0\u21d1\u21d1\u21d1\u00a0<\/a><ul class='ez-toc-list-level-2' ><li class='ez-toc-heading-level-2'><a class=\"ez-toc-link ez-toc-heading-18\" href=\"https:\/\/frank-lovisolo.fr\/WordPress\/sauvage-isidore-ducasse-lautreamont\/#une-prose-poetique-de-la-fragmentation-rupture-formelle-et-rythmique\" >Une prose po\u00e9tique de la fragmentation, rupture formelle et rythmique<\/a><ul class='ez-toc-list-level-3' ><li class='ez-toc-heading-level-3'><a class=\"ez-toc-link ez-toc-heading-19\" href=\"https:\/\/frank-lovisolo.fr\/WordPress\/sauvage-isidore-ducasse-lautreamont\/#refus-de-la-narration-lineaire\" >Refus de la narration lin\u00e9aire<\/a><\/li><li class='ez-toc-page-1 ez-toc-heading-level-3'><a class=\"ez-toc-link ez-toc-heading-20\" href=\"https:\/\/frank-lovisolo.fr\/WordPress\/sauvage-isidore-ducasse-lautreamont\/#une-syntaxe-de-lexces\" >Une syntaxe de l\u2019exc\u00e8s<\/a><\/li><li class='ez-toc-page-1 ez-toc-heading-level-3'><a class=\"ez-toc-link ez-toc-heading-21\" href=\"https:\/\/frank-lovisolo.fr\/WordPress\/sauvage-isidore-ducasse-lautreamont\/#transition\" >Transition<\/a><\/li><\/ul><\/li><li class='ez-toc-page-1 ez-toc-heading-level-2'><a class=\"ez-toc-link ez-toc-heading-22\" href=\"https:\/\/frank-lovisolo.fr\/WordPress\/sauvage-isidore-ducasse-lautreamont\/#une-esthetique-de-la-violence-%e2%80%93-langage-cruaute-et-anti-lyrisme\" >Une esth\u00e9tique de la violence &#8211; langage, cruaut\u00e9 et anti-lyrisme<\/a><ul class='ez-toc-list-level-3' ><li class='ez-toc-heading-level-3'><a class=\"ez-toc-link ez-toc-heading-23\" href=\"https:\/\/frank-lovisolo.fr\/WordPress\/sauvage-isidore-ducasse-lautreamont\/#la-violence-comme-principe-stylistique\" >La violence comme principe stylistique<\/a><\/li><li class='ez-toc-page-1 ez-toc-heading-level-3'><a class=\"ez-toc-link ez-toc-heading-24\" href=\"https:\/\/frank-lovisolo.fr\/WordPress\/sauvage-isidore-ducasse-lautreamont\/#rejet-du-lyrisme-romantique\" >Rejet du lyrisme romantique<\/a><\/li><li class='ez-toc-page-1 ez-toc-heading-level-3'><a class=\"ez-toc-link ez-toc-heading-25\" href=\"https:\/\/frank-lovisolo.fr\/WordPress\/sauvage-isidore-ducasse-lautreamont\/#transition-2\" >Transition<\/a><\/li><\/ul><\/li><li class='ez-toc-page-1 ez-toc-heading-level-2'><a class=\"ez-toc-link ez-toc-heading-26\" href=\"https:\/\/frank-lovisolo.fr\/WordPress\/sauvage-isidore-ducasse-lautreamont\/#subversion-des-genres-et-detournement-des-discours\" >Subversion des genres et d\u00e9tournement des discours<\/a><ul class='ez-toc-list-level-3' ><li class='ez-toc-heading-level-3'><a class=\"ez-toc-link ez-toc-heading-27\" href=\"https:\/\/frank-lovisolo.fr\/WordPress\/sauvage-isidore-ducasse-lautreamont\/#hybridation-discursive\" >Hybridation discursive<\/a><\/li><li class='ez-toc-page-1 ez-toc-heading-level-3'><a class=\"ez-toc-link ez-toc-heading-28\" href=\"https:\/\/frank-lovisolo.fr\/WordPress\/sauvage-isidore-ducasse-lautreamont\/#demystification-des-autorites-symboliques\" >D\u00e9mystification des autorit\u00e9s symboliques<\/a><\/li><li class='ez-toc-page-1 ez-toc-heading-level-3'><a class=\"ez-toc-link ez-toc-heading-29\" href=\"https:\/\/frank-lovisolo.fr\/WordPress\/sauvage-isidore-ducasse-lautreamont\/#transition-3\" >Transition<\/a><\/li><\/ul><\/li><li class='ez-toc-page-1 ez-toc-heading-level-2'><a class=\"ez-toc-link ez-toc-heading-30\" href=\"https:\/\/frank-lovisolo.fr\/WordPress\/sauvage-isidore-ducasse-lautreamont\/#instabilite-enonciative-et-ironie-crise-du-sujet-et-du-lecteur\" >Instabilit\u00e9 \u00e9nonciative et ironie: crise du sujet et du lecteur<\/a><ul class='ez-toc-list-level-3' ><li class='ez-toc-heading-level-3'><a class=\"ez-toc-link ez-toc-heading-31\" href=\"https:\/\/frank-lovisolo.fr\/WordPress\/sauvage-isidore-ducasse-lautreamont\/#un-sujet-eclate\" >Un sujet \u00e9clat\u00e9<\/a><\/li><li class='ez-toc-page-1 ez-toc-heading-level-3'><a class=\"ez-toc-link ez-toc-heading-32\" href=\"https:\/\/frank-lovisolo.fr\/WordPress\/sauvage-isidore-ducasse-lautreamont\/#le-lecteur-mis-en-accusation\" >Le lecteur mis en accusation<\/a><\/li><li class='ez-toc-page-1 ez-toc-heading-level-3'><a class=\"ez-toc-link ez-toc-heading-33\" href=\"https:\/\/frank-lovisolo.fr\/WordPress\/sauvage-isidore-ducasse-lautreamont\/#ironie-et-parodie\" >Ironie et parodie<\/a><\/li><\/ul><\/li><li class='ez-toc-page-1 ez-toc-heading-level-2'><a class=\"ez-toc-link ez-toc-heading-34\" href=\"https:\/\/frank-lovisolo.fr\/WordPress\/sauvage-isidore-ducasse-lautreamont\/#ouverture-comparative-lautreamont-et-la-modernite-litteraire\" >Ouverture comparative: Lautr\u00e9amont et la modernit\u00e9 litt\u00e9raire<\/a><ul class='ez-toc-list-level-3' ><li class='ez-toc-heading-level-3'><a class=\"ez-toc-link ez-toc-heading-35\" href=\"https:\/\/frank-lovisolo.fr\/WordPress\/sauvage-isidore-ducasse-lautreamont\/#lautreamont-et-baudelaire-la-modernite-du-mal\" >Lautr\u00e9amont et Baudelaire; la modernit\u00e9 du mal<\/a><\/li><li class='ez-toc-page-1 ez-toc-heading-level-3'><a class=\"ez-toc-link ez-toc-heading-36\" href=\"https:\/\/frank-lovisolo.fr\/WordPress\/sauvage-isidore-ducasse-lautreamont\/#lautreamont-et-rimbaud-dereglement-et-violence-du-langage\" >Lautr\u00e9amont et Rimbaud: d\u00e9r\u00e8glement et violence du langage<\/a><\/li><li class='ez-toc-page-1 ez-toc-heading-level-3'><a class=\"ez-toc-link ez-toc-heading-37\" href=\"https:\/\/frank-lovisolo.fr\/WordPress\/sauvage-isidore-ducasse-lautreamont\/#lautreamont-et-kafka-crise-du-sens-et-du-sujet\" >Lautr\u00e9amont et Kafka: crise du sens et du sujet<\/a><\/li><\/ul><\/li><\/ul><\/li><li class='ez-toc-page-1 ez-toc-heading-level-1'><a class=\"ez-toc-link ez-toc-heading-38\" href=\"https:\/\/frank-lovisolo.fr\/WordPress\/sauvage-isidore-ducasse-lautreamont\/#au-terme-de-cette-analyse-%e2%87%91%e2%87%91%e2%87%91\" >Au terme de cette analyse,\u00a0 \u00a0 \u00a0 \u00a0 \u00a0 \u00a0 \u00a0\u21d1\u21d1\u21d1\u00a0<\/a><\/li><li class='ez-toc-page-1 ez-toc-heading-level-1'><a class=\"ez-toc-link ez-toc-heading-39\" href=\"https:\/\/frank-lovisolo.fr\/WordPress\/sauvage-isidore-ducasse-lautreamont\/#article-de-madame-la-docteure-morgane-valombre-13-chants-musiques-par-f-c-lovisolo-%e2%87%91%e2%87%91%e2%87%91\" >Article de madame la Docteure Morgane Valombre : 13 Chants musiqu\u00e9s par F-C Lovisolo\u00a0 \u00a0\u00a0\u00a0\u21d1\u21d1\u21d1\u00a0<\/a><ul class='ez-toc-list-level-3' ><li class='ez-toc-heading-level-3'><ul class='ez-toc-list-level-3' ><li class='ez-toc-heading-level-3'><a class=\"ez-toc-link ez-toc-heading-40\" href=\"https:\/\/frank-lovisolo.fr\/WordPress\/sauvage-isidore-ducasse-lautreamont\/#maldoror-comme-materiau-sonore-plutot-que-narratif-conformement-a-la-complexite-du-texte\" >Maldoror comme mat\u00e9riau sonore plut\u00f4t que narratif, conform\u00e9ment \u00e0 la complexit\u00e9 du texte.<\/a><\/li><li class='ez-toc-page-1 ez-toc-heading-level-3'><a class=\"ez-toc-link ez-toc-heading-41\" href=\"https:\/\/frank-lovisolo.fr\/WordPress\/sauvage-isidore-ducasse-lautreamont\/#rythme-prosodie-et-violence-du-phrase\" >Rythme, prosodie, et violence du phras\u00e9<\/a><\/li><li class='ez-toc-page-1 ez-toc-heading-level-3'><a class=\"ez-toc-link ez-toc-heading-42\" href=\"https:\/\/frank-lovisolo.fr\/WordPress\/sauvage-isidore-ducasse-lautreamont\/#-timbre-et-dissonance\" >\u00a0Timbre et dissonance<\/a><\/li><li class='ez-toc-page-1 ez-toc-heading-level-3'><a class=\"ez-toc-link ez-toc-heading-43\" href=\"https:\/\/frank-lovisolo.fr\/WordPress\/sauvage-isidore-ducasse-lautreamont\/#la-musique-comme-acces-a-linhumain\" >La musique comme acc\u00e8s \u00e0 l\u2019inhumain<\/a><\/li><li class='ez-toc-page-1 ez-toc-heading-level-3'><a class=\"ez-toc-link ez-toc-heading-44\" href=\"https:\/\/frank-lovisolo.fr\/WordPress\/sauvage-isidore-ducasse-lautreamont\/#transgression-de-la-forme-et-transgression-de-letre\" >Transgression de la forme et transgression de l\u2019\u00eatre<\/a><\/li><li class='ez-toc-page-1 ez-toc-heading-level-3'><a class=\"ez-toc-link ez-toc-heading-45\" href=\"https:\/\/frank-lovisolo.fr\/WordPress\/sauvage-isidore-ducasse-lautreamont\/#le-rituel-sacre-inverse-et-le-chiffre-13-triskaidekaphobie\" >Le Rituel sacr\u00e9 invers\u00e9 et le chiffre 13 (triska\u00efd\u00e9kaphobie?)<\/a><\/li><li class='ez-toc-page-1 ez-toc-heading-level-3'><a class=\"ez-toc-link ez-toc-heading-46\" href=\"https:\/\/frank-lovisolo.fr\/WordPress\/sauvage-isidore-ducasse-lautreamont\/#lecoute-comme-epreuve\" >L\u2019\u00e9coute comme \u00e9preuve:<\/a><\/li><li class='ez-toc-page-1 ez-toc-heading-level-3'><a class=\"ez-toc-link ez-toc-heading-47\" href=\"https:\/\/frank-lovisolo.fr\/WordPress\/sauvage-isidore-ducasse-lautreamont\/#mettre-les-chants-de-maldoror-en-musique-revient-a%e2%80%a6\" >Mettre Les Chants de Maldoror en musique revient \u00e0&#8230;<\/a><\/li><li class='ez-toc-page-1 ez-toc-heading-level-3'><a class=\"ez-toc-link ez-toc-heading-48\" href=\"https:\/\/frank-lovisolo.fr\/WordPress\/sauvage-isidore-ducasse-lautreamont\/#puisque-juste-avant-ce-projet-il-y-eut-celui-d%e2%80%98antonin-artaud\" >Puisque juste avant ce projet il y eut celui d&lsquo;Antonin Artaud:<\/a><\/li><li class='ez-toc-page-1 ez-toc-heading-level-3'><a class=\"ez-toc-link ez-toc-heading-49\" href=\"https:\/\/frank-lovisolo.fr\/WordPress\/sauvage-isidore-ducasse-lautreamont\/#%c2%ab-la-musique-pour-entendre-lindicible-%c2%bb\" >\u00ab La musique pour entendre l\u2019indicible \u00bb<\/a><\/li><\/ul><\/li><li class='ez-toc-page-1 ez-toc-heading-level-2'><a class=\"ez-toc-link ez-toc-heading-50\" href=\"https:\/\/frank-lovisolo.fr\/WordPress\/sauvage-isidore-ducasse-lautreamont\/#actrices-et-acteurs-%e2%80%93-lectrices-et-lecteurs-%e2%87%91%e2%87%91%e2%87%91\" >Actrices et acteurs &#8211; Lectrices et Lecteurs\u00a0 \u00a0 \u00a0\u00a0\u21d1\u21d1\u21d1\u00a0<\/a><ul class='ez-toc-list-level-5' ><li class='ez-toc-heading-level-5'><ul class='ez-toc-list-level-5' ><li class='ez-toc-heading-level-5'><ul class='ez-toc-list-level-5' ><li class='ez-toc-heading-level-5'><a class=\"ez-toc-link ez-toc-heading-51\" href=\"https:\/\/frank-lovisolo.fr\/WordPress\/sauvage-isidore-ducasse-lautreamont\/#didier-bourguignon%e2%80%a6%e2%80%93\" >Didier Bourguignon&#8230;&#8211;<\/a><\/li><li class='ez-toc-page-1 ez-toc-heading-level-5'><a class=\"ez-toc-link ez-toc-heading-52\" href=\"https:\/\/frank-lovisolo.fr\/WordPress\/sauvage-isidore-ducasse-lautreamont\/#hugues-louagie\" >Hugues Louagie<\/a><\/li><li class='ez-toc-page-1 ez-toc-heading-level-5'><a class=\"ez-toc-link ez-toc-heading-53\" href=\"https:\/\/frank-lovisolo.fr\/WordPress\/sauvage-isidore-ducasse-lautreamont\/#valerie-feasson\" >Val\u00e9rie Feasson<\/a><\/li><\/ul><\/li><\/ul><\/li><\/ul><\/li><\/ul><\/li><li class='ez-toc-page-1 ez-toc-heading-level-1'><a class=\"ez-toc-link ez-toc-heading-54\" href=\"https:\/\/frank-lovisolo.fr\/WordPress\/sauvage-isidore-ducasse-lautreamont\/#article-de-madame-la-docteure-axelle-delorme-lautreamont-isidore-ducasse-biographie-complete-et-influence-majeure-sur-le-surrealisme\" >Article de madame la Docteure Axelle Delorme : Lautr\u00e9amont (Isidore Ducasse), \nBiographie compl\u00e8te et influence majeure sur le surr\u00e9alisme.<\/a><ul class='ez-toc-list-level-2' ><li class='ez-toc-heading-level-2'><a class=\"ez-toc-link ez-toc-heading-55\" href=\"https:\/\/frank-lovisolo.fr\/WordPress\/sauvage-isidore-ducasse-lautreamont\/#%e2%80%8cintroduction\" >\u200cIntroduction<\/a><\/li><li class='ez-toc-page-1 ez-toc-heading-level-2'><a class=\"ez-toc-link ez-toc-heading-56\" href=\"https:\/\/frank-lovisolo.fr\/WordPress\/sauvage-isidore-ducasse-lautreamont\/#%e2%80%8ccontexte-biographique-complet\" >\u200cContexte biographique complet<\/a><ul class='ez-toc-list-level-4' ><li class='ez-toc-heading-level-4'><ul class='ez-toc-list-level-4' ><li class='ez-toc-heading-level-4'><a class=\"ez-toc-link ez-toc-heading-57\" href=\"https:\/\/frank-lovisolo.fr\/WordPress\/sauvage-isidore-ducasse-lautreamont\/#%e2%80%8cnaissance-et-origines\" >\u200cNaissance et origines<\/a><\/li><li class='ez-toc-page-1 ez-toc-heading-level-4'><a class=\"ez-toc-link ez-toc-heading-58\" href=\"https:\/\/frank-lovisolo.fr\/WordPress\/sauvage-isidore-ducasse-lautreamont\/#%e2%80%8cjeunesse-et-formation\" >\u200cJeunesse et formation<\/a><\/li><li class='ez-toc-page-1 ez-toc-heading-level-4'><a class=\"ez-toc-link ez-toc-heading-59\" href=\"https:\/\/frank-lovisolo.fr\/WordPress\/sauvage-isidore-ducasse-lautreamont\/#%e2%80%8cvie-a-paris\" >\u200cVie \u00e0 Paris<\/a><\/li><li class='ez-toc-page-1 ez-toc-heading-level-4'><a class=\"ez-toc-link ez-toc-heading-60\" href=\"https:\/\/frank-lovisolo.fr\/WordPress\/sauvage-isidore-ducasse-lautreamont\/#%e2%80%8cmort-mysterieuse\" >\u200cMort myst\u00e9rieuse<\/a><\/li><\/ul><\/li><\/ul><\/li><li class='ez-toc-page-1 ez-toc-heading-level-2'><a class=\"ez-toc-link ez-toc-heading-61\" href=\"https:\/\/frank-lovisolo.fr\/WordPress\/sauvage-isidore-ducasse-lautreamont\/#%e2%80%8coeuvre-litteraire-et-style\" >\u200c\u0152uvre litt\u00e9raire et style<\/a><ul class='ez-toc-list-level-4' ><li class='ez-toc-heading-level-4'><ul class='ez-toc-list-level-4' ><li class='ez-toc-heading-level-4'><a class=\"ez-toc-link ez-toc-heading-62\" href=\"https:\/\/frank-lovisolo.fr\/WordPress\/sauvage-isidore-ducasse-lautreamont\/#%e2%80%8cles-chants-de-maldoror-1869\" >\u200cLes Chants de Maldoror (1869)<\/a><\/li><li class='ez-toc-page-1 ez-toc-heading-level-4'><a class=\"ez-toc-link ez-toc-heading-63\" href=\"https:\/\/frank-lovisolo.fr\/WordPress\/sauvage-isidore-ducasse-lautreamont\/#%e2%80%8cpoesies-1870\" >\u200cPo\u00e9sies (1870)<\/a><\/li><li class='ez-toc-page-1 ez-toc-heading-level-4'><a class=\"ez-toc-link ez-toc-heading-64\" href=\"https:\/\/frank-lovisolo.fr\/WordPress\/sauvage-isidore-ducasse-lautreamont\/#%e2%80%8coriginalite-et-modernite\" >\u200cOriginalit\u00e9 et modernit\u00e9<\/a><\/li><\/ul><\/li><\/ul><\/li><li class='ez-toc-page-1 ez-toc-heading-level-2'><a class=\"ez-toc-link ez-toc-heading-65\" href=\"https:\/\/frank-lovisolo.fr\/WordPress\/sauvage-isidore-ducasse-lautreamont\/#%e2%80%8crelation-avec-le-surrealisme\" >\u200cRelation avec le surr\u00e9alisme<\/a><ul class='ez-toc-list-level-4' ><li class='ez-toc-heading-level-4'><ul class='ez-toc-list-level-4' ><li class='ez-toc-heading-level-4'><a class=\"ez-toc-link ez-toc-heading-66\" href=\"https:\/\/frank-lovisolo.fr\/WordPress\/sauvage-isidore-ducasse-lautreamont\/#%e2%80%8credecouverte-par-les-surrealistes\" >\u200cRed\u00e9couverte par les surr\u00e9alistes<\/a><\/li><li class='ez-toc-page-1 ez-toc-heading-level-4'><a class=\"ez-toc-link ez-toc-heading-67\" href=\"https:\/\/frank-lovisolo.fr\/WordPress\/sauvage-isidore-ducasse-lautreamont\/#%e2%80%8cinfluence-sur-les-techniques-surrealistes\" >\u200cInfluence sur les techniques surr\u00e9alistes<\/a><\/li><li class='ez-toc-page-1 ez-toc-heading-level-4'><a class=\"ez-toc-link ez-toc-heading-68\" href=\"https:\/\/frank-lovisolo.fr\/WordPress\/sauvage-isidore-ducasse-lautreamont\/#%e2%80%8cheritage-et-posterite\" >\u200cH\u00e9ritage et post\u00e9rit\u00e9<\/a><\/li><\/ul><\/li><\/ul><\/li><li class='ez-toc-page-1 ez-toc-heading-level-2'><a class=\"ez-toc-link ez-toc-heading-69\" href=\"https:\/\/frank-lovisolo.fr\/WordPress\/sauvage-isidore-ducasse-lautreamont\/#%e2%80%8cmysteres-et-legendes\" >\u200cMyst\u00e8res et l\u00e9gendes<\/a><ul class='ez-toc-list-level-4' ><li class='ez-toc-heading-level-4'><ul class='ez-toc-list-level-4' ><li class='ez-toc-heading-level-4'><a class=\"ez-toc-link ez-toc-heading-70\" href=\"https:\/\/frank-lovisolo.fr\/WordPress\/sauvage-isidore-ducasse-lautreamont\/#%e2%80%8czones-dombre-biographiques\" >\u200cZones d\u2019ombre biographiques<\/a><\/li><li class='ez-toc-page-1 ez-toc-heading-level-4'><a class=\"ez-toc-link ez-toc-heading-71\" href=\"https:\/\/frank-lovisolo.fr\/WordPress\/sauvage-isidore-ducasse-lautreamont\/#%e2%80%8cspeculations-sur-sa-personnalite\" >\u200cSp\u00e9culations sur sa personnalit\u00e9<\/a><\/li><li class='ez-toc-page-1 ez-toc-heading-level-4'><a class=\"ez-toc-link ez-toc-heading-72\" href=\"https:\/\/frank-lovisolo.fr\/WordPress\/sauvage-isidore-ducasse-lautreamont\/#%e2%80%8chommages-posthumes\" >\u200cHommages posthumes<\/a><\/li><\/ul><\/li><\/ul><\/li><li class='ez-toc-page-1 ez-toc-heading-level-2'><a class=\"ez-toc-link ez-toc-heading-73\" href=\"https:\/\/frank-lovisolo.fr\/WordPress\/sauvage-isidore-ducasse-lautreamont\/#%e2%80%8cconclusion\" >\u200cConclusion<\/a><ul class='ez-toc-list-level-3' ><li class='ez-toc-heading-level-3'><a class=\"ez-toc-link ez-toc-heading-74\" href=\"https:\/\/frank-lovisolo.fr\/WordPress\/sauvage-isidore-ducasse-lautreamont\/#auteur-dr-axelle-delorme-phd-meta\" >Auteur : Dr. Axelle Delorme, PhD (Meta)<\/a><\/li><li class='ez-toc-page-1 ez-toc-heading-level-3'><a class=\"ez-toc-link ez-toc-heading-75\" href=\"https:\/\/frank-lovisolo.fr\/WordPress\/sauvage-isidore-ducasse-lautreamont\/#les-illustrations-de-frank-cesar-lovisolo-%e2%87%91%e2%87%91%e2%87%91\" >Les Illustrations de Frank C\u00e9sar Lovisolo \n\u21d1\u21d1\u21d1<\/a><\/li><\/ul><\/li><\/ul><\/li><\/ul><\/nav><\/div>\n","protected":false},"excerpt":{"rendered":"<p><span class=\"span-reading-time rt-reading-time\" style=\"display: block;\"><span class=\"rt-label rt-prefix\">Reading Time: <\/span> <span class=\"rt-time\"> 31<\/span> <span class=\"rt-label rt-postfix\">minutes<\/span><\/span>\u2026 <a class=\"continue-reading-link\" href=\"https:\/\/frank-lovisolo.fr\/WordPress\/sauvage-isidore-ducasse-lautreamont\/\">Suite &#8211; Continue reading<\/a><\/p>\n","protected":false},"author":1,"featured_media":52732,"parent":0,"menu_order":0,"comment_status":"open","ping_status":"closed","template":"templates\/template-onecolumn.php","meta":{"footnotes":""},"categories":[4069,1,513,355],"tags":[4035,41,3,4072,2402,4004,1436,4073,2401,4071,2577,2494,4075,4070,1684,4074],"class_list":["post-52749","page","type-page","status-publish","has-post-thumbnail","hentry","category-sauvage-lautreamont","category-tous-les-articles","category-music-compositions","category-musique-et-texte","tag-antonin-artaud","tag-arthur-rimbaud","tag-charles-baudelaire","tag-christine-pasquier","tag-comte-de-lautreamont","tag-didier-bourguignon","tag-franz-kafka","tag-hugues-louagie","tag-isidore-ducasse","tag-jacques-maury","tag-les-chants-de-maldoror","tag-musique-electroacoustique","tag-noelly-thiebaut","tag-schopenhauer","tag-surrealisme","tag-valerie-feasson"],"_links":{"self":[{"href":"https:\/\/frank-lovisolo.fr\/WordPress\/wp-json\/wp\/v2\/pages\/52749","targetHints":{"allow":["GET"]}}],"collection":[{"href":"https:\/\/frank-lovisolo.fr\/WordPress\/wp-json\/wp\/v2\/pages"}],"about":[{"href":"https:\/\/frank-lovisolo.fr\/WordPress\/wp-json\/wp\/v2\/types\/page"}],"author":[{"embeddable":true,"href":"https:\/\/frank-lovisolo.fr\/WordPress\/wp-json\/wp\/v2\/users\/1"}],"replies":[{"embeddable":true,"href":"https:\/\/frank-lovisolo.fr\/WordPress\/wp-json\/wp\/v2\/comments?post=52749"}],"version-history":[{"count":4,"href":"https:\/\/frank-lovisolo.fr\/WordPress\/wp-json\/wp\/v2\/pages\/52749\/revisions"}],"predecessor-version":[{"id":53142,"href":"https:\/\/frank-lovisolo.fr\/WordPress\/wp-json\/wp\/v2\/pages\/52749\/revisions\/53142"}],"wp:featuredmedia":[{"embeddable":true,"href":"https:\/\/frank-lovisolo.fr\/WordPress\/wp-json\/wp\/v2\/media\/52732"}],"wp:attachment":[{"href":"https:\/\/frank-lovisolo.fr\/WordPress\/wp-json\/wp\/v2\/media?parent=52749"}],"wp:term":[{"taxonomy":"category","embeddable":true,"href":"https:\/\/frank-lovisolo.fr\/WordPress\/wp-json\/wp\/v2\/categories?post=52749"},{"taxonomy":"post_tag","embeddable":true,"href":"https:\/\/frank-lovisolo.fr\/WordPress\/wp-json\/wp\/v2\/tags?post=52749"}],"curies":[{"name":"wp","href":"https:\/\/api.w.org\/{rel}","templated":true}]}}