{"id":52078,"date":"2026-03-09T17:47:39","date_gmt":"2026-03-09T16:47:39","guid":{"rendered":"https:\/\/frank-lovisolo.fr\/WordPress\/?page_id=52078"},"modified":"2026-04-22T10:20:16","modified_gmt":"2026-04-22T08:20:16","slug":"promenade-quotidienne-maldoror","status":"publish","type":"page","link":"https:\/\/frank-lovisolo.fr\/WordPress\/promenade-quotidienne-maldoror\/","title":{"rendered":"05 &#8211; Promenade quotidienne"},"content":{"rendered":"<span class=\"span-reading-time rt-reading-time\" style=\"display: block;\"><span class=\"rt-label rt-prefix\">Reading Time: <\/span> <span class=\"rt-time\"> 9<\/span> <span class=\"rt-label rt-postfix\">minutes<\/span><\/span><div><span style=\"color: #ffffff; font-size: 8px;\">Comte de Lautr\u00e9amont &#8211; Maldoror<\/span><\/div>\n<table style=\"width: 100%; border-collapse: collapse;\" cellpadding=\"10\">\n<tbody>\n<tr>\n<td style=\"width: 17%; background-color: #ffffff; vertical-align: middle;\"><span style=\"color: #ffffff; font-size: 15px;\"><span style=\"color: #ff0000;\"><span style=\"font-family: 'arial black', sans-serif;\">EASILY TRANSLATE <strong>\u21d2<\/strong><\/span><\/span><\/span><\/td>\n<td style=\"width: 63%; background-color: #ffffff; vertical-align: middle;\"><span style=\"color: #ffffff; font-size: 20px;\"><span style=\"background-color: #000000;\"><span style=\"font-size: 16px; font-family: georgia, palatino, serif;\"><div class=\"gtranslate_wrapper\" id=\"gt-wrapper-48409111\"><\/div><\/span><\/span><\/span><\/td>\n<\/tr>\n<\/tbody>\n<\/table>\n<table style=\"height: 10px; width: 100%; border-collapse: collapse;\" cellpadding=\"20\">\n<tbody>\n<tr style=\"height: 178px;\">\n<td style=\"width: 75%; background-color: #1a1919; vertical-align: middle; padding-left: 40px;\"><a href=\"https:\/\/frank-lovisolo.fr\/WordPress\/sauvage-isidore-ducasse-lautreamont\/\" target=\"_blank\" rel=\"noopener\"><span style=\"color: #32ff99;\"><strong><img loading=\"lazy\" decoding=\"async\" class=\"size-medium wp-image-52017 alignleft\" src=\"https:\/\/frank-lovisolo.fr\/WordPress\/wp-content\/uploads\/2026\/02\/Sauvage-Titre-WP-460x157.png\" alt=\"Maldoror\" width=\"460\" height=\"157\" title=\"-\" srcset=\"https:\/\/frank-lovisolo.fr\/WordPress\/wp-content\/uploads\/2026\/02\/Sauvage-Titre-WP-460x157.png 460w, https:\/\/frank-lovisolo.fr\/WordPress\/wp-content\/uploads\/2026\/02\/Sauvage-Titre-WP-1024x350.png 1024w, https:\/\/frank-lovisolo.fr\/WordPress\/wp-content\/uploads\/2026\/02\/Sauvage-Titre-WP-768x262.png 768w, https:\/\/frank-lovisolo.fr\/WordPress\/wp-content\/uploads\/2026\/02\/Sauvage-Titre-WP-250x85.png 250w, https:\/\/frank-lovisolo.fr\/WordPress\/wp-content\/uploads\/2026\/02\/Sauvage-Titre-WP-150x51.png 150w, https:\/\/frank-lovisolo.fr\/WordPress\/wp-content\/uploads\/2026\/02\/Sauvage-Titre-WP.png 1440w\" sizes=\"auto, (max-width: 460px) 100vw, 460px\" \/><\/strong><\/span><\/a><\/td>\n<td style=\"width: 25%; background-color: #1a1919; text-align: right; vertical-align: middle;\" colspan=\"2\">\n<div style=\"text-align: center;\"><span style=\"font-size: 6px;\"><span style=\"font-size: 18px;\"><span style=\"background-color: #000000; color: #ffffff;\"><strong><span style=\"font-size: 15px;\">Int\u00e9gral<\/span><\/strong><br \/>\n<a href=\"https:\/\/frankcesarlovisolo.bandcamp.com\/track\/promenade-quotidienne\" target=\"_blank\" rel=\"noopener\"><img loading=\"lazy\" decoding=\"async\" class=\"aligncenter wp-image-51222\" src=\"https:\/\/frank-lovisolo.fr\/WordPress\/wp-content\/uploads\/2025\/11\/bandcamp-logotype-color-512-FrankV2-460x38.png\" alt=\"- - -\" width=\"320\" height=\"26\" title=\"-\" srcset=\"https:\/\/frank-lovisolo.fr\/WordPress\/wp-content\/uploads\/2025\/11\/bandcamp-logotype-color-512-FrankV2-460x38.png 460w, https:\/\/frank-lovisolo.fr\/WordPress\/wp-content\/uploads\/2025\/11\/bandcamp-logotype-color-512-FrankV2-250x21.png 250w, https:\/\/frank-lovisolo.fr\/WordPress\/wp-content\/uploads\/2025\/11\/bandcamp-logotype-color-512-FrankV2-150x12.png 150w, https:\/\/frank-lovisolo.fr\/WordPress\/wp-content\/uploads\/2025\/11\/bandcamp-logotype-color-512-FrankV2.png 512w\" sizes=\"auto, (max-width: 320px) 100vw, 320px\" \/><\/a><\/span><\/span><\/span><\/div>\n<div style=\"text-align: center;\">\n<p><span style=\"color: #ffffff; font-size: 15px;\"><span style=\"color: #ffffff;\"><strong>Extrait<\/strong><\/span><\/span><\/p>\n<audio class=\"wp-audio-shortcode\" id=\"audio-52078-1\" autoplay preload=\"auto\" style=\"width: 100%;\" controls=\"controls\"><source type=\"audio\/mpeg\" src=\"https:\/\/frank-lovisolo.fr\/WordPress\/wp-content\/uploads\/2026\/03\/05-Promenade-Quotidienne.mp3?_=1\" \/><a href=\"https:\/\/frank-lovisolo.fr\/WordPress\/wp-content\/uploads\/2026\/03\/05-Promenade-Quotidienne.mp3\">https:\/\/frank-lovisolo.fr\/WordPress\/wp-content\/uploads\/2026\/03\/05-Promenade-Quotidienne.mp3<\/a><\/audio>\n<p><a href=\"#com\"><span style=\"color: #ffffff;\"><strong><span style=\"font-size: 6px;\"><img loading=\"lazy\" decoding=\"async\" class=\"aligncenter wp-image-51990\" src=\"https:\/\/frank-lovisolo.fr\/WordPress\/wp-content\/uploads\/2026\/02\/Commentaire-Lautreamont.jpg\" alt=\"Lautr\u00e9amont - Commentaire - Lovisolo\" width=\"320\" height=\"32\" title=\"-\" srcset=\"https:\/\/frank-lovisolo.fr\/WordPress\/wp-content\/uploads\/2026\/02\/Commentaire-Lautreamont.jpg 400w, https:\/\/frank-lovisolo.fr\/WordPress\/wp-content\/uploads\/2026\/02\/Commentaire-Lautreamont-250x25.jpg 250w, https:\/\/frank-lovisolo.fr\/WordPress\/wp-content\/uploads\/2026\/02\/Commentaire-Lautreamont-150x15.jpg 150w\" sizes=\"auto, (max-width: 320px) 100vw, 320px\" \/><\/span><\/strong><\/span><\/a><\/p>\n<\/div>\n<\/td>\n<\/tr>\n<\/tbody>\n<\/table>\n<div><span style=\"color: #ffffff;\">-Malodoror<\/span><\/div>\n<table style=\"width: 100%; border-collapse: collapse;\" cellpadding=\"10\">\n<tbody>\n<tr>\n<td style=\"width: 100%; vertical-align: top;\">\n<h2 style=\"text-align: justify;\"><span class=\"ez-toc-section\" id=\"chant-002-%e2%80%93-promenade-quotidienne-%e2%80%93-lecteur-jacques-maury\"><\/span><span style=\"font-family: arial, helvetica, sans-serif;\"><span style=\"font-size: 36px;\"><strong>C<\/strong><\/span><span style=\"font-size: 22px;\"><strong>hant 002 &#8211; Promenade quotidienne<\/strong><strong><em>\u00a0 \u00a0 \u00a0 \u00a0 &#8211;\u00a0 \u00a0 \u00a0 \u00a0 <span style=\"font-size: 20px;\">Lecteur :\u00a0<a href=\"#JM01\">Jacques Maury<\/a><\/span><\/em><\/strong><\/span><\/span><span class=\"ez-toc-section-end\"><\/span><\/h2>\n<p><span style=\"color: #ffffff;\">&#8211;<\/span><\/p>\n<div style=\"text-align: justify;\">\n<p><img loading=\"lazy\" decoding=\"async\" class=\"alignright wp-image-52449 size-full\" src=\"https:\/\/frank-lovisolo.fr\/WordPress\/wp-content\/uploads\/2026\/03\/Promenade-Quotidienne-ILL-V3.jpg\" alt=\"Comte de Lautr\u00e9amont - Maldoror\" width=\"1024\" height=\"538\" title=\"-\" srcset=\"https:\/\/frank-lovisolo.fr\/WordPress\/wp-content\/uploads\/2026\/03\/Promenade-Quotidienne-ILL-V3.jpg 1024w, https:\/\/frank-lovisolo.fr\/WordPress\/wp-content\/uploads\/2026\/03\/Promenade-Quotidienne-ILL-V3-460x242.jpg 460w, https:\/\/frank-lovisolo.fr\/WordPress\/wp-content\/uploads\/2026\/03\/Promenade-Quotidienne-ILL-V3-768x404.jpg 768w, https:\/\/frank-lovisolo.fr\/WordPress\/wp-content\/uploads\/2026\/03\/Promenade-Quotidienne-ILL-V3-250x131.jpg 250w, https:\/\/frank-lovisolo.fr\/WordPress\/wp-content\/uploads\/2026\/03\/Promenade-Quotidienne-ILL-V3-150x79.jpg 150w\" sizes=\"auto, (max-width: 1024px) 100vw, 1024px\" \/><span style=\"font-size: 18px;\">Faisant ma promenade quotidienne, chaque jour je passais dans une rue \u00e9troite ; chaque jour, une jeune fille svelte de dix ans me suivait, \u00e0 distance, respectueusement, le long de cette rue, en me regardant avec des paupi\u00e8res sympathiques et curieuses.<\/span><\/p>\n<p><span style=\"font-size: 18px;\">Elle \u00e9tait grande pour son \u00e2ge et avait la taille \u00e9lanc\u00e9e.<br \/>\n<\/span><span style=\"font-size: 18px;\">D&rsquo;abondants cheveux noirs, s\u00e9par\u00e9s en deux sur la t\u00eate, tombaient en tresses ind\u00e9pendants sur des \u00e9paules marmor\u00e9ennes.<\/span><\/p>\n<\/div>\n<div style=\"text-align: justify;\"><span style=\"font-size: 18px;\"><br \/>\n<\/span><span style=\"font-size: 18px;\">Un jour, elle me suivait comme de coutume ; les bras musculeux d&rsquo;une femme du peuple la saisirent par les cheveux, comme le tourbillon saisit la feuille, appliqua deux gifles brutales sur une joue fi\u00e8re et muette, et ramena dans la maison cette conscience \u00e9gar\u00e9e.<br \/>\n<\/span><br \/>\n<span style=\"font-size: 18px;\">En vain, je faisais l&rsquo;insouciant ; elle ne manquait jamais de me poursuivre de sa pr\u00e9sence devenue inopportune.<\/span><br \/>\n<span style=\"font-size: 18px;\">Lorsque j&rsquo;enjambai une autre rue, pour continuer mon chemin elle s&rsquo;arr\u00eatait, faisant un violent effort sur elle-m\u00eame, au terme de cette rue \u00e9troite, immobile comme la statue du Silence, et ne cessait de regarder devant elle, jusqu&rsquo;\u00e0 ce que je disparusse.<br \/>\n<\/span><br \/>\n<span style=\"font-size: 18px;\">Une fois, cette jeune fille me pr\u00e9c\u00e9da dans la rue, et embo\u00eeta le pas devant moi.<\/span><br \/>\n<span style=\"font-size: 18px;\">Si j&rsquo;allais vite pour la d\u00e9passer, elle courait presque pour maintenir la distance \u00e9gale ; mais, si je ralentissais le pas, pour qu&rsquo;il y e\u00fbt un intervalle de chemin, assez grand entre elle et moi, alors, elle le ralentissait aussi, et y mettait la gr\u00e2ce de l&rsquo;enfance.<br \/>\n<\/span><br \/>\n<span style=\"font-size: 18px;\">Arriv\u00e9e au terme de la rue, elle se retourna lentement, de mani\u00e8re \u00e0 me barrer le passage.<\/span><br \/>\n<span style=\"font-size: 18px;\">Je n&rsquo;eus pas le temps de m&rsquo;esquiver, et je me trouvai devant sa figure. <\/span><span style=\"font-size: 18px;\">Elle avait les yeux gonfl\u00e9s et rouges. <\/span><span style=\"font-size: 18px;\">Je voyais facilement qu&rsquo;elle voulait me parler, et qu&rsquo;elle ne savait comment s&rsquo;y prendre.<\/span><br \/>\n<span style=\"font-size: 18px;\">Devenue subitement p\u00e2le comme un cadavre, elle me demanda :<\/span><br \/>\n<span style=\"font-size: 18px;\">\u00abAuriez-vous la bont\u00e9 de me dire quelle heure il est ? \u00bb<\/span><\/div>\n<div style=\"text-align: justify;\"><span style=\"font-size: 18px;\">Je lui dis que je ne portais pas de montre, et je m&rsquo;\u00e9loignai rapidement.<\/span><br \/>\n<span style=\"font-size: 18px;\">Depuis ce jour, enfant \u00e0 l&rsquo;imagination inqui\u00e8te et pr\u00e9coce, tu n&rsquo;as plus revu dans la rue \u00e9troite, le jeune homme myst\u00e9rieux qui battait p\u00e9niblement, de sa sandale lourde, le pav\u00e9 des carrefours tortueux.<br \/>\n<\/span><br \/>\n<span style=\"font-size: 18px;\">L&rsquo;apparition de cette com\u00e8te enflamm\u00e9e ne reluira plus, comme un triste sujet de curiosit\u00e9 fanatique, sur la fa\u00e7ade de ton observation d\u00e9\u00e7ue ; et, tu penseras souvent, trop souvent, peut-\u00eatre toujours, \u00e0 celui qui ne paraissait pas s&rsquo;inqui\u00e9ter des maux, ni des biens de la vie pr\u00e9sente, et s&rsquo;en allait au hasard, avec une figure horriblement morte, les cheveux h\u00e9riss\u00e9s, la d\u00e9marche chancelante, et les bras nageant aveugl\u00e9ment dans les eaux ironiques de l&rsquo;\u00e9ther, comme pour y chercher la proie sanglante de l&rsquo;espoir, ballott\u00e9e continuellement, \u00e0 travers les immenses r\u00e9gions de l&rsquo;espace, par le chasse-neige implacable de la fatalit\u00e9.<br \/>\n<\/span><br \/>\n<span style=\"font-size: 18px;\">Tu ne me verras plus, et je ne te verrai plus ! \u2026<\/span><br \/>\n<span style=\"font-size: 18px;\">Qui sait ?<\/span><br \/>\n<span style=\"font-size: 18px;\">Peut-\u00eatre que cette fille n&rsquo;\u00e9tait pas ce qu&rsquo;elle se montrait. <\/span><span style=\"font-size: 18px;\">Sous une enveloppe na\u00efve, elle cachait peut-\u00eatre une immense ruse, le poids de dix-huit ann\u00e9es, et le charme du vice. <\/span><span style=\"font-size: 18px;\">On a vu des vendeuses d&rsquo;amour s&rsquo;expatrier avec ga\u00eet\u00e9 des \u00eeles Britanniques, et franchir le d\u00e9troit.<\/span><\/div>\n<div><\/div>\n<div style=\"text-align: justify;\"><span style=\"font-size: 18px;\">Elles rayonnaient leurs ailes, en tournoyant, en essaims dor\u00e9s, devant la lumi\u00e8re parisienne ; et, quand vous les aperceviez, vous disiez :<\/span><br \/>\n<span style=\"font-size: 18px;\">\u00abMais elles sont encore enfants ; elles n&rsquo;ont pas plus de dix ou douze ans.\u00bb<\/span><br \/>\n<span style=\"font-size: 18px;\">En r\u00e9alit\u00e9 elles en avaient vingt.<\/span><\/div>\n<div><\/div>\n<div style=\"text-align: justify;\"><span style=\"font-size: 18px;\">Oh ! dans cette supposition, maudits soient-ils les d\u00e9tours de cette rue obscure !<\/span><br \/>\n<span style=\"font-size: 18px;\">Horrible ! horrible ! ce qui s&rsquo;y passe.<\/span><br \/>\n<span style=\"font-size: 18px;\">Je crois que sa m\u00e8re la frappa parce qu&rsquo;elle ne faisait pas son m\u00e9tier avec assez d&rsquo;adresse. <\/span><span style=\"font-size: 18px;\">Il est possible que ce ne f\u00fbt qu&rsquo;un enfant, et alors la m\u00e8re est plus coupable encore. <\/span><span style=\"font-size: 18px;\">Moi, je ne veux pas croire \u00e0 cette supposition, qui n&rsquo;est qu&rsquo;une hypoth\u00e8se, et je pr\u00e9f\u00e8re aimer, dans ce caract\u00e8re romanesque, une \u00e2me qui se d\u00e9voile trop t\u00f4t\u2026<br \/>\n<\/span><br \/>\n<span style=\"font-size: 18px;\"><img loading=\"lazy\" decoding=\"async\" class=\"alignleft wp-image-52448 size-full\" src=\"https:\/\/frank-lovisolo.fr\/WordPress\/wp-content\/uploads\/2026\/03\/Promenade-Quotidienne-ILL-V4.jpg\" alt=\"Comte de Lautr\u00e9amont - Maldoror\" width=\"1024\" height=\"538\" title=\"-\" srcset=\"https:\/\/frank-lovisolo.fr\/WordPress\/wp-content\/uploads\/2026\/03\/Promenade-Quotidienne-ILL-V4.jpg 1024w, https:\/\/frank-lovisolo.fr\/WordPress\/wp-content\/uploads\/2026\/03\/Promenade-Quotidienne-ILL-V4-460x242.jpg 460w, https:\/\/frank-lovisolo.fr\/WordPress\/wp-content\/uploads\/2026\/03\/Promenade-Quotidienne-ILL-V4-768x404.jpg 768w, https:\/\/frank-lovisolo.fr\/WordPress\/wp-content\/uploads\/2026\/03\/Promenade-Quotidienne-ILL-V4-250x131.jpg 250w, https:\/\/frank-lovisolo.fr\/WordPress\/wp-content\/uploads\/2026\/03\/Promenade-Quotidienne-ILL-V4-150x79.jpg 150w\" sizes=\"auto, (max-width: 1024px) 100vw, 1024px\" \/>Ah ! vois-tu, jeune fille, je t&rsquo;engage \u00e0 ne plus repara\u00eetre devant mes yeux, si jamais je repasse dans la rue \u00e9troite.<\/span><br \/>\n<span style=\"font-size: 18px;\">Il pourrait t&rsquo;en co\u00fbter cher !<\/span><br \/>\n<span style=\"font-size: 18px;\">D\u00e9j\u00e0 le sang et la haine me montent vers la t\u00eate, \u00e0 flots bouillants. <\/span><span style=\"font-size: 18px;\">Moi, \u00eatre assez g\u00e9n\u00e9reux pour aimer mes semblables ! <\/span><span style=\"font-size: 18px;\">Non, non ! Je l&rsquo;ai r\u00e9solu depuis le jour de ma naissance ! Ils ne m&rsquo;aiment pas, eux !<br \/>\n<\/span><br \/>\n<span style=\"font-size: 18px;\">On verra les mondes se d\u00e9truire, et le granit glisser, comme un cormoran, sur la surface des flots, avant que je touche la main inf\u00e2me d&rsquo;un \u00eatre humain.<\/span><br \/>\n<span style=\"font-size: 18px;\">Arri\u00e8re\u2026 arri\u00e8re, cette main !<\/span><br \/>\n<span style=\"font-size: 18px;\">Jeune fille, tu n&rsquo;es pas un ange, et tu deviendras, en somme, comme les autres femmes.<\/span><br \/>\n<span style=\"font-size: 18px;\">Non, non, je t&rsquo;en supplie ; ne reparais plus devant mes sourcils fronc\u00e9s et louches.<br \/>\n<\/span><br \/>\n<span style=\"font-size: 18px;\">Dans un moment d&rsquo;\u00e9garement, je pourrais te prendre les bras, les tordre comme un linge lav\u00e9 dont on exprime l&rsquo;eau, ou les casser avec fracas, comme deux branches s\u00e8ches, et te les faire ensuite manger, en employant la force.<\/span><\/div>\n<div style=\"text-align: justify;\"><span style=\"font-size: 18px;\">Je pourrais, en prenant ta t\u00eate entre mes mains, d&rsquo;un air caressant et doux, enfoncer mes doigts avides dans les lobes de ton cerveau innocent, pour en extraire, le sourire aux l\u00e8vres, une graisse efficace qui lave les yeux, endoloris par l&rsquo;insomnie \u00e9ternelle de la vie.<\/span><\/div>\n<div style=\"text-align: justify;\"><\/div>\n<div style=\"text-align: justify;\"><span style=\"font-size: 18px;\"><img loading=\"lazy\" decoding=\"async\" class=\" wp-image-51876 aligncenter\" src=\"https:\/\/frank-lovisolo.fr\/WordPress\/wp-content\/uploads\/2026\/02\/separateur-par-2026.png\" alt=\"- - -\" width=\"407\" height=\"32\" title=\"-\"><\/span><\/div>\n<div><\/div>\n<\/td>\n<\/tr>\n<tr>\n<td style=\"width: 100%; vertical-align: top;\">\n<h5><span class=\"ez-toc-section\" id=\"jacques-maury\"><\/span><strong><span style=\"font-size: 18px;\"><img loading=\"lazy\" decoding=\"async\" class=\"alignleft wp-image-51941\" src=\"https:\/\/frank-lovisolo.fr\/WordPress\/wp-content\/uploads\/2026\/07\/Jacques-Maury-2021.jpg\" alt=\"- - -\" width=\"160\" height=\"207\" title=\"-\" srcset=\"https:\/\/frank-lovisolo.fr\/WordPress\/wp-content\/uploads\/2026\/07\/Jacques-Maury-2021.jpg 400w, https:\/\/frank-lovisolo.fr\/WordPress\/wp-content\/uploads\/2026\/07\/Jacques-Maury-2021-116x150.jpg 116w\" sizes=\"auto, (max-width: 160px) 100vw, 160px\" \/><a id=\"JM01\"><\/a>Jacques Maury<\/span><\/strong><span class=\"ez-toc-section-end\"><\/span><\/h5>\n<p style=\"text-align: justify;\"><span style=\"font-size: 18px;\">Form\u00e9 au Th\u00e9\u00e2tre du Rocher (La Garde), au cours de Philippe L\u00c9OTARD (Paris) et de Roberto PETROLINI (Picollo Teatro &#8211; paris).<\/span><\/p>\n<p style=\"text-align: justify;\"><span style=\"font-size: 18px;\"> Jacques Maury est com\u00e9dien professionnel depuis 1983 (Th\u00e9\u00e2tre, T\u00e9l\u00e9vision et Cin\u00e9ma).<\/span><\/p>\n<div style=\"text-align: justify;\"><span style=\"font-size: 18px;\">Auteur dramatique, musicien, il est \u00e9galement formateur (ateliers et stages d&rsquo;\u00e9criture) depuis 15 ans.<\/span><br \/>\n<span style=\"font-size: 18px;\">Jacques Maury \u00e0 \u00e9t\u00e9 secr\u00e9taire particulier de Philippe L\u00e9otard en 1989.<\/span><\/div>\n<div><span style=\"font-size: 18px;\"><span style=\"font-size: 16px;\">contact :<a href=\"mailto:jacmaury@free.fr\" target=\"_blank\" rel=\"noopener\"> jacmaury@free.fr<\/a><\/span><\/span><\/div>\n<\/td>\n<\/tr>\n<tr>\n<td style=\"width: 100%; vertical-align: top;\">\n<div style=\"text-align: left;\"><strong><span style=\"font-size: 14px;\">Lire:<\/span><\/strong><\/div>\n<div style=\"text-align: left;\"><span style=\"font-size: 14px;\"><span style=\"color: #ff9932; background-color: #320000;\">\u00a0 <\/span><strong><span style=\"background-color: #320000;\"><span style=\"color: #ff9932;\"><a style=\"color: #ff9932;\" href=\"https:\/\/frank-lovisolo.fr\/WordPress\/maldoror-sauvage-textes\/\" target=\"_blank\" rel=\"noopener\">Les textes Choisis<\/a>\u00a0 <\/span>\u00a0<\/span> \u00a0&#8211;\u00a0 <span style=\"background-color: #000000; color: #ff9932;\">\u00a0 <a style=\"color: #ff9932;\" href=\"https:\/\/frank-lovisolo.fr\/pdf\/Les-Chants-de-Maldoror-(1874).pdf\" target=\"_blank\" rel=\"noopener\">Les Chants de Maldoror<\/a> \u00a0<\/span><\/strong><\/span><\/div>\n<\/td>\n<\/tr>\n<\/tbody>\n<\/table>\n<p><span style=\"color: #ffffff;\">&#8211;<\/span><a id=\"com\"><\/a><span style=\"color: #ffffff; font-size: 8px; font-family: inherit;\">Comte de lautr\u00e9amont &#8211; Maldoror &#8211; Comte de lautr\u00e9amont &#8211; Maldoror <\/span><!--nextpage--><\/p>\n<table style=\"width: 100%; border-collapse: collapse;\" cellpadding=\"10\">\n<tbody>\n<tr style=\"height: 1466px;\">\n<td style=\"width: 100%; vertical-align: top;\">\n<div id=\"attachment_51933\" style=\"width: 425px\" class=\"wp-caption alignleft\"><img loading=\"lazy\" decoding=\"async\" aria-describedby=\"caption-attachment-51933\" class=\"wp-image-51933 size-full\" src=\"https:\/\/frank-lovisolo.fr\/WordPress\/wp-content\/uploads\/2026\/07\/Portrait-presume-dIsidore-Ducasse-par-Charles-Reutlinger.jpg\" alt=\"Portrait-pr\u00e9sume-d&#039;Isidore-Ducasse-par-Charles-Reutlinger - Maldoror - Comte de Lautr\u00e9amont - Maldoror\" width=\"415\" height=\"700\" title=\"-\" srcset=\"https:\/\/frank-lovisolo.fr\/WordPress\/wp-content\/uploads\/2026\/07\/Portrait-presume-dIsidore-Ducasse-par-Charles-Reutlinger.jpg 415w, https:\/\/frank-lovisolo.fr\/WordPress\/wp-content\/uploads\/2026\/07\/Portrait-presume-dIsidore-Ducasse-par-Charles-Reutlinger-89x150.jpg 89w\" sizes=\"auto, (max-width: 415px) 100vw, 415px\" \/><p id=\"caption-attachment-51933\" class=\"wp-caption-text\"><span style=\"font-size: 12px;\">Portrait pr\u00e9sum\u00e9 d&rsquo;Isidore Ducasse par Charles Reutlinger. (coloris\u00e9)<\/span><\/p><\/div>\n<h2 style=\"text-align: justify;\"><span style=\"font-size: 20px;\"><em>Publi\u00e9 anonymement en 1869, <\/em><\/span><\/h2>\n<div style=\"text-align: justify;\">\n<p><span style=\"font-size: 20px;\"><em>Les <a href=\"https:\/\/fr.wikipedia.org\/wiki\/Les_Chants_de_Maldoror\" target=\"_blank\" rel=\"noopener\">Chants de Maldoror<\/a> s\u2019imposent comme une \u0153uvre de rupture, tant par leur violence th\u00e9matique que par leur remise en cause des cadres traditionnels de la lisibilit\u00e9 litt\u00e9raire. <\/em><\/span><\/p>\n<p><span style=\"font-size: 20px;\"><em>L\u2019extrait \u00e9tudi\u00e9, qui tient lieu de seuil textuel, ne rel\u00e8ve ni de la pr\u00e9face ni de l\u2019avertissement moral au sens classique : il constitue plut\u00f4t une sc\u00e9nographie de la lecture, o\u00f9 le texte anticipe, conditionne et met en crise sa propre r\u00e9ception.<\/em><\/span><\/p>\n<\/div>\n<div style=\"text-align: justify;\">\n<p><span style=\"font-size: 20px;\"><em>En construisant la lecture comme une exp\u00e9rience p\u00e9rilleuse, voire toxique, Lautr\u00e9amont ne se contente pas de provoquer : il \u00e9labore une v\u00e9ritable po\u00e9tique de l\u2019\u00e9preuve, fond\u00e9e sur la dissolution du sujet lecteur et sur l\u2019instabilit\u00e9 du sens.<\/em><\/span><\/p>\n<\/div>\n<div style=\"text-align: justify;\"><span style=\"font-size: 20px;\"><em>On peut d\u00e8s lors se demander comment cet incipit met en place une conception radicale de la lecture comme processus de contamination et de d\u00e9sorientation, tout en proposant une r\u00e9flexion implicite sur l\u2019acte interpr\u00e9tatif lui-m\u00eame.<\/em><\/span><\/div>\n<h3>_________________________________________________<\/h3>\n<div style=\"text-align: justify;\">\n<h3><span style=\"text-decoration: underline; font-size: 20px;\">Le passage propos\u00e9 relate la relation \u00e9nigmatique&#8230;<br \/>\n<span style=\"color: #ffffff; text-decoration: underline;\">&#8211;<\/span><\/span><\/h3>\n<p><span style=\"font-size: 18px;\">&#8230;entre le narrateur et une jeune fille <\/span><span style=\"font-size: 18px;\">qui le suit quotidiennement dans une rue \u00e9troite.<\/span><\/p>\n<p><span style=\"font-size: 18px;\">La sc\u00e8ne, d\u2019apparence simple, se transforme progressivement en m\u00e9ditation hallucin\u00e9e sur l\u2019innocence, la corruption, le d\u00e9sir et la haine.<\/span><\/p>\n<\/div>\n<div style=\"text-align: justify;\"><span style=\"font-size: 18px;\">Nous pouvons alors nous demander comment Lautr\u00e9amont met en sc\u00e8ne une rencontre apparemment innocente pour en faire le r\u00e9v\u00e9lateur d\u2019une crise ontologique et morale du sujet moderne.<\/span><\/div>\n<div><\/div>\n<div style=\"text-align: justify;\">\n<p><span style=\"font-size: 18px;\">Nous montrerons d\u2019abord que la sc\u00e8ne repose sur une dramaturgie du regard et du silence, avant d\u2019analyser la contamination progressive de l\u2019innocence par l\u2019imaginaire du soup\u00e7on et du vice, puis d\u2019\u00e9tudier l\u2019explosion finale de la violence fantasmatique comme affirmation paradoxale d\u2019un refus d\u2019aimer.<\/span><\/p>\n<h2 style=\"text-align: justify;\"><span style=\"text-decoration: underline;\"><span style=\"font-size: 18px;\">Une sc\u00e8ne fond\u00e9e sur la distance, le regard et l\u2019attente<\/span><\/span><\/h2>\n<p><span style=\"font-size: 18px;\">La premi\u00e8re partie du texte repose sur une mise en sc\u00e8ne presque cin\u00e9matographique de la r\u00e9p\u00e9tition. L\u2019anaphore temporelle \u2014 \u00ab chaque jour \u00bb \u2014 inscrit la relation dans une r\u00e9gularit\u00e9 obs\u00e9dante.<\/span><\/p>\n<\/div>\n<div><\/div>\n<div style=\"text-align: justify;\"><span style=\"font-size: 18px;\">La rue \u00e9troite devient un espace symbolique de confinement psychique : lieu clos, couloir initiatique, th\u00e9\u00e2tre d\u2019une tension muette.<\/span><\/div>\n<div style=\"text-align: justify;\"><span style=\"font-size: 18px;\">La jeune fille est d\u00e9crite selon un lexique d\u2019id\u00e9alisation presque sculpturale : \u00ab \u00e9paules marmor\u00e9ennes \u00bb, \u00ab taille \u00e9lanc\u00e9e \u00bb.<\/span><\/div>\n<div><\/div>\n<div style=\"text-align: justify;\"><span style=\"font-size: 18px;\">La blancheur du marbre sugg\u00e8re une puret\u00e9 statuaire, tandis que la pr\u00e9cision des d\u00e9tails corporels r\u00e9v\u00e8le l\u2019attention insistante du narrateur.<\/span><\/div>\n<div><\/div>\n<div style=\"text-align: justify;\"><span style=\"font-size: 18px;\">Toutefois, cette relation se construit sur la distance : elle le suit \u00ab \u00e0 distance, respectueusement \u00bb. L\u2019espace entre les deux corps est essentiel. <\/span><\/div>\n<div><\/div>\n<div style=\"text-align: justify;\"><span style=\"font-size: 18px;\">Il mat\u00e9rialise \u00e0 la fois le d\u00e9sir et son interdiction.<\/span><span style=\"font-size: 18px;\">Le moment o\u00f9 la m\u00e8re intervient brutalement introduit une rupture tonale :<\/span><br \/>\n<span style=\"font-size: 18px;\">\u00ab les bras musculeux d\u2019une femme du peuple \u00bb<\/span><\/div>\n<div><\/div>\n<div style=\"text-align: justify;\"><span style=\"font-size: 18px;\">La brutalit\u00e9 physique contraste avec la gr\u00e2ce silencieuse de l\u2019enfant. La m\u00e9taphore du tourbillon (\u00ab comme le tourbillon saisit la feuille \u00bb) sugg\u00e8re une violence sociale et fatale.<\/span><\/div>\n<div style=\"text-align: justify;\"><span style=\"font-size: 18px;\">La sc\u00e8ne culmine dans la question anodine :<\/span><br \/>\n<span style=\"font-size: 18px;\">\u00ab Auriez-vous la bont\u00e9 de me dire quelle heure est-il ? \u00bb<\/span><\/div>\n<div><\/div>\n<div style=\"text-align: justify;\"><span style=\"font-size: 18px;\">Cette demande, triviale en apparence, est charg\u00e9e d\u2019une tension extr\u00eame. Elle constitue une tentative de prise de parole, un franchissement de la distance. Or le narrateur refuse le lien :<\/span><br \/>\n<span style=\"font-size: 18px;\">\u00ab je m\u2019\u00e9loignai rapidement \u00bb.<br \/>\n<\/span><span style=\"font-size: 18px;\">Ce retrait est d\u00e9j\u00e0 une violence.<\/span><\/p>\n<div>\n<h2><span style=\"text-decoration: underline; font-size: 20px;\">De l\u2019innocence suppos\u00e9e au soup\u00e7on du vice : la contamination de l\u2019imaginaire<\/span><\/h2>\n<h2><span style=\"text-decoration: underline; font-size: 20px;\"><img loading=\"lazy\" decoding=\"async\" class=\"alignright size-full wp-image-52447\" src=\"https:\/\/frank-lovisolo.fr\/WordPress\/wp-content\/uploads\/2026\/03\/Promenade-Quotidienne-ILL-V2.jpg\" alt=\"- - -\" width=\"1024\" height=\"538\" title=\"-\" srcset=\"https:\/\/frank-lovisolo.fr\/WordPress\/wp-content\/uploads\/2026\/03\/Promenade-Quotidienne-ILL-V2.jpg 1024w, https:\/\/frank-lovisolo.fr\/WordPress\/wp-content\/uploads\/2026\/03\/Promenade-Quotidienne-ILL-V2-460x242.jpg 460w, https:\/\/frank-lovisolo.fr\/WordPress\/wp-content\/uploads\/2026\/03\/Promenade-Quotidienne-ILL-V2-768x404.jpg 768w, https:\/\/frank-lovisolo.fr\/WordPress\/wp-content\/uploads\/2026\/03\/Promenade-Quotidienne-ILL-V2-250x131.jpg 250w, https:\/\/frank-lovisolo.fr\/WordPress\/wp-content\/uploads\/2026\/03\/Promenade-Quotidienne-ILL-V2-150x79.jpg 150w\" sizes=\"auto, (max-width: 1024px) 100vw, 1024px\" \/><\/span><\/h2>\n<p><span style=\"font-size: 18px;\">\u00c0 partir de la s\u00e9paration, le texte bascule dans une sp\u00e9culation parano\u00efaque. Le narrateur remet en question l\u2019identit\u00e9 m\u00eame de la jeune fille :<\/span><br \/>\n<span style=\"font-size: 18px;\">\u00abPeut-\u00eatre que cette fille n\u2019\u00e9tait pas ce qu\u2019elle se montrait.\u00bb<br \/>\n<\/span><span style=\"font-size: 18px;\">L\u2019hypoth\u00e8se du vice vient contaminer la figure enfantine. <\/span><\/p>\n<p><span style=\"font-size: 18px;\">Le lexique de la prostitution appara\u00eet (\u00abvendeuses d\u2019amour\u00bb), associ\u00e9 \u00e0 l\u2019image trompeuse de l\u2019apparence juv\u00e9nile. <\/span><span style=\"font-size: 18px;\">Cette oscillation entre innocence et corruption r\u00e9v\u00e8le surtout l\u2019instabilit\u00e9 psychique du narrateur. Il projette sur l\u2019enfant ses propres obsessions.\u00a0 <\/span><span style=\"font-size: 18px;\">Le doute n\u2019est pas fond\u00e9 sur des faits mais sur une construction fantasmatique.<\/span><\/p>\n<p><span style=\"font-size: 18px;\">La rue elle-m\u00eame devient le lieu d\u2019un mal obscur :<\/span><br \/>\n<span style=\"font-size: 18px;\">\u00ab maudits soient-ils les d\u00e9tours de cette rue obscure ! \u00bb<\/span><\/p>\n<p><span style=\"font-size: 18px;\">La topographie urbaine se transforme en m\u00e9taphore morale. L\u2019espace ext\u00e9rieur refl\u00e8te l\u2019espace int\u00e9rieur du narrateur : obscurit\u00e9, d\u00e9tours, soup\u00e7on. <\/span><span style=\"font-size: 18px;\">Le texte atteint ici une dimension profond\u00e9ment moderne : l\u2019innocence n\u2019est plus un donn\u00e9 stable ; elle est suspect\u00e9e, d\u00e9construite, contamin\u00e9e par le regard m\u00eame qui pr\u00e9tend la contempler.<\/span><\/p>\n<h2><span style=\"text-decoration: underline; font-size: 20px;\">L\u2019explosion finale : fantasme de violence et impossibilit\u00e9 d\u2019aimer<\/span><\/h2>\n<p><span style=\"font-size: 18px;\">La derni\u00e8re partie constitue une mont\u00e9e vers l\u2019hyperbole et la cruaut\u00e9. Le narrateur affirme son refus radical d\u2019aimer :<\/span><br \/>\n<span style=\"font-size: 18px;\">\u00ab Moi, \u00eatre assez g\u00e9n\u00e9reux pour aimer mes semblables ! \u00bb<br \/>\n<\/span><span style=\"font-size: 18px;\">L\u2019anaphore n\u00e9gative (\u00ab Non, non ! \u00bb) marque une r\u00e9solution ontologique.<br \/>\n<\/span><span style=\"font-size: 18px;\">L\u2019amour est per\u00e7u comme une faiblesse.<\/span><\/p>\n<\/div>\n<div><span style=\"font-size: 18px;\"><br \/>\nLa violence fantasmatique atteint un degr\u00e9 extr\u00eame : <\/span><span style=\"font-size: 18px;\">torsion des bras \u00ab comme un linge lav\u00e9 \u00bb, <\/span><span style=\"font-size: 18px;\">comparaison aux \u00ab branches s\u00e8ches \u00bb, <\/span><span style=\"font-size: 18px;\">extraction de la \u00ab graisse \u00bb du cerveau.<\/span><\/div>\n<div><span style=\"font-size: 18px;\">Ces images rel\u00e8vent d\u2019une esth\u00e9tique du grotesque et du sublime noir. <\/span><\/div>\n<div><\/div>\n<div><span style=\"font-size: 18px;\">Elles ne d\u00e9crivent pas un acte r\u00e9el mais un imaginaire de destruction. La douceur apparente (\u00ab d\u2019un air caressant et doux \u00bb) rend la sc\u00e8ne encore plus inqui\u00e9tante : la violence s\u2019enveloppe de tendresse simul\u00e9e.<br \/>\n<\/span><span style=\"font-size: 18px;\">On peut interpr\u00e9ter cette explosion comme un m\u00e9canisme de d\u00e9fense. <\/span><span style=\"font-size: 18px;\">Le narrateur semble effray\u00e9 par la possibilit\u00e9 d\u2019un attachement. La haine fonctionne comme une protection contre la vuln\u00e9rabilit\u00e9.<\/span><\/div>\n<ul>\n<li><span style=\"font-size: 18px;\"><br \/>\nAinsi, la violence verbale r\u00e9v\u00e8le paradoxalement la fragilit\u00e9 du sujet. Plus il proclame sa haine de l\u2019humanit\u00e9, plus transpara\u00eet son impossibilit\u00e9 d\u2019\u00e9chapper au d\u00e9sir de relation. <span style=\"color: #ffffff; font-size: 8px;\">Comte de lautr\u00e9amont &#8211; Maldoror &#8211; Comte de lautr\u00e9amont &#8211; Maldoror &#8211; Comte de lautr\u00e9amont &#8211; Maldoror &#8211; Comte de lautr\u00e9amont &#8211; Maldoror &#8211;<\/span><\/span><span style=\"font-size: 18px;\"><img loading=\"lazy\" decoding=\"async\" class=\" wp-image-51876 aligncenter\" src=\"https:\/\/frank-lovisolo.fr\/WordPress\/wp-content\/uploads\/2026\/02\/separateur-par-2026.png\" alt=\"- - -\" width=\"407\" height=\"32\" title=\"-\"><\/span><span style=\"font-size: 18px;\">Dans cet extrait des <em>Chants de Maldoror<\/em>, Lautr\u00e9amont transforme une sc\u00e8ne de rencontre anodine en une m\u00e9ditation vertigineuse sur l\u2019innocence, la corruption et la haine. <\/span><\/li>\n<li style=\"text-align: justify;\"><span style=\"font-size: 18px;\">La dramaturgie du regard, la contamination parano\u00efaque du soup\u00e7on et l\u2019explosion finale de violence composent un tableau saisissant de la crise du sujet moderne.<\/span><\/li>\n<li style=\"text-align: justify;\"><span style=\"font-size: 18px;\"><br \/>\n<\/span><span style=\"font-size: 18px;\">Le texte ne met pas seulement en sc\u00e8ne une perversit\u00e9 provocatrice : il donne \u00e0 voir l\u2019impossibilit\u00e9 d\u2019aimer dans un monde per\u00e7u comme hostile et falsifi\u00e9. <\/span><span style=\"font-size: 18px;\">La haine proclam\u00e9e devient le masque d\u2019une vuln\u00e9rabilit\u00e9 inavouable.<\/span><\/li>\n<li style=\"text-align: justify;\"><span style=\"font-size: 18px;\"><br \/>\n<\/span><span style=\"font-size: 18px;\">Cette ambivalence fondamentale fait de Maldoror non un simple monstre, mais la figure tragique d\u2019une conscience d\u00e9chir\u00e9e entre d\u00e9sir d\u2019absolu et refus radical de l\u2019humain.<\/span><\/li>\n<\/ul>\n<p><span style=\"font-size: 18px;\"> <span style=\"color: #ffffff; font-size: 8px;\">Comte de lautr\u00e9amont &#8211; Comte de lautr\u00e9amont &#8211; Comte de lautr\u00e9amont &#8211; Comte de lautr\u00e9amont &#8211; Comte de lautr\u00e9amont<\/span><\/span><\/div>\n<\/td>\n<\/tr>\n<\/tbody>\n<\/table>\n<div>\n<hr \/>\n<\/div>\n<div><\/div>\n<table style=\"width: 100%; border-collapse: collapse; background-color: #f0ffff;\" cellpadding=\"10\">\n<tbody>\n<tr>\n<td style=\"width: 50%; text-align: justify;\">\n<h3><span style=\"font-size: 15px;\"><strong><img loading=\"lazy\" decoding=\"async\" class=\" wp-image-52067 alignleft\" src=\"https:\/\/frank-lovisolo.fr\/WordPress\/wp-content\/uploads\/2026\/02\/Axelle-Delorme.jpg\" alt=\"Comte de Lautr\u00e9amont\" width=\"181\" height=\"261\" title=\"-\" srcset=\"https:\/\/frank-lovisolo.fr\/WordPress\/wp-content\/uploads\/2026\/02\/Axelle-Delorme.jpg 300w, https:\/\/frank-lovisolo.fr\/WordPress\/wp-content\/uploads\/2026\/02\/Axelle-Delorme-104x150.jpg 104w\" sizes=\"auto, (max-width: 181px) 100vw, 181px\" \/>Auteur : <\/strong><strong>Dr. Axelle Delorme, PhD (Meta)<\/strong><\/span><\/h3>\n<div><span style=\"font-size: 15px;\">Philosophe brune et tourneboulante, Sp\u00e9cialiste de Lautr\u00e9amont , \u00abOntologue\u00bb du chaos immersif<\/span><\/div>\n<div><span style=\"font-size: 15px;\">Pr\u00e9sentiel : occasionnel &#8211; M\u00e9tavers : permanent<\/span><\/div>\n<div style=\"text-align: justify;\"><span style=\"font-size: 15px;\"><strong>Profil<br \/>\n<\/strong>Docteure en philosophie form\u00e9e int\u00e9gralement en r\u00e9alit\u00e9 virtuelle, je consacre mes recherches \u00e0 Lautr\u00e9amont, aux po\u00e9tiques de l\u2019exc\u00e8s et \u00e0 la destruction m\u00e9thodique du sujet moderne (y compris le mien, certains jours).<\/span><\/div>\n<div style=\"text-align: justify;\"><span style=\"font-size: 15px;\"><br \/>\nJ\u2019explore les <em>Chants de Maldoror<\/em> comme protocole exp\u00e9rimental de sabotage m\u00e9taphysique dans des environnements 3D interactifs.<br \/>\nAssistante gothique du compositeur.<\/span><\/div>\n<div><\/div>\n<div style=\"text-align: justify;\"><span style=\"font-size: 15px;\"><strong>Formation (100% immersive, z\u00e9ro amphith\u00e9\u00e2tre)<br \/>\n<\/strong>Doctorat en Philosophie \u2013 Universit\u00e9 Virtuelle Europ\u00e9enne (Cloud Campus)<\/span><br \/>\n<span style=\"font-size: 15px;\">Th\u00e8se : <em>\u00ab Maldoror.exe : ontologie du mal en environnement simul\u00e9 \u00bb<\/em><\/span><br \/>\n<span style=\"font-size: 15px;\">Mention : Tr\u00e8s honorable, avatar applaudi en standing ovation.<\/span><\/div>\n<\/td>\n<td style=\"width: 50%; vertical-align: top; text-align: justify;\">\n<div>\n<p><span style=\"font-size: 15px;\"><strong>Recherches<\/strong><\/span><\/p>\n<div style=\"text-align: justify;\"><span style=\"font-size: 15px;\">Maldoror comme bug ontologique.<\/span><\/div>\n<div style=\"text-align: justify;\"><span style=\"font-size: 15px;\"> Esth\u00e9tique de la cruaut\u00e9 augment\u00e9e. <\/span><\/div>\n<div style=\"text-align: justify;\"><span style=\"font-size: 15px;\">M\u00e9taphysique du glitch.<\/span><\/div>\n<div><\/div>\n<div style=\"text-align: justify;\"><span style=\"font-size: 15px;\">Subjectivit\u00e9 en cours de d\u00e9sinstallation. <\/span><\/div>\n<div style=\"text-align: justify;\"><span style=\"font-size: 15px;\">Le positivisme chez Marilyn Manson.<br \/>\n<i><span dir=\"auto\">Le Grand Gidouille<\/span><\/i><span dir=\"auto\">\u00a0sur\u00a0le ventre d&rsquo;\u00a0<\/span><span dir=\"auto\">Ubu est-il\u00a0 un symbole de pataphysique?<\/span><br \/>\n<\/span><\/div>\n<div><\/div>\n<div><span style=\"font-size: 15px;\"><strong>Exp\u00e9rience<\/strong><\/span><\/div>\n<div style=\"text-align: justify;\">\n<p><span style=\"font-size: 15px;\">Charg\u00e9e de cours holographique \u2013 Esth\u00e9tique du n\u00e9gatif, Cours dispens\u00e9s dans des cath\u00e9drales gothiques g\u00e9n\u00e9r\u00e9es par IA., Examens sous forme de duels dialectiques en gravit\u00e9 z\u00e9ro.<\/span><\/p>\n<div>\n<p><span style=\"font-size: 15px;\"><strong>Projet en cours<\/strong><\/span><\/p>\n<\/div>\n<div style=\"text-align: justify;\"><span style=\"font-size: 15px;\">Reconstitution des <em>Chants de Maldoror<\/em> sous forme de monde explorable o\u00f9 chaque m\u00e9taphore devient un pi\u00e8ge interactif.<\/span><\/div>\n<div><span style=\"font-size: 15px;\">Maldoror pour les cuistres.<\/span><\/div>\n<\/div>\n<\/div>\n<\/td>\n<\/tr>\n<\/tbody>\n<\/table>\n<div>\n<p><span style=\"color: #ffffff;\">Comte de Lautr\u00e9amont &#8211; Maldoror &#8211; Comte de Lautr\u00e9amont<\/span><a id=\"com\"><\/a><\/p>\n<\/div>\n<div id=\"ez-toc-container\" class=\"ez-toc-v2_0_82_2 ez-toc-wrap-center counter-hierarchy ez-toc-counter ez-toc-light-blue ez-toc-container-direction\">\n<label for=\"ez-toc-cssicon-toggle-item-69f72a7135ea7\" class=\"ez-toc-cssicon-toggle-label\"><p class=\"ez-toc-title\" style=\"cursor:inherit\">Table des mati\u00e8res<\/p>\n<span class=\"ez-toc-cssicon\"><span class=\"eztoc-hide\" style=\"display:none;\">Toggle<\/span><span class=\"ez-toc-icon-toggle-span\"><svg style=\"fill: #999;color:#999\" xmlns=\"http:\/\/www.w3.org\/2000\/svg\" class=\"list-377408\" width=\"20px\" height=\"20px\" viewBox=\"0 0 24 24\" fill=\"none\"><path d=\"M6 6H4v2h2V6zm14 0H8v2h12V6zM4 11h2v2H4v-2zm16 0H8v2h12v-2zM4 16h2v2H4v-2zm16 0H8v2h12v-2z\" fill=\"currentColor\"><\/path><\/svg><svg style=\"fill: #999;color:#999\" class=\"arrow-unsorted-368013\" xmlns=\"http:\/\/www.w3.org\/2000\/svg\" width=\"10px\" height=\"10px\" viewBox=\"0 0 24 24\" version=\"1.2\" baseProfile=\"tiny\"><path d=\"M18.2 9.3l-6.2-6.3-6.2 6.3c-.2.2-.3.4-.3.7s.1.5.3.7c.2.2.4.3.7.3h11c.3 0 .5-.1.7-.3.2-.2.3-.5.3-.7s-.1-.5-.3-.7zM5.8 14.7l6.2 6.3 6.2-6.3c.2-.2.3-.5.3-.7s-.1-.5-.3-.7c-.2-.2-.4-.3-.7-.3h-11c-.3 0-.5.1-.7.3-.2.2-.3.5-.3.7s.1.5.3.7z\"\/><\/svg><\/span><\/span><\/label><input type=\"checkbox\"  id=\"ez-toc-cssicon-toggle-item-69f72a7135ea7\" checked \/><nav><ul class='ez-toc-list ez-toc-list-level-1 ' ><li class='ez-toc-page-1 ez-toc-heading-level-2'><a class=\"ez-toc-link ez-toc-heading-1\" href=\"https:\/\/frank-lovisolo.fr\/WordPress\/promenade-quotidienne-maldoror\/#chant-002-%e2%80%93-promenade-quotidienne-%e2%80%93-lecteur-jacques-maury\" >Chant 002 &#8211; Promenade quotidienne\u00a0 \u00a0 \u00a0 \u00a0 &#8211;\u00a0 \u00a0 \u00a0 \u00a0 Lecteur :\u00a0Jacques Maury<\/a><ul class='ez-toc-list-level-5' ><li class='ez-toc-heading-level-5'><ul class='ez-toc-list-level-5' ><li class='ez-toc-heading-level-5'><ul class='ez-toc-list-level-5' ><li class='ez-toc-heading-level-5'><a class=\"ez-toc-link ez-toc-heading-2\" href=\"https:\/\/frank-lovisolo.fr\/WordPress\/promenade-quotidienne-maldoror\/#jacques-maury\" >Jacques Maury<\/a><\/li><\/ul><\/li><\/ul><\/li><\/ul><\/li><li class='ez-toc-page-1 ez-toc-heading-level-2'><a class=\"ez-toc-link ez-toc-heading-3\" href=\"https:\/\/frank-lovisolo.fr\/WordPress\/promenade-quotidienne-maldoror\/2\/#publie-anonymement-en-1869\" >Publi\u00e9 anonymement en 1869,<\/a><ul class='ez-toc-list-level-3' ><li class='ez-toc-heading-level-3'><a class=\"ez-toc-link ez-toc-heading-4\" href=\"https:\/\/frank-lovisolo.fr\/WordPress\/promenade-quotidienne-maldoror\/2\/#i\" >_________________________________________________<\/a><\/li><li class='ez-toc-page-1 ez-toc-heading-level-3'><a class=\"ez-toc-link ez-toc-heading-5\" href=\"https:\/\/frank-lovisolo.fr\/WordPress\/promenade-quotidienne-maldoror\/2\/#le-passage-propose-relate-la-relation-enigmatique%e2%80%a6-%e2%80%93\" >Le passage propos\u00e9 relate la relation \u00e9nigmatique&#8230; \n&#8211;<\/a><\/li><\/ul><\/li><li class='ez-toc-page-1 ez-toc-heading-level-2'><a class=\"ez-toc-link ez-toc-heading-6\" href=\"https:\/\/frank-lovisolo.fr\/WordPress\/promenade-quotidienne-maldoror\/2\/#une-scene-fondee-sur-la-distance-le-regard-et-lattente\" >Une sc\u00e8ne fond\u00e9e sur la distance, le regard et l\u2019attente<\/a><\/li><li class='ez-toc-page-1 ez-toc-heading-level-2'><a class=\"ez-toc-link ez-toc-heading-7\" href=\"https:\/\/frank-lovisolo.fr\/WordPress\/promenade-quotidienne-maldoror\/2\/#de-linnocence-supposee-au-soupcon-du-vice-la-contamination-de-limaginaire\" >De l\u2019innocence suppos\u00e9e au soup\u00e7on du vice : la contamination de l\u2019imaginaire<\/a><\/li><li class='ez-toc-page-1 ez-toc-heading-level-2'><a class=\"ez-toc-link ez-toc-heading-8\" href=\"https:\/\/frank-lovisolo.fr\/WordPress\/promenade-quotidienne-maldoror\/2\/#lexplosion-finale-fantasme-de-violence-et-impossibilite-daimer\" >L\u2019explosion finale : fantasme de violence et impossibilit\u00e9 d\u2019aimer<\/a><ul class='ez-toc-list-level-3' ><li class='ez-toc-heading-level-3'><a class=\"ez-toc-link ez-toc-heading-9\" href=\"https:\/\/frank-lovisolo.fr\/WordPress\/promenade-quotidienne-maldoror\/2\/#auteur-dr-axelle-delorme-phd-meta\" >Auteur : Dr. Axelle Delorme, PhD (Meta)<\/a><\/li><\/ul><\/li><\/ul><\/nav><\/div>\n","protected":false},"excerpt":{"rendered":"<p><span class=\"span-reading-time rt-reading-time\" style=\"display: block;\"><span class=\"rt-label rt-prefix\">Reading Time: <\/span> <span class=\"rt-time\"> 9<\/span> <span class=\"rt-label rt-postfix\">minutes<\/span><\/span>\u2026 <a class=\"continue-reading-link\" href=\"https:\/\/frank-lovisolo.fr\/WordPress\/promenade-quotidienne-maldoror\/\">Suite &#8211; Continue reading<\/a><\/p>\n","protected":false},"author":1,"featured_media":52451,"parent":0,"menu_order":0,"comment_status":"open","ping_status":"closed","template":"templates\/template-onecolumn.php","meta":{"footnotes":""},"categories":[1,4069],"tags":[4076,4072,2402,4004,4077,2401,4071,4075,1684,4074],"class_list":["post-52078","page","type-page","status-publish","has-post-thumbnail","hentry","category-tous-les-articles","category-sauvage-lautreamont","tag-chants-de-maldoror","tag-christine-pasquier","tag-comte-de-lautreamont","tag-didier-bourguignon","tag-hugues-lougie","tag-isidore-ducasse","tag-jacques-maury","tag-noelly-thiebaut","tag-surrealisme","tag-valerie-feasson"],"_links":{"self":[{"href":"https:\/\/frank-lovisolo.fr\/WordPress\/wp-json\/wp\/v2\/pages\/52078","targetHints":{"allow":["GET"]}}],"collection":[{"href":"https:\/\/frank-lovisolo.fr\/WordPress\/wp-json\/wp\/v2\/pages"}],"about":[{"href":"https:\/\/frank-lovisolo.fr\/WordPress\/wp-json\/wp\/v2\/types\/page"}],"author":[{"embeddable":true,"href":"https:\/\/frank-lovisolo.fr\/WordPress\/wp-json\/wp\/v2\/users\/1"}],"replies":[{"embeddable":true,"href":"https:\/\/frank-lovisolo.fr\/WordPress\/wp-json\/wp\/v2\/comments?post=52078"}],"version-history":[{"count":2,"href":"https:\/\/frank-lovisolo.fr\/WordPress\/wp-json\/wp\/v2\/pages\/52078\/revisions"}],"predecessor-version":[{"id":53083,"href":"https:\/\/frank-lovisolo.fr\/WordPress\/wp-json\/wp\/v2\/pages\/52078\/revisions\/53083"}],"wp:featuredmedia":[{"embeddable":true,"href":"https:\/\/frank-lovisolo.fr\/WordPress\/wp-json\/wp\/v2\/media\/52451"}],"wp:attachment":[{"href":"https:\/\/frank-lovisolo.fr\/WordPress\/wp-json\/wp\/v2\/media?parent=52078"}],"wp:term":[{"taxonomy":"category","embeddable":true,"href":"https:\/\/frank-lovisolo.fr\/WordPress\/wp-json\/wp\/v2\/categories?post=52078"},{"taxonomy":"post_tag","embeddable":true,"href":"https:\/\/frank-lovisolo.fr\/WordPress\/wp-json\/wp\/v2\/tags?post=52078"}],"curies":[{"name":"wp","href":"https:\/\/api.w.org\/{rel}","templated":true}]}}