{"id":22151,"date":"2016-12-13T13:00:05","date_gmt":"2016-12-13T12:00:05","guid":{"rendered":"https:\/\/frank-lovisolo.fr\/WordPress\/?p=22151"},"modified":"2026-03-03T07:52:09","modified_gmt":"2026-03-03T06:52:09","slug":"heure-doree-campagne-aixoise-12dec2016","status":"publish","type":"page","link":"https:\/\/frank-lovisolo.fr\/WordPress\/heure-doree-campagne-aixoise-12dec2016\/","title":{"rendered":"L&rsquo;heure dor\u00e9e dans la campagne Aixoise"},"content":{"rendered":"<span class=\"span-reading-time rt-reading-time\" style=\"display: block;\"><span class=\"rt-label rt-prefix\">Reading Time: <\/span> <span class=\"rt-time\"> 4<\/span> <span class=\"rt-label rt-postfix\">minutes<\/span><\/span><div><span style=\"color: #ffffff;\"><span style=\"font-size: 8px;\">heure dor\u00e9e &#8211; Aix en Provence &#8211; Photographie &#8211; heure bleue<\/span><\/span><\/div>\n<table class=\" aligncenter\" style=\"height: 70px; width: 100%;\" cellpadding=\"10\">\n<tbody>\n<tr style=\"height: 70px;\">\n<td style=\"width: 40%; vertical-align: middle; text-align: left; height: 70px;\" colspan=\"3\">\n<div><strong><span style=\"font-size: 16px;\"><span style=\"font-size: 14px;\">Suggestion d&rsquo;\u00e9coute :<\/span><br \/>\n<a href=\"https:\/\/frank-lovisolo.fr\/WordPress\/flaneries-photographe-clarinette\/\" target=\"_blank\" rel=\"noopener\">Les Fl\u00e2neries du Photographe<\/a><br \/>\n<\/span><\/strong><\/div>\n<\/td>\n<td style=\"width: 40%; vertical-align: middle; text-align: left; height: 70px;\">\n<div><a href=\"https:\/\/frankcesarlovisolo.bandcamp.com\/track\/fl-neries\" target=\"_blank\" rel=\"noopener\"><img loading=\"lazy\" decoding=\"async\" class=\"wp-image-51127 alignnone\" src=\"https:\/\/frank-lovisolo.fr\/WordPress\/wp-content\/uploads\/2022\/11\/bandcamp-logotype-color-400-Frank.png\" alt=\"- - -\" width=\"303\" height=\"25\" title=\"-\" srcset=\"https:\/\/frank-lovisolo.fr\/WordPress\/wp-content\/uploads\/2022\/11\/bandcamp-logotype-color-400-Frank.png 400w, https:\/\/frank-lovisolo.fr\/WordPress\/wp-content\/uploads\/2022\/11\/bandcamp-logotype-color-400-Frank-250x21.png 250w, https:\/\/frank-lovisolo.fr\/WordPress\/wp-content\/uploads\/2022\/11\/bandcamp-logotype-color-400-Frank-150x12.png 150w\" sizes=\"auto, (max-width: 303px) 100vw, 303px\" \/><\/a><\/div>\n<\/td>\n<td style=\"width: 20%; vertical-align: middle; text-align: left; height: 70px;\"><a href=\"#com\"><span style=\"font-size: 20px;\"><img loading=\"lazy\" decoding=\"async\" class=\"wp-image-15068 alignright\" title=\"commentaire\" src=\"https:\/\/frank-lovisolo.fr\/WordPress\/wp-content\/uploads\/2015\/06\/ComOrange.jpg\" alt=\"Osmophore - darwin - \u00e9volution - lovisolo\" width=\"250\" height=\"20\" \/><\/span><\/a><\/td>\n<\/tr>\n<\/tbody>\n<\/table>\n<div><\/div>\n<table style=\"width: 100%;\" cellpadding=\"10\">\n<tbody>\n<tr style=\"height: 63px;\">\n<td style=\"text-align: center; vertical-align: top;\">\n<h5><span style=\"font-size: 12px;\">A l&rsquo;heure dor\u00e9e&#8230;<\/span><\/h5>\n<p><div class=\"flagallerywraper\" style=\"text-align:center;\"><div class=\"flagallery flaslider_skin\" id=\"FlaGallery_sc1_187\" style=\"width:1024px;margin:0 auto;\"><script type=\"text\/javascript\">(function(){this['FlaGallery_sc1_187']={'settings':{\"sliderHeightRetio\":\"0.8\",\"sliderPreloaderColor\":\"#ffffff\",\"sliderBgColor\":\"rgb(255, 255, 255)\",\"sliderHeaderFooterBgColor\":\"rgb(255, 255, 255)\",\"sliderNavigationColor\":\"rgba(82, 82, 82, 0.81)\",\"sliderNavigationIconColor\":\"rgb(255, 255, 255)\",\"sliderItemDescriptionBlock\":\"0\",\"sliderItemTitleFontSize\":\"14\",\"sliderItemTitleTextColor\":\"#515151\",\"sliderItemDescriptionFontSize\":\"14\",\"sliderItemDescriptionTextColor\":\"#545454\",\"sliderThumbBarEnable\":\"1\",\"sliderThumbBarHoverColor\":\"#ffffff\",\"sliderThumbSubMenuBackgroundColor\":\"rgb(255, 255, 255)\",\"sliderThumbSubMenuBackgroundColorOver\":\"rgba(255,255,255,1)\",\"sliderThumbSubMenuIconColor\":\"rgb(0, 0, 0)\",\"sliderThumbSubMenuIconHoverColor\":\"rgba(0,0,0,1)\",\"sliderPlayButton\":\"1\",\"sliderZoomButton\":\"1\",\"sliderFullScreen\":\"1\",\"sliderInfoEnable\":\"1\",\"sliderItemDownload\":\"0\",\"sliderSocialShareEnabled\":\"0\",\"sliderLikesEnabled\":\"0\",\"sliderSlideshowEneble\":\"1\",\"slideshowDelay\":\"8\",\"slideshowProgressBarColor\":\"rgb(0, 0, 0)\",\"slideshowProgressBarBGColor\":\"rgb(137, 176, 255)\",\"modaBgColor\":\"rgba(0,0,0,0.9)\",\"modalInfoBoxBgColor\":\"rgb(255, 255, 255)\",\"modalInfoBoxTitleTextColor\":\"#000000\",\"shareTitlePlaceHolder\":\"Share\",\"modalInfoBoxTextColor\":\"#333333\",\"infoBarExifEnable\":\"0\",\"infoBarCountersEnable\":\"0\",\"infoBarDateInfoEnable\":\"0\",\"customCSS\":\"\",\"key\":\"2b91304c71a96bd3dd001bdb3bf4a76f\",\"name\":\"GRANDPackPlus\",\"galleryID\":\"sc1_187\",\"post_url\":\"https:\\\/\\\/frank-lovisolo.fr\\\/WordPress\\\/wp-json\\\/wp\\\/v2\\\/pages\\\/22151\",\"module_url\":\"https:\\\/\\\/frank-lovisolo.fr\\\/WordPress\\\/wp-content\\\/plugins\\\/flagallery-skins\\\/flaslider\\\/\"}, 'data':[{\"gallery\":{\"gid\":\"187\",\"name\":\"12dec2016-matin-campagne-aixoise\",\"path\":\"https:\\\/\\\/frank-lovisolo.fr\\\/WordPress\\\/wp-content\\\/flagallery\\\/12dec2016-matin-campagne-aixoise\",\"title\":\"12Dec2016 Matin Campagne Aixoise\",\"galdesc\":\"\"},\"data\":[{\"pid\":\"15357\",\"filename\":\"12-decembre-2016-matin-campagne-aixoise-001.jpg\",\"description\":\"\",\"alttext\":\"\",\"link\":null,\"imagedate\":\"2016-12-13 11:22:57\",\"hitcounter\":\"367\",\"total_value\":\"0\",\"total_votes\":\"0\",\"meta_data\":{\"aperture\":false,\"credit\":false,\"camera\":false,\"caption\":false,\"created_timestamp\":false,\"copyright\":false,\"focal_length\":false,\"iso\":false,\"shutter_speed\":false,\"flash\":false,\"title\":false,\"keywords\":false,\"width\":1200,\"height\":800,\"saved\":true,\"thumbnail\":{\"width\":300,\"height\":200},\"webview\":{\"0\":1200,\"1\":800,\"2\":2,\"3\":\"width=\\\"1200\\\" height=\\\"800\\\"\",\"bits\":8,\"channels\":3,\"mime\":\"image\\\/jpeg\"}}},{\"pid\":\"15358\",\"filename\":\"12-decembre-2016-matin-campagne-aixoise-002.jpg\",\"description\":\"\",\"alttext\":\"\",\"link\":null,\"imagedate\":\"2016-12-13 11:23:00\",\"hitcounter\":\"136\",\"total_value\":\"0\",\"total_votes\":\"0\",\"meta_data\":{\"aperture\":false,\"credit\":false,\"camera\":false,\"caption\":false,\"created_timestamp\":false,\"copyright\":false,\"focal_length\":false,\"iso\":false,\"shutter_speed\":false,\"flash\":false,\"title\":false,\"keywords\":false,\"width\":1200,\"height\":800,\"saved\":true,\"thumbnail\":{\"width\":300,\"height\":200},\"webview\":{\"0\":1200,\"1\":800,\"2\":2,\"3\":\"width=\\\"1200\\\" height=\\\"800\\\"\",\"bits\":8,\"channels\":3,\"mime\":\"image\\\/jpeg\"}}},{\"pid\":\"15359\",\"filename\":\"12-decembre-2016-matin-campagne-aixoise-003.jpg\",\"description\":\"\",\"alttext\":\"\",\"link\":null,\"imagedate\":\"2016-12-13 11:23:03\",\"hitcounter\":\"101\",\"total_value\":\"0\",\"total_votes\":\"0\",\"meta_data\":{\"aperture\":false,\"credit\":false,\"camera\":false,\"caption\":false,\"created_timestamp\":false,\"copyright\":false,\"focal_length\":false,\"iso\":false,\"shutter_speed\":false,\"flash\":false,\"title\":false,\"keywords\":false,\"width\":1200,\"height\":800,\"saved\":true,\"thumbnail\":{\"width\":300,\"height\":200},\"webview\":{\"0\":1200,\"1\":800,\"2\":2,\"3\":\"width=\\\"1200\\\" height=\\\"800\\\"\",\"bits\":8,\"channels\":3,\"mime\":\"image\\\/jpeg\"}}},{\"pid\":\"15360\",\"filename\":\"12-decembre-2016-matin-campagne-aixoise-004.jpg\",\"description\":\"\",\"alttext\":\"\",\"link\":null,\"imagedate\":\"2016-12-13 11:23:06\",\"hitcounter\":\"76\",\"total_value\":\"0\",\"total_votes\":\"0\",\"meta_data\":{\"aperture\":false,\"credit\":false,\"camera\":false,\"caption\":false,\"created_timestamp\":false,\"copyright\":false,\"focal_length\":false,\"iso\":false,\"shutter_speed\":false,\"flash\":false,\"title\":false,\"keywords\":false,\"width\":1200,\"height\":800,\"saved\":true,\"thumbnail\":{\"width\":300,\"height\":200},\"webview\":{\"0\":1200,\"1\":800,\"2\":2,\"3\":\"width=\\\"1200\\\" height=\\\"800\\\"\",\"bits\":8,\"channels\":3,\"mime\":\"image\\\/jpeg\"}}},{\"pid\":\"15361\",\"filename\":\"12-decembre-2016-matin-campagne-aixoise-005.jpg\",\"description\":\"\",\"alttext\":\"\",\"link\":null,\"imagedate\":\"2016-12-13 11:23:09\",\"hitcounter\":\"71\",\"total_value\":\"0\",\"total_votes\":\"0\",\"meta_data\":{\"aperture\":false,\"credit\":false,\"camera\":false,\"caption\":false,\"created_timestamp\":false,\"copyright\":false,\"focal_length\":false,\"iso\":false,\"shutter_speed\":false,\"flash\":false,\"title\":false,\"keywords\":false,\"width\":1200,\"height\":800,\"saved\":true,\"thumbnail\":{\"width\":300,\"height\":200},\"webview\":{\"0\":1200,\"1\":800,\"2\":2,\"3\":\"width=\\\"1200\\\" height=\\\"800\\\"\",\"bits\":8,\"channels\":3,\"mime\":\"image\\\/jpeg\"}}},{\"pid\":\"15362\",\"filename\":\"12-decembre-2016-matin-campagne-aixoise-006.jpg\",\"description\":\"\",\"alttext\":\"\",\"link\":null,\"imagedate\":\"2016-12-13 11:23:13\",\"hitcounter\":\"61\",\"total_value\":\"0\",\"total_votes\":\"0\",\"meta_data\":{\"aperture\":false,\"credit\":false,\"camera\":false,\"caption\":false,\"created_timestamp\":false,\"copyright\":false,\"focal_length\":false,\"iso\":false,\"shutter_speed\":false,\"flash\":false,\"title\":false,\"keywords\":false,\"width\":1200,\"height\":800,\"saved\":true,\"thumbnail\":{\"width\":300,\"height\":200},\"webview\":{\"0\":1200,\"1\":800,\"2\":2,\"3\":\"width=\\\"1200\\\" height=\\\"800\\\"\",\"bits\":8,\"channels\":3,\"mime\":\"image\\\/jpeg\"}}},{\"pid\":\"15363\",\"filename\":\"12-decembre-2016-matin-campagne-aixoise-007.jpg\",\"description\":\"\",\"alttext\":\"\",\"link\":null,\"imagedate\":\"2016-12-13 11:23:15\",\"hitcounter\":\"59\",\"total_value\":\"0\",\"total_votes\":\"0\",\"meta_data\":{\"aperture\":false,\"credit\":false,\"camera\":false,\"caption\":false,\"created_timestamp\":false,\"copyright\":false,\"focal_length\":false,\"iso\":false,\"shutter_speed\":false,\"flash\":false,\"title\":false,\"keywords\":false,\"width\":1200,\"height\":800,\"saved\":true,\"thumbnail\":{\"width\":300,\"height\":200},\"webview\":{\"0\":1200,\"1\":800,\"2\":2,\"3\":\"width=\\\"1200\\\" height=\\\"800\\\"\",\"bits\":8,\"channels\":3,\"mime\":\"image\\\/jpeg\"}}},{\"pid\":\"15364\",\"filename\":\"12-decembre-2016-matin-campagne-aixoise-008.jpg\",\"description\":\"\",\"alttext\":\"\",\"link\":null,\"imagedate\":\"2016-12-13 11:23:18\",\"hitcounter\":\"59\",\"total_value\":\"0\",\"total_votes\":\"0\",\"meta_data\":{\"aperture\":false,\"credit\":false,\"camera\":false,\"caption\":false,\"created_timestamp\":false,\"copyright\":false,\"focal_length\":false,\"iso\":false,\"shutter_speed\":false,\"flash\":false,\"title\":false,\"keywords\":false,\"width\":1200,\"height\":800,\"saved\":true,\"thumbnail\":{\"width\":300,\"height\":200},\"webview\":{\"0\":1200,\"1\":800,\"2\":2,\"3\":\"width=\\\"1200\\\" height=\\\"800\\\"\",\"bits\":8,\"channels\":3,\"mime\":\"image\\\/jpeg\"}}},{\"pid\":\"15365\",\"filename\":\"12-decembre-2016-matin-campagne-aixoise-009.jpg\",\"description\":\"\",\"alttext\":\"\",\"link\":null,\"imagedate\":\"2016-12-13 11:23:22\",\"hitcounter\":\"56\",\"total_value\":\"0\",\"total_votes\":\"0\",\"meta_data\":{\"aperture\":false,\"credit\":false,\"camera\":false,\"caption\":false,\"created_timestamp\":false,\"copyright\":false,\"focal_length\":false,\"iso\":false,\"shutter_speed\":false,\"flash\":false,\"title\":false,\"keywords\":false,\"width\":1200,\"height\":800,\"saved\":true,\"thumbnail\":{\"width\":300,\"height\":200},\"webview\":{\"0\":1200,\"1\":800,\"2\":2,\"3\":\"width=\\\"1200\\\" height=\\\"800\\\"\",\"bits\":8,\"channels\":3,\"mime\":\"image\\\/jpeg\"}}},{\"pid\":\"15366\",\"filename\":\"12-decembre-2016-matin-campagne-aixoise-010.jpg\",\"description\":\"\",\"alttext\":\"\",\"link\":null,\"imagedate\":\"2016-12-13 11:23:26\",\"hitcounter\":\"50\",\"total_value\":\"0\",\"total_votes\":\"0\",\"meta_data\":{\"aperture\":false,\"credit\":false,\"camera\":false,\"caption\":false,\"created_timestamp\":false,\"copyright\":false,\"focal_length\":false,\"iso\":false,\"shutter_speed\":false,\"flash\":false,\"title\":false,\"keywords\":false,\"width\":1200,\"height\":800,\"saved\":true,\"thumbnail\":{\"width\":300,\"height\":200},\"webview\":{\"0\":1200,\"1\":800,\"2\":2,\"3\":\"width=\\\"1200\\\" height=\\\"800\\\"\",\"bits\":8,\"channels\":3,\"mime\":\"image\\\/jpeg\"}}},{\"pid\":\"15367\",\"filename\":\"12-decembre-2016-matin-campagne-aixoise-011.jpg\",\"description\":\"\",\"alttext\":\"\",\"link\":null,\"imagedate\":\"2016-12-13 11:23:28\",\"hitcounter\":\"49\",\"total_value\":\"0\",\"total_votes\":\"0\",\"meta_data\":{\"aperture\":false,\"credit\":false,\"camera\":false,\"caption\":false,\"created_timestamp\":false,\"copyright\":false,\"focal_length\":false,\"iso\":false,\"shutter_speed\":false,\"flash\":false,\"title\":false,\"keywords\":false,\"width\":1200,\"height\":800,\"saved\":true,\"thumbnail\":{\"width\":300,\"height\":200},\"webview\":{\"0\":1200,\"1\":800,\"2\":2,\"3\":\"width=\\\"1200\\\" height=\\\"800\\\"\",\"bits\":8,\"channels\":3,\"mime\":\"image\\\/jpeg\"}}},{\"pid\":\"15368\",\"filename\":\"12-decembre-2016-matin-campagne-aixoise-012.jpg\",\"description\":\"\",\"alttext\":\"\",\"link\":null,\"imagedate\":\"2016-12-13 11:23:31\",\"hitcounter\":\"43\",\"total_value\":\"0\",\"total_votes\":\"0\",\"meta_data\":{\"aperture\":false,\"credit\":false,\"camera\":false,\"caption\":false,\"created_timestamp\":false,\"copyright\":false,\"focal_length\":false,\"iso\":false,\"shutter_speed\":false,\"flash\":false,\"title\":false,\"keywords\":false,\"width\":1200,\"height\":800,\"saved\":true,\"thumbnail\":{\"width\":300,\"height\":200},\"webview\":{\"0\":1200,\"1\":800,\"2\":2,\"3\":\"width=\\\"1200\\\" height=\\\"800\\\"\",\"bits\":8,\"channels\":3,\"mime\":\"image\\\/jpeg\"}}},{\"pid\":\"15369\",\"filename\":\"12-decembre-2016-matin-campagne-aixoise-013.jpg\",\"description\":\"\",\"alttext\":\"\",\"link\":null,\"imagedate\":\"2016-12-13 11:23:33\",\"hitcounter\":\"46\",\"total_value\":\"0\",\"total_votes\":\"0\",\"meta_data\":{\"aperture\":false,\"credit\":false,\"camera\":false,\"caption\":false,\"created_timestamp\":false,\"copyright\":false,\"focal_length\":false,\"iso\":false,\"shutter_speed\":false,\"flash\":false,\"title\":false,\"keywords\":false,\"width\":1200,\"height\":800,\"saved\":true,\"thumbnail\":{\"width\":300,\"height\":200},\"webview\":{\"0\":1200,\"1\":800,\"2\":2,\"3\":\"width=\\\"1200\\\" height=\\\"800\\\"\",\"bits\":8,\"channels\":3,\"mime\":\"image\\\/jpeg\"}}},{\"pid\":\"15370\",\"filename\":\"12-decembre-2016-matin-campagne-aixoise-014.jpg\",\"description\":\"\",\"alttext\":\"\",\"link\":null,\"imagedate\":\"2016-12-13 11:23:35\",\"hitcounter\":\"36\",\"total_value\":\"0\",\"total_votes\":\"0\",\"meta_data\":{\"aperture\":false,\"credit\":false,\"camera\":false,\"caption\":false,\"created_timestamp\":false,\"copyright\":false,\"focal_length\":false,\"iso\":false,\"shutter_speed\":false,\"flash\":false,\"title\":false,\"keywords\":false,\"width\":1200,\"height\":800,\"saved\":true,\"thumbnail\":{\"width\":300,\"height\":200},\"webview\":{\"0\":1200,\"1\":800,\"2\":2,\"3\":\"width=\\\"1200\\\" height=\\\"800\\\"\",\"bits\":8,\"channels\":3,\"mime\":\"image\\\/jpeg\"}}},{\"pid\":\"15371\",\"filename\":\"12-decembre-2016-matin-campagne-aixoise-015.jpg\",\"description\":\"\",\"alttext\":\"\",\"link\":null,\"imagedate\":\"2016-12-13 11:23:37\",\"hitcounter\":\"32\",\"total_value\":\"0\",\"total_votes\":\"0\",\"meta_data\":{\"aperture\":false,\"credit\":false,\"camera\":false,\"caption\":false,\"created_timestamp\":false,\"copyright\":false,\"focal_length\":false,\"iso\":false,\"shutter_speed\":false,\"flash\":false,\"title\":false,\"keywords\":false,\"width\":1200,\"height\":800,\"saved\":true,\"thumbnail\":{\"width\":300,\"height\":200},\"webview\":{\"0\":1200,\"1\":800,\"2\":2,\"3\":\"width=\\\"1200\\\" height=\\\"800\\\"\",\"bits\":8,\"channels\":3,\"mime\":\"image\\\/jpeg\"}}},{\"pid\":\"15372\",\"filename\":\"12-decembre-2016-matin-campagne-aixoise-016.jpg\",\"description\":\"\",\"alttext\":\"\",\"link\":null,\"imagedate\":\"2016-12-13 11:23:40\",\"hitcounter\":\"30\",\"total_value\":\"0\",\"total_votes\":\"0\",\"meta_data\":{\"aperture\":false,\"credit\":false,\"camera\":false,\"caption\":false,\"created_timestamp\":false,\"copyright\":false,\"focal_length\":false,\"iso\":false,\"shutter_speed\":false,\"flash\":false,\"title\":false,\"keywords\":false,\"width\":1200,\"height\":800,\"saved\":true,\"thumbnail\":{\"width\":300,\"height\":200},\"webview\":{\"0\":1200,\"1\":800,\"2\":2,\"3\":\"width=\\\"1200\\\" height=\\\"800\\\"\",\"bits\":8,\"channels\":3,\"mime\":\"image\\\/jpeg\"}}},{\"pid\":\"15373\",\"filename\":\"12-decembre-2016-matin-campagne-aixoise-017.jpg\",\"description\":\"\",\"alttext\":\"\",\"link\":null,\"imagedate\":\"2016-12-13 11:23:43\",\"hitcounter\":\"29\",\"total_value\":\"0\",\"total_votes\":\"0\",\"meta_data\":{\"aperture\":false,\"credit\":false,\"camera\":false,\"caption\":false,\"created_timestamp\":false,\"copyright\":false,\"focal_length\":false,\"iso\":false,\"shutter_speed\":false,\"flash\":false,\"title\":false,\"keywords\":false,\"width\":1200,\"height\":800,\"saved\":true,\"thumbnail\":{\"width\":300,\"height\":200},\"webview\":{\"0\":1200,\"1\":800,\"2\":2,\"3\":\"width=\\\"1200\\\" height=\\\"800\\\"\",\"bits\":8,\"channels\":3,\"mime\":\"image\\\/jpeg\"}}},{\"pid\":\"15374\",\"filename\":\"12-decembre-2016-matin-campagne-aixoise-018.jpg\",\"description\":\"\",\"alttext\":\"\",\"link\":null,\"imagedate\":\"2016-12-13 11:23:45\",\"hitcounter\":\"29\",\"total_value\":\"0\",\"total_votes\":\"0\",\"meta_data\":{\"aperture\":false,\"credit\":false,\"camera\":false,\"caption\":false,\"created_timestamp\":false,\"copyright\":false,\"focal_length\":false,\"iso\":false,\"shutter_speed\":false,\"flash\":false,\"title\":false,\"keywords\":false,\"width\":1200,\"height\":800,\"saved\":true,\"thumbnail\":{\"width\":300,\"height\":200},\"webview\":{\"0\":1200,\"1\":800,\"2\":2,\"3\":\"width=\\\"1200\\\" height=\\\"800\\\"\",\"bits\":8,\"channels\":3,\"mime\":\"image\\\/jpeg\"}}},{\"pid\":\"15375\",\"filename\":\"12-decembre-2016-matin-campagne-aixoise-019.jpg\",\"description\":\"\",\"alttext\":\"\",\"link\":null,\"imagedate\":\"2016-12-13 11:23:48\",\"hitcounter\":\"29\",\"total_value\":\"0\",\"total_votes\":\"0\",\"meta_data\":{\"aperture\":false,\"credit\":false,\"camera\":false,\"caption\":false,\"created_timestamp\":false,\"copyright\":false,\"focal_length\":false,\"iso\":false,\"shutter_speed\":false,\"flash\":false,\"title\":false,\"keywords\":false,\"width\":1200,\"height\":800,\"saved\":true,\"thumbnail\":{\"width\":300,\"height\":200},\"webview\":{\"0\":1200,\"1\":800,\"2\":2,\"3\":\"width=\\\"1200\\\" height=\\\"800\\\"\",\"bits\":8,\"channels\":3,\"mime\":\"image\\\/jpeg\"}}},{\"pid\":\"15376\",\"filename\":\"12-decembre-2016-matin-campagne-aixoise-020.jpg\",\"description\":\"\",\"alttext\":\"\",\"link\":null,\"imagedate\":\"2016-12-13 11:23:50\",\"hitcounter\":\"29\",\"total_value\":\"0\",\"total_votes\":\"0\",\"meta_data\":{\"aperture\":false,\"credit\":false,\"camera\":false,\"caption\":false,\"created_timestamp\":false,\"copyright\":false,\"focal_length\":false,\"iso\":false,\"shutter_speed\":false,\"flash\":false,\"title\":false,\"keywords\":false,\"width\":1200,\"height\":800,\"saved\":true,\"thumbnail\":{\"width\":300,\"height\":200},\"webview\":{\"0\":1200,\"1\":800,\"2\":2,\"3\":\"width=\\\"1200\\\" height=\\\"800\\\"\",\"bits\":8,\"channels\":3,\"mime\":\"image\\\/jpeg\"}}},{\"pid\":\"15377\",\"filename\":\"12-decembre-2016-matin-campagne-aixoise-021.jpg\",\"description\":\"\",\"alttext\":\"\",\"link\":null,\"imagedate\":\"2016-12-13 11:23:52\",\"hitcounter\":\"28\",\"total_value\":\"0\",\"total_votes\":\"0\",\"meta_data\":{\"aperture\":false,\"credit\":false,\"camera\":false,\"caption\":false,\"created_timestamp\":false,\"copyright\":false,\"focal_length\":false,\"iso\":false,\"shutter_speed\":false,\"flash\":false,\"title\":false,\"keywords\":false,\"width\":1200,\"height\":800,\"saved\":true,\"thumbnail\":{\"width\":300,\"height\":200},\"webview\":{\"0\":1200,\"1\":800,\"2\":2,\"3\":\"width=\\\"1200\\\" height=\\\"800\\\"\",\"bits\":8,\"channels\":3,\"mime\":\"image\\\/jpeg\"}}},{\"pid\":\"15378\",\"filename\":\"12-decembre-2016-matin-campagne-aixoise-022.jpg\",\"description\":\"\",\"alttext\":\"\",\"link\":null,\"imagedate\":\"2016-12-13 11:23:54\",\"hitcounter\":\"27\",\"total_value\":\"0\",\"total_votes\":\"0\",\"meta_data\":{\"aperture\":false,\"credit\":false,\"camera\":false,\"caption\":false,\"created_timestamp\":false,\"copyright\":false,\"focal_length\":false,\"iso\":false,\"shutter_speed\":false,\"flash\":false,\"title\":false,\"keywords\":false,\"width\":1200,\"height\":800,\"saved\":true,\"thumbnail\":{\"width\":300,\"height\":200},\"webview\":{\"0\":1200,\"1\":800,\"2\":2,\"3\":\"width=\\\"1200\\\" height=\\\"800\\\"\",\"bits\":8,\"channels\":3,\"mime\":\"image\\\/jpeg\"}}},{\"pid\":\"15379\",\"filename\":\"12-decembre-2016-matin-campagne-aixoise-023.jpg\",\"description\":\"\",\"alttext\":\"\",\"link\":null,\"imagedate\":\"2016-12-13 11:23:57\",\"hitcounter\":\"25\",\"total_value\":\"0\",\"total_votes\":\"0\",\"meta_data\":{\"aperture\":false,\"credit\":false,\"camera\":false,\"caption\":false,\"created_timestamp\":false,\"copyright\":false,\"focal_length\":false,\"iso\":false,\"shutter_speed\":false,\"flash\":false,\"title\":false,\"keywords\":false,\"width\":1200,\"height\":800,\"saved\":true,\"thumbnail\":{\"width\":300,\"height\":200},\"webview\":{\"0\":1200,\"1\":800,\"2\":2,\"3\":\"width=\\\"1200\\\" height=\\\"800\\\"\",\"bits\":8,\"channels\":3,\"mime\":\"image\\\/jpeg\"}}},{\"pid\":\"15380\",\"filename\":\"12-decembre-2016-matin-campagne-aixoise-024.jpg\",\"description\":\"\",\"alttext\":\"\",\"link\":null,\"imagedate\":\"2016-12-13 11:24:00\",\"hitcounter\":\"26\",\"total_value\":\"0\",\"total_votes\":\"0\",\"meta_data\":{\"aperture\":false,\"credit\":false,\"camera\":false,\"caption\":false,\"created_timestamp\":false,\"copyright\":false,\"focal_length\":false,\"iso\":false,\"shutter_speed\":false,\"flash\":false,\"title\":false,\"keywords\":false,\"width\":1200,\"height\":800,\"saved\":true,\"thumbnail\":{\"width\":300,\"height\":200},\"webview\":{\"0\":1200,\"1\":800,\"2\":2,\"3\":\"width=\\\"1200\\\" height=\\\"800\\\"\",\"bits\":8,\"channels\":3,\"mime\":\"image\\\/jpeg\"}}},{\"pid\":\"15381\",\"filename\":\"12-decembre-2016-matin-campagne-aixoise-025.jpg\",\"description\":\"\",\"alttext\":\"\",\"link\":null,\"imagedate\":\"2016-12-13 11:24:03\",\"hitcounter\":\"25\",\"total_value\":\"0\",\"total_votes\":\"0\",\"meta_data\":{\"aperture\":false,\"credit\":false,\"camera\":false,\"caption\":false,\"created_timestamp\":false,\"copyright\":false,\"focal_length\":false,\"iso\":false,\"shutter_speed\":false,\"flash\":false,\"title\":false,\"keywords\":false,\"width\":1200,\"height\":800,\"saved\":true,\"thumbnail\":{\"width\":300,\"height\":200},\"webview\":{\"0\":1200,\"1\":800,\"2\":2,\"3\":\"width=\\\"1200\\\" height=\\\"800\\\"\",\"bits\":8,\"channels\":3,\"mime\":\"image\\\/jpeg\"}}},{\"pid\":\"15382\",\"filename\":\"12-decembre-2016-matin-campagne-aixoise-026.jpg\",\"description\":\"\",\"alttext\":\"\",\"link\":null,\"imagedate\":\"2016-12-13 11:24:06\",\"hitcounter\":\"24\",\"total_value\":\"0\",\"total_votes\":\"0\",\"meta_data\":{\"aperture\":false,\"credit\":false,\"camera\":false,\"caption\":false,\"created_timestamp\":false,\"copyright\":false,\"focal_length\":false,\"iso\":false,\"shutter_speed\":false,\"flash\":false,\"title\":false,\"keywords\":false,\"width\":1200,\"height\":800,\"saved\":true,\"thumbnail\":{\"width\":300,\"height\":200},\"webview\":{\"0\":1200,\"1\":800,\"2\":2,\"3\":\"width=\\\"1200\\\" height=\\\"800\\\"\",\"bits\":8,\"channels\":3,\"mime\":\"image\\\/jpeg\"}}},{\"pid\":\"15383\",\"filename\":\"12-decembre-2016-matin-campagne-aixoise-027.jpg\",\"description\":\"\",\"alttext\":\"\",\"link\":null,\"imagedate\":\"2016-12-13 11:24:08\",\"hitcounter\":\"22\",\"total_value\":\"0\",\"total_votes\":\"0\",\"meta_data\":{\"aperture\":false,\"credit\":false,\"camera\":false,\"caption\":false,\"created_timestamp\":false,\"copyright\":false,\"focal_length\":false,\"iso\":false,\"shutter_speed\":false,\"flash\":false,\"title\":false,\"keywords\":false,\"width\":1200,\"height\":800,\"saved\":true,\"thumbnail\":{\"width\":300,\"height\":200},\"webview\":{\"0\":1200,\"1\":800,\"2\":2,\"3\":\"width=\\\"1200\\\" height=\\\"800\\\"\",\"bits\":8,\"channels\":3,\"mime\":\"image\\\/jpeg\"}}},{\"pid\":\"15384\",\"filename\":\"12-decembre-2016-matin-campagne-aixoise-028.jpg\",\"description\":\"\",\"alttext\":\"\",\"link\":null,\"imagedate\":\"2016-12-13 11:24:11\",\"hitcounter\":\"23\",\"total_value\":\"0\",\"total_votes\":\"0\",\"meta_data\":{\"aperture\":false,\"credit\":false,\"camera\":false,\"caption\":false,\"created_timestamp\":false,\"copyright\":false,\"focal_length\":false,\"iso\":false,\"shutter_speed\":false,\"flash\":false,\"title\":false,\"keywords\":false,\"width\":1200,\"height\":800,\"saved\":true,\"thumbnail\":{\"width\":300,\"height\":200},\"webview\":{\"0\":1200,\"1\":800,\"2\":2,\"3\":\"width=\\\"1200\\\" height=\\\"800\\\"\",\"bits\":8,\"channels\":3,\"mime\":\"image\\\/jpeg\"}}},{\"pid\":\"15385\",\"filename\":\"12-decembre-2016-matin-campagne-aixoise-029.jpg\",\"description\":\"\",\"alttext\":\"\",\"link\":null,\"imagedate\":\"2016-12-13 11:24:13\",\"hitcounter\":\"23\",\"total_value\":\"0\",\"total_votes\":\"0\",\"meta_data\":{\"aperture\":false,\"credit\":false,\"camera\":false,\"caption\":false,\"created_timestamp\":false,\"copyright\":false,\"focal_length\":false,\"iso\":false,\"shutter_speed\":false,\"flash\":false,\"title\":false,\"keywords\":false,\"width\":1200,\"height\":800,\"saved\":true,\"thumbnail\":{\"width\":300,\"height\":200},\"webview\":{\"0\":1200,\"1\":800,\"2\":2,\"3\":\"width=\\\"1200\\\" height=\\\"800\\\"\",\"bits\":8,\"channels\":3,\"mime\":\"image\\\/jpeg\"}}},{\"pid\":\"15386\",\"filename\":\"12-decembre-2016-matin-campagne-aixoise-030.jpg\",\"description\":\"\",\"alttext\":\"\",\"link\":null,\"imagedate\":\"2016-12-13 11:24:15\",\"hitcounter\":\"22\",\"total_value\":\"0\",\"total_votes\":\"0\",\"meta_data\":{\"aperture\":false,\"credit\":false,\"camera\":false,\"caption\":false,\"created_timestamp\":false,\"copyright\":false,\"focal_length\":false,\"iso\":false,\"shutter_speed\":false,\"flash\":false,\"title\":false,\"keywords\":false,\"width\":1200,\"height\":800,\"saved\":true,\"thumbnail\":{\"width\":300,\"height\":200},\"webview\":{\"0\":1200,\"1\":800,\"2\":2,\"3\":\"width=\\\"1200\\\" height=\\\"800\\\"\",\"bits\":8,\"channels\":3,\"mime\":\"image\\\/jpeg\"}}},{\"pid\":\"15387\",\"filename\":\"12-decembre-2016-matin-campagne-aixoise-031.jpg\",\"description\":\"\",\"alttext\":\"\",\"link\":null,\"imagedate\":\"2016-12-13 11:24:19\",\"hitcounter\":\"22\",\"total_value\":\"0\",\"total_votes\":\"0\",\"meta_data\":{\"aperture\":false,\"credit\":false,\"camera\":false,\"caption\":false,\"created_timestamp\":false,\"copyright\":false,\"focal_length\":false,\"iso\":false,\"shutter_speed\":false,\"flash\":false,\"title\":false,\"keywords\":false,\"width\":1200,\"height\":800,\"saved\":true,\"thumbnail\":{\"width\":300,\"height\":200},\"webview\":{\"0\":1200,\"1\":800,\"2\":2,\"3\":\"width=\\\"1200\\\" height=\\\"800\\\"\",\"bits\":8,\"channels\":3,\"mime\":\"image\\\/jpeg\"}}},{\"pid\":\"15388\",\"filename\":\"12-decembre-2016-matin-campagne-aixoise-032.jpg\",\"description\":\"\",\"alttext\":\"\",\"link\":null,\"imagedate\":\"2016-12-13 11:24:21\",\"hitcounter\":\"23\",\"total_value\":\"0\",\"total_votes\":\"0\",\"meta_data\":{\"aperture\":false,\"credit\":false,\"camera\":false,\"caption\":false,\"created_timestamp\":false,\"copyright\":false,\"focal_length\":false,\"iso\":false,\"shutter_speed\":false,\"flash\":false,\"title\":false,\"keywords\":false,\"width\":1200,\"height\":800,\"saved\":true,\"thumbnail\":{\"width\":300,\"height\":200},\"webview\":{\"0\":1200,\"1\":800,\"2\":2,\"3\":\"width=\\\"1200\\\" height=\\\"800\\\"\",\"bits\":8,\"channels\":3,\"mime\":\"image\\\/jpeg\"}}},{\"pid\":\"15389\",\"filename\":\"12-decembre-2016-matin-campagne-aixoise-033.jpg\",\"description\":\"\",\"alttext\":\"\",\"link\":null,\"imagedate\":\"2016-12-13 11:24:24\",\"hitcounter\":\"23\",\"total_value\":\"0\",\"total_votes\":\"0\",\"meta_data\":{\"aperture\":false,\"credit\":false,\"camera\":false,\"caption\":false,\"created_timestamp\":false,\"copyright\":false,\"focal_length\":false,\"iso\":false,\"shutter_speed\":false,\"flash\":false,\"title\":false,\"keywords\":false,\"width\":1200,\"height\":800,\"saved\":true,\"thumbnail\":{\"width\":300,\"height\":200},\"webview\":{\"0\":1200,\"1\":800,\"2\":2,\"3\":\"width=\\\"1200\\\" height=\\\"800\\\"\",\"bits\":8,\"channels\":3,\"mime\":\"image\\\/jpeg\"}}},{\"pid\":\"15390\",\"filename\":\"12-decembre-2016-matin-campagne-aixoise-034.jpg\",\"description\":\"\",\"alttext\":\"\",\"link\":null,\"imagedate\":\"2016-12-13 11:24:27\",\"hitcounter\":\"23\",\"total_value\":\"0\",\"total_votes\":\"0\",\"meta_data\":{\"aperture\":false,\"credit\":false,\"camera\":false,\"caption\":false,\"created_timestamp\":false,\"copyright\":false,\"focal_length\":false,\"iso\":false,\"shutter_speed\":false,\"flash\":false,\"title\":false,\"keywords\":false,\"width\":1200,\"height\":800,\"saved\":true,\"thumbnail\":{\"width\":300,\"height\":200},\"webview\":{\"0\":1200,\"1\":800,\"2\":2,\"3\":\"width=\\\"1200\\\" height=\\\"800\\\"\",\"bits\":8,\"channels\":3,\"mime\":\"image\\\/jpeg\"}}},{\"pid\":\"15391\",\"filename\":\"12-decembre-2016-matin-campagne-aixoise-035.jpg\",\"description\":\"\",\"alttext\":\"\",\"link\":null,\"imagedate\":\"2016-12-13 11:24:29\",\"hitcounter\":\"23\",\"total_value\":\"0\",\"total_votes\":\"0\",\"meta_data\":{\"aperture\":false,\"credit\":false,\"camera\":false,\"caption\":false,\"created_timestamp\":false,\"copyright\":false,\"focal_length\":false,\"iso\":false,\"shutter_speed\":false,\"flash\":false,\"title\":false,\"keywords\":false,\"width\":1200,\"height\":800,\"saved\":true,\"thumbnail\":{\"width\":300,\"height\":200},\"webview\":{\"0\":1200,\"1\":800,\"2\":2,\"3\":\"width=\\\"1200\\\" height=\\\"800\\\"\",\"bits\":8,\"channels\":3,\"mime\":\"image\\\/jpeg\"}}},{\"pid\":\"15392\",\"filename\":\"12-decembre-2016-matin-campagne-aixoise-036.jpg\",\"description\":\"\",\"alttext\":\"\",\"link\":null,\"imagedate\":\"2016-12-13 11:24:32\",\"hitcounter\":\"24\",\"total_value\":\"0\",\"total_votes\":\"0\",\"meta_data\":{\"aperture\":false,\"credit\":false,\"camera\":false,\"caption\":false,\"created_timestamp\":false,\"copyright\":false,\"focal_length\":false,\"iso\":false,\"shutter_speed\":false,\"flash\":false,\"title\":false,\"keywords\":false,\"width\":1200,\"height\":800,\"saved\":true,\"thumbnail\":{\"width\":300,\"height\":200},\"webview\":{\"0\":1200,\"1\":800,\"2\":2,\"3\":\"width=\\\"1200\\\" height=\\\"800\\\"\",\"bits\":8,\"channels\":3,\"mime\":\"image\\\/jpeg\"}}},{\"pid\":\"15393\",\"filename\":\"12-decembre-2016-matin-campagne-aixoise-037.jpg\",\"description\":\"\",\"alttext\":\"\",\"link\":null,\"imagedate\":\"2016-12-13 11:24:34\",\"hitcounter\":\"24\",\"total_value\":\"0\",\"total_votes\":\"0\",\"meta_data\":{\"aperture\":false,\"credit\":false,\"camera\":false,\"caption\":false,\"created_timestamp\":false,\"copyright\":false,\"focal_length\":false,\"iso\":false,\"shutter_speed\":false,\"flash\":false,\"title\":false,\"keywords\":false,\"width\":1200,\"height\":800,\"saved\":true,\"thumbnail\":{\"width\":300,\"height\":200},\"webview\":{\"0\":1200,\"1\":800,\"2\":2,\"3\":\"width=\\\"1200\\\" height=\\\"800\\\"\",\"bits\":8,\"channels\":3,\"mime\":\"image\\\/jpeg\"}}},{\"pid\":\"15394\",\"filename\":\"12-decembre-2016-matin-campagne-aixoise-038.jpg\",\"description\":\"\",\"alttext\":\"\",\"link\":null,\"imagedate\":\"2016-12-13 11:24:37\",\"hitcounter\":\"24\",\"total_value\":\"0\",\"total_votes\":\"0\",\"meta_data\":{\"aperture\":false,\"credit\":false,\"camera\":false,\"caption\":false,\"created_timestamp\":false,\"copyright\":false,\"focal_length\":false,\"iso\":false,\"shutter_speed\":false,\"flash\":false,\"title\":false,\"keywords\":false,\"width\":1200,\"height\":800,\"saved\":true,\"thumbnail\":{\"width\":300,\"height\":200},\"webview\":{\"0\":1200,\"1\":800,\"2\":2,\"3\":\"width=\\\"1200\\\" height=\\\"800\\\"\",\"bits\":8,\"channels\":3,\"mime\":\"image\\\/jpeg\"}}},{\"pid\":\"15395\",\"filename\":\"12-decembre-2016-matin-campagne-aixoise-039.jpg\",\"description\":\"\",\"alttext\":\"\",\"link\":null,\"imagedate\":\"2016-12-13 11:24:40\",\"hitcounter\":\"22\",\"total_value\":\"0\",\"total_votes\":\"0\",\"meta_data\":{\"aperture\":false,\"credit\":false,\"camera\":false,\"caption\":false,\"created_timestamp\":false,\"copyright\":false,\"focal_length\":false,\"iso\":false,\"shutter_speed\":false,\"flash\":false,\"title\":false,\"keywords\":false,\"width\":1200,\"height\":800,\"saved\":true,\"thumbnail\":{\"width\":300,\"height\":200},\"webview\":{\"0\":1200,\"1\":800,\"2\":2,\"3\":\"width=\\\"1200\\\" height=\\\"800\\\"\",\"bits\":8,\"channels\":3,\"mime\":\"image\\\/jpeg\"}}},{\"pid\":\"15396\",\"filename\":\"12-decembre-2016-matin-campagne-aixoise-040.jpg\",\"description\":\"\",\"alttext\":\"\",\"link\":null,\"imagedate\":\"2016-12-13 11:24:43\",\"hitcounter\":\"23\",\"total_value\":\"0\",\"total_votes\":\"0\",\"meta_data\":{\"aperture\":false,\"credit\":false,\"camera\":false,\"caption\":false,\"created_timestamp\":false,\"copyright\":false,\"focal_length\":false,\"iso\":false,\"shutter_speed\":false,\"flash\":false,\"title\":false,\"keywords\":false,\"width\":1200,\"height\":800,\"saved\":true,\"thumbnail\":{\"width\":300,\"height\":200},\"webview\":{\"0\":1200,\"1\":800,\"2\":2,\"3\":\"width=\\\"1200\\\" height=\\\"800\\\"\",\"bits\":8,\"channels\":3,\"mime\":\"image\\\/jpeg\"}}},{\"pid\":\"15397\",\"filename\":\"12-decembre-2016-matin-campagne-aixoise-041.jpg\",\"description\":\"\",\"alttext\":\"\",\"link\":null,\"imagedate\":\"2016-12-13 11:24:47\",\"hitcounter\":\"23\",\"total_value\":\"0\",\"total_votes\":\"0\",\"meta_data\":{\"aperture\":false,\"credit\":false,\"camera\":false,\"caption\":false,\"created_timestamp\":false,\"copyright\":false,\"focal_length\":false,\"iso\":false,\"shutter_speed\":false,\"flash\":false,\"title\":false,\"keywords\":false,\"width\":1200,\"height\":800,\"saved\":true,\"thumbnail\":{\"width\":300,\"height\":200},\"webview\":{\"0\":1200,\"1\":800,\"2\":2,\"3\":\"width=\\\"1200\\\" height=\\\"800\\\"\",\"bits\":8,\"channels\":3,\"mime\":\"image\\\/jpeg\"}}},{\"pid\":\"15398\",\"filename\":\"12-decembre-2016-matin-campagne-aixoise-042.jpg\",\"description\":\"\",\"alttext\":\"\",\"link\":null,\"imagedate\":\"2016-12-13 11:24:51\",\"hitcounter\":\"23\",\"total_value\":\"0\",\"total_votes\":\"0\",\"meta_data\":{\"aperture\":false,\"credit\":false,\"camera\":false,\"caption\":false,\"created_timestamp\":false,\"copyright\":false,\"focal_length\":false,\"iso\":false,\"shutter_speed\":false,\"flash\":false,\"title\":false,\"keywords\":false,\"width\":1200,\"height\":800,\"saved\":true,\"thumbnail\":{\"width\":300,\"height\":200},\"webview\":{\"0\":1200,\"1\":800,\"2\":2,\"3\":\"width=\\\"1200\\\" height=\\\"800\\\"\",\"bits\":8,\"channels\":3,\"mime\":\"image\\\/jpeg\"}}},{\"pid\":\"15399\",\"filename\":\"12-decembre-2016-matin-campagne-aixoise-043.jpg\",\"description\":\"\",\"alttext\":\"\",\"link\":null,\"imagedate\":\"2016-12-13 11:24:53\",\"hitcounter\":\"25\",\"total_value\":\"0\",\"total_votes\":\"0\",\"meta_data\":{\"aperture\":false,\"credit\":false,\"camera\":false,\"caption\":false,\"created_timestamp\":false,\"copyright\":false,\"focal_length\":false,\"iso\":false,\"shutter_speed\":false,\"flash\":false,\"title\":false,\"keywords\":false,\"width\":1200,\"height\":800,\"saved\":true,\"thumbnail\":{\"width\":300,\"height\":200},\"webview\":{\"0\":1200,\"1\":800,\"2\":2,\"3\":\"width=\\\"1200\\\" height=\\\"800\\\"\",\"bits\":8,\"channels\":3,\"mime\":\"image\\\/jpeg\"}}},{\"pid\":\"15400\",\"filename\":\"12-decembre-2016-matin-campagne-aixoise-044.jpg\",\"description\":\"\",\"alttext\":\"\",\"link\":null,\"imagedate\":\"2016-12-13 11:24:56\",\"hitcounter\":\"26\",\"total_value\":\"0\",\"total_votes\":\"0\",\"meta_data\":{\"aperture\":false,\"credit\":false,\"camera\":false,\"caption\":false,\"created_timestamp\":false,\"copyright\":false,\"focal_length\":false,\"iso\":false,\"shutter_speed\":false,\"flash\":false,\"title\":false,\"keywords\":false,\"width\":1200,\"height\":800,\"saved\":true,\"thumbnail\":{\"width\":300,\"height\":200},\"webview\":{\"0\":1200,\"1\":800,\"2\":2,\"3\":\"width=\\\"1200\\\" height=\\\"800\\\"\",\"bits\":8,\"channels\":3,\"mime\":\"image\\\/jpeg\"}}}]}], };})();<\/script><\/div><\/div><noscript id=\"noscript_FlaGallery_sc1_187\"><img decoding=\"async\" class=\"skip-lazy no-lazyload noLazy\" data-lazy-src=\"\" src=\"https:\/\/frank-lovisolo.fr\/WordPress\/wp-content\/flagallery\/12dec2016-matin-campagne-aixoise\/12-decembre-2016-matin-campagne-aixoise-001.jpg\" alt=\"- - -\" title=\"-\"><img decoding=\"async\" class=\"skip-lazy no-lazyload noLazy\" data-lazy-src=\"\" src=\"https:\/\/frank-lovisolo.fr\/WordPress\/wp-content\/flagallery\/12dec2016-matin-campagne-aixoise\/12-decembre-2016-matin-campagne-aixoise-002.jpg\" alt=\"- - -\" title=\"-\"><img decoding=\"async\" class=\"skip-lazy no-lazyload noLazy\" data-lazy-src=\"\" src=\"https:\/\/frank-lovisolo.fr\/WordPress\/wp-content\/flagallery\/12dec2016-matin-campagne-aixoise\/12-decembre-2016-matin-campagne-aixoise-003.jpg\" alt=\"- - -\" title=\"-\"><img decoding=\"async\" class=\"skip-lazy no-lazyload noLazy\" data-lazy-src=\"\" src=\"https:\/\/frank-lovisolo.fr\/WordPress\/wp-content\/flagallery\/12dec2016-matin-campagne-aixoise\/12-decembre-2016-matin-campagne-aixoise-004.jpg\" alt=\"- - -\" title=\"-\"><img decoding=\"async\" class=\"skip-lazy no-lazyload noLazy\" data-lazy-src=\"\" src=\"https:\/\/frank-lovisolo.fr\/WordPress\/wp-content\/flagallery\/12dec2016-matin-campagne-aixoise\/12-decembre-2016-matin-campagne-aixoise-005.jpg\" alt=\"- - -\" title=\"-\"><img decoding=\"async\" class=\"skip-lazy no-lazyload noLazy\" data-lazy-src=\"\" src=\"https:\/\/frank-lovisolo.fr\/WordPress\/wp-content\/flagallery\/12dec2016-matin-campagne-aixoise\/12-decembre-2016-matin-campagne-aixoise-006.jpg\" alt=\"- - -\" title=\"-\"><img decoding=\"async\" class=\"skip-lazy no-lazyload noLazy\" data-lazy-src=\"\" src=\"https:\/\/frank-lovisolo.fr\/WordPress\/wp-content\/flagallery\/12dec2016-matin-campagne-aixoise\/12-decembre-2016-matin-campagne-aixoise-007.jpg\" alt=\"- - -\" title=\"-\"><img decoding=\"async\" class=\"skip-lazy no-lazyload noLazy\" data-lazy-src=\"\" src=\"https:\/\/frank-lovisolo.fr\/WordPress\/wp-content\/flagallery\/12dec2016-matin-campagne-aixoise\/12-decembre-2016-matin-campagne-aixoise-008.jpg\" alt=\"- - -\" title=\"-\"><img decoding=\"async\" class=\"skip-lazy no-lazyload noLazy\" data-lazy-src=\"\" src=\"https:\/\/frank-lovisolo.fr\/WordPress\/wp-content\/flagallery\/12dec2016-matin-campagne-aixoise\/12-decembre-2016-matin-campagne-aixoise-009.jpg\" alt=\"- - -\" title=\"-\"><img decoding=\"async\" class=\"skip-lazy no-lazyload noLazy\" data-lazy-src=\"\" src=\"https:\/\/frank-lovisolo.fr\/WordPress\/wp-content\/flagallery\/12dec2016-matin-campagne-aixoise\/12-decembre-2016-matin-campagne-aixoise-010.jpg\" alt=\"- - -\" title=\"-\"><img decoding=\"async\" class=\"skip-lazy no-lazyload noLazy\" data-lazy-src=\"\" src=\"https:\/\/frank-lovisolo.fr\/WordPress\/wp-content\/flagallery\/12dec2016-matin-campagne-aixoise\/12-decembre-2016-matin-campagne-aixoise-011.jpg\" alt=\"- - -\" title=\"-\"><img decoding=\"async\" class=\"skip-lazy no-lazyload noLazy\" data-lazy-src=\"\" src=\"https:\/\/frank-lovisolo.fr\/WordPress\/wp-content\/flagallery\/12dec2016-matin-campagne-aixoise\/12-decembre-2016-matin-campagne-aixoise-012.jpg\" alt=\"- - -\" title=\"-\"><img decoding=\"async\" class=\"skip-lazy no-lazyload noLazy\" data-lazy-src=\"\" src=\"https:\/\/frank-lovisolo.fr\/WordPress\/wp-content\/flagallery\/12dec2016-matin-campagne-aixoise\/12-decembre-2016-matin-campagne-aixoise-013.jpg\" alt=\"- - -\" title=\"-\"><img decoding=\"async\" class=\"skip-lazy no-lazyload noLazy\" data-lazy-src=\"\" src=\"https:\/\/frank-lovisolo.fr\/WordPress\/wp-content\/flagallery\/12dec2016-matin-campagne-aixoise\/12-decembre-2016-matin-campagne-aixoise-014.jpg\" alt=\"- - -\" title=\"-\"><img decoding=\"async\" class=\"skip-lazy no-lazyload noLazy\" data-lazy-src=\"\" src=\"https:\/\/frank-lovisolo.fr\/WordPress\/wp-content\/flagallery\/12dec2016-matin-campagne-aixoise\/12-decembre-2016-matin-campagne-aixoise-015.jpg\" alt=\"- - -\" title=\"-\"><img decoding=\"async\" class=\"skip-lazy no-lazyload noLazy\" data-lazy-src=\"\" src=\"https:\/\/frank-lovisolo.fr\/WordPress\/wp-content\/flagallery\/12dec2016-matin-campagne-aixoise\/12-decembre-2016-matin-campagne-aixoise-016.jpg\" alt=\"- - -\" title=\"-\"><img decoding=\"async\" class=\"skip-lazy no-lazyload noLazy\" data-lazy-src=\"\" src=\"https:\/\/frank-lovisolo.fr\/WordPress\/wp-content\/flagallery\/12dec2016-matin-campagne-aixoise\/12-decembre-2016-matin-campagne-aixoise-017.jpg\" alt=\"- - -\" title=\"-\"><img decoding=\"async\" class=\"skip-lazy no-lazyload noLazy\" data-lazy-src=\"\" src=\"https:\/\/frank-lovisolo.fr\/WordPress\/wp-content\/flagallery\/12dec2016-matin-campagne-aixoise\/12-decembre-2016-matin-campagne-aixoise-018.jpg\" alt=\"- - -\" title=\"-\"><img decoding=\"async\" class=\"skip-lazy no-lazyload noLazy\" data-lazy-src=\"\" src=\"https:\/\/frank-lovisolo.fr\/WordPress\/wp-content\/flagallery\/12dec2016-matin-campagne-aixoise\/12-decembre-2016-matin-campagne-aixoise-019.jpg\" alt=\"- - -\" title=\"-\"><img decoding=\"async\" class=\"skip-lazy no-lazyload noLazy\" data-lazy-src=\"\" src=\"https:\/\/frank-lovisolo.fr\/WordPress\/wp-content\/flagallery\/12dec2016-matin-campagne-aixoise\/12-decembre-2016-matin-campagne-aixoise-020.jpg\" alt=\"- - -\" title=\"-\"><img decoding=\"async\" class=\"skip-lazy no-lazyload noLazy\" data-lazy-src=\"\" src=\"https:\/\/frank-lovisolo.fr\/WordPress\/wp-content\/flagallery\/12dec2016-matin-campagne-aixoise\/12-decembre-2016-matin-campagne-aixoise-021.jpg\" alt=\"- - -\" title=\"-\"><img decoding=\"async\" class=\"skip-lazy no-lazyload noLazy\" data-lazy-src=\"\" src=\"https:\/\/frank-lovisolo.fr\/WordPress\/wp-content\/flagallery\/12dec2016-matin-campagne-aixoise\/12-decembre-2016-matin-campagne-aixoise-022.jpg\" alt=\"- - -\" title=\"-\"><img decoding=\"async\" class=\"skip-lazy no-lazyload noLazy\" data-lazy-src=\"\" src=\"https:\/\/frank-lovisolo.fr\/WordPress\/wp-content\/flagallery\/12dec2016-matin-campagne-aixoise\/12-decembre-2016-matin-campagne-aixoise-023.jpg\" alt=\"- - -\" title=\"-\"><img decoding=\"async\" class=\"skip-lazy no-lazyload noLazy\" data-lazy-src=\"\" src=\"https:\/\/frank-lovisolo.fr\/WordPress\/wp-content\/flagallery\/12dec2016-matin-campagne-aixoise\/12-decembre-2016-matin-campagne-aixoise-024.jpg\" alt=\"- - -\" title=\"-\"><img decoding=\"async\" class=\"skip-lazy no-lazyload noLazy\" data-lazy-src=\"\" src=\"https:\/\/frank-lovisolo.fr\/WordPress\/wp-content\/flagallery\/12dec2016-matin-campagne-aixoise\/12-decembre-2016-matin-campagne-aixoise-025.jpg\" alt=\"- - -\" title=\"-\"><img decoding=\"async\" class=\"skip-lazy no-lazyload noLazy\" data-lazy-src=\"\" src=\"https:\/\/frank-lovisolo.fr\/WordPress\/wp-content\/flagallery\/12dec2016-matin-campagne-aixoise\/12-decembre-2016-matin-campagne-aixoise-026.jpg\" alt=\"- - -\" title=\"-\"><img decoding=\"async\" class=\"skip-lazy no-lazyload noLazy\" data-lazy-src=\"\" src=\"https:\/\/frank-lovisolo.fr\/WordPress\/wp-content\/flagallery\/12dec2016-matin-campagne-aixoise\/12-decembre-2016-matin-campagne-aixoise-027.jpg\" alt=\"- - -\" title=\"-\"><img decoding=\"async\" class=\"skip-lazy no-lazyload noLazy\" data-lazy-src=\"\" src=\"https:\/\/frank-lovisolo.fr\/WordPress\/wp-content\/flagallery\/12dec2016-matin-campagne-aixoise\/12-decembre-2016-matin-campagne-aixoise-028.jpg\" alt=\"- - -\" title=\"-\"><img decoding=\"async\" class=\"skip-lazy no-lazyload noLazy\" data-lazy-src=\"\" src=\"https:\/\/frank-lovisolo.fr\/WordPress\/wp-content\/flagallery\/12dec2016-matin-campagne-aixoise\/12-decembre-2016-matin-campagne-aixoise-029.jpg\" alt=\"- - -\" title=\"-\"><img decoding=\"async\" class=\"skip-lazy no-lazyload noLazy\" data-lazy-src=\"\" src=\"https:\/\/frank-lovisolo.fr\/WordPress\/wp-content\/flagallery\/12dec2016-matin-campagne-aixoise\/12-decembre-2016-matin-campagne-aixoise-030.jpg\" alt=\"- - -\" title=\"-\"><img decoding=\"async\" class=\"skip-lazy no-lazyload noLazy\" data-lazy-src=\"\" src=\"https:\/\/frank-lovisolo.fr\/WordPress\/wp-content\/flagallery\/12dec2016-matin-campagne-aixoise\/12-decembre-2016-matin-campagne-aixoise-031.jpg\" alt=\"- - -\" title=\"-\"><img decoding=\"async\" class=\"skip-lazy no-lazyload noLazy\" data-lazy-src=\"\" src=\"https:\/\/frank-lovisolo.fr\/WordPress\/wp-content\/flagallery\/12dec2016-matin-campagne-aixoise\/12-decembre-2016-matin-campagne-aixoise-032.jpg\" alt=\"- - -\" title=\"-\"><img decoding=\"async\" class=\"skip-lazy no-lazyload noLazy\" data-lazy-src=\"\" src=\"https:\/\/frank-lovisolo.fr\/WordPress\/wp-content\/flagallery\/12dec2016-matin-campagne-aixoise\/12-decembre-2016-matin-campagne-aixoise-033.jpg\" alt=\"- - -\" title=\"-\"><img decoding=\"async\" class=\"skip-lazy no-lazyload noLazy\" data-lazy-src=\"\" src=\"https:\/\/frank-lovisolo.fr\/WordPress\/wp-content\/flagallery\/12dec2016-matin-campagne-aixoise\/12-decembre-2016-matin-campagne-aixoise-034.jpg\" alt=\"- - -\" title=\"-\"><img decoding=\"async\" class=\"skip-lazy no-lazyload noLazy\" data-lazy-src=\"\" src=\"https:\/\/frank-lovisolo.fr\/WordPress\/wp-content\/flagallery\/12dec2016-matin-campagne-aixoise\/12-decembre-2016-matin-campagne-aixoise-035.jpg\" alt=\"- - -\" title=\"-\"><img decoding=\"async\" class=\"skip-lazy no-lazyload noLazy\" data-lazy-src=\"\" src=\"https:\/\/frank-lovisolo.fr\/WordPress\/wp-content\/flagallery\/12dec2016-matin-campagne-aixoise\/12-decembre-2016-matin-campagne-aixoise-036.jpg\" alt=\"- - -\" title=\"-\"><img decoding=\"async\" class=\"skip-lazy no-lazyload noLazy\" data-lazy-src=\"\" src=\"https:\/\/frank-lovisolo.fr\/WordPress\/wp-content\/flagallery\/12dec2016-matin-campagne-aixoise\/12-decembre-2016-matin-campagne-aixoise-037.jpg\" alt=\"- - -\" title=\"-\"><img decoding=\"async\" class=\"skip-lazy no-lazyload noLazy\" data-lazy-src=\"\" src=\"https:\/\/frank-lovisolo.fr\/WordPress\/wp-content\/flagallery\/12dec2016-matin-campagne-aixoise\/12-decembre-2016-matin-campagne-aixoise-038.jpg\" alt=\"- - -\" title=\"-\"><img decoding=\"async\" class=\"skip-lazy no-lazyload noLazy\" data-lazy-src=\"\" src=\"https:\/\/frank-lovisolo.fr\/WordPress\/wp-content\/flagallery\/12dec2016-matin-campagne-aixoise\/12-decembre-2016-matin-campagne-aixoise-039.jpg\" alt=\"- - -\" title=\"-\"><img decoding=\"async\" class=\"skip-lazy no-lazyload noLazy\" data-lazy-src=\"\" src=\"https:\/\/frank-lovisolo.fr\/WordPress\/wp-content\/flagallery\/12dec2016-matin-campagne-aixoise\/12-decembre-2016-matin-campagne-aixoise-040.jpg\" alt=\"- - -\" title=\"-\"><img decoding=\"async\" class=\"skip-lazy no-lazyload noLazy\" data-lazy-src=\"\" src=\"https:\/\/frank-lovisolo.fr\/WordPress\/wp-content\/flagallery\/12dec2016-matin-campagne-aixoise\/12-decembre-2016-matin-campagne-aixoise-041.jpg\" alt=\"- - -\" title=\"-\"><img decoding=\"async\" class=\"skip-lazy no-lazyload noLazy\" data-lazy-src=\"\" src=\"https:\/\/frank-lovisolo.fr\/WordPress\/wp-content\/flagallery\/12dec2016-matin-campagne-aixoise\/12-decembre-2016-matin-campagne-aixoise-042.jpg\" alt=\"- - -\" title=\"-\"><img decoding=\"async\" class=\"skip-lazy no-lazyload noLazy\" data-lazy-src=\"\" src=\"https:\/\/frank-lovisolo.fr\/WordPress\/wp-content\/flagallery\/12dec2016-matin-campagne-aixoise\/12-decembre-2016-matin-campagne-aixoise-043.jpg\" alt=\"- - -\" title=\"-\"><img decoding=\"async\" class=\"skip-lazy no-lazyload noLazy\" data-lazy-src=\"\" src=\"https:\/\/frank-lovisolo.fr\/WordPress\/wp-content\/flagallery\/12dec2016-matin-campagne-aixoise\/12-decembre-2016-matin-campagne-aixoise-044.jpg\" alt=\"- - -\" title=\"-\"><\/noscript><\/td>\n<\/tr>\n<tr style=\"height: 144px;\">\n<td style=\"text-align: left; height: 144px;\"><em><span style=\"font-size: 20px;\">Peindre d\u2019apr\u00e8s nature, ce n\u2019est pas copier l\u2019objectif, c\u2019est r\u00e9aliser ses sensations.<\/span><\/em><\/p>\n<p><em><span style=\"font-size: 20px;\">Lire la nature, c\u2019est la voir sous le voile de l\u2019interpr\u00e9tation par taches color\u00e9es se succ\u00e9dant selon une loi d\u2019harmonie. Ces grandes teintes s\u2019analysent ainsi par les modulations. Peindre c\u2019est enregistrer ses sensations color\u00e9es.<\/span><\/em><\/p>\n<p><em><span style=\"font-size: 20px;\">L\u2019effet constitue le tableau, il l\u2019unifie et le concentre\u2009; c\u2019est sur l\u2019existence d\u2019une tache dominante qu\u2019il faut l\u2019\u00e9tablir.<\/span><\/em><\/p>\n<div style=\"text-align: right;\">\n<p style=\"text-align: left;\"><span style=\"font-size: 12px;\"><span style=\"font-size: 12px;\"><a href=\"https:\/\/fr.wikipedia.org\/wiki\/Paul_C%C3%A9zanne\" target=\"_blank\" rel=\"noopener noreferrer\">Paul C\u00e9zanne (Pens\u00e9es)<\/a><\/span><\/span><\/p>\n<\/div>\n<\/td>\n<\/tr>\n<tr style=\"height: 442px;\">\n<td style=\"text-align: left; vertical-align: middle; height: 442px;\"><img loading=\"lazy\" decoding=\"async\" class=\"alignleft wp-image-22155 size-full\" src=\"https:\/\/frank-lovisolo.fr\/WordPress\/wp-content\/uploads\/2036\/12\/260px-William-Adolphe_Bouguereau_1825-1905_-_Dawn_1881.jpg\" alt=\"- - -\" width=\"260\" height=\"519\" title=\"-\" srcset=\"https:\/\/frank-lovisolo.fr\/WordPress\/wp-content\/uploads\/2036\/12\/260px-William-Adolphe_Bouguereau_1825-1905_-_Dawn_1881.jpg 260w, https:\/\/frank-lovisolo.fr\/WordPress\/wp-content\/uploads\/2036\/12\/260px-William-Adolphe_Bouguereau_1825-1905_-_Dawn_1881-75x150.jpg 75w, https:\/\/frank-lovisolo.fr\/WordPress\/wp-content\/uploads\/2036\/12\/260px-William-Adolphe_Bouguereau_1825-1905_-_Dawn_1881-150x299.jpg 150w\" sizes=\"auto, (max-width: 260px) 100vw, 260px\" \/><\/p>\n<p style=\"text-align: justify;\"><span style=\"font-size: 20px;\">Peu apr\u00e8s l\u2019aube, dans cette campagne, il serait dramatique de ne pas avoir son appareil photo, l\u2019instant est si naturel\u2026<\/span><\/p>\n<p style=\"text-align: justify;\"><span style=\"font-size: 20px;\">Pour peu\u00a0qu\u2019une brume conciliante et liante soit de la partie\u2026<\/span><\/p>\n<p style=\"text-align: justify;\"><span style=\"font-size: 20px;\">\u00c7a ne dure pas tr\u00e8s longtemps.<\/span><\/p>\n<p style=\"text-align: justify;\"><span style=\"font-size: 20px;\">Puis, sans, que l\u2019on s\u2019aper\u00e7oive vraiment de la transition lumineuse, tout redevient bleu.<\/span><\/p>\n<p style=\"text-align: justify;\"><span style=\"font-size: 20px;\">Tout n\u2019est que relativit\u00e9 du temps\u2026<br \/>\n<\/span><\/p>\n<p style=\"text-align: justify;\"><span style=\"font-size: 20px;\">L\u2019aube glisse sur les vignes.<br data-start=\"90\" data-end=\"93\" \/>L\u2019air sent la ros\u00e9e et la terre froide.<br data-start=\"132\" data-end=\"135\" \/>Un oiseau essaie sa voix dans l&rsquo;\u00e9ther.<br data-start=\"176\" data-end=\"179\" \/>La lumi\u00e8re s\u2019\u00e9tire, douce, sans h\u00e2te.<\/span><\/p>\n<p style=\"text-align: justify;\"><span style=\"font-size: 20px;\"><br data-start=\"216\" data-end=\"219\" \/>Le monde respirera avant de parler.<br \/>\nAvant tout : Silence&#8230;<\/span><\/p>\n<\/td>\n<\/tr>\n<tr style=\"height: 23px;\">\n<td style=\"height: 23px;\">\n<div><span style=\"font-size: 12px;\">\u00a0All\u00e9gorie de l&rsquo;aube par <a href=\"https:\/\/fr.wikipedia.org\/wiki\/William_Bouguereau\" target=\"_blank\" rel=\"noopener noreferrer\">William Bouguereau Bouguereau (1825-1905<\/a>)<\/span><\/div>\n<\/td>\n<\/tr>\n<\/tbody>\n<\/table>\n<div>\n<div><span style=\"color: #ffffff;\">&#8211;<\/span><a id=\"com\"><\/a><\/div>\n<div><em><span style=\"text-decoration: underline; font-size: 20px;\"><!--nextpage--><\/span><\/em><\/div>\n<div><\/div>\n<div style=\"text-align: justify;\">\n<table style=\"width: 100%; border-collapse: collapse;\" cellpadding=\"10\">\n<tbody>\n<tr>\n<td style=\"width: 100%;\">\n<div style=\"text-align: justify;\"><em><span style=\"text-decoration: underline; font-size: 20px;\"><img loading=\"lazy\" decoding=\"async\" class=\"alignright wp-image-22154\" title=\"Campagne Aixoise - heure dor\u00e9e\" src=\"https:\/\/frank-lovisolo.fr\/WordPress\/wp-content\/uploads\/2036\/12\/12-d\u00e9cembre-2016-Matin-Campagne-Aixoise-011-1024x683.jpg\" alt=\"Campagne Aixoise - heure dor\u00e9e\" width=\"681\" height=\"454\" srcset=\"https:\/\/frank-lovisolo.fr\/WordPress\/wp-content\/uploads\/2036\/12\/12-d\u00e9cembre-2016-Matin-Campagne-Aixoise-011-1024x683.jpg 1024w, https:\/\/frank-lovisolo.fr\/WordPress\/wp-content\/uploads\/2036\/12\/12-d\u00e9cembre-2016-Matin-Campagne-Aixoise-011-560x373.jpg 560w, https:\/\/frank-lovisolo.fr\/WordPress\/wp-content\/uploads\/2036\/12\/12-d\u00e9cembre-2016-Matin-Campagne-Aixoise-011-768x512.jpg 768w, https:\/\/frank-lovisolo.fr\/WordPress\/wp-content\/uploads\/2036\/12\/12-d\u00e9cembre-2016-Matin-Campagne-Aixoise-011-225x150.jpg 225w, https:\/\/frank-lovisolo.fr\/WordPress\/wp-content\/uploads\/2036\/12\/12-d\u00e9cembre-2016-Matin-Campagne-Aixoise-011-150x100.jpg 150w, https:\/\/frank-lovisolo.fr\/WordPress\/wp-content\/uploads\/2036\/12\/12-d\u00e9cembre-2016-Matin-Campagne-Aixoise-011.jpg 1200w\" sizes=\"auto, (max-width: 681px) 100vw, 681px\" \/>En photographie, l&rsquo;heure dor\u00e9e est la courte p\u00e9riode suivant le lever de Soleil ou pr\u00e9c\u00e9dent le coucher de Soleil&#8230;<\/span><\/em><\/div>\n<div style=\"text-align: justify;\"><\/div>\n<div style=\"text-align: justify;\"><em><span style=\"font-size: 20px;\">\u00abL\u2019heure dor\u00e9e est la p\u00e9riode chouchou des photographes de paysage. <\/span><\/em><\/div>\n<div style=\"text-align: justify;\"><em><span style=\"font-size: 20px;\">La lumi\u00e8re devient de miel et le panorama semble emprunter des airs de conte de f\u00e9e, surtout le matin. <\/span><\/em><\/div>\n<div style=\"text-align: justify;\"><em><span style=\"font-size: 20px;\">Elle offre plusieurs avantages : les ombres s\u2019allongent, la lumi\u00e8re est moins dure et sculpte magnifiquement votre sujet principal, enveloppant le tout d\u2019une ambiance chaude et feutr\u00e9e.<\/span><\/em><\/div>\n<div style=\"text-align: justify;\"><\/div>\n<div style=\"text-align: justify;\"><em><span style=\"font-size: 20px;\">L\u2019heure dor\u00e9e se pr\u00e9sente une heure apr\u00e8s le lever du soleil, ou une heure avant son coucher. Mais vous pouvez \u00e9tirer cette dur\u00e9e sur deux heures \u2013 vous b\u00e9n\u00e9ficierez ainsi d\u2019une lumi\u00e8re exceptionnelle et profiterez d\u2019une heure suppl\u00e9mentaire pour r\u00e9aliser vos clich\u00e9s&#8230;.\u00bb<\/span><\/em><\/div>\n<div><em><span style=\"font-size: 20px;\"><a href=\"http:\/\/objectif-photographe.fr\/heure-doree\/\" target=\"_blank\" rel=\"noopener noreferrer\">Lire la suite Sur OBJECTIF PHOTOGRAPHE&gt;&gt;&gt;&gt;<\/a><\/span><\/em><\/div>\n<div><\/div>\n<p><span style=\"font-size: 20px;\"><em>En voyage, sur votre t\u00e9l\u00e9phone ou votre tablette, vous pouvez utiliser un logiciel comme <a href=\"http:\/\/www.sunsurveyor.com\/\" target=\"_blank\" rel=\"noopener noreferrer\">Sun Surveyor<\/a> pour vous aider \u00e0 d\u00e9terminer l\u2019heure dor\u00e9e, l&rsquo;heure bleue et, pour le matin, d\u00e9cider \u00e0 quelle heure sonnera votre redoutable r\u00e9veil-matin&#8230;<\/em><\/span><\/td>\n<\/tr>\n<\/tbody>\n<\/table>\n<\/div>\n<\/div>\n<div style=\"text-align: left;\"><span style=\"color: #ffffff;\">&#8230;<\/span><a id=\"com\"><\/a><\/div>\n<p><!--nextpage--><\/p>\n<h2 style=\"text-align: justify;\"><strong><span style=\"font-size: 20px;\"><img loading=\"lazy\" decoding=\"async\" class=\"alignleft wp-image-52372\" src=\"https:\/\/frank-lovisolo.fr\/WordPress\/wp-content\/uploads\/2026\/03\/Campagne-Aixoise-FB-1024x538.jpg\" alt=\"Campagne-Aixoise\" width=\"681\" height=\"358\" title=\"-\" srcset=\"https:\/\/frank-lovisolo.fr\/WordPress\/wp-content\/uploads\/2026\/03\/Campagne-Aixoise-FB-1024x538.jpg 1024w, https:\/\/frank-lovisolo.fr\/WordPress\/wp-content\/uploads\/2026\/03\/Campagne-Aixoise-FB-460x242.jpg 460w, https:\/\/frank-lovisolo.fr\/WordPress\/wp-content\/uploads\/2026\/03\/Campagne-Aixoise-FB-768x403.jpg 768w, https:\/\/frank-lovisolo.fr\/WordPress\/wp-content\/uploads\/2026\/03\/Campagne-Aixoise-FB-250x131.jpg 250w, https:\/\/frank-lovisolo.fr\/WordPress\/wp-content\/uploads\/2026\/03\/Campagne-Aixoise-FB-150x79.jpg 150w, https:\/\/frank-lovisolo.fr\/WordPress\/wp-content\/uploads\/2026\/03\/Campagne-Aixoise-FB.jpg 1200w\" sizes=\"auto, (max-width: 681px) 100vw, 681px\" \/>L\u2019heure dor\u00e9e et l\u2019heure bleue en photographie<\/span><\/strong><\/h2>\n<p style=\"text-align: justify;\"><span style=\"font-size: 20px;\">Ce sont deux p\u00e9riodes br\u00e8ves de la journ\u00e9e situ\u00e9es autour du lever et du coucher du soleil. Elles sont recherch\u00e9es en photographie pour la qualit\u00e9 particuli\u00e8re de leur lumi\u00e8re.<\/span><\/p>\n<h3 style=\"text-align: justify;\"><span style=\"font-size: 20px;\">L\u2019heure dor\u00e9e<\/span><\/h3>\n<p style=\"text-align: justify;\"><span style=\"font-size: 20px;\">Elle se d\u00e9roule dans la premi\u00e8re heure apr\u00e8s le lever du soleil et dans la derni\u00e8re heure avant son coucher. Le soleil est alors bas sur l\u2019horizon (angle faible), ce qui modifie la composition spectrale de la lumi\u00e8re.<\/span><\/p>\n<p style=\"text-align: justify;\"><span style=\"font-size: 20px;\"><strong>Explication physique :<\/strong><\/span><br \/>\n<span style=\"font-size: 20px;\">Les rayons solaires traversent une plus grande \u00e9paisseur d\u2019atmosph\u00e8re. Par diffusion de Rayleigh, les courtes longueurs d\u2019onde (bleu, violet) sont davantage dispers\u00e9es. Les longueurs d\u2019onde plus longues (rouge, orange, jaune) dominent donc la lumi\u00e8re per\u00e7ue.<\/span><\/p>\n<div style=\"text-align: justify;\"><span style=\"font-size: 20px;\"><strong>Caract\u00e9ristiques :<\/strong><\/span><\/div>\n<ul>\n<li>\n<div><span style=\"font-size: 20px;\">Temp\u00e9rature de couleur plus chaude (environ 3000 \u00e0 4000 K).<\/span><\/div>\n<\/li>\n<li>\n<div><span style=\"font-size: 20px;\">Ombres longues, marquant les volumes.<\/span><\/div>\n<\/li>\n<li>\n<div><span style=\"font-size: 20px;\">Contraste mod\u00e9r\u00e9.<\/span><\/div>\n<\/li>\n<li>\n<div><span style=\"font-size: 20px;\">Texture et relief accentu\u00e9s.<\/span><\/div>\n<\/li>\n<\/ul>\n<div style=\"text-align: justify;\"><span style=\"font-size: 20px;\"><strong>Usages photographiques :<\/strong><\/span><\/div>\n<ul>\n<li>\n<div><span style=\"font-size: 20px;\">Portrait : lumi\u00e8re flatteuse, model\u00e9 doux du visage.<\/span><\/div>\n<\/li>\n<li>\n<div><span style=\"font-size: 20px;\">Paysage : mise en valeur des reliefs, ciel color\u00e9, atmosph\u00e8re chaleureuse.<\/span><\/div>\n<\/li>\n<li>\n<div><span style=\"font-size: 20px;\">Architecture : accentuation des lignes et des volumes.<\/span><\/div>\n<\/li>\n<\/ul>\n<hr \/>\n<h3 style=\"text-align: justify;\"><strong><span style=\"font-size: 20px;\">L\u2019heure bleue<\/span><\/strong><\/h3>\n<p style=\"text-align: justify;\"><span style=\"font-size: 20px;\">Elle se situe juste avant le lever du soleil et juste apr\u00e8s son coucher, lorsque le soleil est sous l\u2019horizon mais \u00e9claire encore l\u2019atmosph\u00e8re.<\/span><\/p>\n<p style=\"text-align: justify;\"><span style=\"font-size: 20px;\"><strong>Explication physique :<\/strong><\/span><br \/>\n<span style=\"font-size: 20px;\">La lumi\u00e8re solaire est diffus\u00e9e indirectement par les couches sup\u00e9rieures de l\u2019atmosph\u00e8re. L\u2019absence de lumi\u00e8re directe et la dominance des courtes longueurs d\u2019onde donnent au ciel une teinte bleut\u00e9e uniforme.<\/span><\/p>\n<div style=\"text-align: justify;\"><span style=\"font-size: 20px;\"><strong>Caract\u00e9ristiques :<\/strong><\/span><\/div>\n<div style=\"padding-left: 40px; text-align: justify;\">\n<ul>\n<li><span style=\"font-size: 20px;\">Temp\u00e9rature de couleur plus froide (environ 9000 \u00e0 12000 K).<\/span><\/li>\n<li><span style=\"font-size: 20px;\">Lumi\u00e8re homog\u00e8ne et diffuse.<\/span><\/li>\n<li><span style=\"font-size: 20px;\">Faible contraste.<\/span><\/li>\n<li><span style=\"font-size: 20px;\">Transition progressive vers la nuit ou le jour.<\/span><\/li>\n<\/ul>\n<\/div>\n<div style=\"text-align: justify;\"><span style=\"font-size: 20px;\"><strong>Usages photographiques :<\/strong><\/span><\/div>\n<ul>\n<li>\n<div><span style=\"font-size: 20px;\">Photographie urbaine : \u00e9quilibre entre lumi\u00e8re naturelle bleue et \u00e9clairage artificiel.<\/span><\/div>\n<\/li>\n<li>\n<div><span style=\"font-size: 20px;\">Paysage : ambiance calme et minimaliste.<\/span><\/div>\n<\/li>\n<li>\n<div><span style=\"font-size: 20px;\">Longues expositions : rendu esth\u00e9tique des lumi\u00e8res.<\/span><\/div>\n<\/li>\n<\/ul>\n<p><span style=\"font-size: 20px;\">L\u2019heure dor\u00e9e et l\u2019heure bleue sont deux moments cl\u00e9s en photographie. Elles r\u00e9sultent de ph\u00e9nom\u00e8nes physiques li\u00e9s \u00e0 la diffusion de la lumi\u00e8re dans l\u2019atmosph\u00e8re. Leur exploitation permet d\u2019obtenir des images esth\u00e9tiques avec une qualit\u00e9 lumineuse sup\u00e9rieure \u00e0 celle de la mi-journ\u00e9e.<\/span><\/p>\n<p><span style=\"color: #ffffff;\">&#8230;<\/span><a id=\"com\"><\/a><\/p>\n<div id=\"ez-toc-container\" class=\"ez-toc-v2_0_82_2 ez-toc-wrap-center counter-hierarchy ez-toc-counter ez-toc-light-blue ez-toc-container-direction\">\n<label for=\"ez-toc-cssicon-toggle-item-69ef90bdcd823\" class=\"ez-toc-cssicon-toggle-label\"><p class=\"ez-toc-title\" style=\"cursor:inherit\">Table des mati\u00e8res<\/p>\n<span class=\"ez-toc-cssicon\"><span class=\"eztoc-hide\" style=\"display:none;\">Toggle<\/span><span class=\"ez-toc-icon-toggle-span\"><svg style=\"fill: #999;color:#999\" xmlns=\"http:\/\/www.w3.org\/2000\/svg\" class=\"list-377408\" width=\"20px\" height=\"20px\" viewBox=\"0 0 24 24\" fill=\"none\"><path d=\"M6 6H4v2h2V6zm14 0H8v2h12V6zM4 11h2v2H4v-2zm16 0H8v2h12v-2zM4 16h2v2H4v-2zm16 0H8v2h12v-2z\" fill=\"currentColor\"><\/path><\/svg><svg style=\"fill: #999;color:#999\" class=\"arrow-unsorted-368013\" xmlns=\"http:\/\/www.w3.org\/2000\/svg\" width=\"10px\" height=\"10px\" viewBox=\"0 0 24 24\" version=\"1.2\" baseProfile=\"tiny\"><path d=\"M18.2 9.3l-6.2-6.3-6.2 6.3c-.2.2-.3.4-.3.7s.1.5.3.7c.2.2.4.3.7.3h11c.3 0 .5-.1.7-.3.2-.2.3-.5.3-.7s-.1-.5-.3-.7zM5.8 14.7l6.2 6.3 6.2-6.3c.2-.2.3-.5.3-.7s-.1-.5-.3-.7c-.2-.2-.4-.3-.7-.3h-11c-.3 0-.5.1-.7.3-.2.2-.3.5-.3.7s.1.5.3.7z\"\/><\/svg><\/span><\/span><\/label><input type=\"checkbox\"  id=\"ez-toc-cssicon-toggle-item-69ef90bdcd823\" checked \/><nav><ul class='ez-toc-list ez-toc-list-level-1 ' ><li class='ez-toc-page-1 ez-toc-heading-level-2'><a class=\"ez-toc-link ez-toc-heading-1\" href=\"https:\/\/frank-lovisolo.fr\/WordPress\/heure-doree-campagne-aixoise-12dec2016\/3\/#lheure-doree-et-lheure-bleue-en-photographie\" >L\u2019heure dor\u00e9e et l\u2019heure bleue en photographie<\/a><ul class='ez-toc-list-level-3' ><li class='ez-toc-heading-level-3'><a class=\"ez-toc-link ez-toc-heading-2\" href=\"https:\/\/frank-lovisolo.fr\/WordPress\/heure-doree-campagne-aixoise-12dec2016\/3\/#lheure-doree\" >L\u2019heure dor\u00e9e<\/a><\/li><li class='ez-toc-page-1 ez-toc-heading-level-3'><a class=\"ez-toc-link ez-toc-heading-3\" href=\"https:\/\/frank-lovisolo.fr\/WordPress\/heure-doree-campagne-aixoise-12dec2016\/3\/#lheure-bleue\" >L\u2019heure bleue<\/a><\/li><\/ul><\/li><\/ul><\/nav><\/div>\n","protected":false},"excerpt":{"rendered":"<p><span class=\"span-reading-time rt-reading-time\" style=\"display: block;\"><span class=\"rt-label rt-prefix\">Reading Time: <\/span> <span class=\"rt-time\"> 4<\/span> <span class=\"rt-label rt-postfix\">minutes<\/span><\/span>Peu apr\u00e8s l&rsquo;aube, \u00e0 l&rsquo;heure dor\u00e9e, dans cette campagne il serait dramatique\u00a0de ne pas avoir son appareil photo,\u00a0 l&rsquo;instant est si naturel&#8230;<br \/>\nPour peu\u00a0qu&rsquo;une brume conciliante et liante soit de la partie&#8230;<br \/>\n\u00c7a ne dure pas tr\u00e8s longtemps.<br \/>\nPuis, sans, que l&rsquo;on s&rsquo;aper\u00e7oive vraiment de la transition lumineuse, tout redevient bleu.<br \/>\nTout n&rsquo;est que relativit\u00e9 du temps&#8230; <a class=\"continue-reading-link\" href=\"https:\/\/frank-lovisolo.fr\/WordPress\/heure-doree-campagne-aixoise-12dec2016\/\">Suite &#8211; Continue reading<\/a><\/p>\n","protected":false},"author":1,"featured_media":52373,"parent":0,"menu_order":0,"comment_status":"open","ping_status":"open","template":"templates\/template-onecolumn.php","meta":{"footnotes":""},"categories":[16,1,2084],"tags":[24,1495,1550,2137,1184,2065],"class_list":["post-22151","page","type-page","status-publish","has-post-thumbnail","hentry","category-photographies","category-tous-les-articles","category-art-libertaire","tag-aix-en-provence","tag-bouguereau","tag-brume","tag-heure-doree","tag-paul-cezanne","tag-sun-surveyor"],"_links":{"self":[{"href":"https:\/\/frank-lovisolo.fr\/WordPress\/wp-json\/wp\/v2\/pages\/22151","targetHints":{"allow":["GET"]}}],"collection":[{"href":"https:\/\/frank-lovisolo.fr\/WordPress\/wp-json\/wp\/v2\/pages"}],"about":[{"href":"https:\/\/frank-lovisolo.fr\/WordPress\/wp-json\/wp\/v2\/types\/page"}],"author":[{"embeddable":true,"href":"https:\/\/frank-lovisolo.fr\/WordPress\/wp-json\/wp\/v2\/users\/1"}],"replies":[{"embeddable":true,"href":"https:\/\/frank-lovisolo.fr\/WordPress\/wp-json\/wp\/v2\/comments?post=22151"}],"version-history":[{"count":2,"href":"https:\/\/frank-lovisolo.fr\/WordPress\/wp-json\/wp\/v2\/pages\/22151\/revisions"}],"predecessor-version":[{"id":52376,"href":"https:\/\/frank-lovisolo.fr\/WordPress\/wp-json\/wp\/v2\/pages\/22151\/revisions\/52376"}],"wp:featuredmedia":[{"embeddable":true,"href":"https:\/\/frank-lovisolo.fr\/WordPress\/wp-json\/wp\/v2\/media\/52373"}],"wp:attachment":[{"href":"https:\/\/frank-lovisolo.fr\/WordPress\/wp-json\/wp\/v2\/media?parent=22151"}],"wp:term":[{"taxonomy":"category","embeddable":true,"href":"https:\/\/frank-lovisolo.fr\/WordPress\/wp-json\/wp\/v2\/categories?post=22151"},{"taxonomy":"post_tag","embeddable":true,"href":"https:\/\/frank-lovisolo.fr\/WordPress\/wp-json\/wp\/v2\/tags?post=22151"}],"curies":[{"name":"wp","href":"https:\/\/api.w.org\/{rel}","templated":true}]}}